{"id":11712,"date":"2024-04-12T13:48:21","date_gmt":"2024-04-12T17:48:21","guid":{"rendered":"https:\/\/cubalex.org\/?page_id=11712"},"modified":"2026-08-26T11:26:31","modified_gmt":"2026-08-26T15:26:31","slug":"pagina-inicio","status":"publish","type":"page","link":"https:\/\/cubalex.org\/en\/","title":{"rendered":"CUBALEX"},"content":{"rendered":"\t\t<div data-elementor-type=\"wp-page\" data-elementor-id=\"11712\" class=\"elementor elementor-11712\" data-elementor-post-type=\"page\">\n\t\t\t\t<div class=\"elementor-element elementor-element-47b18cf2 e-con-full e-flex e-con e-parent\" data-id=\"47b18cf2\" data-element_type=\"container\" data-e-type=\"container\" data-settings=\"{&quot;background_background&quot;:&quot;classic&quot;}\">\n\t\t<div class=\"elementor-element elementor-element-511f996c e-con-full e-flex e-con e-child\" data-id=\"511f996c\" data-element_type=\"container\" data-e-type=\"container\">\n\t\t<div class=\"elementor-element elementor-element-389bc79c e-con-full e-flex elementor-invisible e-con e-child\" data-id=\"389bc79c\" data-element_type=\"container\" data-e-type=\"container\" data-settings=\"{&quot;animation&quot;:&quot;fadeIn&quot;,&quot;animation_delay&quot;:&quot;200&quot;}\">\n\t\t\t\t<div class=\"elementor-element elementor-element-20738636 elementor-headline--style-highlight elementor-widget elementor-widget-animated-headline\" data-id=\"20738636\" data-element_type=\"widget\" data-e-type=\"widget\" data-settings=\"{&quot;highlighted_text&quot;:&quot;Nosotros tampoco&quot;,&quot;marker&quot;:&quot;strikethrough&quot;,&quot;headline_style&quot;:&quot;highlight&quot;,&quot;loop&quot;:&quot;yes&quot;,&quot;highlight_animation_duration&quot;:1200,&quot;highlight_iteration_delay&quot;:8000}\" data-widget_type=\"animated-headline.default\">\n\t\t\t\t<div class=\"elementor-widget-container\">\n\t\t\t\t\t\t\t<h1 class=\"elementor-headline\">\n\t\t\t\t\t<span class=\"elementor-headline-plain-text elementor-headline-text-wrapper\">La represi\u00f3n en Cuba no descansa.<\/span>\n\t\t\t\t<span class=\"elementor-headline-dynamic-wrapper elementor-headline-text-wrapper\">\n\t\t\t\t\t<span class=\"elementor-headline-dynamic-text elementor-headline-text-active\">Nosotros tampoco<\/span>\n\t\t\t\t<\/span>\n\t\t\t\t<\/h1>\n\t\t\t\t\t\t<\/div>\n\t\t\t\t<\/div>\n\t\t\t\t<div class=\"elementor-element elementor-element-3a58f385 elementor-widget elementor-widget-heading\" data-id=\"3a58f385\" data-element_type=\"widget\" data-e-type=\"widget\" data-widget_type=\"heading.default\">\n\t\t\t\t<div class=\"elementor-widget-container\">\n\t\t\t\t\t<p class=\"elementor-heading-title elementor-size-default\">15 a\u00f1os defendiendo derechos humanos en la isla.<\/p>\t\t\t\t<\/div>\n\t\t\t\t<\/div>\n\t\t\t\t<\/div>\n\t\t\t\t<\/div>\n\t\t<div class=\"elementor-element elementor-element-6a5af92f e-con-full e-flex e-con e-child\" data-id=\"6a5af92f\" data-element_type=\"container\" data-e-type=\"container\">\n\t\t\t\t<\/div>\n\t\t\t\t<\/div>\n\t\t<div class=\"elementor-element elementor-element-4871f4a9 e-con-full e-flex e-con e-parent\" data-id=\"4871f4a9\" data-element_type=\"container\" data-e-type=\"container\" data-settings=\"{&quot;background_background&quot;:&quot;classic&quot;}\">\n\t\t\t\t<div class=\"elementor-element elementor-element-56548767 elementor-widget elementor-widget-counter\" data-id=\"56548767\" data-element_type=\"widget\" data-e-type=\"widget\" data-widget_type=\"counter.default\">\n\t\t\t\t<div class=\"elementor-widget-container\">\n\t\t\t\t\t\t\t<div class=\"elementor-counter\">\n\t\t\t<div class=\"elementor-counter-title\">Personas defendidas frente a abusos del estado<\/div>\t\t\t<div class=\"elementor-counter-number-wrapper\">\n\t\t\t\t<span class=\"elementor-counter-number-prefix\">+<\/span>\n\t\t\t\t<span class=\"elementor-counter-number\" data-duration=\"1500\" data-to-value=\"5000\" data-from-value=\"0\" data-delimiter=\",\">0<\/span>\n\t\t\t\t<span class=\"elementor-counter-number-suffix\"><\/span>\n\t\t\t<\/div>\n\t\t<\/div>\n\t\t\t\t\t\t<\/div>\n\t\t\t\t<\/div>\n\t\t\t\t<div class=\"elementor-element elementor-element-6827c73f elementor-widget elementor-widget-counter\" data-id=\"6827c73f\" data-element_type=\"widget\" data-e-type=\"widget\" data-widget_type=\"counter.default\">\n\t\t\t\t<div class=\"elementor-widget-container\">\n\t\t\t\t\t\t\t<div class=\"elementor-counter\">\n\t\t\t<div class=\"elementor-counter-title\">Denuncias que el r\u00e9gimen intent\u00f3 silenciar<\/div>\t\t\t<div class=\"elementor-counter-number-wrapper\">\n\t\t\t\t<span class=\"elementor-counter-number-prefix\">+<\/span>\n\t\t\t\t<span class=\"elementor-counter-number\" data-duration=\"1750\" data-to-value=\"2000\" data-from-value=\"0\" data-delimiter=\",\">0<\/span>\n\t\t\t\t<span class=\"elementor-counter-number-suffix\"><\/span>\n\t\t\t<\/div>\n\t\t<\/div>\n\t\t\t\t\t\t<\/div>\n\t\t\t\t<\/div>\n\t\t\t\t<div class=\"elementor-element elementor-element-2e1ac2b9 elementor-widget elementor-widget-counter\" data-id=\"2e1ac2b9\" data-element_type=\"widget\" data-e-type=\"widget\" data-widget_type=\"counter.default\">\n\t\t\t\t<div class=\"elementor-widget-container\">\n\t\t\t\t\t\t\t<div class=\"elementor-counter\">\n\t\t\t<div class=\"elementor-counter-title\">Informes Tem\u00e1ticos<\/div>\t\t\t<div class=\"elementor-counter-number-wrapper\">\n\t\t\t\t<span class=\"elementor-counter-number-prefix\">+<\/span>\n\t\t\t\t<span class=\"elementor-counter-number\" data-duration=\"2000\" data-to-value=\"50\" data-from-value=\"0\" data-delimiter=\",\">0<\/span>\n\t\t\t\t<span class=\"elementor-counter-number-suffix\"><\/span>\n\t\t\t<\/div>\n\t\t<\/div>\n\t\t\t\t\t\t<\/div>\n\t\t\t\t<\/div>\n\t\t\t\t<div class=\"elementor-element elementor-element-86917b5 elementor-widget elementor-widget-counter\" data-id=\"86917b5\" data-element_type=\"widget\" data-e-type=\"widget\" data-widget_type=\"counter.default\">\n\t\t\t\t<div class=\"elementor-widget-container\">\n\t\t\t\t\t\t\t<div class=\"elementor-counter\">\n\t\t\t<div class=\"elementor-counter-title\">Comunidad<\/div>\t\t\t<div class=\"elementor-counter-number-wrapper\">\n\t\t\t\t<span class=\"elementor-counter-number-prefix\">+<\/span>\n\t\t\t\t<span class=\"elementor-counter-number\" data-duration=\"2250\" data-to-value=\"52000\" data-from-value=\"0\" data-delimiter=\",\">0<\/span>\n\t\t\t\t<span class=\"elementor-counter-number-suffix\"><\/span>\n\t\t\t<\/div>\n\t\t<\/div>\n\t\t\t\t\t\t<\/div>\n\t\t\t\t<\/div>\n\t\t\t\t<\/div>\n\t\t<div class=\"elementor-element elementor-element-47226bfa e-con-full e-flex e-con e-parent\" data-id=\"47226bfa\" data-element_type=\"container\" data-e-type=\"container\" data-settings=\"{&quot;background_background&quot;:&quot;classic&quot;}\">\n\t\t<div class=\"elementor-element elementor-element-5efc8a2d e-con-full e-flex e-con e-child\" data-id=\"5efc8a2d\" data-element_type=\"container\" data-e-type=\"container\">\n\t\t<div class=\"elementor-element elementor-element-2f7993df e-con-full e-flex elementor-invisible e-con e-child\" data-id=\"2f7993df\" data-element_type=\"container\" data-e-type=\"container\" data-settings=\"{&quot;background_background&quot;:&quot;classic&quot;,&quot;animation&quot;:&quot;fadeIn&quot;,&quot;animation_delay&quot;:&quot;200&quot;}\">\n\t\t\t\t<div class=\"elementor-element elementor-element-70244f30 elementor-widget elementor-widget-heading\" data-id=\"70244f30\" data-element_type=\"widget\" data-e-type=\"widget\" data-widget_type=\"heading.default\">\n\t\t\t\t<div class=\"elementor-widget-container\">\n\t\t\t\t\t<h2 class=\"elementor-heading-title elementor-size-default\">Detr\u00e1s de cada foto,<strong> hay una historia de represi\u00f3n<\/strong> que documentamos y denunciamos. <\/h2>\t\t\t\t<\/div>\n\t\t\t\t<\/div>\n\t\t\t\t<div class=\"elementor-element elementor-element-4a84e7e9 elementor-align-center elementor-widget elementor-widget-button\" data-id=\"4a84e7e9\" data-element_type=\"widget\" data-e-type=\"widget\" data-widget_type=\"button.default\">\n\t\t\t\t<div class=\"elementor-widget-container\">\n\t\t\t\t\t\t\t\t\t<div class=\"elementor-button-wrapper\">\n\t\t\t\t\t<a class=\"elementor-button elementor-button-link elementor-size-sm elementor-animation-shrink\" href=\"\/alertas\">\n\t\t\t\t\t\t<span class=\"elementor-button-content-wrapper\">\n\t\t\t\t\t\t\t\t\t<span class=\"elementor-button-text\">Ver historias<\/span>\n\t\t\t\t\t<\/span>\n\t\t\t\t\t<\/a>\n\t\t\t\t<\/div>\n\t\t\t\t\t\t\t\t<\/div>\n\t\t\t\t<\/div>\n\t\t\t\t<\/div>\n\t\t\t\t<\/div>\n\t\t<div class=\"elementor-element elementor-element-313e9eef e-con-full elementor-hidden-tablet elementor-hidden-mobile e-flex e-con e-child\" data-id=\"313e9eef\" data-element_type=\"container\" data-e-type=\"container\">\n\t\t<div class=\"elementor-element elementor-element-674f77da e-con-full e-flex e-con e-child\" data-id=\"674f77da\" data-element_type=\"container\" data-e-type=\"container\">\n\t\t<div class=\"elementor-element elementor-element-5bdf39ff e-con-full e-flex e-con e-child\" data-id=\"5bdf39ff\" data-element_type=\"container\" data-e-type=\"container\" data-settings=\"{&quot;motion_fx_motion_fx_scrolling&quot;:&quot;yes&quot;,&quot;motion_fx_translateY_effect&quot;:&quot;yes&quot;,&quot;motion_fx_translateY_speed&quot;:{&quot;unit&quot;:&quot;px&quot;,&quot;size&quot;:&quot;2&quot;,&quot;sizes&quot;:[]},&quot;motion_fx_devices&quot;:[&quot;desktop&quot;],&quot;motion_fx_translateY_affectedRange&quot;:{&quot;unit&quot;:&quot;%&quot;,&quot;size&quot;:&quot;&quot;,&quot;sizes&quot;:{&quot;start&quot;:0,&quot;end&quot;:100}}}\">\n\t\t<div class=\"elementor-element elementor-element-5dc47892 e-con-full e-transform e-flex e-con e-child\" data-id=\"5dc47892\" data-element_type=\"container\" data-e-type=\"container\" data-settings=\"{&quot;_transform_scale_effect_hover&quot;:{&quot;unit&quot;:&quot;px&quot;,&quot;size&quot;:&quot;1.05&quot;,&quot;sizes&quot;:[]},&quot;_transform_scale_effect_hover_tablet&quot;:{&quot;unit&quot;:&quot;px&quot;,&quot;size&quot;:&quot;&quot;,&quot;sizes&quot;:[]},&quot;_transform_scale_effect_hover_mobile&quot;:{&quot;unit&quot;:&quot;px&quot;,&quot;size&quot;:&quot;&quot;,&quot;sizes&quot;:[]}}\">\n\t\t\t\t<div class=\"elementor-element elementor-element-654e5c0a elementor-widget elementor-widget-image\" data-id=\"654e5c0a\" data-element_type=\"widget\" data-e-type=\"widget\" data-widget_type=\"image.default\">\n\t\t\t\t<div class=\"elementor-widget-container\">\n\t\t\t\t\t\t\t\t\t\t\t\t\t\t\t<img fetchpriority=\"high\" decoding=\"async\" width=\"800\" height=\"800\" src=\"https:\/\/i0.wp.com\/cubalex.org\/wp-content\/uploads\/2026\/08\/Miguel_Diaz_Bauza.jpg_2K_202608171540-2.webp?fit=800%2C800&amp;ssl=1\" class=\"attachment-large size-large wp-image-24781\" alt=\"\" srcset=\"https:\/\/i0.wp.com\/cubalex.org\/wp-content\/uploads\/2026\/08\/Miguel_Diaz_Bauza.jpg_2K_202608171540-2.webp?w=800&amp;ssl=1 800w, https:\/\/i0.wp.com\/cubalex.org\/wp-content\/uploads\/2026\/08\/Miguel_Diaz_Bauza.jpg_2K_202608171540-2.webp?resize=300%2C300&amp;ssl=1 300w, https:\/\/i0.wp.com\/cubalex.org\/wp-content\/uploads\/2026\/08\/Miguel_Diaz_Bauza.jpg_2K_202608171540-2.webp?resize=150%2C150&amp;ssl=1 150w, https:\/\/i0.wp.com\/cubalex.org\/wp-content\/uploads\/2026\/08\/Miguel_Diaz_Bauza.jpg_2K_202608171540-2.webp?resize=768%2C768&amp;ssl=1 768w\" sizes=\"(max-width: 800px) 100vw, 800px\" data-attachment-id=\"24781\" data-permalink=\"https:\/\/cubalex.org\/en\/pagina-inicio\/miguel_diaz_bauza-jpg_2k_202608171540\/\" data-orig-file=\"https:\/\/i0.wp.com\/cubalex.org\/wp-content\/uploads\/2026\/08\/Miguel_Diaz_Bauza.jpg_2K_202608171540-2.webp?fit=800%2C800&amp;ssl=1\" data-orig-size=\"800,800\" data-comments-opened=\"0\" data-image-meta=\"{&quot;aperture&quot;:&quot;0&quot;,&quot;credit&quot;:&quot;&quot;,&quot;camera&quot;:&quot;&quot;,&quot;caption&quot;:&quot;&quot;,&quot;created_timestamp&quot;:&quot;0&quot;,&quot;copyright&quot;:&quot;&quot;,&quot;focal_length&quot;:&quot;0&quot;,&quot;iso&quot;:&quot;0&quot;,&quot;shutter_speed&quot;:&quot;0&quot;,&quot;title&quot;:&quot;&quot;,&quot;orientation&quot;:&quot;0&quot;,&quot;alt&quot;:&quot;&quot;}\" data-image-title=\"Miguel_Di\u0301az_Bauza.jpg_2K_202608171540\" data-image-description=\"\" data-image-caption=\"\" data-large-file=\"https:\/\/i0.wp.com\/cubalex.org\/wp-content\/uploads\/2026\/08\/Miguel_Diaz_Bauza.jpg_2K_202608171540-2.webp?fit=800%2C800&amp;ssl=1\" \/>\t\t\t\t\t\t\t\t\t\t\t\t\t\t\t<\/div>\n\t\t\t\t<\/div>\n\t\t\t\t<\/div>\n\t\t<div class=\"elementor-element elementor-element-2a1aee4c e-con-full e-transform e-flex e-con e-child\" data-id=\"2a1aee4c\" data-element_type=\"container\" data-e-type=\"container\" data-settings=\"{&quot;_transform_scale_effect_hover&quot;:{&quot;unit&quot;:&quot;px&quot;,&quot;size&quot;:&quot;1.05&quot;,&quot;sizes&quot;:[]},&quot;_transform_scale_effect_hover_tablet&quot;:{&quot;unit&quot;:&quot;px&quot;,&quot;size&quot;:&quot;&quot;,&quot;sizes&quot;:[]},&quot;_transform_scale_effect_hover_mobile&quot;:{&quot;unit&quot;:&quot;px&quot;,&quot;size&quot;:&quot;&quot;,&quot;sizes&quot;:[]}}\">\n\t\t\t\t<div class=\"elementor-element elementor-element-7cdf9e40 elementor-widget elementor-widget-image\" data-id=\"7cdf9e40\" data-element_type=\"widget\" data-e-type=\"widget\" data-widget_type=\"image.default\">\n\t\t\t\t<div class=\"elementor-widget-container\">\n\t\t\t\t\t\t\t\t\t\t\t\t\t\t\t<img decoding=\"async\" width=\"800\" height=\"800\" src=\"https:\/\/i0.wp.com\/cubalex.org\/wp-content\/uploads\/2026\/08\/Yanet_Perez_Quevedo.jpg_2K_202608171544-1.webp?fit=800%2C800&amp;ssl=1\" class=\"attachment-large size-large wp-image-24451\" alt=\"\" srcset=\"https:\/\/i0.wp.com\/cubalex.org\/wp-content\/uploads\/2026\/08\/Yanet_Perez_Quevedo.jpg_2K_202608171544-1.webp?w=800&amp;ssl=1 800w, https:\/\/i0.wp.com\/cubalex.org\/wp-content\/uploads\/2026\/08\/Yanet_Perez_Quevedo.jpg_2K_202608171544-1.webp?resize=300%2C300&amp;ssl=1 300w, https:\/\/i0.wp.com\/cubalex.org\/wp-content\/uploads\/2026\/08\/Yanet_Perez_Quevedo.jpg_2K_202608171544-1.webp?resize=150%2C150&amp;ssl=1 150w, https:\/\/i0.wp.com\/cubalex.org\/wp-content\/uploads\/2026\/08\/Yanet_Perez_Quevedo.jpg_2K_202608171544-1.webp?resize=768%2C768&amp;ssl=1 768w\" sizes=\"(max-width: 800px) 100vw, 800px\" data-attachment-id=\"24451\" data-permalink=\"https:\/\/cubalex.org\/en\/yanet_perez_quevedo-jpg_2k_202608171544-webp-2\/\" data-orig-file=\"https:\/\/i0.wp.com\/cubalex.org\/wp-content\/uploads\/2026\/08\/Yanet_Perez_Quevedo.jpg_2K_202608171544-1.webp?fit=800%2C800&amp;ssl=1\" data-orig-size=\"800,800\" data-comments-opened=\"0\" data-image-meta=\"{&quot;aperture&quot;:&quot;0&quot;,&quot;credit&quot;:&quot;&quot;,&quot;camera&quot;:&quot;&quot;,&quot;caption&quot;:&quot;&quot;,&quot;created_timestamp&quot;:&quot;0&quot;,&quot;copyright&quot;:&quot;&quot;,&quot;focal_length&quot;:&quot;0&quot;,&quot;iso&quot;:&quot;0&quot;,&quot;shutter_speed&quot;:&quot;0&quot;,&quot;title&quot;:&quot;&quot;,&quot;orientation&quot;:&quot;0&quot;,&quot;alt&quot;:&quot;&quot;}\" data-image-title=\"Yanet_Perez_Quevedo.jpg_2K_202608171544.webp\" data-image-description=\"\" data-image-caption=\"\" data-large-file=\"https:\/\/i0.wp.com\/cubalex.org\/wp-content\/uploads\/2026\/08\/Yanet_Perez_Quevedo.jpg_2K_202608171544-1.webp?fit=800%2C800&amp;ssl=1\" \/>\t\t\t\t\t\t\t\t\t\t\t\t\t\t\t<\/div>\n\t\t\t\t<\/div>\n\t\t\t\t<\/div>\n\t\t<div class=\"elementor-element elementor-element-1d0ebdca e-con-full e-transform e-flex e-con e-child\" data-id=\"1d0ebdca\" data-element_type=\"container\" data-e-type=\"container\" data-settings=\"{&quot;_transform_scale_effect_hover&quot;:{&quot;unit&quot;:&quot;px&quot;,&quot;size&quot;:&quot;1.05&quot;,&quot;sizes&quot;:[]},&quot;_transform_scale_effect_hover_tablet&quot;:{&quot;unit&quot;:&quot;px&quot;,&quot;size&quot;:&quot;&quot;,&quot;sizes&quot;:[]},&quot;_transform_scale_effect_hover_mobile&quot;:{&quot;unit&quot;:&quot;px&quot;,&quot;size&quot;:&quot;&quot;,&quot;sizes&quot;:[]}}\">\n\t\t\t\t<div class=\"elementor-element elementor-element-11bdd876 elementor-widget elementor-widget-image\" data-id=\"11bdd876\" data-element_type=\"widget\" data-e-type=\"widget\" data-widget_type=\"image.default\">\n\t\t\t\t<div class=\"elementor-widget-container\">\n\t\t\t\t\t\t\t\t\t\t\t\t\t\t\t<img decoding=\"async\" width=\"800\" height=\"800\" src=\"https:\/\/i0.wp.com\/cubalex.org\/wp-content\/uploads\/2026\/08\/Maria_Cristina_Garrido.jpg_2K_202608171538-1.webp?fit=800%2C800&amp;ssl=1\" class=\"attachment-large size-large wp-image-24452\" alt=\"\" srcset=\"https:\/\/i0.wp.com\/cubalex.org\/wp-content\/uploads\/2026\/08\/Maria_Cristina_Garrido.jpg_2K_202608171538-1.webp?w=800&amp;ssl=1 800w, https:\/\/i0.wp.com\/cubalex.org\/wp-content\/uploads\/2026\/08\/Maria_Cristina_Garrido.jpg_2K_202608171538-1.webp?resize=300%2C300&amp;ssl=1 300w, https:\/\/i0.wp.com\/cubalex.org\/wp-content\/uploads\/2026\/08\/Maria_Cristina_Garrido.jpg_2K_202608171538-1.webp?resize=150%2C150&amp;ssl=1 150w, https:\/\/i0.wp.com\/cubalex.org\/wp-content\/uploads\/2026\/08\/Maria_Cristina_Garrido.jpg_2K_202608171538-1.webp?resize=768%2C768&amp;ssl=1 768w\" sizes=\"(max-width: 800px) 100vw, 800px\" data-attachment-id=\"24452\" data-permalink=\"https:\/\/cubalex.org\/en\/maria_cristina_garrido-jpg_2k_202608171538-webp-2\/\" data-orig-file=\"https:\/\/i0.wp.com\/cubalex.org\/wp-content\/uploads\/2026\/08\/Maria_Cristina_Garrido.jpg_2K_202608171538-1.webp?fit=800%2C800&amp;ssl=1\" data-orig-size=\"800,800\" data-comments-opened=\"0\" data-image-meta=\"{&quot;aperture&quot;:&quot;0&quot;,&quot;credit&quot;:&quot;&quot;,&quot;camera&quot;:&quot;&quot;,&quot;caption&quot;:&quot;&quot;,&quot;created_timestamp&quot;:&quot;0&quot;,&quot;copyright&quot;:&quot;&quot;,&quot;focal_length&quot;:&quot;0&quot;,&quot;iso&quot;:&quot;0&quot;,&quot;shutter_speed&quot;:&quot;0&quot;,&quot;title&quot;:&quot;&quot;,&quot;orientation&quot;:&quot;0&quot;,&quot;alt&quot;:&quot;&quot;}\" data-image-title=\"Maria_Cristina_Garrido.jpg_2K_202608171538.webp\" data-image-description=\"\" data-image-caption=\"\" data-large-file=\"https:\/\/i0.wp.com\/cubalex.org\/wp-content\/uploads\/2026\/08\/Maria_Cristina_Garrido.jpg_2K_202608171538-1.webp?fit=800%2C800&amp;ssl=1\" \/>\t\t\t\t\t\t\t\t\t\t\t\t\t\t\t<\/div>\n\t\t\t\t<\/div>\n\t\t\t\t<\/div>\n\t\t<div class=\"elementor-element elementor-element-611cd62e e-con-full e-transform e-flex e-con e-child\" data-id=\"611cd62e\" data-element_type=\"container\" data-e-type=\"container\" data-settings=\"{&quot;_transform_scale_effect_hover&quot;:{&quot;unit&quot;:&quot;px&quot;,&quot;size&quot;:&quot;1.05&quot;,&quot;sizes&quot;:[]},&quot;_transform_scale_effect_hover_tablet&quot;:{&quot;unit&quot;:&quot;px&quot;,&quot;size&quot;:&quot;&quot;,&quot;sizes&quot;:[]},&quot;_transform_scale_effect_hover_mobile&quot;:{&quot;unit&quot;:&quot;px&quot;,&quot;size&quot;:&quot;&quot;,&quot;sizes&quot;:[]}}\">\n\t\t\t\t<div class=\"elementor-element elementor-element-28027693 elementor-widget elementor-widget-image\" data-id=\"28027693\" data-element_type=\"widget\" data-e-type=\"widget\" data-widget_type=\"image.default\">\n\t\t\t\t<div class=\"elementor-widget-container\">\n\t\t\t\t\t\t\t\t\t\t\t\t\t\t\t<img loading=\"lazy\" decoding=\"async\" width=\"800\" height=\"800\" src=\"https:\/\/i0.wp.com\/cubalex.org\/wp-content\/uploads\/2026\/08\/Jorge_Bello_Dominguez_3.jpg_2K_202608171528-1.webp?fit=800%2C800&amp;ssl=1\" class=\"attachment-large size-large wp-image-24453\" alt=\"\" srcset=\"https:\/\/i0.wp.com\/cubalex.org\/wp-content\/uploads\/2026\/08\/Jorge_Bello_Dominguez_3.jpg_2K_202608171528-1.webp?w=800&amp;ssl=1 800w, https:\/\/i0.wp.com\/cubalex.org\/wp-content\/uploads\/2026\/08\/Jorge_Bello_Dominguez_3.jpg_2K_202608171528-1.webp?resize=300%2C300&amp;ssl=1 300w, https:\/\/i0.wp.com\/cubalex.org\/wp-content\/uploads\/2026\/08\/Jorge_Bello_Dominguez_3.jpg_2K_202608171528-1.webp?resize=150%2C150&amp;ssl=1 150w, https:\/\/i0.wp.com\/cubalex.org\/wp-content\/uploads\/2026\/08\/Jorge_Bello_Dominguez_3.jpg_2K_202608171528-1.webp?resize=768%2C768&amp;ssl=1 768w\" sizes=\"(max-width: 800px) 100vw, 800px\" data-attachment-id=\"24453\" data-permalink=\"https:\/\/cubalex.org\/en\/jorge_bello_dominguez_3-jpg_2k_202608171528-webp-2\/\" data-orig-file=\"https:\/\/i0.wp.com\/cubalex.org\/wp-content\/uploads\/2026\/08\/Jorge_Bello_Dominguez_3.jpg_2K_202608171528-1.webp?fit=800%2C800&amp;ssl=1\" data-orig-size=\"800,800\" data-comments-opened=\"0\" data-image-meta=\"{&quot;aperture&quot;:&quot;0&quot;,&quot;credit&quot;:&quot;&quot;,&quot;camera&quot;:&quot;&quot;,&quot;caption&quot;:&quot;&quot;,&quot;created_timestamp&quot;:&quot;0&quot;,&quot;copyright&quot;:&quot;&quot;,&quot;focal_length&quot;:&quot;0&quot;,&quot;iso&quot;:&quot;0&quot;,&quot;shutter_speed&quot;:&quot;0&quot;,&quot;title&quot;:&quot;&quot;,&quot;orientation&quot;:&quot;0&quot;,&quot;alt&quot;:&quot;&quot;}\" data-image-title=\"Jorge_Bello_Dominguez_3.jpg_2K_202608171528.webp\" data-image-description=\"\" data-image-caption=\"\" data-large-file=\"https:\/\/i0.wp.com\/cubalex.org\/wp-content\/uploads\/2026\/08\/Jorge_Bello_Dominguez_3.jpg_2K_202608171528-1.webp?fit=800%2C800&amp;ssl=1\" \/>\t\t\t\t\t\t\t\t\t\t\t\t\t\t\t<\/div>\n\t\t\t\t<\/div>\n\t\t\t\t<\/div>\n\t\t\t\t<\/div>\n\t\t<div class=\"elementor-element elementor-element-1df0fbfd e-con-full e-flex e-con e-child\" data-id=\"1df0fbfd\" data-element_type=\"container\" data-e-type=\"container\" data-settings=\"{&quot;motion_fx_motion_fx_scrolling&quot;:&quot;yes&quot;,&quot;motion_fx_translateY_effect&quot;:&quot;yes&quot;,&quot;motion_fx_translateY_direction&quot;:&quot;negative&quot;,&quot;motion_fx_translateY_speed&quot;:{&quot;unit&quot;:&quot;px&quot;,&quot;size&quot;:&quot;2&quot;,&quot;sizes&quot;:[]},&quot;motion_fx_devices&quot;:[&quot;desktop&quot;],&quot;motion_fx_translateY_affectedRange&quot;:{&quot;unit&quot;:&quot;%&quot;,&quot;size&quot;:&quot;&quot;,&quot;sizes&quot;:{&quot;start&quot;:0,&quot;end&quot;:100}}}\">\n\t\t<div class=\"elementor-element elementor-element-7685760e e-con-full e-transform e-flex e-con e-child\" data-id=\"7685760e\" data-element_type=\"container\" data-e-type=\"container\" data-settings=\"{&quot;_transform_scale_effect_hover&quot;:{&quot;unit&quot;:&quot;px&quot;,&quot;size&quot;:&quot;1.05&quot;,&quot;sizes&quot;:[]},&quot;_transform_scale_effect_hover_tablet&quot;:{&quot;unit&quot;:&quot;px&quot;,&quot;size&quot;:&quot;&quot;,&quot;sizes&quot;:[]},&quot;_transform_scale_effect_hover_mobile&quot;:{&quot;unit&quot;:&quot;px&quot;,&quot;size&quot;:&quot;&quot;,&quot;sizes&quot;:[]}}\">\n\t\t\t\t<div class=\"elementor-element elementor-element-394e996e elementor-widget elementor-widget-image\" data-id=\"394e996e\" data-element_type=\"widget\" data-e-type=\"widget\" data-widget_type=\"image.default\">\n\t\t\t\t<div class=\"elementor-widget-container\">\n\t\t\t\t\t\t\t\t\t\t\t\t\t\t\t<img loading=\"lazy\" decoding=\"async\" width=\"800\" height=\"800\" src=\"https:\/\/i0.wp.com\/cubalex.org\/wp-content\/uploads\/2026\/08\/Jorge_Bello_Dominguez_1.jpg_2K_202608171524.webp?fit=800%2C800&amp;ssl=1\" class=\"attachment-large size-large wp-image-24779\" alt=\"\" srcset=\"https:\/\/i0.wp.com\/cubalex.org\/wp-content\/uploads\/2026\/08\/Jorge_Bello_Dominguez_1.jpg_2K_202608171524.webp?w=800&amp;ssl=1 800w, https:\/\/i0.wp.com\/cubalex.org\/wp-content\/uploads\/2026\/08\/Jorge_Bello_Dominguez_1.jpg_2K_202608171524.webp?resize=300%2C300&amp;ssl=1 300w, https:\/\/i0.wp.com\/cubalex.org\/wp-content\/uploads\/2026\/08\/Jorge_Bello_Dominguez_1.jpg_2K_202608171524.webp?resize=150%2C150&amp;ssl=1 150w, https:\/\/i0.wp.com\/cubalex.org\/wp-content\/uploads\/2026\/08\/Jorge_Bello_Dominguez_1.jpg_2K_202608171524.webp?resize=768%2C768&amp;ssl=1 768w\" sizes=\"(max-width: 800px) 100vw, 800px\" data-attachment-id=\"24779\" data-permalink=\"https:\/\/cubalex.org\/en\/pagina-inicio\/jorge_bello_dominguez_1-jpg_2k_202608171524\/\" data-orig-file=\"https:\/\/i0.wp.com\/cubalex.org\/wp-content\/uploads\/2026\/08\/Jorge_Bello_Dominguez_1.jpg_2K_202608171524.webp?fit=800%2C800&amp;ssl=1\" data-orig-size=\"800,800\" data-comments-opened=\"0\" data-image-meta=\"{&quot;aperture&quot;:&quot;0&quot;,&quot;credit&quot;:&quot;&quot;,&quot;camera&quot;:&quot;&quot;,&quot;caption&quot;:&quot;&quot;,&quot;created_timestamp&quot;:&quot;0&quot;,&quot;copyright&quot;:&quot;&quot;,&quot;focal_length&quot;:&quot;0&quot;,&quot;iso&quot;:&quot;0&quot;,&quot;shutter_speed&quot;:&quot;0&quot;,&quot;title&quot;:&quot;&quot;,&quot;orientation&quot;:&quot;0&quot;,&quot;alt&quot;:&quot;&quot;}\" data-image-title=\"Jorge_Bello_Domi\u0301nguez_1.jpg_2K_202608171524\" data-image-description=\"\" data-image-caption=\"\" data-large-file=\"https:\/\/i0.wp.com\/cubalex.org\/wp-content\/uploads\/2026\/08\/Jorge_Bello_Dominguez_1.jpg_2K_202608171524.webp?fit=800%2C800&amp;ssl=1\" \/>\t\t\t\t\t\t\t\t\t\t\t\t\t\t\t<\/div>\n\t\t\t\t<\/div>\n\t\t\t\t<\/div>\n\t\t<div class=\"elementor-element elementor-element-1e980116 e-con-full e-transform e-flex e-con e-child\" data-id=\"1e980116\" data-element_type=\"container\" data-e-type=\"container\" data-settings=\"{&quot;_transform_scale_effect_hover&quot;:{&quot;unit&quot;:&quot;px&quot;,&quot;size&quot;:&quot;1.05&quot;,&quot;sizes&quot;:[]},&quot;_transform_scale_effect_hover_tablet&quot;:{&quot;unit&quot;:&quot;px&quot;,&quot;size&quot;:&quot;&quot;,&quot;sizes&quot;:[]},&quot;_transform_scale_effect_hover_mobile&quot;:{&quot;unit&quot;:&quot;px&quot;,&quot;size&quot;:&quot;&quot;,&quot;sizes&quot;:[]}}\">\n\t\t\t\t<div class=\"elementor-element elementor-element-1d06f112 elementor-widget elementor-widget-image\" data-id=\"1d06f112\" data-element_type=\"widget\" data-e-type=\"widget\" data-widget_type=\"image.default\">\n\t\t\t\t<div class=\"elementor-widget-container\">\n\t\t\t\t\t\t\t\t\t\t\t\t\t\t\t<img loading=\"lazy\" decoding=\"async\" width=\"800\" height=\"800\" src=\"https:\/\/i0.wp.com\/cubalex.org\/wp-content\/uploads\/2026\/08\/Duannis_Leon_Taboada.jpg_2K_202608171529-1.webp?fit=800%2C800&amp;ssl=1\" class=\"attachment-large size-large wp-image-24455\" alt=\"\" srcset=\"https:\/\/i0.wp.com\/cubalex.org\/wp-content\/uploads\/2026\/08\/Duannis_Leon_Taboada.jpg_2K_202608171529-1.webp?w=800&amp;ssl=1 800w, https:\/\/i0.wp.com\/cubalex.org\/wp-content\/uploads\/2026\/08\/Duannis_Leon_Taboada.jpg_2K_202608171529-1.webp?resize=300%2C300&amp;ssl=1 300w, https:\/\/i0.wp.com\/cubalex.org\/wp-content\/uploads\/2026\/08\/Duannis_Leon_Taboada.jpg_2K_202608171529-1.webp?resize=150%2C150&amp;ssl=1 150w, https:\/\/i0.wp.com\/cubalex.org\/wp-content\/uploads\/2026\/08\/Duannis_Leon_Taboada.jpg_2K_202608171529-1.webp?resize=768%2C768&amp;ssl=1 768w\" sizes=\"(max-width: 800px) 100vw, 800px\" data-attachment-id=\"24455\" data-permalink=\"https:\/\/cubalex.org\/en\/duannis_leon_taboada-jpg_2k_202608171529-webp-2\/\" data-orig-file=\"https:\/\/i0.wp.com\/cubalex.org\/wp-content\/uploads\/2026\/08\/Duannis_Leon_Taboada.jpg_2K_202608171529-1.webp?fit=800%2C800&amp;ssl=1\" data-orig-size=\"800,800\" data-comments-opened=\"0\" data-image-meta=\"{&quot;aperture&quot;:&quot;0&quot;,&quot;credit&quot;:&quot;&quot;,&quot;camera&quot;:&quot;&quot;,&quot;caption&quot;:&quot;&quot;,&quot;created_timestamp&quot;:&quot;0&quot;,&quot;copyright&quot;:&quot;&quot;,&quot;focal_length&quot;:&quot;0&quot;,&quot;iso&quot;:&quot;0&quot;,&quot;shutter_speed&quot;:&quot;0&quot;,&quot;title&quot;:&quot;&quot;,&quot;orientation&quot;:&quot;0&quot;,&quot;alt&quot;:&quot;&quot;}\" data-image-title=\"Duannis_Leon_Taboada.jpg_2K_202608171529.webp\" data-image-description=\"\" data-image-caption=\"\" data-large-file=\"https:\/\/i0.wp.com\/cubalex.org\/wp-content\/uploads\/2026\/08\/Duannis_Leon_Taboada.jpg_2K_202608171529-1.webp?fit=800%2C800&amp;ssl=1\" \/>\t\t\t\t\t\t\t\t\t\t\t\t\t\t\t<\/div>\n\t\t\t\t<\/div>\n\t\t\t\t<\/div>\n\t\t<div class=\"elementor-element elementor-element-42d89f44 e-con-full e-transform e-flex e-con e-child\" data-id=\"42d89f44\" data-element_type=\"container\" data-e-type=\"container\" data-settings=\"{&quot;_transform_scale_effect_hover&quot;:{&quot;unit&quot;:&quot;px&quot;,&quot;size&quot;:&quot;1.05&quot;,&quot;sizes&quot;:[]},&quot;_transform_scale_effect_hover_tablet&quot;:{&quot;unit&quot;:&quot;px&quot;,&quot;size&quot;:&quot;&quot;,&quot;sizes&quot;:[]},&quot;_transform_scale_effect_hover_mobile&quot;:{&quot;unit&quot;:&quot;px&quot;,&quot;size&quot;:&quot;&quot;,&quot;sizes&quot;:[]}}\">\n\t\t\t\t<div class=\"elementor-element elementor-element-1aee5c2 elementor-widget elementor-widget-image\" data-id=\"1aee5c2\" data-element_type=\"widget\" data-e-type=\"widget\" data-widget_type=\"image.default\">\n\t\t\t\t<div class=\"elementor-widget-container\">\n\t\t\t\t\t\t\t\t\t\t\t\t\t\t\t<img loading=\"lazy\" decoding=\"async\" width=\"800\" height=\"800\" src=\"https:\/\/i0.wp.com\/cubalex.org\/wp-content\/uploads\/2026\/08\/Yunaykis_Linares.jpg_2K_202608171547-1.webp?fit=800%2C800&amp;ssl=1\" class=\"attachment-large size-large wp-image-24456\" alt=\"\" srcset=\"https:\/\/i0.wp.com\/cubalex.org\/wp-content\/uploads\/2026\/08\/Yunaykis_Linares.jpg_2K_202608171547-1.webp?w=800&amp;ssl=1 800w, https:\/\/i0.wp.com\/cubalex.org\/wp-content\/uploads\/2026\/08\/Yunaykis_Linares.jpg_2K_202608171547-1.webp?resize=300%2C300&amp;ssl=1 300w, https:\/\/i0.wp.com\/cubalex.org\/wp-content\/uploads\/2026\/08\/Yunaykis_Linares.jpg_2K_202608171547-1.webp?resize=150%2C150&amp;ssl=1 150w, https:\/\/i0.wp.com\/cubalex.org\/wp-content\/uploads\/2026\/08\/Yunaykis_Linares.jpg_2K_202608171547-1.webp?resize=768%2C768&amp;ssl=1 768w\" sizes=\"(max-width: 800px) 100vw, 800px\" data-attachment-id=\"24456\" data-permalink=\"https:\/\/cubalex.org\/en\/yunaykis_linares-jpg_2k_202608171547-webp-2\/\" data-orig-file=\"https:\/\/i0.wp.com\/cubalex.org\/wp-content\/uploads\/2026\/08\/Yunaykis_Linares.jpg_2K_202608171547-1.webp?fit=800%2C800&amp;ssl=1\" data-orig-size=\"800,800\" data-comments-opened=\"0\" data-image-meta=\"{&quot;aperture&quot;:&quot;0&quot;,&quot;credit&quot;:&quot;&quot;,&quot;camera&quot;:&quot;&quot;,&quot;caption&quot;:&quot;&quot;,&quot;created_timestamp&quot;:&quot;0&quot;,&quot;copyright&quot;:&quot;&quot;,&quot;focal_length&quot;:&quot;0&quot;,&quot;iso&quot;:&quot;0&quot;,&quot;shutter_speed&quot;:&quot;0&quot;,&quot;title&quot;:&quot;&quot;,&quot;orientation&quot;:&quot;0&quot;,&quot;alt&quot;:&quot;&quot;}\" data-image-title=\"Yunaykis_Linares.jpg_2K_202608171547.webp\" data-image-description=\"\" data-image-caption=\"\" data-large-file=\"https:\/\/i0.wp.com\/cubalex.org\/wp-content\/uploads\/2026\/08\/Yunaykis_Linares.jpg_2K_202608171547-1.webp?fit=800%2C800&amp;ssl=1\" \/>\t\t\t\t\t\t\t\t\t\t\t\t\t\t\t<\/div>\n\t\t\t\t<\/div>\n\t\t\t\t<\/div>\n\t\t<div class=\"elementor-element elementor-element-3d36038 e-con-full e-transform e-flex e-con e-child\" data-id=\"3d36038\" data-element_type=\"container\" data-e-type=\"container\" data-settings=\"{&quot;_transform_scale_effect_hover&quot;:{&quot;unit&quot;:&quot;px&quot;,&quot;size&quot;:&quot;1.05&quot;,&quot;sizes&quot;:[]},&quot;_transform_scale_effect_hover_tablet&quot;:{&quot;unit&quot;:&quot;px&quot;,&quot;size&quot;:&quot;&quot;,&quot;sizes&quot;:[]},&quot;_transform_scale_effect_hover_mobile&quot;:{&quot;unit&quot;:&quot;px&quot;,&quot;size&quot;:&quot;&quot;,&quot;sizes&quot;:[]}}\">\n\t\t\t\t<div class=\"elementor-element elementor-element-5c039ca elementor-widget elementor-widget-image\" data-id=\"5c039ca\" data-element_type=\"widget\" data-e-type=\"widget\" data-widget_type=\"image.default\">\n\t\t\t\t<div class=\"elementor-widget-container\">\n\t\t\t\t\t\t\t\t\t\t\t\t\t\t\t<img loading=\"lazy\" decoding=\"async\" width=\"800\" height=\"800\" src=\"https:\/\/i0.wp.com\/cubalex.org\/wp-content\/uploads\/2026\/08\/Maykel-osorbo.jpg_2K_202608171542.webp?fit=800%2C800&amp;ssl=1\" class=\"attachment-large size-large wp-image-24786\" alt=\"\" srcset=\"https:\/\/i0.wp.com\/cubalex.org\/wp-content\/uploads\/2026\/08\/Maykel-osorbo.jpg_2K_202608171542.webp?w=800&amp;ssl=1 800w, https:\/\/i0.wp.com\/cubalex.org\/wp-content\/uploads\/2026\/08\/Maykel-osorbo.jpg_2K_202608171542.webp?resize=300%2C300&amp;ssl=1 300w, https:\/\/i0.wp.com\/cubalex.org\/wp-content\/uploads\/2026\/08\/Maykel-osorbo.jpg_2K_202608171542.webp?resize=150%2C150&amp;ssl=1 150w, https:\/\/i0.wp.com\/cubalex.org\/wp-content\/uploads\/2026\/08\/Maykel-osorbo.jpg_2K_202608171542.webp?resize=768%2C768&amp;ssl=1 768w\" sizes=\"(max-width: 800px) 100vw, 800px\" data-attachment-id=\"24786\" data-permalink=\"https:\/\/cubalex.org\/en\/pagina-inicio\/maykel-osorbo-jpg_2k_202608171542\/\" data-orig-file=\"https:\/\/i0.wp.com\/cubalex.org\/wp-content\/uploads\/2026\/08\/Maykel-osorbo.jpg_2K_202608171542.webp?fit=800%2C800&amp;ssl=1\" data-orig-size=\"800,800\" data-comments-opened=\"0\" data-image-meta=\"{&quot;aperture&quot;:&quot;0&quot;,&quot;credit&quot;:&quot;&quot;,&quot;camera&quot;:&quot;&quot;,&quot;caption&quot;:&quot;&quot;,&quot;created_timestamp&quot;:&quot;0&quot;,&quot;copyright&quot;:&quot;&quot;,&quot;focal_length&quot;:&quot;0&quot;,&quot;iso&quot;:&quot;0&quot;,&quot;shutter_speed&quot;:&quot;0&quot;,&quot;title&quot;:&quot;&quot;,&quot;orientation&quot;:&quot;0&quot;,&quot;alt&quot;:&quot;&quot;}\" data-image-title=\"Maykel-osorbo.jpg_2K_202608171542\" data-image-description=\"\" data-image-caption=\"\" data-large-file=\"https:\/\/i0.wp.com\/cubalex.org\/wp-content\/uploads\/2026\/08\/Maykel-osorbo.jpg_2K_202608171542.webp?fit=800%2C800&amp;ssl=1\" \/>\t\t\t\t\t\t\t\t\t\t\t\t\t\t\t<\/div>\n\t\t\t\t<\/div>\n\t\t\t\t<\/div>\n\t\t\t\t<\/div>\n\t\t<div class=\"elementor-element elementor-element-7fffbbd7 e-con-full e-flex e-con e-child\" data-id=\"7fffbbd7\" data-element_type=\"container\" data-e-type=\"container\" data-settings=\"{&quot;motion_fx_motion_fx_scrolling&quot;:&quot;yes&quot;,&quot;motion_fx_translateY_effect&quot;:&quot;yes&quot;,&quot;motion_fx_translateY_speed&quot;:{&quot;unit&quot;:&quot;px&quot;,&quot;size&quot;:&quot;1&quot;,&quot;sizes&quot;:[]},&quot;motion_fx_devices&quot;:[&quot;desktop&quot;],&quot;motion_fx_translateY_affectedRange&quot;:{&quot;unit&quot;:&quot;%&quot;,&quot;size&quot;:&quot;&quot;,&quot;sizes&quot;:{&quot;start&quot;:0,&quot;end&quot;:100}}}\">\n\t\t<div class=\"elementor-element elementor-element-58e842d9 e-con-full e-transform e-flex e-con e-child\" data-id=\"58e842d9\" data-element_type=\"container\" data-e-type=\"container\" data-settings=\"{&quot;_transform_scale_effect_hover&quot;:{&quot;unit&quot;:&quot;px&quot;,&quot;size&quot;:&quot;1.05&quot;,&quot;sizes&quot;:[]},&quot;_transform_scale_effect_hover_tablet&quot;:{&quot;unit&quot;:&quot;px&quot;,&quot;size&quot;:&quot;&quot;,&quot;sizes&quot;:[]},&quot;_transform_scale_effect_hover_mobile&quot;:{&quot;unit&quot;:&quot;px&quot;,&quot;size&quot;:&quot;&quot;,&quot;sizes&quot;:[]}}\">\n\t\t\t\t<div class=\"elementor-element elementor-element-ee41ce6 elementor-widget elementor-widget-image\" data-id=\"ee41ce6\" data-element_type=\"widget\" data-e-type=\"widget\" data-widget_type=\"image.default\">\n\t\t\t\t<div class=\"elementor-widget-container\">\n\t\t\t\t\t\t\t\t\t\t\t\t\t\t\t<img loading=\"lazy\" decoding=\"async\" width=\"800\" height=\"800\" src=\"https:\/\/i0.wp.com\/cubalex.org\/wp-content\/uploads\/2026\/08\/Yosvany_Rosell.jpg_2K_202608171548-1.webp?fit=800%2C800&amp;ssl=1\" class=\"attachment-large size-large wp-image-24458\" alt=\"\" srcset=\"https:\/\/i0.wp.com\/cubalex.org\/wp-content\/uploads\/2026\/08\/Yosvany_Rosell.jpg_2K_202608171548-1.webp?w=800&amp;ssl=1 800w, https:\/\/i0.wp.com\/cubalex.org\/wp-content\/uploads\/2026\/08\/Yosvany_Rosell.jpg_2K_202608171548-1.webp?resize=300%2C300&amp;ssl=1 300w, https:\/\/i0.wp.com\/cubalex.org\/wp-content\/uploads\/2026\/08\/Yosvany_Rosell.jpg_2K_202608171548-1.webp?resize=150%2C150&amp;ssl=1 150w, https:\/\/i0.wp.com\/cubalex.org\/wp-content\/uploads\/2026\/08\/Yosvany_Rosell.jpg_2K_202608171548-1.webp?resize=768%2C768&amp;ssl=1 768w\" sizes=\"(max-width: 800px) 100vw, 800px\" data-attachment-id=\"24458\" data-permalink=\"https:\/\/cubalex.org\/en\/yosvany_rosell-jpg_2k_202608171548-webp-2\/\" data-orig-file=\"https:\/\/i0.wp.com\/cubalex.org\/wp-content\/uploads\/2026\/08\/Yosvany_Rosell.jpg_2K_202608171548-1.webp?fit=800%2C800&amp;ssl=1\" data-orig-size=\"800,800\" data-comments-opened=\"0\" data-image-meta=\"{&quot;aperture&quot;:&quot;0&quot;,&quot;credit&quot;:&quot;&quot;,&quot;camera&quot;:&quot;&quot;,&quot;caption&quot;:&quot;&quot;,&quot;created_timestamp&quot;:&quot;0&quot;,&quot;copyright&quot;:&quot;&quot;,&quot;focal_length&quot;:&quot;0&quot;,&quot;iso&quot;:&quot;0&quot;,&quot;shutter_speed&quot;:&quot;0&quot;,&quot;title&quot;:&quot;&quot;,&quot;orientation&quot;:&quot;0&quot;,&quot;alt&quot;:&quot;&quot;}\" data-image-title=\"Yosvany_Rosell.jpg_2K_202608171548.webp\" data-image-description=\"\" data-image-caption=\"\" data-large-file=\"https:\/\/i0.wp.com\/cubalex.org\/wp-content\/uploads\/2026\/08\/Yosvany_Rosell.jpg_2K_202608171548-1.webp?fit=800%2C800&amp;ssl=1\" \/>\t\t\t\t\t\t\t\t\t\t\t\t\t\t\t<\/div>\n\t\t\t\t<\/div>\n\t\t\t\t<\/div>\n\t\t<div class=\"elementor-element elementor-element-3c1dd38d e-con-full e-transform e-flex e-con e-child\" data-id=\"3c1dd38d\" data-element_type=\"container\" data-e-type=\"container\" data-settings=\"{&quot;_transform_scale_effect_hover&quot;:{&quot;unit&quot;:&quot;px&quot;,&quot;size&quot;:&quot;1.05&quot;,&quot;sizes&quot;:[]},&quot;_transform_scale_effect_hover_tablet&quot;:{&quot;unit&quot;:&quot;px&quot;,&quot;size&quot;:&quot;&quot;,&quot;sizes&quot;:[]},&quot;_transform_scale_effect_hover_mobile&quot;:{&quot;unit&quot;:&quot;px&quot;,&quot;size&quot;:&quot;&quot;,&quot;sizes&quot;:[]}}\">\n\t\t\t\t<div class=\"elementor-element elementor-element-628a47f7 elementor-widget elementor-widget-image\" data-id=\"628a47f7\" data-element_type=\"widget\" data-e-type=\"widget\" data-widget_type=\"image.default\">\n\t\t\t\t<div class=\"elementor-widget-container\">\n\t\t\t\t\t\t\t\t\t\t\t\t\t\t\t<img loading=\"lazy\" decoding=\"async\" width=\"800\" height=\"800\" src=\"https:\/\/i0.wp.com\/cubalex.org\/wp-content\/uploads\/2026\/08\/Virgilio_Mantilla_2b.jpg_2K_202608171546-1.webp?fit=800%2C800&amp;ssl=1\" class=\"attachment-large size-large wp-image-24459\" alt=\"\" srcset=\"https:\/\/i0.wp.com\/cubalex.org\/wp-content\/uploads\/2026\/08\/Virgilio_Mantilla_2b.jpg_2K_202608171546-1.webp?w=800&amp;ssl=1 800w, https:\/\/i0.wp.com\/cubalex.org\/wp-content\/uploads\/2026\/08\/Virgilio_Mantilla_2b.jpg_2K_202608171546-1.webp?resize=300%2C300&amp;ssl=1 300w, https:\/\/i0.wp.com\/cubalex.org\/wp-content\/uploads\/2026\/08\/Virgilio_Mantilla_2b.jpg_2K_202608171546-1.webp?resize=150%2C150&amp;ssl=1 150w, https:\/\/i0.wp.com\/cubalex.org\/wp-content\/uploads\/2026\/08\/Virgilio_Mantilla_2b.jpg_2K_202608171546-1.webp?resize=768%2C768&amp;ssl=1 768w\" sizes=\"(max-width: 800px) 100vw, 800px\" data-attachment-id=\"24459\" data-permalink=\"https:\/\/cubalex.org\/en\/virgilio_mantilla_2b-jpg_2k_202608171546-webp-2\/\" data-orig-file=\"https:\/\/i0.wp.com\/cubalex.org\/wp-content\/uploads\/2026\/08\/Virgilio_Mantilla_2b.jpg_2K_202608171546-1.webp?fit=800%2C800&amp;ssl=1\" data-orig-size=\"800,800\" data-comments-opened=\"0\" data-image-meta=\"{&quot;aperture&quot;:&quot;0&quot;,&quot;credit&quot;:&quot;&quot;,&quot;camera&quot;:&quot;&quot;,&quot;caption&quot;:&quot;&quot;,&quot;created_timestamp&quot;:&quot;0&quot;,&quot;copyright&quot;:&quot;&quot;,&quot;focal_length&quot;:&quot;0&quot;,&quot;iso&quot;:&quot;0&quot;,&quot;shutter_speed&quot;:&quot;0&quot;,&quot;title&quot;:&quot;&quot;,&quot;orientation&quot;:&quot;0&quot;,&quot;alt&quot;:&quot;&quot;}\" data-image-title=\"Virgilio_Mantilla_2b.jpg_2K_202608171546.webp\" data-image-description=\"\" data-image-caption=\"\" data-large-file=\"https:\/\/i0.wp.com\/cubalex.org\/wp-content\/uploads\/2026\/08\/Virgilio_Mantilla_2b.jpg_2K_202608171546-1.webp?fit=800%2C800&amp;ssl=1\" \/>\t\t\t\t\t\t\t\t\t\t\t\t\t\t\t<\/div>\n\t\t\t\t<\/div>\n\t\t\t\t<\/div>\n\t\t<div class=\"elementor-element elementor-element-590b15ef e-con-full e-transform e-flex e-con e-child\" data-id=\"590b15ef\" data-element_type=\"container\" data-e-type=\"container\" data-settings=\"{&quot;_transform_scale_effect_hover&quot;:{&quot;unit&quot;:&quot;px&quot;,&quot;size&quot;:&quot;1.05&quot;,&quot;sizes&quot;:[]},&quot;_transform_scale_effect_hover_tablet&quot;:{&quot;unit&quot;:&quot;px&quot;,&quot;size&quot;:&quot;&quot;,&quot;sizes&quot;:[]},&quot;_transform_scale_effect_hover_mobile&quot;:{&quot;unit&quot;:&quot;px&quot;,&quot;size&quot;:&quot;&quot;,&quot;sizes&quot;:[]}}\">\n\t\t\t\t<div class=\"elementor-element elementor-element-339fa652 elementor-widget elementor-widget-image\" data-id=\"339fa652\" data-element_type=\"widget\" data-e-type=\"widget\" data-widget_type=\"image.default\">\n\t\t\t\t<div class=\"elementor-widget-container\">\n\t\t\t\t\t\t\t\t\t\t\t\t\t\t\t<img loading=\"lazy\" decoding=\"async\" width=\"800\" height=\"800\" src=\"https:\/\/i0.wp.com\/cubalex.org\/wp-content\/uploads\/2026\/08\/Loreto_y_Donaida.jpg_2K_202608171537.webp?fit=800%2C800&amp;ssl=1\" class=\"attachment-large size-large wp-image-24780\" alt=\"\" srcset=\"https:\/\/i0.wp.com\/cubalex.org\/wp-content\/uploads\/2026\/08\/Loreto_y_Donaida.jpg_2K_202608171537.webp?w=800&amp;ssl=1 800w, https:\/\/i0.wp.com\/cubalex.org\/wp-content\/uploads\/2026\/08\/Loreto_y_Donaida.jpg_2K_202608171537.webp?resize=300%2C300&amp;ssl=1 300w, https:\/\/i0.wp.com\/cubalex.org\/wp-content\/uploads\/2026\/08\/Loreto_y_Donaida.jpg_2K_202608171537.webp?resize=150%2C150&amp;ssl=1 150w, https:\/\/i0.wp.com\/cubalex.org\/wp-content\/uploads\/2026\/08\/Loreto_y_Donaida.jpg_2K_202608171537.webp?resize=768%2C768&amp;ssl=1 768w\" sizes=\"(max-width: 800px) 100vw, 800px\" data-attachment-id=\"24780\" data-permalink=\"https:\/\/cubalex.org\/en\/pagina-inicio\/loreto_y_donaida-jpg_2k_202608171537\/\" data-orig-file=\"https:\/\/i0.wp.com\/cubalex.org\/wp-content\/uploads\/2026\/08\/Loreto_y_Donaida.jpg_2K_202608171537.webp?fit=800%2C800&amp;ssl=1\" data-orig-size=\"800,800\" data-comments-opened=\"0\" data-image-meta=\"{&quot;aperture&quot;:&quot;0&quot;,&quot;credit&quot;:&quot;&quot;,&quot;camera&quot;:&quot;&quot;,&quot;caption&quot;:&quot;&quot;,&quot;created_timestamp&quot;:&quot;0&quot;,&quot;copyright&quot;:&quot;&quot;,&quot;focal_length&quot;:&quot;0&quot;,&quot;iso&quot;:&quot;0&quot;,&quot;shutter_speed&quot;:&quot;0&quot;,&quot;title&quot;:&quot;&quot;,&quot;orientation&quot;:&quot;0&quot;,&quot;alt&quot;:&quot;&quot;}\" data-image-title=\"Loreto_y_Donaida.jpg_2K_202608171537\" data-image-description=\"\" data-image-caption=\"\" data-large-file=\"https:\/\/i0.wp.com\/cubalex.org\/wp-content\/uploads\/2026\/08\/Loreto_y_Donaida.jpg_2K_202608171537.webp?fit=800%2C800&amp;ssl=1\" \/>\t\t\t\t\t\t\t\t\t\t\t\t\t\t\t<\/div>\n\t\t\t\t<\/div>\n\t\t\t\t<\/div>\n\t\t<div class=\"elementor-element elementor-element-211b177c e-con-full e-transform e-flex e-con e-child\" data-id=\"211b177c\" data-element_type=\"container\" data-e-type=\"container\" data-settings=\"{&quot;_transform_scale_effect_hover&quot;:{&quot;unit&quot;:&quot;px&quot;,&quot;size&quot;:&quot;1.05&quot;,&quot;sizes&quot;:[]},&quot;_transform_scale_effect_hover_tablet&quot;:{&quot;unit&quot;:&quot;px&quot;,&quot;size&quot;:&quot;&quot;,&quot;sizes&quot;:[]},&quot;_transform_scale_effect_hover_mobile&quot;:{&quot;unit&quot;:&quot;px&quot;,&quot;size&quot;:&quot;&quot;,&quot;sizes&quot;:[]}}\">\n\t\t\t\t<div class=\"elementor-element elementor-element-1f144fdc elementor-widget elementor-widget-image\" data-id=\"1f144fdc\" data-element_type=\"widget\" data-e-type=\"widget\" data-widget_type=\"image.default\">\n\t\t\t\t<div class=\"elementor-widget-container\">\n\t\t\t\t\t\t\t\t\t\t\t\t\t\t\t<img loading=\"lazy\" decoding=\"async\" width=\"800\" height=\"800\" src=\"https:\/\/i0.wp.com\/cubalex.org\/wp-content\/uploads\/2026\/08\/Lizandra_Gongora.jpg_2K_202608171533-1.webp?fit=800%2C800&amp;ssl=1\" class=\"attachment-large size-large wp-image-24461\" alt=\"\" srcset=\"https:\/\/i0.wp.com\/cubalex.org\/wp-content\/uploads\/2026\/08\/Lizandra_Gongora.jpg_2K_202608171533-1.webp?w=800&amp;ssl=1 800w, https:\/\/i0.wp.com\/cubalex.org\/wp-content\/uploads\/2026\/08\/Lizandra_Gongora.jpg_2K_202608171533-1.webp?resize=300%2C300&amp;ssl=1 300w, https:\/\/i0.wp.com\/cubalex.org\/wp-content\/uploads\/2026\/08\/Lizandra_Gongora.jpg_2K_202608171533-1.webp?resize=150%2C150&amp;ssl=1 150w, https:\/\/i0.wp.com\/cubalex.org\/wp-content\/uploads\/2026\/08\/Lizandra_Gongora.jpg_2K_202608171533-1.webp?resize=768%2C768&amp;ssl=1 768w\" sizes=\"(max-width: 800px) 100vw, 800px\" data-attachment-id=\"24461\" data-permalink=\"https:\/\/cubalex.org\/en\/lizandra_gongora-jpg_2k_202608171533-webp-2\/\" data-orig-file=\"https:\/\/i0.wp.com\/cubalex.org\/wp-content\/uploads\/2026\/08\/Lizandra_Gongora.jpg_2K_202608171533-1.webp?fit=800%2C800&amp;ssl=1\" data-orig-size=\"800,800\" data-comments-opened=\"0\" data-image-meta=\"{&quot;aperture&quot;:&quot;0&quot;,&quot;credit&quot;:&quot;&quot;,&quot;camera&quot;:&quot;&quot;,&quot;caption&quot;:&quot;&quot;,&quot;created_timestamp&quot;:&quot;0&quot;,&quot;copyright&quot;:&quot;&quot;,&quot;focal_length&quot;:&quot;0&quot;,&quot;iso&quot;:&quot;0&quot;,&quot;shutter_speed&quot;:&quot;0&quot;,&quot;title&quot;:&quot;&quot;,&quot;orientation&quot;:&quot;0&quot;,&quot;alt&quot;:&quot;&quot;}\" data-image-title=\"Lizandra_Gongora.jpg_2K_202608171533.webp\" data-image-description=\"\" data-image-caption=\"\" data-large-file=\"https:\/\/i0.wp.com\/cubalex.org\/wp-content\/uploads\/2026\/08\/Lizandra_Gongora.jpg_2K_202608171533-1.webp?fit=800%2C800&amp;ssl=1\" \/>\t\t\t\t\t\t\t\t\t\t\t\t\t\t\t<\/div>\n\t\t\t\t<\/div>\n\t\t\t\t<\/div>\n\t\t\t\t<\/div>\n\t\t\t\t<\/div>\n\t\t\t\t<\/div>\n\t\t\t\t<\/div>\n\t\t<div class=\"elementor-element elementor-element-33460c29 e-con-full e-flex e-con e-parent\" data-id=\"33460c29\" data-element_type=\"container\" data-e-type=\"container\" data-settings=\"{&quot;background_background&quot;:&quot;classic&quot;}\">\n\t\t\t\t<div class=\"elementor-element elementor-element-76725455 elementor-widget elementor-widget-heading\" data-id=\"76725455\" data-element_type=\"widget\" data-e-type=\"widget\" data-widget_type=\"heading.default\">\n\t\t\t\t<div class=\"elementor-widget-container\">\n\t\t\t\t\t<h2 class=\"elementor-heading-title elementor-size-default\">Qu\u00e9 hacemos<\/h2>\t\t\t\t<\/div>\n\t\t\t\t<\/div>\n\t\t\t\t<div class=\"elementor-element elementor-element-3812bcfb elementor-widget elementor-widget-heading\" data-id=\"3812bcfb\" data-element_type=\"widget\" data-e-type=\"widget\" data-widget_type=\"heading.default\">\n\t\t\t\t<div class=\"elementor-widget-container\">\n\t\t\t\t\t<p class=\"elementor-heading-title elementor-size-default\">Cubalex documenta violaciones de derechos humanos, acompa\u00f1a a v\u00edctimas e incide ante organismos internacionales para exigir rendici\u00f3n de cuentas. Porque creemos que la justicia no es solo legal, construimos herramientas reales para que cada cubano pueda sostenerse y defenderse.<br><br>\u00a1Este trabajo es posible contigo! Cada donaci\u00f3n hace que lleguemos a m\u00e1s v\u00edctimas, y que nuestra voz suene m\u00e1s fuerte <\/p>\t\t\t\t<\/div>\n\t\t\t\t<\/div>\n\t\t\t\t<div class=\"elementor-element elementor-element-4dc122ea elementor-align-center elementor-widget elementor-widget-button\" data-id=\"4dc122ea\" data-element_type=\"widget\" data-e-type=\"widget\" data-widget_type=\"button.default\">\n\t\t\t\t<div class=\"elementor-widget-container\">\n\t\t\t\t\t\t\t\t\t<div class=\"elementor-button-wrapper\">\n\t\t\t\t\t<a class=\"elementor-button elementor-button-link elementor-size-sm elementor-animation-shrink\" href=\"#elementor-action%3Aaction%3Dpopup%3Aopen%26settings%3DeyJpZCI6IjI0MTE5IiwidG9nZ2xlIjpmYWxzZX0%3D\">\n\t\t\t\t\t\t<span class=\"elementor-button-content-wrapper\">\n\t\t\t\t\t\t\t\t\t<span class=\"elementor-button-text\">Donar<\/span>\n\t\t\t\t\t<\/span>\n\t\t\t\t\t<\/a>\n\t\t\t\t<\/div>\n\t\t\t\t\t\t\t\t<\/div>\n\t\t\t\t<\/div>\n\t\t\t\t<\/div>\n\t\t<div class=\"elementor-element elementor-element-288f969c e-con-full e-flex e-con e-parent\" data-id=\"288f969c\" data-element_type=\"container\" data-e-type=\"container\" data-settings=\"{&quot;background_background&quot;:&quot;classic&quot;}\">\n\t\t\t\t<div class=\"elementor-element elementor-element-26d4aa91 elementor-widget elementor-widget-heading\" data-id=\"26d4aa91\" data-element_type=\"widget\" data-e-type=\"widget\" data-widget_type=\"heading.default\">\n\t\t\t\t<div class=\"elementor-widget-container\">\n\t\t\t\t\t<h2 class=\"elementor-heading-title elementor-size-default\">\u00daltimas Alertas<\/h2>\t\t\t\t<\/div>\n\t\t\t\t<\/div>\n\t\t\t\t<div class=\"elementor-element elementor-element-358dd159 elementor-pagination-type-bullets elementor-pagination-position-outside elementor-widget elementor-widget-loop-carousel\" data-id=\"358dd159\" data-element_type=\"widget\" data-e-type=\"widget\" data-settings=\"{&quot;template_id&quot;:&quot;24133&quot;,&quot;slides_to_show&quot;:&quot;5&quot;,&quot;slides_to_scroll&quot;:&quot;5&quot;,&quot;_skin&quot;:&quot;post&quot;,&quot;slides_to_show_tablet&quot;:&quot;2&quot;,&quot;slides_to_show_mobile&quot;:&quot;1&quot;,&quot;edit_handle_selector&quot;:&quot;.elementor-loop-container&quot;,&quot;infinite&quot;:&quot;yes&quot;,&quot;speed&quot;:500,&quot;offset_sides&quot;:&quot;none&quot;,&quot;pagination&quot;:&quot;bullets&quot;,&quot;image_spacing_custom&quot;:{&quot;unit&quot;:&quot;px&quot;,&quot;size&quot;:10,&quot;sizes&quot;:[]},&quot;image_spacing_custom_tablet&quot;:{&quot;unit&quot;:&quot;px&quot;,&quot;size&quot;:&quot;&quot;,&quot;sizes&quot;:[]},&quot;image_spacing_custom_mobile&quot;:{&quot;unit&quot;:&quot;px&quot;,&quot;size&quot;:&quot;&quot;,&quot;sizes&quot;:[]}}\" data-widget_type=\"loop-carousel.post\">\n\t\t\t\t<div class=\"elementor-widget-container\">\n\t\t\t\t\t\t\t<div class=\"swiper elementor-loop-container elementor-grid\" role=\"list\" dir=\"ltr\">\n\t\t\t\t<div class=\"swiper-wrapper\" aria-live=\"polite\">\n\t\t<style id=\"loop-24133\">.elementor-24133 .elementor-element.elementor-element-1b36bb6{--display:flex;--flex-direction:column;--container-widget-width:calc( ( 1 - var( --container-widget-flex-grow ) ) * 100% );--container-widget-height:initial;--container-widget-flex-grow:0;--container-widget-align-self:initial;--flex-wrap-mobile:wrap;--justify-content:flex-start;--align-items:stretch;--gap:10px 0px;--row-gap:10px;--column-gap:0px;--margin-top:0px;--margin-bottom:0px;--margin-left:0px;--margin-right:0px;--padding-top:0px;--padding-bottom:0px;--padding-left:0px;--padding-right:0px;}.elementor-24133 .elementor-element.elementor-element-1b36bb6:not(.elementor-motion-effects-element-type-background), .elementor-24133 .elementor-element.elementor-element-1b36bb6 > .elementor-motion-effects-container > .elementor-motion-effects-layer{background-color:var( --e-global-color-8235737 );}.elementor-widget-theme-post-featured-image .widget-image-caption{color:var( --e-global-color-text );font-family:var( --e-global-typography-text-font-family ), Sans-serif;font-size:var( --e-global-typography-text-font-size );font-weight:var( --e-global-typography-text-font-weight );text-transform:var( --e-global-typography-text-text-transform );font-style:var( --e-global-typography-text-font-style );text-decoration:var( --e-global-typography-text-text-decoration );line-height:var( --e-global-typography-text-line-height );letter-spacing:var( --e-global-typography-text-letter-spacing );}.elementor-24133 .elementor-element.elementor-element-7a74ee4 img{width:100%;height:200px;object-fit:cover;object-position:center center;}.elementor-24133 .elementor-element.elementor-element-affdda8{--display:flex;--justify-content:flex-start;--gap:0px 0px;--row-gap:0px;--column-gap:0px;--margin-top:0px;--margin-bottom:0px;--margin-left:0px;--margin-right:0px;--padding-top:0px;--padding-bottom:0px;--padding-left:0px;--padding-right:0px;}.elementor-widget-post-info .elementor-icon-list-item:not(:last-child):after{border-color:var( --e-global-color-text );}.elementor-widget-post-info .elementor-icon-list-icon i{color:var( --e-global-color-primary );}.elementor-widget-post-info .elementor-icon-list-icon svg{fill:var( --e-global-color-primary );}.elementor-widget-post-info .elementor-icon-list-text, .elementor-widget-post-info .elementor-icon-list-text a{color:var( --e-global-color-secondary );}.elementor-widget-post-info .elementor-icon-list-item{font-family:var( --e-global-typography-text-font-family ), Sans-serif;font-size:var( --e-global-typography-text-font-size );font-weight:var( --e-global-typography-text-font-weight );text-transform:var( --e-global-typography-text-text-transform );font-style:var( --e-global-typography-text-font-style );text-decoration:var( --e-global-typography-text-text-decoration );line-height:var( --e-global-typography-text-line-height );letter-spacing:var( --e-global-typography-text-letter-spacing );}.elementor-24133 .elementor-element.elementor-element-94f2080 .elementor-icon-list-icon{width:14px;}.elementor-24133 .elementor-element.elementor-element-94f2080 .elementor-icon-list-icon i{font-size:14px;}.elementor-24133 .elementor-element.elementor-element-94f2080 .elementor-icon-list-icon svg{--e-icon-list-icon-size:14px;}.elementor-24133 .elementor-element.elementor-element-94f2080 .elementor-icon-list-text, .elementor-24133 .elementor-element.elementor-element-94f2080 .elementor-icon-list-text a{color:#E8541A;}.elementor-24133 .elementor-element.elementor-element-94f2080 .elementor-icon-list-item{font-family:\"Helvetica\", Sans-serif;font-size:0.9em;font-weight:400;text-transform:none;font-style:normal;text-decoration:none;line-height:1.3em;letter-spacing:0px;}.elementor-24133 .elementor-element.elementor-element-94f2080 > .elementor-widget-container{margin:0px 0px 0px 10px;padding:0px 0px 0px 0px;}.elementor-widget-theme-post-title .elementor-heading-title{font-family:var( --e-global-typography-primary-font-family ), Sans-serif;font-size:var( --e-global-typography-primary-font-size );font-weight:var( --e-global-typography-primary-font-weight );text-transform:var( --e-global-typography-primary-text-transform );font-style:var( --e-global-typography-primary-font-style );text-decoration:var( --e-global-typography-primary-text-decoration );line-height:var( --e-global-typography-primary-line-height );letter-spacing:var( --e-global-typography-primary-letter-spacing );color:var( --e-global-color-primary );}.elementor-24133 .elementor-element.elementor-element-3bce48e{text-align:start;}.elementor-24133 .elementor-element.elementor-element-3bce48e .elementor-heading-title{font-family:\"Montserrat\", Sans-serif;font-size:1.4em;font-weight:500;line-height:1.2em;letter-spacing:0.2px;}.elementor-24133 .elementor-element.elementor-element-3bce48e > .elementor-widget-container{margin:0px 0px 0px 0px;padding:0px 10px 0px 10px;}.elementor-24133 .elementor-element.elementor-element-a8be9bf{--display:flex;--margin-top:auto;--margin-bottom:0;--margin-left:0;--margin-right:0;}.elementor-widget-button .elementor-button{font-family:var( --e-global-typography-accent-font-family ), Sans-serif;font-size:var( --e-global-typography-accent-font-size );font-weight:var( --e-global-typography-accent-font-weight );text-transform:var( --e-global-typography-accent-text-transform );font-style:var( --e-global-typography-accent-font-style );text-decoration:var( --e-global-typography-accent-text-decoration );line-height:var( --e-global-typography-accent-line-height );letter-spacing:var( --e-global-typography-accent-letter-spacing );background-color:var( --e-global-color-accent );}.elementor-24133 .elementor-element.elementor-element-c40ea96 .elementor-button{font-family:\"Montserrat\", Sans-serif;font-size:1.1em;font-weight:500;text-transform:none;font-style:normal;text-decoration:none;line-height:1em;letter-spacing:0px;fill:var( --e-global-color-primary );color:var( --e-global-color-primary );background-color:var( --e-global-color-0b546ce );padding:20px 50px 20px 50px;}.elementor-24133 .elementor-element.elementor-element-c40ea96 .elementor-button:hover, .elementor-24133 .elementor-element.elementor-element-c40ea96 .elementor-button:focus{color:var( --e-global-color-8235737 );}.elementor-24133 .elementor-element.elementor-element-c40ea96 .elementor-button:hover svg, .elementor-24133 .elementor-element.elementor-element-c40ea96 .elementor-button:focus svg{fill:var( --e-global-color-8235737 );}.elementor-24133 .elementor-element.elementor-element-c40ea96 > .elementor-widget-container{margin:0px 0px 10px 0px;padding:0px 0px 0px 0px;}.elementor-24133 .elementor-element.elementor-element-c40ea96.elementor-element{--align-self:center;}@media(max-width:1024px){.elementor-widget-theme-post-featured-image .widget-image-caption{font-size:var( --e-global-typography-text-font-size );line-height:var( --e-global-typography-text-line-height );letter-spacing:var( --e-global-typography-text-letter-spacing );}.elementor-widget-post-info .elementor-icon-list-item{font-size:var( --e-global-typography-text-font-size );line-height:var( --e-global-typography-text-line-height );letter-spacing:var( --e-global-typography-text-letter-spacing );}.elementor-widget-theme-post-title .elementor-heading-title{font-size:var( --e-global-typography-primary-font-size );line-height:var( --e-global-typography-primary-line-height );letter-spacing:var( --e-global-typography-primary-letter-spacing );}.elementor-24133 .elementor-element.elementor-element-3bce48e .elementor-heading-title{font-size:12px;}.elementor-widget-button .elementor-button{font-size:var( --e-global-typography-accent-font-size );line-height:var( --e-global-typography-accent-line-height );letter-spacing:var( --e-global-typography-accent-letter-spacing );}}@media(max-width:767px){.elementor-widget-theme-post-featured-image .widget-image-caption{font-size:var( --e-global-typography-text-font-size );line-height:var( --e-global-typography-text-line-height );letter-spacing:var( --e-global-typography-text-letter-spacing );}.elementor-widget-post-info .elementor-icon-list-item{font-size:var( --e-global-typography-text-font-size );line-height:var( --e-global-typography-text-line-height );letter-spacing:var( --e-global-typography-text-letter-spacing );}.elementor-widget-theme-post-title .elementor-heading-title{font-size:var( --e-global-typography-primary-font-size );line-height:var( --e-global-typography-primary-line-height );letter-spacing:var( --e-global-typography-primary-letter-spacing );}.elementor-widget-button .elementor-button{font-size:var( --e-global-typography-accent-font-size );line-height:var( --e-global-typography-accent-line-height );letter-spacing:var( --e-global-typography-accent-letter-spacing );}}<\/style>\t\t<div data-elementor-type=\"loop-item\" data-elementor-id=\"24133\" class=\"elementor elementor-24133 swiper-slide e-loop-item e-loop-item-25130 post-25130 post type-post status-publish format-standard has-post-thumbnail hentry category-alertas tag-derechos-humanos tag-detencion-arbitraria tag-presos-politicos tag-represion\" data-elementor-post-type=\"elementor_library\" role=\"group\" aria-roledescription=\"slide\" data-custom-edit-handle=\"1\">\n\t\t\t<div class=\"elementor-element elementor-element-1b36bb6 e-flex e-con-boxed e-con e-parent\" data-id=\"1b36bb6\" data-element_type=\"container\" data-e-type=\"container\" data-settings=\"{&quot;background_background&quot;:&quot;classic&quot;}\">\n\t\t\t\t\t<div class=\"e-con-inner\">\n\t\t\t\t<div class=\"elementor-element elementor-element-7a74ee4 elementor-widget elementor-widget-theme-post-featured-image elementor-widget-image\" data-id=\"7a74ee4\" data-element_type=\"widget\" data-e-type=\"widget\" data-widget_type=\"theme-post-featured-image.default\">\n\t\t\t\t<div class=\"elementor-widget-container\">\n\t\t\t\t\t\t\t\t\t\t\t\t\t\t\t\t<a href=\"https:\/\/cubalex.org\/en\/2026\/09\/04\/alerta-manifestante-del-11j-maikel-armentero-oramas-lleva-10-dias-en-huelga-de-hambre-y-sera-enviado-nuevamente-a-prision\/\">\n\t\t\t\t\t\t\t<img loading=\"lazy\" decoding=\"async\" width=\"1024\" height=\"477\" src=\"https:\/\/i0.wp.com\/cubalex.org\/wp-content\/uploads\/2026\/09\/maikel-orama.jpg?fit=1024%2C477&amp;ssl=1\" class=\"attachment-large size-large wp-image-25134\" alt=\"\" srcset=\"https:\/\/i0.wp.com\/cubalex.org\/wp-content\/uploads\/2026\/09\/maikel-orama.jpg?w=1423&amp;ssl=1 1423w, https:\/\/i0.wp.com\/cubalex.org\/wp-content\/uploads\/2026\/09\/maikel-orama.jpg?resize=300%2C140&amp;ssl=1 300w, https:\/\/i0.wp.com\/cubalex.org\/wp-content\/uploads\/2026\/09\/maikel-orama.jpg?resize=1024%2C477&amp;ssl=1 1024w, https:\/\/i0.wp.com\/cubalex.org\/wp-content\/uploads\/2026\/09\/maikel-orama.jpg?resize=768%2C358&amp;ssl=1 768w\" sizes=\"(max-width: 1024px) 100vw, 1024px\" data-attachment-id=\"25134\" data-permalink=\"https:\/\/cubalex.org\/en\/2026\/09\/04\/alerta-manifestante-del-11j-maikel-armentero-oramas-lleva-10-dias-en-huelga-de-hambre-y-sera-enviado-nuevamente-a-prision\/maikel-orama\/\" data-orig-file=\"https:\/\/i0.wp.com\/cubalex.org\/wp-content\/uploads\/2026\/09\/maikel-orama.jpg?fit=1423%2C663&amp;ssl=1\" data-orig-size=\"1423,663\" data-comments-opened=\"0\" data-image-meta=\"{&quot;aperture&quot;:&quot;0&quot;,&quot;credit&quot;:&quot;&quot;,&quot;camera&quot;:&quot;&quot;,&quot;caption&quot;:&quot;&quot;,&quot;created_timestamp&quot;:&quot;0&quot;,&quot;copyright&quot;:&quot;&quot;,&quot;focal_length&quot;:&quot;0&quot;,&quot;iso&quot;:&quot;0&quot;,&quot;shutter_speed&quot;:&quot;0&quot;,&quot;title&quot;:&quot;&quot;,&quot;orientation&quot;:&quot;0&quot;,&quot;alt&quot;:&quot;&quot;}\" data-image-title=\"maikel-orama\" data-image-description=\"\" data-image-caption=\"\" data-large-file=\"https:\/\/i0.wp.com\/cubalex.org\/wp-content\/uploads\/2026\/09\/maikel-orama.jpg?fit=1024%2C477&amp;ssl=1\" \/>\t\t\t\t\t\t\t\t<\/a>\n\t\t\t\t\t\t\t\t\t\t\t\t\t\t\t<\/div>\n\t\t\t\t<\/div>\n\t\t<div class=\"elementor-element elementor-element-affdda8 e-con-full e-flex e-con e-child\" data-id=\"affdda8\" data-element_type=\"container\" data-e-type=\"container\">\n\t\t\t\t<div class=\"elementor-element elementor-element-94f2080 elementor-widget elementor-widget-post-info\" data-id=\"94f2080\" data-element_type=\"widget\" data-e-type=\"widget\" data-widget_type=\"post-info.default\">\n\t\t\t\t<div class=\"elementor-widget-container\">\n\t\t\t\t\t\t\t<ul class=\"elementor-inline-items elementor-icon-list-items elementor-post-info\">\n\t\t\t\t\t\t\t\t<li class=\"elementor-icon-list-item elementor-repeater-item-c1536b1 elementor-inline-item\" itemprop=\"datePublished\">\n\t\t\t\t\t\t<a href=\"https:\/\/cubalex.org\/en\/2026\/09\/04\/\">\n\t\t\t\t\t\t\t\t\t\t\t\t\t\t<span class=\"elementor-icon-list-text elementor-post-info__item elementor-post-info__item--type-date\">\n\t\t\t\t\t\t\t\t\t\t<time>04\/09\/2026<\/time>\t\t\t\t\t<\/span>\n\t\t\t\t\t\t\t\t\t<\/a>\n\t\t\t\t<\/li>\n\t\t\t\t<\/ul>\n\t\t\t\t\t\t<\/div>\n\t\t\t\t<\/div>\n\t\t\t\t<div class=\"elementor-element elementor-element-3bce48e elementor-widget elementor-widget-theme-post-title elementor-page-title elementor-widget-heading\" data-id=\"3bce48e\" data-element_type=\"widget\" data-e-type=\"widget\" data-widget_type=\"theme-post-title.default\">\n\t\t\t\t<div class=\"elementor-widget-container\">\n\t\t\t\t\t<h3 class=\"elementor-heading-title elementor-size-default\"><a href=\"https:\/\/cubalex.org\/en\/2026\/09\/04\/alerta-manifestante-del-11j-maikel-armentero-oramas-lleva-10-dias-en-huelga-de-hambre-y-sera-enviado-nuevamente-a-prision\/\">ALERTA: Manifestante del 11J Maikel Armentero Oramas lleva 10 d\u00edas en huelga de hambre y ser\u00e1 enviado nuevamente a prisi\u00f3n<\/a><\/h3>\t\t\t\t<\/div>\n\t\t\t\t<\/div>\n\t\t\t\t<\/div>\n\t\t<div class=\"elementor-element elementor-element-a8be9bf e-con-full e-flex e-con e-child\" data-id=\"a8be9bf\" data-element_type=\"container\" data-e-type=\"container\">\n\t\t\t\t<div class=\"elementor-element elementor-element-c40ea96 elementor-align-center elementor-widget elementor-widget-button\" data-id=\"c40ea96\" data-element_type=\"widget\" data-e-type=\"widget\" data-widget_type=\"button.default\">\n\t\t\t\t<div class=\"elementor-widget-container\">\n\t\t\t\t\t\t\t\t\t<div class=\"elementor-button-wrapper\">\n\t\t\t\t\t<a class=\"elementor-button elementor-button-link elementor-size-sm\" href=\"https:\/\/cubalex.org\/en\/2026\/09\/04\/alerta-manifestante-del-11j-maikel-armentero-oramas-lleva-10-dias-en-huelga-de-hambre-y-sera-enviado-nuevamente-a-prision\/\">\n\t\t\t\t\t\t<span class=\"elementor-button-content-wrapper\">\n\t\t\t\t\t\t\t\t\t<span class=\"elementor-button-text\">Leer m\u00e1s<\/span>\n\t\t\t\t\t<\/span>\n\t\t\t\t\t<\/a>\n\t\t\t\t<\/div>\n\t\t\t\t\t\t\t\t<\/div>\n\t\t\t\t<\/div>\n\t\t\t\t<\/div>\n\t\t\t\t\t<\/div>\n\t\t\t\t<\/div>\n\t\t\t\t<\/div>\n\t\t\t\t<div data-elementor-type=\"loop-item\" data-elementor-id=\"24133\" class=\"elementor elementor-24133 swiper-slide e-loop-item e-loop-item-25077 post-25077 post type-post status-publish format-standard has-post-thumbnail hentry category-alertas tag-estado-cubano tag-leyes\" data-elementor-post-type=\"elementor_library\" role=\"group\" aria-roledescription=\"slide\" data-custom-edit-handle=\"1\">\n\t\t\t<div class=\"elementor-element elementor-element-1b36bb6 e-flex e-con-boxed e-con e-parent\" data-id=\"1b36bb6\" data-element_type=\"container\" data-e-type=\"container\" data-settings=\"{&quot;background_background&quot;:&quot;classic&quot;}\">\n\t\t\t\t\t<div class=\"e-con-inner\">\n\t\t\t\t<div class=\"elementor-element elementor-element-7a74ee4 elementor-widget elementor-widget-theme-post-featured-image elementor-widget-image\" data-id=\"7a74ee4\" data-element_type=\"widget\" data-e-type=\"widget\" data-widget_type=\"theme-post-featured-image.default\">\n\t\t\t\t<div class=\"elementor-widget-container\">\n\t\t\t\t\t\t\t\t\t\t\t\t\t\t\t\t<a href=\"https:\/\/cubalex.org\/en\/2026\/09\/02\/cuba-registra-por-segundo-mes-consecutivo-un-record-de-homicidios-segun-monitoreo-de-cubalex\/\">\n\t\t\t\t\t\t\t<img loading=\"lazy\" decoding=\"async\" width=\"887\" height=\"500\" src=\"https:\/\/i0.wp.com\/cubalex.org\/wp-content\/uploads\/2026\/09\/violencia-cuba.jpg?fit=887%2C500&amp;ssl=1\" class=\"attachment-large size-large wp-image-25097\" alt=\"Foto: 14yMedio\" srcset=\"https:\/\/i0.wp.com\/cubalex.org\/wp-content\/uploads\/2026\/09\/violencia-cuba.jpg?w=887&amp;ssl=1 887w, https:\/\/i0.wp.com\/cubalex.org\/wp-content\/uploads\/2026\/09\/violencia-cuba.jpg?resize=300%2C169&amp;ssl=1 300w, https:\/\/i0.wp.com\/cubalex.org\/wp-content\/uploads\/2026\/09\/violencia-cuba.jpg?resize=768%2C433&amp;ssl=1 768w\" sizes=\"(max-width: 887px) 100vw, 887px\" data-attachment-id=\"25097\" data-permalink=\"https:\/\/cubalex.org\/en\/2026\/09\/02\/cuba-registra-por-segundo-mes-consecutivo-un-record-de-homicidios-segun-monitoreo-de-cubalex\/violencia-cuba\/\" data-orig-file=\"https:\/\/i0.wp.com\/cubalex.org\/wp-content\/uploads\/2026\/09\/violencia-cuba.jpg?fit=887%2C500&amp;ssl=1\" data-orig-size=\"887,500\" data-comments-opened=\"0\" data-image-meta=\"{&quot;aperture&quot;:&quot;0&quot;,&quot;credit&quot;:&quot;&quot;,&quot;camera&quot;:&quot;&quot;,&quot;caption&quot;:&quot;&quot;,&quot;created_timestamp&quot;:&quot;0&quot;,&quot;copyright&quot;:&quot;&quot;,&quot;focal_length&quot;:&quot;0&quot;,&quot;iso&quot;:&quot;0&quot;,&quot;shutter_speed&quot;:&quot;0&quot;,&quot;title&quot;:&quot;&quot;,&quot;orientation&quot;:&quot;0&quot;,&quot;alt&quot;:&quot;&quot;}\" data-image-title=\"violencia-cuba\" data-image-description=\"&lt;p&gt;Foto: 14yMedio&lt;\/p&gt;\n\" data-image-caption=\"&lt;p&gt;Foto: 14yMedio&lt;\/p&gt;\n\" data-large-file=\"https:\/\/i0.wp.com\/cubalex.org\/wp-content\/uploads\/2026\/09\/violencia-cuba.jpg?fit=887%2C500&amp;ssl=1\" \/>\t\t\t\t\t\t\t\t<\/a>\n\t\t\t\t\t\t\t\t\t\t\t\t\t\t\t<\/div>\n\t\t\t\t<\/div>\n\t\t<div class=\"elementor-element elementor-element-affdda8 e-con-full e-flex e-con e-child\" data-id=\"affdda8\" data-element_type=\"container\" data-e-type=\"container\">\n\t\t\t\t<div class=\"elementor-element elementor-element-94f2080 elementor-widget elementor-widget-post-info\" data-id=\"94f2080\" data-element_type=\"widget\" data-e-type=\"widget\" data-widget_type=\"post-info.default\">\n\t\t\t\t<div class=\"elementor-widget-container\">\n\t\t\t\t\t\t\t<ul class=\"elementor-inline-items elementor-icon-list-items elementor-post-info\">\n\t\t\t\t\t\t\t\t<li class=\"elementor-icon-list-item elementor-repeater-item-c1536b1 elementor-inline-item\" itemprop=\"datePublished\">\n\t\t\t\t\t\t<a href=\"https:\/\/cubalex.org\/en\/2026\/09\/02\/\">\n\t\t\t\t\t\t\t\t\t\t\t\t\t\t<span class=\"elementor-icon-list-text elementor-post-info__item elementor-post-info__item--type-date\">\n\t\t\t\t\t\t\t\t\t\t<time>02\/09\/2026<\/time>\t\t\t\t\t<\/span>\n\t\t\t\t\t\t\t\t\t<\/a>\n\t\t\t\t<\/li>\n\t\t\t\t<\/ul>\n\t\t\t\t\t\t<\/div>\n\t\t\t\t<\/div>\n\t\t\t\t<div class=\"elementor-element elementor-element-3bce48e elementor-widget elementor-widget-theme-post-title elementor-page-title elementor-widget-heading\" data-id=\"3bce48e\" data-element_type=\"widget\" data-e-type=\"widget\" data-widget_type=\"theme-post-title.default\">\n\t\t\t\t<div class=\"elementor-widget-container\">\n\t\t\t\t\t<h3 class=\"elementor-heading-title elementor-size-default\"><a href=\"https:\/\/cubalex.org\/en\/2026\/09\/02\/cuba-registra-por-segundo-mes-consecutivo-un-record-de-homicidios-segun-monitoreo-de-cubalex\/\">Violencia no da tregua en Cuba: agosto marca otro r\u00e9cord de homicidios, seg\u00fan monitoreo de Cubalex<\/a><\/h3>\t\t\t\t<\/div>\n\t\t\t\t<\/div>\n\t\t\t\t<\/div>\n\t\t<div class=\"elementor-element elementor-element-a8be9bf e-con-full e-flex e-con e-child\" data-id=\"a8be9bf\" data-element_type=\"container\" data-e-type=\"container\">\n\t\t\t\t<div class=\"elementor-element elementor-element-c40ea96 elementor-align-center elementor-widget elementor-widget-button\" data-id=\"c40ea96\" data-element_type=\"widget\" data-e-type=\"widget\" data-widget_type=\"button.default\">\n\t\t\t\t<div class=\"elementor-widget-container\">\n\t\t\t\t\t\t\t\t\t<div class=\"elementor-button-wrapper\">\n\t\t\t\t\t<a class=\"elementor-button elementor-button-link elementor-size-sm\" href=\"https:\/\/cubalex.org\/en\/2026\/09\/02\/cuba-registra-por-segundo-mes-consecutivo-un-record-de-homicidios-segun-monitoreo-de-cubalex\/\">\n\t\t\t\t\t\t<span class=\"elementor-button-content-wrapper\">\n\t\t\t\t\t\t\t\t\t<span class=\"elementor-button-text\">Leer m\u00e1s<\/span>\n\t\t\t\t\t<\/span>\n\t\t\t\t\t<\/a>\n\t\t\t\t<\/div>\n\t\t\t\t\t\t\t\t<\/div>\n\t\t\t\t<\/div>\n\t\t\t\t<\/div>\n\t\t\t\t\t<\/div>\n\t\t\t\t<\/div>\n\t\t\t\t<\/div>\n\t\t\t\t<div data-elementor-type=\"loop-item\" data-elementor-id=\"24133\" class=\"elementor elementor-24133 swiper-slide e-loop-item e-loop-item-25069 post-25069 post type-post status-publish format-standard has-post-thumbnail hentry category-alertas tag-derechos-humanos tag-detencion-arbitraria tag-presos-politicos\" data-elementor-post-type=\"elementor_library\" role=\"group\" aria-roledescription=\"slide\" data-custom-edit-handle=\"1\">\n\t\t\t<div class=\"elementor-element elementor-element-1b36bb6 e-flex e-con-boxed e-con e-parent\" data-id=\"1b36bb6\" data-element_type=\"container\" data-e-type=\"container\" data-settings=\"{&quot;background_background&quot;:&quot;classic&quot;}\">\n\t\t\t\t\t<div class=\"e-con-inner\">\n\t\t\t\t<div class=\"elementor-element elementor-element-7a74ee4 elementor-widget elementor-widget-theme-post-featured-image elementor-widget-image\" data-id=\"7a74ee4\" data-element_type=\"widget\" data-e-type=\"widget\" data-widget_type=\"theme-post-featured-image.default\">\n\t\t\t\t<div class=\"elementor-widget-container\">\n\t\t\t\t\t\t\t\t\t\t\t\t\t\t\t\t<a href=\"https:\/\/cubalex.org\/en\/2026\/09\/01\/detencion-de-andy-garcia-lorenzo-evidencia-continuidad-de-la-represion-contra-manifestantes-del-11j-excarcelados\/\">\n\t\t\t\t\t\t\t<img loading=\"lazy\" decoding=\"async\" width=\"1024\" height=\"576\" src=\"https:\/\/i0.wp.com\/cubalex.org\/wp-content\/uploads\/2026\/08\/andy.png?fit=1024%2C576&amp;ssl=1\" class=\"attachment-large size-large wp-image-25071\" alt=\"\" srcset=\"https:\/\/i0.wp.com\/cubalex.org\/wp-content\/uploads\/2026\/08\/andy.png?w=1052&amp;ssl=1 1052w, https:\/\/i0.wp.com\/cubalex.org\/wp-content\/uploads\/2026\/08\/andy.png?resize=300%2C169&amp;ssl=1 300w, https:\/\/i0.wp.com\/cubalex.org\/wp-content\/uploads\/2026\/08\/andy.png?resize=1024%2C576&amp;ssl=1 1024w, https:\/\/i0.wp.com\/cubalex.org\/wp-content\/uploads\/2026\/08\/andy.png?resize=768%2C432&amp;ssl=1 768w\" sizes=\"(max-width: 1024px) 100vw, 1024px\" data-attachment-id=\"25071\" data-permalink=\"https:\/\/cubalex.org\/en\/2026\/09\/01\/detencion-de-andy-garcia-lorenzo-evidencia-continuidad-de-la-represion-contra-manifestantes-del-11j-excarcelados\/andy\/\" data-orig-file=\"https:\/\/i0.wp.com\/cubalex.org\/wp-content\/uploads\/2026\/08\/andy.png?fit=1052%2C592&amp;ssl=1\" data-orig-size=\"1052,592\" data-comments-opened=\"0\" data-image-meta=\"{&quot;aperture&quot;:&quot;0&quot;,&quot;credit&quot;:&quot;&quot;,&quot;camera&quot;:&quot;&quot;,&quot;caption&quot;:&quot;&quot;,&quot;created_timestamp&quot;:&quot;0&quot;,&quot;copyright&quot;:&quot;&quot;,&quot;focal_length&quot;:&quot;0&quot;,&quot;iso&quot;:&quot;0&quot;,&quot;shutter_speed&quot;:&quot;0&quot;,&quot;title&quot;:&quot;&quot;,&quot;orientation&quot;:&quot;0&quot;,&quot;alt&quot;:&quot;&quot;}\" data-image-title=\"andy\" data-image-description=\"\" data-image-caption=\"\" data-large-file=\"https:\/\/i0.wp.com\/cubalex.org\/wp-content\/uploads\/2026\/08\/andy.png?fit=1024%2C576&amp;ssl=1\" \/>\t\t\t\t\t\t\t\t<\/a>\n\t\t\t\t\t\t\t\t\t\t\t\t\t\t\t<\/div>\n\t\t\t\t<\/div>\n\t\t<div class=\"elementor-element elementor-element-affdda8 e-con-full e-flex e-con e-child\" data-id=\"affdda8\" data-element_type=\"container\" data-e-type=\"container\">\n\t\t\t\t<div class=\"elementor-element elementor-element-94f2080 elementor-widget elementor-widget-post-info\" data-id=\"94f2080\" data-element_type=\"widget\" data-e-type=\"widget\" data-widget_type=\"post-info.default\">\n\t\t\t\t<div class=\"elementor-widget-container\">\n\t\t\t\t\t\t\t<ul class=\"elementor-inline-items elementor-icon-list-items elementor-post-info\">\n\t\t\t\t\t\t\t\t<li class=\"elementor-icon-list-item elementor-repeater-item-c1536b1 elementor-inline-item\" itemprop=\"datePublished\">\n\t\t\t\t\t\t<a href=\"https:\/\/cubalex.org\/en\/2026\/09\/01\/\">\n\t\t\t\t\t\t\t\t\t\t\t\t\t\t<span class=\"elementor-icon-list-text elementor-post-info__item elementor-post-info__item--type-date\">\n\t\t\t\t\t\t\t\t\t\t<time>01\/09\/2026<\/time>\t\t\t\t\t<\/span>\n\t\t\t\t\t\t\t\t\t<\/a>\n\t\t\t\t<\/li>\n\t\t\t\t<\/ul>\n\t\t\t\t\t\t<\/div>\n\t\t\t\t<\/div>\n\t\t\t\t<div class=\"elementor-element elementor-element-3bce48e elementor-widget elementor-widget-theme-post-title elementor-page-title elementor-widget-heading\" data-id=\"3bce48e\" data-element_type=\"widget\" data-e-type=\"widget\" data-widget_type=\"theme-post-title.default\">\n\t\t\t\t<div class=\"elementor-widget-container\">\n\t\t\t\t\t<h3 class=\"elementor-heading-title elementor-size-default\"><a href=\"https:\/\/cubalex.org\/en\/2026\/09\/01\/detencion-de-andy-garcia-lorenzo-evidencia-continuidad-de-la-represion-contra-manifestantes-del-11j-excarcelados\/\">Detenci\u00f3n de Andy Garc\u00eda evidencia continuidad de la represi\u00f3n contra manifestantes del 11J excarcelados<\/a><\/h3>\t\t\t\t<\/div>\n\t\t\t\t<\/div>\n\t\t\t\t<\/div>\n\t\t<div class=\"elementor-element elementor-element-a8be9bf e-con-full e-flex e-con e-child\" data-id=\"a8be9bf\" data-element_type=\"container\" data-e-type=\"container\">\n\t\t\t\t<div class=\"elementor-element elementor-element-c40ea96 elementor-align-center elementor-widget elementor-widget-button\" data-id=\"c40ea96\" data-element_type=\"widget\" data-e-type=\"widget\" data-widget_type=\"button.default\">\n\t\t\t\t<div class=\"elementor-widget-container\">\n\t\t\t\t\t\t\t\t\t<div class=\"elementor-button-wrapper\">\n\t\t\t\t\t<a class=\"elementor-button elementor-button-link elementor-size-sm\" href=\"https:\/\/cubalex.org\/en\/2026\/09\/01\/detencion-de-andy-garcia-lorenzo-evidencia-continuidad-de-la-represion-contra-manifestantes-del-11j-excarcelados\/\">\n\t\t\t\t\t\t<span class=\"elementor-button-content-wrapper\">\n\t\t\t\t\t\t\t\t\t<span class=\"elementor-button-text\">Leer m\u00e1s<\/span>\n\t\t\t\t\t<\/span>\n\t\t\t\t\t<\/a>\n\t\t\t\t<\/div>\n\t\t\t\t\t\t\t\t<\/div>\n\t\t\t\t<\/div>\n\t\t\t\t<\/div>\n\t\t\t\t\t<\/div>\n\t\t\t\t<\/div>\n\t\t\t\t<\/div>\n\t\t\t\t<div data-elementor-type=\"loop-item\" data-elementor-id=\"24133\" class=\"elementor elementor-24133 swiper-slide e-loop-item e-loop-item-25044 post-25044 post type-post status-publish format-standard has-post-thumbnail hentry category-alertas tag-derechos-humanos tag-estado-cubano tag-presos-politicos\" data-elementor-post-type=\"elementor_library\" role=\"group\" aria-roledescription=\"slide\" data-custom-edit-handle=\"1\">\n\t\t\t<div class=\"elementor-element elementor-element-1b36bb6 e-flex e-con-boxed e-con e-parent\" data-id=\"1b36bb6\" data-element_type=\"container\" data-e-type=\"container\" data-settings=\"{&quot;background_background&quot;:&quot;classic&quot;}\">\n\t\t\t\t\t<div class=\"e-con-inner\">\n\t\t\t\t<div class=\"elementor-element elementor-element-7a74ee4 elementor-widget elementor-widget-theme-post-featured-image elementor-widget-image\" data-id=\"7a74ee4\" data-element_type=\"widget\" data-e-type=\"widget\" data-widget_type=\"theme-post-featured-image.default\">\n\t\t\t\t<div class=\"elementor-widget-container\">\n\t\t\t\t\t\t\t\t\t\t\t\t\t\t\t\t<a href=\"https:\/\/cubalex.org\/en\/2026\/08\/31\/dos-activistas-mantienen-huelgas-de-hambre-en-sus-hogares-para-exigir-la-libertad-de-presos-politicos-en-cuba\/\">\n\t\t\t\t\t\t\t<img loading=\"lazy\" decoding=\"async\" width=\"1024\" height=\"478\" src=\"https:\/\/i0.wp.com\/cubalex.org\/wp-content\/uploads\/2026\/08\/guillermo-alcibiades.jpg?fit=1024%2C478&amp;ssl=1\" class=\"attachment-large size-large wp-image-25048\" alt=\"\" srcset=\"https:\/\/i0.wp.com\/cubalex.org\/wp-content\/uploads\/2026\/08\/guillermo-alcibiades.jpg?w=1200&amp;ssl=1 1200w, https:\/\/i0.wp.com\/cubalex.org\/wp-content\/uploads\/2026\/08\/guillermo-alcibiades.jpg?resize=300%2C140&amp;ssl=1 300w, https:\/\/i0.wp.com\/cubalex.org\/wp-content\/uploads\/2026\/08\/guillermo-alcibiades.jpg?resize=1024%2C478&amp;ssl=1 1024w, https:\/\/i0.wp.com\/cubalex.org\/wp-content\/uploads\/2026\/08\/guillermo-alcibiades.jpg?resize=768%2C358&amp;ssl=1 768w\" sizes=\"(max-width: 1024px) 100vw, 1024px\" data-attachment-id=\"25048\" data-permalink=\"https:\/\/cubalex.org\/en\/2026\/08\/31\/dos-activistas-mantienen-huelgas-de-hambre-en-sus-hogares-para-exigir-la-libertad-de-presos-politicos-en-cuba\/guillermo-alcibiades\/\" data-orig-file=\"https:\/\/i0.wp.com\/cubalex.org\/wp-content\/uploads\/2026\/08\/guillermo-alcibiades.jpg?fit=1200%2C560&amp;ssl=1\" data-orig-size=\"1200,560\" data-comments-opened=\"0\" data-image-meta=\"{&quot;aperture&quot;:&quot;0&quot;,&quot;credit&quot;:&quot;&quot;,&quot;camera&quot;:&quot;&quot;,&quot;caption&quot;:&quot;&quot;,&quot;created_timestamp&quot;:&quot;0&quot;,&quot;copyright&quot;:&quot;&quot;,&quot;focal_length&quot;:&quot;0&quot;,&quot;iso&quot;:&quot;0&quot;,&quot;shutter_speed&quot;:&quot;0&quot;,&quot;title&quot;:&quot;&quot;,&quot;orientation&quot;:&quot;1&quot;,&quot;alt&quot;:&quot;&quot;}\" data-image-title=\"guillermo-alcibiades\" data-image-description=\"\" data-image-caption=\"\" data-large-file=\"https:\/\/i0.wp.com\/cubalex.org\/wp-content\/uploads\/2026\/08\/guillermo-alcibiades.jpg?fit=1024%2C478&amp;ssl=1\" \/>\t\t\t\t\t\t\t\t<\/a>\n\t\t\t\t\t\t\t\t\t\t\t\t\t\t\t<\/div>\n\t\t\t\t<\/div>\n\t\t<div class=\"elementor-element elementor-element-affdda8 e-con-full e-flex e-con e-child\" data-id=\"affdda8\" data-element_type=\"container\" data-e-type=\"container\">\n\t\t\t\t<div class=\"elementor-element elementor-element-94f2080 elementor-widget elementor-widget-post-info\" data-id=\"94f2080\" data-element_type=\"widget\" data-e-type=\"widget\" data-widget_type=\"post-info.default\">\n\t\t\t\t<div class=\"elementor-widget-container\">\n\t\t\t\t\t\t\t<ul class=\"elementor-inline-items elementor-icon-list-items elementor-post-info\">\n\t\t\t\t\t\t\t\t<li class=\"elementor-icon-list-item elementor-repeater-item-c1536b1 elementor-inline-item\" itemprop=\"datePublished\">\n\t\t\t\t\t\t<a href=\"https:\/\/cubalex.org\/en\/2026\/08\/31\/\">\n\t\t\t\t\t\t\t\t\t\t\t\t\t\t<span class=\"elementor-icon-list-text elementor-post-info__item elementor-post-info__item--type-date\">\n\t\t\t\t\t\t\t\t\t\t<time>31\/08\/2026<\/time>\t\t\t\t\t<\/span>\n\t\t\t\t\t\t\t\t\t<\/a>\n\t\t\t\t<\/li>\n\t\t\t\t<\/ul>\n\t\t\t\t\t\t<\/div>\n\t\t\t\t<\/div>\n\t\t\t\t<div class=\"elementor-element elementor-element-3bce48e elementor-widget elementor-widget-theme-post-title elementor-page-title elementor-widget-heading\" data-id=\"3bce48e\" data-element_type=\"widget\" data-e-type=\"widget\" data-widget_type=\"theme-post-title.default\">\n\t\t\t\t<div class=\"elementor-widget-container\">\n\t\t\t\t\t<h3 class=\"elementor-heading-title elementor-size-default\"><a href=\"https:\/\/cubalex.org\/en\/2026\/08\/31\/dos-activistas-mantienen-huelgas-de-hambre-en-sus-hogares-para-exigir-la-libertad-de-presos-politicos-en-cuba\/\">Huelgas de hambre en hogares para exigir la libertad de presos pol\u00edticos en Cuba: Alcibiades Brizuela lleva m\u00e1s de una semana<\/a><\/h3>\t\t\t\t<\/div>\n\t\t\t\t<\/div>\n\t\t\t\t<\/div>\n\t\t<div class=\"elementor-element elementor-element-a8be9bf e-con-full e-flex e-con e-child\" data-id=\"a8be9bf\" data-element_type=\"container\" data-e-type=\"container\">\n\t\t\t\t<div class=\"elementor-element elementor-element-c40ea96 elementor-align-center elementor-widget elementor-widget-button\" data-id=\"c40ea96\" data-element_type=\"widget\" data-e-type=\"widget\" data-widget_type=\"button.default\">\n\t\t\t\t<div class=\"elementor-widget-container\">\n\t\t\t\t\t\t\t\t\t<div class=\"elementor-button-wrapper\">\n\t\t\t\t\t<a class=\"elementor-button elementor-button-link elementor-size-sm\" href=\"https:\/\/cubalex.org\/en\/2026\/08\/31\/dos-activistas-mantienen-huelgas-de-hambre-en-sus-hogares-para-exigir-la-libertad-de-presos-politicos-en-cuba\/\">\n\t\t\t\t\t\t<span class=\"elementor-button-content-wrapper\">\n\t\t\t\t\t\t\t\t\t<span class=\"elementor-button-text\">Leer m\u00e1s<\/span>\n\t\t\t\t\t<\/span>\n\t\t\t\t\t<\/a>\n\t\t\t\t<\/div>\n\t\t\t\t\t\t\t\t<\/div>\n\t\t\t\t<\/div>\n\t\t\t\t<\/div>\n\t\t\t\t\t<\/div>\n\t\t\t\t<\/div>\n\t\t\t\t<\/div>\n\t\t\t\t<div data-elementor-type=\"loop-item\" data-elementor-id=\"24133\" class=\"elementor elementor-24133 swiper-slide e-loop-item e-loop-item-25025 post-25025 post type-post status-publish format-standard has-post-thumbnail hentry category-alertas tag-derechos-humanos tag-presos-politicos\" data-elementor-post-type=\"elementor_library\" role=\"group\" aria-roledescription=\"slide\" data-custom-edit-handle=\"1\">\n\t\t\t<div class=\"elementor-element elementor-element-1b36bb6 e-flex e-con-boxed e-con e-parent\" data-id=\"1b36bb6\" data-element_type=\"container\" data-e-type=\"container\" data-settings=\"{&quot;background_background&quot;:&quot;classic&quot;}\">\n\t\t\t\t\t<div class=\"e-con-inner\">\n\t\t\t\t<div class=\"elementor-element elementor-element-7a74ee4 elementor-widget elementor-widget-theme-post-featured-image elementor-widget-image\" data-id=\"7a74ee4\" data-element_type=\"widget\" data-e-type=\"widget\" data-widget_type=\"theme-post-featured-image.default\">\n\t\t\t\t<div class=\"elementor-widget-container\">\n\t\t\t\t\t\t\t\t\t\t\t\t\t\t\t\t<a href=\"https:\/\/cubalex.org\/en\/2026\/08\/27\/de-la-prision-a-la-desatencion-medica-exprisioneros-politicos-cubanos-denuncian-abandono-de-sus-enfermedades\/\">\n\t\t\t\t\t\t\t<img loading=\"lazy\" decoding=\"async\" width=\"1024\" height=\"478\" src=\"https:\/\/i0.wp.com\/cubalex.org\/wp-content\/uploads\/2026\/08\/excarcelados-enfermos.jpg?fit=1024%2C478&amp;ssl=1\" class=\"attachment-large size-large wp-image-25029\" alt=\"\" srcset=\"https:\/\/i0.wp.com\/cubalex.org\/wp-content\/uploads\/2026\/08\/excarcelados-enfermos.jpg?w=1200&amp;ssl=1 1200w, https:\/\/i0.wp.com\/cubalex.org\/wp-content\/uploads\/2026\/08\/excarcelados-enfermos.jpg?resize=300%2C140&amp;ssl=1 300w, https:\/\/i0.wp.com\/cubalex.org\/wp-content\/uploads\/2026\/08\/excarcelados-enfermos.jpg?resize=1024%2C478&amp;ssl=1 1024w, https:\/\/i0.wp.com\/cubalex.org\/wp-content\/uploads\/2026\/08\/excarcelados-enfermos.jpg?resize=768%2C358&amp;ssl=1 768w\" sizes=\"(max-width: 1024px) 100vw, 1024px\" data-attachment-id=\"25029\" data-permalink=\"https:\/\/cubalex.org\/en\/2026\/08\/27\/de-la-prision-a-la-desatencion-medica-exprisioneros-politicos-cubanos-denuncian-abandono-de-sus-enfermedades\/excarcelados-enfermos\/\" data-orig-file=\"https:\/\/i0.wp.com\/cubalex.org\/wp-content\/uploads\/2026\/08\/excarcelados-enfermos.jpg?fit=1200%2C560&amp;ssl=1\" data-orig-size=\"1200,560\" data-comments-opened=\"0\" data-image-meta=\"{&quot;aperture&quot;:&quot;0&quot;,&quot;credit&quot;:&quot;&quot;,&quot;camera&quot;:&quot;&quot;,&quot;caption&quot;:&quot;&quot;,&quot;created_timestamp&quot;:&quot;0&quot;,&quot;copyright&quot;:&quot;&quot;,&quot;focal_length&quot;:&quot;0&quot;,&quot;iso&quot;:&quot;0&quot;,&quot;shutter_speed&quot;:&quot;0&quot;,&quot;title&quot;:&quot;&quot;,&quot;orientation&quot;:&quot;1&quot;,&quot;alt&quot;:&quot;&quot;}\" data-image-title=\"excarcelados-enfermos\" data-image-description=\"\" data-image-caption=\"\" data-large-file=\"https:\/\/i0.wp.com\/cubalex.org\/wp-content\/uploads\/2026\/08\/excarcelados-enfermos.jpg?fit=1024%2C478&amp;ssl=1\" \/>\t\t\t\t\t\t\t\t<\/a>\n\t\t\t\t\t\t\t\t\t\t\t\t\t\t\t<\/div>\n\t\t\t\t<\/div>\n\t\t<div class=\"elementor-element elementor-element-affdda8 e-con-full e-flex e-con e-child\" data-id=\"affdda8\" data-element_type=\"container\" data-e-type=\"container\">\n\t\t\t\t<div class=\"elementor-element elementor-element-94f2080 elementor-widget elementor-widget-post-info\" data-id=\"94f2080\" data-element_type=\"widget\" data-e-type=\"widget\" data-widget_type=\"post-info.default\">\n\t\t\t\t<div class=\"elementor-widget-container\">\n\t\t\t\t\t\t\t<ul class=\"elementor-inline-items elementor-icon-list-items elementor-post-info\">\n\t\t\t\t\t\t\t\t<li class=\"elementor-icon-list-item elementor-repeater-item-c1536b1 elementor-inline-item\" itemprop=\"datePublished\">\n\t\t\t\t\t\t<a href=\"https:\/\/cubalex.org\/en\/2026\/08\/27\/\">\n\t\t\t\t\t\t\t\t\t\t\t\t\t\t<span class=\"elementor-icon-list-text elementor-post-info__item elementor-post-info__item--type-date\">\n\t\t\t\t\t\t\t\t\t\t<time>27\/08\/2026<\/time>\t\t\t\t\t<\/span>\n\t\t\t\t\t\t\t\t\t<\/a>\n\t\t\t\t<\/li>\n\t\t\t\t<\/ul>\n\t\t\t\t\t\t<\/div>\n\t\t\t\t<\/div>\n\t\t\t\t<div class=\"elementor-element elementor-element-3bce48e elementor-widget elementor-widget-theme-post-title elementor-page-title elementor-widget-heading\" data-id=\"3bce48e\" data-element_type=\"widget\" data-e-type=\"widget\" data-widget_type=\"theme-post-title.default\">\n\t\t\t\t<div class=\"elementor-widget-container\">\n\t\t\t\t\t<h3 class=\"elementor-heading-title elementor-size-default\"><a href=\"https:\/\/cubalex.org\/en\/2026\/08\/27\/de-la-prision-a-la-desatencion-medica-exprisioneros-politicos-cubanos-denuncian-abandono-de-sus-enfermedades\/\">De la prisi\u00f3n a la desatenci\u00f3n m\u00e9dica: exprisioneros pol\u00edticos cubanos denuncian abandono de sus enfermedades<\/a><\/h3>\t\t\t\t<\/div>\n\t\t\t\t<\/div>\n\t\t\t\t<\/div>\n\t\t<div class=\"elementor-element elementor-element-a8be9bf e-con-full e-flex e-con e-child\" data-id=\"a8be9bf\" data-element_type=\"container\" data-e-type=\"container\">\n\t\t\t\t<div class=\"elementor-element elementor-element-c40ea96 elementor-align-center elementor-widget elementor-widget-button\" data-id=\"c40ea96\" data-element_type=\"widget\" data-e-type=\"widget\" data-widget_type=\"button.default\">\n\t\t\t\t<div class=\"elementor-widget-container\">\n\t\t\t\t\t\t\t\t\t<div class=\"elementor-button-wrapper\">\n\t\t\t\t\t<a class=\"elementor-button elementor-button-link elementor-size-sm\" href=\"https:\/\/cubalex.org\/en\/2026\/08\/27\/de-la-prision-a-la-desatencion-medica-exprisioneros-politicos-cubanos-denuncian-abandono-de-sus-enfermedades\/\">\n\t\t\t\t\t\t<span class=\"elementor-button-content-wrapper\">\n\t\t\t\t\t\t\t\t\t<span class=\"elementor-button-text\">Leer m\u00e1s<\/span>\n\t\t\t\t\t<\/span>\n\t\t\t\t\t<\/a>\n\t\t\t\t<\/div>\n\t\t\t\t\t\t\t\t<\/div>\n\t\t\t\t<\/div>\n\t\t\t\t<\/div>\n\t\t\t\t\t<\/div>\n\t\t\t\t<\/div>\n\t\t\t\t<\/div>\n\t\t\t\t<div data-elementor-type=\"loop-item\" data-elementor-id=\"24133\" class=\"elementor elementor-24133 swiper-slide e-loop-item e-loop-item-24721 post-24721 post type-post status-publish format-standard has-post-thumbnail hentry category-alertas tag-derechos-humanos tag-estado-cubano\" data-elementor-post-type=\"elementor_library\" role=\"group\" aria-roledescription=\"slide\" data-custom-edit-handle=\"1\">\n\t\t\t<div class=\"elementor-element elementor-element-1b36bb6 e-flex e-con-boxed e-con e-parent\" data-id=\"1b36bb6\" data-element_type=\"container\" data-e-type=\"container\" data-settings=\"{&quot;background_background&quot;:&quot;classic&quot;}\">\n\t\t\t\t\t<div class=\"e-con-inner\">\n\t\t\t\t<div class=\"elementor-element elementor-element-7a74ee4 elementor-widget elementor-widget-theme-post-featured-image elementor-widget-image\" data-id=\"7a74ee4\" data-element_type=\"widget\" data-e-type=\"widget\" data-widget_type=\"theme-post-featured-image.default\">\n\t\t\t\t<div class=\"elementor-widget-container\">\n\t\t\t\t\t\t\t\t\t\t\t\t\t\t\t\t<a href=\"https:\/\/cubalex.org\/en\/2026\/08\/24\/cubalex-documenta-19-muertes-bajo-custodia-estatal-en-cuba-asociadas-a-falta-de-atencion-medica-en-lo-que-va-de-2026\/\">\n\t\t\t\t\t\t\t<img loading=\"lazy\" decoding=\"async\" width=\"1024\" height=\"683\" src=\"https:\/\/i0.wp.com\/cubalex.org\/wp-content\/uploads\/2026\/08\/muertes-bajo-custodia.png?fit=1024%2C683&amp;ssl=1\" class=\"attachment-large size-large wp-image-24724\" alt=\"\" srcset=\"https:\/\/i0.wp.com\/cubalex.org\/wp-content\/uploads\/2026\/08\/muertes-bajo-custodia.png?w=1536&amp;ssl=1 1536w, https:\/\/i0.wp.com\/cubalex.org\/wp-content\/uploads\/2026\/08\/muertes-bajo-custodia.png?resize=300%2C200&amp;ssl=1 300w, https:\/\/i0.wp.com\/cubalex.org\/wp-content\/uploads\/2026\/08\/muertes-bajo-custodia.png?resize=1024%2C683&amp;ssl=1 1024w, https:\/\/i0.wp.com\/cubalex.org\/wp-content\/uploads\/2026\/08\/muertes-bajo-custodia.png?resize=768%2C512&amp;ssl=1 768w\" sizes=\"(max-width: 1024px) 100vw, 1024px\" data-attachment-id=\"24724\" data-permalink=\"https:\/\/cubalex.org\/en\/2026\/08\/24\/cubalex-documenta-19-muertes-bajo-custodia-estatal-en-cuba-asociadas-a-falta-de-atencion-medica-en-lo-que-va-de-2026\/muertes-bajo-custodia\/\" data-orig-file=\"https:\/\/i0.wp.com\/cubalex.org\/wp-content\/uploads\/2026\/08\/muertes-bajo-custodia.png?fit=1536%2C1024&amp;ssl=1\" data-orig-size=\"1536,1024\" data-comments-opened=\"0\" data-image-meta=\"{&quot;aperture&quot;:&quot;0&quot;,&quot;credit&quot;:&quot;&quot;,&quot;camera&quot;:&quot;&quot;,&quot;caption&quot;:&quot;&quot;,&quot;created_timestamp&quot;:&quot;0&quot;,&quot;copyright&quot;:&quot;&quot;,&quot;focal_length&quot;:&quot;0&quot;,&quot;iso&quot;:&quot;0&quot;,&quot;shutter_speed&quot;:&quot;0&quot;,&quot;title&quot;:&quot;&quot;,&quot;orientation&quot;:&quot;0&quot;,&quot;alt&quot;:&quot;&quot;}\" data-image-title=\"muertes-bajo-custodia\" data-image-description=\"\" data-image-caption=\"\" data-large-file=\"https:\/\/i0.wp.com\/cubalex.org\/wp-content\/uploads\/2026\/08\/muertes-bajo-custodia.png?fit=1024%2C683&amp;ssl=1\" \/>\t\t\t\t\t\t\t\t<\/a>\n\t\t\t\t\t\t\t\t\t\t\t\t\t\t\t<\/div>\n\t\t\t\t<\/div>\n\t\t<div class=\"elementor-element elementor-element-affdda8 e-con-full e-flex e-con e-child\" data-id=\"affdda8\" data-element_type=\"container\" data-e-type=\"container\">\n\t\t\t\t<div class=\"elementor-element elementor-element-94f2080 elementor-widget elementor-widget-post-info\" data-id=\"94f2080\" data-element_type=\"widget\" data-e-type=\"widget\" data-widget_type=\"post-info.default\">\n\t\t\t\t<div class=\"elementor-widget-container\">\n\t\t\t\t\t\t\t<ul class=\"elementor-inline-items elementor-icon-list-items elementor-post-info\">\n\t\t\t\t\t\t\t\t<li class=\"elementor-icon-list-item elementor-repeater-item-c1536b1 elementor-inline-item\" itemprop=\"datePublished\">\n\t\t\t\t\t\t<a href=\"https:\/\/cubalex.org\/en\/2026\/08\/24\/\">\n\t\t\t\t\t\t\t\t\t\t\t\t\t\t<span class=\"elementor-icon-list-text elementor-post-info__item elementor-post-info__item--type-date\">\n\t\t\t\t\t\t\t\t\t\t<time>24\/08\/2026<\/time>\t\t\t\t\t<\/span>\n\t\t\t\t\t\t\t\t\t<\/a>\n\t\t\t\t<\/li>\n\t\t\t\t<\/ul>\n\t\t\t\t\t\t<\/div>\n\t\t\t\t<\/div>\n\t\t\t\t<div class=\"elementor-element elementor-element-3bce48e elementor-widget elementor-widget-theme-post-title elementor-page-title elementor-widget-heading\" data-id=\"3bce48e\" data-element_type=\"widget\" data-e-type=\"widget\" data-widget_type=\"theme-post-title.default\">\n\t\t\t\t<div class=\"elementor-widget-container\">\n\t\t\t\t\t<h3 class=\"elementor-heading-title elementor-size-default\"><a href=\"https:\/\/cubalex.org\/en\/2026\/08\/24\/cubalex-documenta-19-muertes-bajo-custodia-estatal-en-cuba-asociadas-a-falta-de-atencion-medica-en-lo-que-va-de-2026\/\">Cubalex documenta 19 muertes bajo custodia estatal en Cuba asociadas a falta de atenci\u00f3n m\u00e9dica en lo que va de 2026<\/a><\/h3>\t\t\t\t<\/div>\n\t\t\t\t<\/div>\n\t\t\t\t<\/div>\n\t\t<div class=\"elementor-element elementor-element-a8be9bf e-con-full e-flex e-con e-child\" data-id=\"a8be9bf\" data-element_type=\"container\" data-e-type=\"container\">\n\t\t\t\t<div class=\"elementor-element elementor-element-c40ea96 elementor-align-center elementor-widget elementor-widget-button\" data-id=\"c40ea96\" data-element_type=\"widget\" data-e-type=\"widget\" data-widget_type=\"button.default\">\n\t\t\t\t<div class=\"elementor-widget-container\">\n\t\t\t\t\t\t\t\t\t<div class=\"elementor-button-wrapper\">\n\t\t\t\t\t<a class=\"elementor-button elementor-button-link elementor-size-sm\" href=\"https:\/\/cubalex.org\/en\/2026\/08\/24\/cubalex-documenta-19-muertes-bajo-custodia-estatal-en-cuba-asociadas-a-falta-de-atencion-medica-en-lo-que-va-de-2026\/\">\n\t\t\t\t\t\t<span class=\"elementor-button-content-wrapper\">\n\t\t\t\t\t\t\t\t\t<span class=\"elementor-button-text\">Leer m\u00e1s<\/span>\n\t\t\t\t\t<\/span>\n\t\t\t\t\t<\/a>\n\t\t\t\t<\/div>\n\t\t\t\t\t\t\t\t<\/div>\n\t\t\t\t<\/div>\n\t\t\t\t<\/div>\n\t\t\t\t\t<\/div>\n\t\t\t\t<\/div>\n\t\t\t\t<\/div>\n\t\t\t\t<div data-elementor-type=\"loop-item\" data-elementor-id=\"24133\" class=\"elementor elementor-24133 swiper-slide e-loop-item e-loop-item-24681 post-24681 post type-post status-publish format-standard has-post-thumbnail hentry category-alertas tag-derechos-humanos tag-estado-cubano tag-represion\" data-elementor-post-type=\"elementor_library\" role=\"group\" aria-roledescription=\"slide\" data-custom-edit-handle=\"1\">\n\t\t\t<div class=\"elementor-element elementor-element-1b36bb6 e-flex e-con-boxed e-con e-parent\" data-id=\"1b36bb6\" data-element_type=\"container\" data-e-type=\"container\" data-settings=\"{&quot;background_background&quot;:&quot;classic&quot;}\">\n\t\t\t\t\t<div class=\"e-con-inner\">\n\t\t\t\t<div class=\"elementor-element elementor-element-7a74ee4 elementor-widget elementor-widget-theme-post-featured-image elementor-widget-image\" data-id=\"7a74ee4\" data-element_type=\"widget\" data-e-type=\"widget\" data-widget_type=\"theme-post-featured-image.default\">\n\t\t\t\t<div class=\"elementor-widget-container\">\n\t\t\t\t\t\t\t\t\t\t\t\t\t\t\t\t<a href=\"https:\/\/cubalex.org\/en\/2026\/08\/21\/abandono-en-lugares-alejados-una-practica-represiva-contra-opositores-y-activistas-en-cuba\/\">\n\t\t\t\t\t\t\t<img loading=\"lazy\" decoding=\"async\" width=\"1024\" height=\"478\" src=\"https:\/\/i0.wp.com\/cubalex.org\/wp-content\/uploads\/2026\/08\/activistas-abandono.jpg?fit=1024%2C478&amp;ssl=1\" class=\"attachment-large size-large wp-image-24684\" alt=\"Algunos activistas que este a\u00f1o han sido abandonados en lugares lejanos.\" srcset=\"https:\/\/i0.wp.com\/cubalex.org\/wp-content\/uploads\/2026\/08\/activistas-abandono.jpg?w=1200&amp;ssl=1 1200w, https:\/\/i0.wp.com\/cubalex.org\/wp-content\/uploads\/2026\/08\/activistas-abandono.jpg?resize=300%2C140&amp;ssl=1 300w, https:\/\/i0.wp.com\/cubalex.org\/wp-content\/uploads\/2026\/08\/activistas-abandono.jpg?resize=1024%2C478&amp;ssl=1 1024w, https:\/\/i0.wp.com\/cubalex.org\/wp-content\/uploads\/2026\/08\/activistas-abandono.jpg?resize=768%2C358&amp;ssl=1 768w\" sizes=\"(max-width: 1024px) 100vw, 1024px\" data-attachment-id=\"24684\" data-permalink=\"https:\/\/cubalex.org\/en\/2026\/08\/21\/abandono-en-lugares-alejados-una-practica-represiva-contra-opositores-y-activistas-en-cuba\/activistas-abandono\/\" data-orig-file=\"https:\/\/i0.wp.com\/cubalex.org\/wp-content\/uploads\/2026\/08\/activistas-abandono.jpg?fit=1200%2C560&amp;ssl=1\" data-orig-size=\"1200,560\" data-comments-opened=\"0\" data-image-meta=\"{&quot;aperture&quot;:&quot;0&quot;,&quot;credit&quot;:&quot;&quot;,&quot;camera&quot;:&quot;&quot;,&quot;caption&quot;:&quot;&quot;,&quot;created_timestamp&quot;:&quot;0&quot;,&quot;copyright&quot;:&quot;&quot;,&quot;focal_length&quot;:&quot;0&quot;,&quot;iso&quot;:&quot;0&quot;,&quot;shutter_speed&quot;:&quot;0&quot;,&quot;title&quot;:&quot;&quot;,&quot;orientation&quot;:&quot;1&quot;,&quot;alt&quot;:&quot;&quot;}\" data-image-title=\"activistas-abandono\" data-image-description=\"&lt;p&gt;Algunos activistas que este a\u00f1o han sido abandonados en lugares lejanos.&lt;\/p&gt;\n\" data-image-caption=\"&lt;p&gt;Algunos activistas que este a\u00f1o han sido abandonados en lugares lejanos.&lt;\/p&gt;\n\" data-large-file=\"https:\/\/i0.wp.com\/cubalex.org\/wp-content\/uploads\/2026\/08\/activistas-abandono.jpg?fit=1024%2C478&amp;ssl=1\" \/>\t\t\t\t\t\t\t\t<\/a>\n\t\t\t\t\t\t\t\t\t\t\t\t\t\t\t<\/div>\n\t\t\t\t<\/div>\n\t\t<div class=\"elementor-element elementor-element-affdda8 e-con-full e-flex e-con e-child\" data-id=\"affdda8\" data-element_type=\"container\" data-e-type=\"container\">\n\t\t\t\t<div class=\"elementor-element elementor-element-94f2080 elementor-widget elementor-widget-post-info\" data-id=\"94f2080\" data-element_type=\"widget\" data-e-type=\"widget\" data-widget_type=\"post-info.default\">\n\t\t\t\t<div class=\"elementor-widget-container\">\n\t\t\t\t\t\t\t<ul class=\"elementor-inline-items elementor-icon-list-items elementor-post-info\">\n\t\t\t\t\t\t\t\t<li class=\"elementor-icon-list-item elementor-repeater-item-c1536b1 elementor-inline-item\" itemprop=\"datePublished\">\n\t\t\t\t\t\t<a href=\"https:\/\/cubalex.org\/en\/2026\/08\/21\/\">\n\t\t\t\t\t\t\t\t\t\t\t\t\t\t<span class=\"elementor-icon-list-text elementor-post-info__item elementor-post-info__item--type-date\">\n\t\t\t\t\t\t\t\t\t\t<time>21\/08\/2026<\/time>\t\t\t\t\t<\/span>\n\t\t\t\t\t\t\t\t\t<\/a>\n\t\t\t\t<\/li>\n\t\t\t\t<\/ul>\n\t\t\t\t\t\t<\/div>\n\t\t\t\t<\/div>\n\t\t\t\t<div class=\"elementor-element elementor-element-3bce48e elementor-widget elementor-widget-theme-post-title elementor-page-title elementor-widget-heading\" data-id=\"3bce48e\" data-element_type=\"widget\" data-e-type=\"widget\" data-widget_type=\"theme-post-title.default\">\n\t\t\t\t<div class=\"elementor-widget-container\">\n\t\t\t\t\t<h3 class=\"elementor-heading-title elementor-size-default\"><a href=\"https:\/\/cubalex.org\/en\/2026\/08\/21\/abandono-en-lugares-alejados-una-practica-represiva-contra-opositores-y-activistas-en-cuba\/\">Abandono en lugares alejados: una pr\u00e1ctica represiva contra opositores y activistas en Cuba<\/a><\/h3>\t\t\t\t<\/div>\n\t\t\t\t<\/div>\n\t\t\t\t<\/div>\n\t\t<div class=\"elementor-element elementor-element-a8be9bf e-con-full e-flex e-con e-child\" data-id=\"a8be9bf\" data-element_type=\"container\" data-e-type=\"container\">\n\t\t\t\t<div class=\"elementor-element elementor-element-c40ea96 elementor-align-center elementor-widget elementor-widget-button\" data-id=\"c40ea96\" data-element_type=\"widget\" data-e-type=\"widget\" data-widget_type=\"button.default\">\n\t\t\t\t<div class=\"elementor-widget-container\">\n\t\t\t\t\t\t\t\t\t<div class=\"elementor-button-wrapper\">\n\t\t\t\t\t<a class=\"elementor-button elementor-button-link elementor-size-sm\" href=\"https:\/\/cubalex.org\/en\/2026\/08\/21\/abandono-en-lugares-alejados-una-practica-represiva-contra-opositores-y-activistas-en-cuba\/\">\n\t\t\t\t\t\t<span class=\"elementor-button-content-wrapper\">\n\t\t\t\t\t\t\t\t\t<span class=\"elementor-button-text\">Leer m\u00e1s<\/span>\n\t\t\t\t\t<\/span>\n\t\t\t\t\t<\/a>\n\t\t\t\t<\/div>\n\t\t\t\t\t\t\t\t<\/div>\n\t\t\t\t<\/div>\n\t\t\t\t<\/div>\n\t\t\t\t\t<\/div>\n\t\t\t\t<\/div>\n\t\t\t\t<\/div>\n\t\t\t\t<div data-elementor-type=\"loop-item\" data-elementor-id=\"24133\" class=\"elementor elementor-24133 swiper-slide e-loop-item e-loop-item-24665 post-24665 post type-post status-publish format-standard has-post-thumbnail hentry category-alertas tag-derechos-humanos tag-detencion-arbitraria tag-represion\" data-elementor-post-type=\"elementor_library\" role=\"group\" aria-roledescription=\"slide\" data-custom-edit-handle=\"1\">\n\t\t\t<div class=\"elementor-element elementor-element-1b36bb6 e-flex e-con-boxed e-con e-parent\" data-id=\"1b36bb6\" data-element_type=\"container\" data-e-type=\"container\" data-settings=\"{&quot;background_background&quot;:&quot;classic&quot;}\">\n\t\t\t\t\t<div class=\"e-con-inner\">\n\t\t\t\t<div class=\"elementor-element elementor-element-7a74ee4 elementor-widget elementor-widget-theme-post-featured-image elementor-widget-image\" data-id=\"7a74ee4\" data-element_type=\"widget\" data-e-type=\"widget\" data-widget_type=\"theme-post-featured-image.default\">\n\t\t\t\t<div class=\"elementor-widget-container\">\n\t\t\t\t\t\t\t\t\t\t\t\t\t\t\t\t<a href=\"https:\/\/cubalex.org\/en\/2026\/08\/20\/arrestan-nuevamente-a-opositor-osmani-mendoza-ferriol-cinco-meses-despues-de-cumplir-prision-politica\/\">\n\t\t\t\t\t\t\t<img loading=\"lazy\" decoding=\"async\" width=\"1024\" height=\"478\" src=\"https:\/\/i0.wp.com\/cubalex.org\/wp-content\/uploads\/2026\/08\/ferriol.jpg?fit=1024%2C478&amp;ssl=1\" class=\"attachment-large size-large wp-image-24667\" alt=\"\" srcset=\"https:\/\/i0.wp.com\/cubalex.org\/wp-content\/uploads\/2026\/08\/ferriol.jpg?w=1200&amp;ssl=1 1200w, https:\/\/i0.wp.com\/cubalex.org\/wp-content\/uploads\/2026\/08\/ferriol.jpg?resize=300%2C140&amp;ssl=1 300w, https:\/\/i0.wp.com\/cubalex.org\/wp-content\/uploads\/2026\/08\/ferriol.jpg?resize=1024%2C478&amp;ssl=1 1024w, https:\/\/i0.wp.com\/cubalex.org\/wp-content\/uploads\/2026\/08\/ferriol.jpg?resize=768%2C358&amp;ssl=1 768w\" sizes=\"(max-width: 1024px) 100vw, 1024px\" data-attachment-id=\"24667\" data-permalink=\"https:\/\/cubalex.org\/en\/2026\/08\/20\/arrestan-nuevamente-a-opositor-osmani-mendoza-ferriol-cinco-meses-despues-de-cumplir-prision-politica\/ferriol\/\" data-orig-file=\"https:\/\/i0.wp.com\/cubalex.org\/wp-content\/uploads\/2026\/08\/ferriol.jpg?fit=1200%2C560&amp;ssl=1\" data-orig-size=\"1200,560\" data-comments-opened=\"0\" data-image-meta=\"{&quot;aperture&quot;:&quot;0&quot;,&quot;credit&quot;:&quot;&quot;,&quot;camera&quot;:&quot;&quot;,&quot;caption&quot;:&quot;&quot;,&quot;created_timestamp&quot;:&quot;0&quot;,&quot;copyright&quot;:&quot;&quot;,&quot;focal_length&quot;:&quot;0&quot;,&quot;iso&quot;:&quot;0&quot;,&quot;shutter_speed&quot;:&quot;0&quot;,&quot;title&quot;:&quot;&quot;,&quot;orientation&quot;:&quot;1&quot;,&quot;alt&quot;:&quot;&quot;}\" data-image-title=\"ferriol\" data-image-description=\"&lt;p&gt;Osmani Mendoza Ferriol vuelve a ser detenido tras cumplir prisi\u00f3n pol\u00edtica en marzo.&lt;\/p&gt;\n\" data-image-caption=\"&lt;p&gt;Osmani Mendoza Ferriol vuelve a ser detenido tras cumplir prisi\u00f3n pol\u00edtica en marzo.&lt;\/p&gt;\n\" data-large-file=\"https:\/\/i0.wp.com\/cubalex.org\/wp-content\/uploads\/2026\/08\/ferriol.jpg?fit=1024%2C478&amp;ssl=1\" \/>\t\t\t\t\t\t\t\t<\/a>\n\t\t\t\t\t\t\t\t\t\t\t\t\t\t\t<\/div>\n\t\t\t\t<\/div>\n\t\t<div class=\"elementor-element elementor-element-affdda8 e-con-full e-flex e-con e-child\" data-id=\"affdda8\" data-element_type=\"container\" data-e-type=\"container\">\n\t\t\t\t<div class=\"elementor-element elementor-element-94f2080 elementor-widget elementor-widget-post-info\" data-id=\"94f2080\" data-element_type=\"widget\" data-e-type=\"widget\" data-widget_type=\"post-info.default\">\n\t\t\t\t<div class=\"elementor-widget-container\">\n\t\t\t\t\t\t\t<ul class=\"elementor-inline-items elementor-icon-list-items elementor-post-info\">\n\t\t\t\t\t\t\t\t<li class=\"elementor-icon-list-item elementor-repeater-item-c1536b1 elementor-inline-item\" itemprop=\"datePublished\">\n\t\t\t\t\t\t<a href=\"https:\/\/cubalex.org\/en\/2026\/08\/20\/\">\n\t\t\t\t\t\t\t\t\t\t\t\t\t\t<span class=\"elementor-icon-list-text elementor-post-info__item elementor-post-info__item--type-date\">\n\t\t\t\t\t\t\t\t\t\t<time>20\/08\/2026<\/time>\t\t\t\t\t<\/span>\n\t\t\t\t\t\t\t\t\t<\/a>\n\t\t\t\t<\/li>\n\t\t\t\t<\/ul>\n\t\t\t\t\t\t<\/div>\n\t\t\t\t<\/div>\n\t\t\t\t<div class=\"elementor-element elementor-element-3bce48e elementor-widget elementor-widget-theme-post-title elementor-page-title elementor-widget-heading\" data-id=\"3bce48e\" data-element_type=\"widget\" data-e-type=\"widget\" data-widget_type=\"theme-post-title.default\">\n\t\t\t\t<div class=\"elementor-widget-container\">\n\t\t\t\t\t<h3 class=\"elementor-heading-title elementor-size-default\"><a href=\"https:\/\/cubalex.org\/en\/2026\/08\/20\/arrestan-nuevamente-a-opositor-osmani-mendoza-ferriol-cinco-meses-despues-de-cumplir-prision-politica\/\">Arrestan nuevamente a opositor Osmani Mendoza Ferriol, cinco meses despu\u00e9s de cumplir prisi\u00f3n pol\u00edtica<\/a><\/h3>\t\t\t\t<\/div>\n\t\t\t\t<\/div>\n\t\t\t\t<\/div>\n\t\t<div class=\"elementor-element elementor-element-a8be9bf e-con-full e-flex e-con e-child\" data-id=\"a8be9bf\" data-element_type=\"container\" data-e-type=\"container\">\n\t\t\t\t<div class=\"elementor-element elementor-element-c40ea96 elementor-align-center elementor-widget elementor-widget-button\" data-id=\"c40ea96\" data-element_type=\"widget\" data-e-type=\"widget\" data-widget_type=\"button.default\">\n\t\t\t\t<div class=\"elementor-widget-container\">\n\t\t\t\t\t\t\t\t\t<div class=\"elementor-button-wrapper\">\n\t\t\t\t\t<a class=\"elementor-button elementor-button-link elementor-size-sm\" href=\"https:\/\/cubalex.org\/en\/2026\/08\/20\/arrestan-nuevamente-a-opositor-osmani-mendoza-ferriol-cinco-meses-despues-de-cumplir-prision-politica\/\">\n\t\t\t\t\t\t<span class=\"elementor-button-content-wrapper\">\n\t\t\t\t\t\t\t\t\t<span class=\"elementor-button-text\">Leer m\u00e1s<\/span>\n\t\t\t\t\t<\/span>\n\t\t\t\t\t<\/a>\n\t\t\t\t<\/div>\n\t\t\t\t\t\t\t\t<\/div>\n\t\t\t\t<\/div>\n\t\t\t\t<\/div>\n\t\t\t\t\t<\/div>\n\t\t\t\t<\/div>\n\t\t\t\t<\/div>\n\t\t\t\t<div data-elementor-type=\"loop-item\" data-elementor-id=\"24133\" class=\"elementor elementor-24133 swiper-slide e-loop-item e-loop-item-24012 post-24012 post type-post status-publish format-standard has-post-thumbnail hentry category-alertas tag-estado-cubano tag-leyes\" data-elementor-post-type=\"elementor_library\" role=\"group\" aria-roledescription=\"slide\" data-custom-edit-handle=\"1\">\n\t\t\t<div class=\"elementor-element elementor-element-1b36bb6 e-flex e-con-boxed e-con e-parent\" data-id=\"1b36bb6\" data-element_type=\"container\" data-e-type=\"container\" data-settings=\"{&quot;background_background&quot;:&quot;classic&quot;}\">\n\t\t\t\t\t<div class=\"e-con-inner\">\n\t\t\t\t<div class=\"elementor-element elementor-element-7a74ee4 elementor-widget elementor-widget-theme-post-featured-image elementor-widget-image\" data-id=\"7a74ee4\" data-element_type=\"widget\" data-e-type=\"widget\" data-widget_type=\"theme-post-featured-image.default\">\n\t\t\t\t<div class=\"elementor-widget-container\">\n\t\t\t\t\t\t\t\t\t\t\t\t\t\t\t\t<a href=\"https:\/\/cubalex.org\/en\/2026\/08\/17\/asesinato-de-opositor-evidencia-escalada-de-violencia-y-falta-de-proteccion-ciudadana-en-cuba\/\">\n\t\t\t\t\t\t\t<img loading=\"lazy\" decoding=\"async\" width=\"1024\" height=\"478\" src=\"https:\/\/i0.wp.com\/cubalex.org\/wp-content\/uploads\/2026\/08\/opositor-asesinado.jpg?fit=1024%2C478&amp;ssl=1\" class=\"attachment-large size-large wp-image-24015\" alt=\"Diosbel V\u00e9liz Mar\u00edn\" srcset=\"https:\/\/i0.wp.com\/cubalex.org\/wp-content\/uploads\/2026\/08\/opositor-asesinado.jpg?w=1200&amp;ssl=1 1200w, https:\/\/i0.wp.com\/cubalex.org\/wp-content\/uploads\/2026\/08\/opositor-asesinado.jpg?resize=300%2C140&amp;ssl=1 300w, https:\/\/i0.wp.com\/cubalex.org\/wp-content\/uploads\/2026\/08\/opositor-asesinado.jpg?resize=1024%2C478&amp;ssl=1 1024w, https:\/\/i0.wp.com\/cubalex.org\/wp-content\/uploads\/2026\/08\/opositor-asesinado.jpg?resize=768%2C358&amp;ssl=1 768w\" sizes=\"(max-width: 1024px) 100vw, 1024px\" data-attachment-id=\"24015\" data-permalink=\"https:\/\/cubalex.org\/en\/2026\/08\/17\/asesinato-de-opositor-evidencia-escalada-de-violencia-y-falta-de-proteccion-ciudadana-en-cuba\/opositor-asesinado\/\" data-orig-file=\"https:\/\/i0.wp.com\/cubalex.org\/wp-content\/uploads\/2026\/08\/opositor-asesinado.jpg?fit=1200%2C560&amp;ssl=1\" data-orig-size=\"1200,560\" data-comments-opened=\"0\" data-image-meta=\"{&quot;aperture&quot;:&quot;0&quot;,&quot;credit&quot;:&quot;&quot;,&quot;camera&quot;:&quot;&quot;,&quot;caption&quot;:&quot;&quot;,&quot;created_timestamp&quot;:&quot;0&quot;,&quot;copyright&quot;:&quot;&quot;,&quot;focal_length&quot;:&quot;0&quot;,&quot;iso&quot;:&quot;0&quot;,&quot;shutter_speed&quot;:&quot;0&quot;,&quot;title&quot;:&quot;&quot;,&quot;orientation&quot;:&quot;1&quot;,&quot;alt&quot;:&quot;&quot;}\" data-image-title=\"opositor-asesinado\" data-image-description=\"\" data-image-caption=\"&lt;p&gt;Diosbel V\u00e9liz Mar\u00edn.&lt;\/p&gt;\n\" data-large-file=\"https:\/\/i0.wp.com\/cubalex.org\/wp-content\/uploads\/2026\/08\/opositor-asesinado.jpg?fit=1024%2C478&amp;ssl=1\" \/>\t\t\t\t\t\t\t\t<\/a>\n\t\t\t\t\t\t\t\t\t\t\t\t\t\t\t<\/div>\n\t\t\t\t<\/div>\n\t\t<div class=\"elementor-element elementor-element-affdda8 e-con-full e-flex e-con e-child\" data-id=\"affdda8\" data-element_type=\"container\" data-e-type=\"container\">\n\t\t\t\t<div class=\"elementor-element elementor-element-94f2080 elementor-widget elementor-widget-post-info\" data-id=\"94f2080\" data-element_type=\"widget\" data-e-type=\"widget\" data-widget_type=\"post-info.default\">\n\t\t\t\t<div class=\"elementor-widget-container\">\n\t\t\t\t\t\t\t<ul class=\"elementor-inline-items elementor-icon-list-items elementor-post-info\">\n\t\t\t\t\t\t\t\t<li class=\"elementor-icon-list-item elementor-repeater-item-c1536b1 elementor-inline-item\" itemprop=\"datePublished\">\n\t\t\t\t\t\t<a href=\"https:\/\/cubalex.org\/en\/2026\/08\/17\/\">\n\t\t\t\t\t\t\t\t\t\t\t\t\t\t<span class=\"elementor-icon-list-text elementor-post-info__item elementor-post-info__item--type-date\">\n\t\t\t\t\t\t\t\t\t\t<time>17\/08\/2026<\/time>\t\t\t\t\t<\/span>\n\t\t\t\t\t\t\t\t\t<\/a>\n\t\t\t\t<\/li>\n\t\t\t\t<\/ul>\n\t\t\t\t\t\t<\/div>\n\t\t\t\t<\/div>\n\t\t\t\t<div class=\"elementor-element elementor-element-3bce48e elementor-widget elementor-widget-theme-post-title elementor-page-title elementor-widget-heading\" data-id=\"3bce48e\" data-element_type=\"widget\" data-e-type=\"widget\" data-widget_type=\"theme-post-title.default\">\n\t\t\t\t<div class=\"elementor-widget-container\">\n\t\t\t\t\t<h3 class=\"elementor-heading-title elementor-size-default\"><a href=\"https:\/\/cubalex.org\/en\/2026\/08\/17\/asesinato-de-opositor-evidencia-escalada-de-violencia-y-falta-de-proteccion-ciudadana-en-cuba\/\">Asesinato de opositor evidencia escalada de violencia y falta de protecci\u00f3n ciudadana en Cuba<\/a><\/h3>\t\t\t\t<\/div>\n\t\t\t\t<\/div>\n\t\t\t\t<\/div>\n\t\t<div class=\"elementor-element elementor-element-a8be9bf e-con-full e-flex e-con e-child\" data-id=\"a8be9bf\" data-element_type=\"container\" data-e-type=\"container\">\n\t\t\t\t<div class=\"elementor-element elementor-element-c40ea96 elementor-align-center elementor-widget elementor-widget-button\" data-id=\"c40ea96\" data-element_type=\"widget\" data-e-type=\"widget\" data-widget_type=\"button.default\">\n\t\t\t\t<div class=\"elementor-widget-container\">\n\t\t\t\t\t\t\t\t\t<div class=\"elementor-button-wrapper\">\n\t\t\t\t\t<a class=\"elementor-button elementor-button-link elementor-size-sm\" href=\"https:\/\/cubalex.org\/en\/2026\/08\/17\/asesinato-de-opositor-evidencia-escalada-de-violencia-y-falta-de-proteccion-ciudadana-en-cuba\/\">\n\t\t\t\t\t\t<span class=\"elementor-button-content-wrapper\">\n\t\t\t\t\t\t\t\t\t<span class=\"elementor-button-text\">Leer m\u00e1s<\/span>\n\t\t\t\t\t<\/span>\n\t\t\t\t\t<\/a>\n\t\t\t\t<\/div>\n\t\t\t\t\t\t\t\t<\/div>\n\t\t\t\t<\/div>\n\t\t\t\t<\/div>\n\t\t\t\t\t<\/div>\n\t\t\t\t<\/div>\n\t\t\t\t<\/div>\n\t\t\t\t<div data-elementor-type=\"loop-item\" data-elementor-id=\"24133\" class=\"elementor elementor-24133 swiper-slide e-loop-item e-loop-item-23966 post-23966 post type-post status-publish format-standard has-post-thumbnail hentry category-alertas tag-derechos-humanos tag-detencion-arbitraria tag-estado-cubano\" data-elementor-post-type=\"elementor_library\" role=\"group\" aria-roledescription=\"slide\" data-custom-edit-handle=\"1\">\n\t\t\t<div class=\"elementor-element elementor-element-1b36bb6 e-flex e-con-boxed e-con e-parent\" data-id=\"1b36bb6\" data-element_type=\"container\" data-e-type=\"container\" data-settings=\"{&quot;background_background&quot;:&quot;classic&quot;}\">\n\t\t\t\t\t<div class=\"e-con-inner\">\n\t\t\t\t<div class=\"elementor-element elementor-element-7a74ee4 elementor-widget elementor-widget-theme-post-featured-image elementor-widget-image\" data-id=\"7a74ee4\" data-element_type=\"widget\" data-e-type=\"widget\" data-widget_type=\"theme-post-featured-image.default\">\n\t\t\t\t<div class=\"elementor-widget-container\">\n\t\t\t\t\t\t\t\t\t\t\t\t\t\t\t\t<a href=\"https:\/\/cubalex.org\/en\/2026\/08\/17\/la-represion-alcanza-a-ciudadanos-sin-vinculos-con-la-oposicion-139-eventos-registrados-en-primer-semestre-de-2026\/\">\n\t\t\t\t\t\t\t<img loading=\"lazy\" decoding=\"async\" width=\"700\" height=\"394\" src=\"https:\/\/i0.wp.com\/cubalex.org\/wp-content\/uploads\/2023\/10\/Detenciones.jpg?fit=700%2C394&amp;ssl=1\" class=\"attachment-large size-large wp-image-10155\" alt=\"\" srcset=\"https:\/\/i0.wp.com\/cubalex.org\/wp-content\/uploads\/2023\/10\/Detenciones.jpg?w=1200&amp;ssl=1 1200w, https:\/\/i0.wp.com\/cubalex.org\/wp-content\/uploads\/2023\/10\/Detenciones.jpg?resize=250%2C141&amp;ssl=1 250w, https:\/\/i0.wp.com\/cubalex.org\/wp-content\/uploads\/2023\/10\/Detenciones.jpg?resize=700%2C394&amp;ssl=1 700w, https:\/\/i0.wp.com\/cubalex.org\/wp-content\/uploads\/2023\/10\/Detenciones.jpg?resize=768%2C432&amp;ssl=1 768w, https:\/\/i0.wp.com\/cubalex.org\/wp-content\/uploads\/2023\/10\/Detenciones.jpg?resize=120%2C68&amp;ssl=1 120w\" sizes=\"(max-width: 700px) 100vw, 700px\" data-attachment-id=\"10155\" data-permalink=\"https:\/\/cubalex.org\/en\/report\/claridad-y-justicia-un-analisis-de-las-practicas-de-detencion-en-cuba\/detenciones\/\" data-orig-file=\"https:\/\/i0.wp.com\/cubalex.org\/wp-content\/uploads\/2023\/10\/Detenciones.jpg?fit=1200%2C675&amp;ssl=1\" data-orig-size=\"1200,675\" data-comments-opened=\"0\" data-image-meta=\"{&quot;aperture&quot;:&quot;0&quot;,&quot;credit&quot;:&quot;&quot;,&quot;camera&quot;:&quot;&quot;,&quot;caption&quot;:&quot;&quot;,&quot;created_timestamp&quot;:&quot;0&quot;,&quot;copyright&quot;:&quot;&quot;,&quot;focal_length&quot;:&quot;0&quot;,&quot;iso&quot;:&quot;0&quot;,&quot;shutter_speed&quot;:&quot;0&quot;,&quot;title&quot;:&quot;&quot;,&quot;orientation&quot;:&quot;1&quot;}\" data-image-title=\"Detenciones\" data-image-description=\"\" data-image-caption=\"\" data-large-file=\"https:\/\/i0.wp.com\/cubalex.org\/wp-content\/uploads\/2023\/10\/Detenciones.jpg?fit=700%2C394&amp;ssl=1\" \/>\t\t\t\t\t\t\t\t<\/a>\n\t\t\t\t\t\t\t\t\t\t\t\t\t\t\t<\/div>\n\t\t\t\t<\/div>\n\t\t<div class=\"elementor-element elementor-element-affdda8 e-con-full e-flex e-con e-child\" data-id=\"affdda8\" data-element_type=\"container\" data-e-type=\"container\">\n\t\t\t\t<div class=\"elementor-element elementor-element-94f2080 elementor-widget elementor-widget-post-info\" data-id=\"94f2080\" data-element_type=\"widget\" data-e-type=\"widget\" data-widget_type=\"post-info.default\">\n\t\t\t\t<div class=\"elementor-widget-container\">\n\t\t\t\t\t\t\t<ul class=\"elementor-inline-items elementor-icon-list-items elementor-post-info\">\n\t\t\t\t\t\t\t\t<li class=\"elementor-icon-list-item elementor-repeater-item-c1536b1 elementor-inline-item\" itemprop=\"datePublished\">\n\t\t\t\t\t\t<a href=\"https:\/\/cubalex.org\/en\/2026\/08\/17\/\">\n\t\t\t\t\t\t\t\t\t\t\t\t\t\t<span class=\"elementor-icon-list-text elementor-post-info__item elementor-post-info__item--type-date\">\n\t\t\t\t\t\t\t\t\t\t<time>17\/08\/2026<\/time>\t\t\t\t\t<\/span>\n\t\t\t\t\t\t\t\t\t<\/a>\n\t\t\t\t<\/li>\n\t\t\t\t<\/ul>\n\t\t\t\t\t\t<\/div>\n\t\t\t\t<\/div>\n\t\t\t\t<div class=\"elementor-element elementor-element-3bce48e elementor-widget elementor-widget-theme-post-title elementor-page-title elementor-widget-heading\" data-id=\"3bce48e\" data-element_type=\"widget\" data-e-type=\"widget\" data-widget_type=\"theme-post-title.default\">\n\t\t\t\t<div class=\"elementor-widget-container\">\n\t\t\t\t\t<h3 class=\"elementor-heading-title elementor-size-default\"><a href=\"https:\/\/cubalex.org\/en\/2026\/08\/17\/la-represion-alcanza-a-ciudadanos-sin-vinculos-con-la-oposicion-139-eventos-registrados-en-primer-semestre-de-2026\/\">La represi\u00f3n alcanza a ciudadanos sin v\u00ednculos con la oposici\u00f3n: 139 eventos registrados en primer semestre de 2026<\/a><\/h3>\t\t\t\t<\/div>\n\t\t\t\t<\/div>\n\t\t\t\t<\/div>\n\t\t<div class=\"elementor-element elementor-element-a8be9bf e-con-full e-flex e-con e-child\" data-id=\"a8be9bf\" data-element_type=\"container\" data-e-type=\"container\">\n\t\t\t\t<div class=\"elementor-element elementor-element-c40ea96 elementor-align-center elementor-widget elementor-widget-button\" data-id=\"c40ea96\" data-element_type=\"widget\" data-e-type=\"widget\" data-widget_type=\"button.default\">\n\t\t\t\t<div class=\"elementor-widget-container\">\n\t\t\t\t\t\t\t\t\t<div class=\"elementor-button-wrapper\">\n\t\t\t\t\t<a class=\"elementor-button elementor-button-link elementor-size-sm\" href=\"https:\/\/cubalex.org\/en\/2026\/08\/17\/la-represion-alcanza-a-ciudadanos-sin-vinculos-con-la-oposicion-139-eventos-registrados-en-primer-semestre-de-2026\/\">\n\t\t\t\t\t\t<span class=\"elementor-button-content-wrapper\">\n\t\t\t\t\t\t\t\t\t<span class=\"elementor-button-text\">Leer m\u00e1s<\/span>\n\t\t\t\t\t<\/span>\n\t\t\t\t\t<\/a>\n\t\t\t\t<\/div>\n\t\t\t\t\t\t\t\t<\/div>\n\t\t\t\t<\/div>\n\t\t\t\t<\/div>\n\t\t\t\t\t<\/div>\n\t\t\t\t<\/div>\n\t\t\t\t<\/div>\n\t\t\t\t<div data-elementor-type=\"loop-item\" data-elementor-id=\"24133\" class=\"elementor elementor-24133 swiper-slide e-loop-item e-loop-item-23934 post-23934 post type-post status-publish format-standard has-post-thumbnail hentry category-alertas tag-derechos-humanos tag-detencion-arbitraria tag-presos-politicos\" data-elementor-post-type=\"elementor_library\" role=\"group\" aria-roledescription=\"slide\" data-custom-edit-handle=\"1\">\n\t\t\t<div class=\"elementor-element elementor-element-1b36bb6 e-flex e-con-boxed e-con e-parent\" data-id=\"1b36bb6\" data-element_type=\"container\" data-e-type=\"container\" data-settings=\"{&quot;background_background&quot;:&quot;classic&quot;}\">\n\t\t\t\t\t<div class=\"e-con-inner\">\n\t\t\t\t<div class=\"elementor-element elementor-element-7a74ee4 elementor-widget elementor-widget-theme-post-featured-image elementor-widget-image\" data-id=\"7a74ee4\" data-element_type=\"widget\" data-e-type=\"widget\" data-widget_type=\"theme-post-featured-image.default\">\n\t\t\t\t<div class=\"elementor-widget-container\">\n\t\t\t\t\t\t\t\t\t\t\t\t\t\t\t\t<a href=\"https:\/\/cubalex.org\/en\/2026\/08\/14\/lismani-acosta-gomez-lleva-mas-de-un-mes-en-prision-provisional-tras-ser-detenido-durante-un-cacerolazo\/\">\n\t\t\t\t\t\t\t<img loading=\"lazy\" decoding=\"async\" width=\"1024\" height=\"478\" src=\"https:\/\/i0.wp.com\/cubalex.org\/wp-content\/uploads\/2026\/08\/lismani-acosta.jpg?fit=1024%2C478&amp;ssl=1\" class=\"attachment-large size-large wp-image-23937\" alt=\"\" srcset=\"https:\/\/i0.wp.com\/cubalex.org\/wp-content\/uploads\/2026\/08\/lismani-acosta.jpg?w=1200&amp;ssl=1 1200w, https:\/\/i0.wp.com\/cubalex.org\/wp-content\/uploads\/2026\/08\/lismani-acosta.jpg?resize=300%2C140&amp;ssl=1 300w, https:\/\/i0.wp.com\/cubalex.org\/wp-content\/uploads\/2026\/08\/lismani-acosta.jpg?resize=1024%2C478&amp;ssl=1 1024w, https:\/\/i0.wp.com\/cubalex.org\/wp-content\/uploads\/2026\/08\/lismani-acosta.jpg?resize=768%2C358&amp;ssl=1 768w\" sizes=\"(max-width: 1024px) 100vw, 1024px\" data-attachment-id=\"23937\" data-permalink=\"https:\/\/cubalex.org\/en\/2026\/08\/14\/lismani-acosta-gomez-lleva-mas-de-un-mes-en-prision-provisional-tras-ser-detenido-durante-un-cacerolazo\/lismani-acosta\/\" data-orig-file=\"https:\/\/i0.wp.com\/cubalex.org\/wp-content\/uploads\/2026\/08\/lismani-acosta.jpg?fit=1200%2C560&amp;ssl=1\" data-orig-size=\"1200,560\" data-comments-opened=\"0\" data-image-meta=\"{&quot;aperture&quot;:&quot;0&quot;,&quot;credit&quot;:&quot;&quot;,&quot;camera&quot;:&quot;&quot;,&quot;caption&quot;:&quot;&quot;,&quot;created_timestamp&quot;:&quot;0&quot;,&quot;copyright&quot;:&quot;&quot;,&quot;focal_length&quot;:&quot;0&quot;,&quot;iso&quot;:&quot;0&quot;,&quot;shutter_speed&quot;:&quot;0&quot;,&quot;title&quot;:&quot;&quot;,&quot;orientation&quot;:&quot;1&quot;,&quot;alt&quot;:&quot;&quot;}\" data-image-title=\"lismani-acosta\" data-image-description=\"\" data-image-caption=\"\" data-large-file=\"https:\/\/i0.wp.com\/cubalex.org\/wp-content\/uploads\/2026\/08\/lismani-acosta.jpg?fit=1024%2C478&amp;ssl=1\" \/>\t\t\t\t\t\t\t\t<\/a>\n\t\t\t\t\t\t\t\t\t\t\t\t\t\t\t<\/div>\n\t\t\t\t<\/div>\n\t\t<div class=\"elementor-element elementor-element-affdda8 e-con-full e-flex e-con e-child\" data-id=\"affdda8\" data-element_type=\"container\" data-e-type=\"container\">\n\t\t\t\t<div class=\"elementor-element elementor-element-94f2080 elementor-widget elementor-widget-post-info\" data-id=\"94f2080\" data-element_type=\"widget\" data-e-type=\"widget\" data-widget_type=\"post-info.default\">\n\t\t\t\t<div class=\"elementor-widget-container\">\n\t\t\t\t\t\t\t<ul class=\"elementor-inline-items elementor-icon-list-items elementor-post-info\">\n\t\t\t\t\t\t\t\t<li class=\"elementor-icon-list-item elementor-repeater-item-c1536b1 elementor-inline-item\" itemprop=\"datePublished\">\n\t\t\t\t\t\t<a href=\"https:\/\/cubalex.org\/en\/2026\/08\/14\/\">\n\t\t\t\t\t\t\t\t\t\t\t\t\t\t<span class=\"elementor-icon-list-text elementor-post-info__item elementor-post-info__item--type-date\">\n\t\t\t\t\t\t\t\t\t\t<time>14\/08\/2026<\/time>\t\t\t\t\t<\/span>\n\t\t\t\t\t\t\t\t\t<\/a>\n\t\t\t\t<\/li>\n\t\t\t\t<\/ul>\n\t\t\t\t\t\t<\/div>\n\t\t\t\t<\/div>\n\t\t\t\t<div class=\"elementor-element elementor-element-3bce48e elementor-widget elementor-widget-theme-post-title elementor-page-title elementor-widget-heading\" data-id=\"3bce48e\" data-element_type=\"widget\" data-e-type=\"widget\" data-widget_type=\"theme-post-title.default\">\n\t\t\t\t<div class=\"elementor-widget-container\">\n\t\t\t\t\t<h3 class=\"elementor-heading-title elementor-size-default\"><a href=\"https:\/\/cubalex.org\/en\/2026\/08\/14\/lismani-acosta-gomez-lleva-mas-de-un-mes-en-prision-provisional-tras-ser-detenido-durante-un-cacerolazo\/\">Lismani Acosta G\u00f3mez lleva m\u00e1s de un mes en prisi\u00f3n provisional tras ser detenido durante un cacerolazo<\/a><\/h3>\t\t\t\t<\/div>\n\t\t\t\t<\/div>\n\t\t\t\t<\/div>\n\t\t<div class=\"elementor-element elementor-element-a8be9bf e-con-full e-flex e-con e-child\" data-id=\"a8be9bf\" data-element_type=\"container\" data-e-type=\"container\">\n\t\t\t\t<div class=\"elementor-element elementor-element-c40ea96 elementor-align-center elementor-widget elementor-widget-button\" data-id=\"c40ea96\" data-element_type=\"widget\" data-e-type=\"widget\" data-widget_type=\"button.default\">\n\t\t\t\t<div class=\"elementor-widget-container\">\n\t\t\t\t\t\t\t\t\t<div class=\"elementor-button-wrapper\">\n\t\t\t\t\t<a class=\"elementor-button elementor-button-link elementor-size-sm\" href=\"https:\/\/cubalex.org\/en\/2026\/08\/14\/lismani-acosta-gomez-lleva-mas-de-un-mes-en-prision-provisional-tras-ser-detenido-durante-un-cacerolazo\/\">\n\t\t\t\t\t\t<span class=\"elementor-button-content-wrapper\">\n\t\t\t\t\t\t\t\t\t<span class=\"elementor-button-text\">Leer m\u00e1s<\/span>\n\t\t\t\t\t<\/span>\n\t\t\t\t\t<\/a>\n\t\t\t\t<\/div>\n\t\t\t\t\t\t\t\t<\/div>\n\t\t\t\t<\/div>\n\t\t\t\t<\/div>\n\t\t\t\t\t<\/div>\n\t\t\t\t<\/div>\n\t\t\t\t<\/div>\n\t\t\t\t<div data-elementor-type=\"loop-item\" data-elementor-id=\"24133\" class=\"elementor elementor-24133 swiper-slide e-loop-item e-loop-item-23906 post-23906 post type-post status-publish format-standard has-post-thumbnail hentry category-alertas tag-derechos-humanos tag-represion\" data-elementor-post-type=\"elementor_library\" role=\"group\" aria-roledescription=\"slide\" data-custom-edit-handle=\"1\">\n\t\t\t<div class=\"elementor-element elementor-element-1b36bb6 e-flex e-con-boxed e-con e-parent\" data-id=\"1b36bb6\" data-element_type=\"container\" data-e-type=\"container\" data-settings=\"{&quot;background_background&quot;:&quot;classic&quot;}\">\n\t\t\t\t\t<div class=\"e-con-inner\">\n\t\t\t\t<div class=\"elementor-element elementor-element-7a74ee4 elementor-widget elementor-widget-theme-post-featured-image elementor-widget-image\" data-id=\"7a74ee4\" data-element_type=\"widget\" data-e-type=\"widget\" data-widget_type=\"theme-post-featured-image.default\">\n\t\t\t\t<div class=\"elementor-widget-container\">\n\t\t\t\t\t\t\t\t\t\t\t\t\t\t\t\t<a href=\"https:\/\/cubalex.org\/en\/2026\/08\/12\/exilio-a-cambio-de-libertad-otro-mecanismo-de-presion-del-regimen-cubano\/\">\n\t\t\t\t\t\t\t<img loading=\"lazy\" decoding=\"async\" width=\"1024\" height=\"576\" src=\"https:\/\/i0.wp.com\/cubalex.org\/wp-content\/uploads\/2026\/06\/Excarcelan-a-Dama-de-Blanco-Sissi-Abascal-bajo-condicion-de-exilio-forzado.webp?fit=1024%2C576&amp;ssl=1\" class=\"attachment-large size-large wp-image-22863\" alt=\"\" srcset=\"https:\/\/i0.wp.com\/cubalex.org\/wp-content\/uploads\/2026\/06\/Excarcelan-a-Dama-de-Blanco-Sissi-Abascal-bajo-condicion-de-exilio-forzado.webp?w=1920&amp;ssl=1 1920w, https:\/\/i0.wp.com\/cubalex.org\/wp-content\/uploads\/2026\/06\/Excarcelan-a-Dama-de-Blanco-Sissi-Abascal-bajo-condicion-de-exilio-forzado.webp?resize=300%2C169&amp;ssl=1 300w, https:\/\/i0.wp.com\/cubalex.org\/wp-content\/uploads\/2026\/06\/Excarcelan-a-Dama-de-Blanco-Sissi-Abascal-bajo-condicion-de-exilio-forzado.webp?resize=1024%2C576&amp;ssl=1 1024w, https:\/\/i0.wp.com\/cubalex.org\/wp-content\/uploads\/2026\/06\/Excarcelan-a-Dama-de-Blanco-Sissi-Abascal-bajo-condicion-de-exilio-forzado.webp?resize=768%2C432&amp;ssl=1 768w, https:\/\/i0.wp.com\/cubalex.org\/wp-content\/uploads\/2026\/06\/Excarcelan-a-Dama-de-Blanco-Sissi-Abascal-bajo-condicion-de-exilio-forzado.webp?resize=1536%2C864&amp;ssl=1 1536w\" sizes=\"(max-width: 1024px) 100vw, 1024px\" data-attachment-id=\"22863\" data-permalink=\"https:\/\/cubalex.org\/en\/excarcelan-a-dama-de-blanco-sissi-abascal-bajo-condicion-de-exilio-forzado\/\" data-orig-file=\"https:\/\/i0.wp.com\/cubalex.org\/wp-content\/uploads\/2026\/06\/Excarcelan-a-Dama-de-Blanco-Sissi-Abascal-bajo-condicion-de-exilio-forzado.webp?fit=1920%2C1080&amp;ssl=1\" data-orig-size=\"1920,1080\" data-comments-opened=\"0\" data-image-meta=\"{&quot;aperture&quot;:&quot;0&quot;,&quot;credit&quot;:&quot;&quot;,&quot;camera&quot;:&quot;&quot;,&quot;caption&quot;:&quot;&quot;,&quot;created_timestamp&quot;:&quot;0&quot;,&quot;copyright&quot;:&quot;&quot;,&quot;focal_length&quot;:&quot;0&quot;,&quot;iso&quot;:&quot;0&quot;,&quot;shutter_speed&quot;:&quot;0&quot;,&quot;title&quot;:&quot;&quot;,&quot;orientation&quot;:&quot;0&quot;,&quot;alt&quot;:&quot;&quot;}\" data-image-title=\"Excarcelan a Dama de Blanco Sissi Abascal bajo condicio\u0301n de exilio forzado\" data-image-description=\"\" data-image-caption=\"\" data-large-file=\"https:\/\/i0.wp.com\/cubalex.org\/wp-content\/uploads\/2026\/06\/Excarcelan-a-Dama-de-Blanco-Sissi-Abascal-bajo-condicion-de-exilio-forzado.webp?fit=1024%2C576&amp;ssl=1\" \/>\t\t\t\t\t\t\t\t<\/a>\n\t\t\t\t\t\t\t\t\t\t\t\t\t\t\t<\/div>\n\t\t\t\t<\/div>\n\t\t<div class=\"elementor-element elementor-element-affdda8 e-con-full e-flex e-con e-child\" data-id=\"affdda8\" data-element_type=\"container\" data-e-type=\"container\">\n\t\t\t\t<div class=\"elementor-element elementor-element-94f2080 elementor-widget elementor-widget-post-info\" data-id=\"94f2080\" data-element_type=\"widget\" data-e-type=\"widget\" data-widget_type=\"post-info.default\">\n\t\t\t\t<div class=\"elementor-widget-container\">\n\t\t\t\t\t\t\t<ul class=\"elementor-inline-items elementor-icon-list-items elementor-post-info\">\n\t\t\t\t\t\t\t\t<li class=\"elementor-icon-list-item elementor-repeater-item-c1536b1 elementor-inline-item\" itemprop=\"datePublished\">\n\t\t\t\t\t\t<a href=\"https:\/\/cubalex.org\/en\/2026\/08\/12\/\">\n\t\t\t\t\t\t\t\t\t\t\t\t\t\t<span class=\"elementor-icon-list-text elementor-post-info__item elementor-post-info__item--type-date\">\n\t\t\t\t\t\t\t\t\t\t<time>12\/08\/2026<\/time>\t\t\t\t\t<\/span>\n\t\t\t\t\t\t\t\t\t<\/a>\n\t\t\t\t<\/li>\n\t\t\t\t<\/ul>\n\t\t\t\t\t\t<\/div>\n\t\t\t\t<\/div>\n\t\t\t\t<div class=\"elementor-element elementor-element-3bce48e elementor-widget elementor-widget-theme-post-title elementor-page-title elementor-widget-heading\" data-id=\"3bce48e\" data-element_type=\"widget\" data-e-type=\"widget\" data-widget_type=\"theme-post-title.default\">\n\t\t\t\t<div class=\"elementor-widget-container\">\n\t\t\t\t\t<h3 class=\"elementor-heading-title elementor-size-default\"><a href=\"https:\/\/cubalex.org\/en\/2026\/08\/12\/exilio-a-cambio-de-libertad-otro-mecanismo-de-presion-del-regimen-cubano\/\">Exilio a cambio de libertad: otro mecanismo de presi\u00f3n del r\u00e9gimen cubano<\/a><\/h3>\t\t\t\t<\/div>\n\t\t\t\t<\/div>\n\t\t\t\t<\/div>\n\t\t<div class=\"elementor-element elementor-element-a8be9bf e-con-full e-flex e-con e-child\" data-id=\"a8be9bf\" data-element_type=\"container\" data-e-type=\"container\">\n\t\t\t\t<div class=\"elementor-element elementor-element-c40ea96 elementor-align-center elementor-widget elementor-widget-button\" data-id=\"c40ea96\" data-element_type=\"widget\" data-e-type=\"widget\" data-widget_type=\"button.default\">\n\t\t\t\t<div class=\"elementor-widget-container\">\n\t\t\t\t\t\t\t\t\t<div class=\"elementor-button-wrapper\">\n\t\t\t\t\t<a class=\"elementor-button elementor-button-link elementor-size-sm\" href=\"https:\/\/cubalex.org\/en\/2026\/08\/12\/exilio-a-cambio-de-libertad-otro-mecanismo-de-presion-del-regimen-cubano\/\">\n\t\t\t\t\t\t<span class=\"elementor-button-content-wrapper\">\n\t\t\t\t\t\t\t\t\t<span class=\"elementor-button-text\">Leer m\u00e1s<\/span>\n\t\t\t\t\t<\/span>\n\t\t\t\t\t<\/a>\n\t\t\t\t<\/div>\n\t\t\t\t\t\t\t\t<\/div>\n\t\t\t\t<\/div>\n\t\t\t\t<\/div>\n\t\t\t\t\t<\/div>\n\t\t\t\t<\/div>\n\t\t\t\t<\/div>\n\t\t\t\t<div data-elementor-type=\"loop-item\" data-elementor-id=\"24133\" class=\"elementor elementor-24133 swiper-slide e-loop-item e-loop-item-23879 post-23879 post type-post status-publish format-standard has-post-thumbnail hentry category-alertas tag-cubalex tag-derechos-humanos tag-detencion-arbitraria tag-estado-cubano\" data-elementor-post-type=\"elementor_library\" role=\"group\" aria-roledescription=\"slide\" data-custom-edit-handle=\"1\">\n\t\t\t<div class=\"elementor-element elementor-element-1b36bb6 e-flex e-con-boxed e-con e-parent\" data-id=\"1b36bb6\" data-element_type=\"container\" data-e-type=\"container\" data-settings=\"{&quot;background_background&quot;:&quot;classic&quot;}\">\n\t\t\t\t\t<div class=\"e-con-inner\">\n\t\t\t\t<div class=\"elementor-element elementor-element-7a74ee4 elementor-widget elementor-widget-theme-post-featured-image elementor-widget-image\" data-id=\"7a74ee4\" data-element_type=\"widget\" data-e-type=\"widget\" data-widget_type=\"theme-post-featured-image.default\">\n\t\t\t\t<div class=\"elementor-widget-container\">\n\t\t\t\t\t\t\t\t\t\t\t\t\t\t\t\t<a href=\"https:\/\/cubalex.org\/en\/2026\/08\/10\/desapariciones-forzadas-en-cuba-53-eventos-durante-primer-semestre-de-2026-evidencian-patron-de-represion-e-impunidad\/\">\n\t\t\t\t\t\t\t<img loading=\"lazy\" decoding=\"async\" width=\"700\" height=\"394\" src=\"https:\/\/i0.wp.com\/cubalex.org\/wp-content\/uploads\/2023\/12\/Portada-Desaparicion-forzada.png?fit=700%2C394&amp;ssl=1\" class=\"attachment-large size-large wp-image-10920\" alt=\"\" srcset=\"https:\/\/i0.wp.com\/cubalex.org\/wp-content\/uploads\/2023\/12\/Portada-Desaparicion-forzada.png?w=1200&amp;ssl=1 1200w, https:\/\/i0.wp.com\/cubalex.org\/wp-content\/uploads\/2023\/12\/Portada-Desaparicion-forzada.png?resize=250%2C141&amp;ssl=1 250w, https:\/\/i0.wp.com\/cubalex.org\/wp-content\/uploads\/2023\/12\/Portada-Desaparicion-forzada.png?resize=700%2C394&amp;ssl=1 700w, https:\/\/i0.wp.com\/cubalex.org\/wp-content\/uploads\/2023\/12\/Portada-Desaparicion-forzada.png?resize=768%2C432&amp;ssl=1 768w, https:\/\/i0.wp.com\/cubalex.org\/wp-content\/uploads\/2023\/12\/Portada-Desaparicion-forzada.png?resize=120%2C68&amp;ssl=1 120w\" sizes=\"(max-width: 700px) 100vw, 700px\" data-attachment-id=\"10920\" data-permalink=\"https:\/\/cubalex.org\/en\/2023\/12\/30\/desapariciones-forzadas-en-cuba-un-analisis-de-cubalex\/portada-desaparicion-forzada\/\" data-orig-file=\"https:\/\/i0.wp.com\/cubalex.org\/wp-content\/uploads\/2023\/12\/Portada-Desaparicion-forzada.png?fit=1200%2C675&amp;ssl=1\" data-orig-size=\"1200,675\" data-comments-opened=\"0\" data-image-meta=\"{&quot;aperture&quot;:&quot;0&quot;,&quot;credit&quot;:&quot;&quot;,&quot;camera&quot;:&quot;&quot;,&quot;caption&quot;:&quot;&quot;,&quot;created_timestamp&quot;:&quot;0&quot;,&quot;copyright&quot;:&quot;&quot;,&quot;focal_length&quot;:&quot;0&quot;,&quot;iso&quot;:&quot;0&quot;,&quot;shutter_speed&quot;:&quot;0&quot;,&quot;title&quot;:&quot;&quot;,&quot;orientation&quot;:&quot;0&quot;}\" data-image-title=\"Portada-Desaparicio\u0301n forzada\" data-image-description=\"\" data-image-caption=\"\" data-large-file=\"https:\/\/i0.wp.com\/cubalex.org\/wp-content\/uploads\/2023\/12\/Portada-Desaparicion-forzada.png?fit=700%2C394&amp;ssl=1\" \/>\t\t\t\t\t\t\t\t<\/a>\n\t\t\t\t\t\t\t\t\t\t\t\t\t\t\t<\/div>\n\t\t\t\t<\/div>\n\t\t<div class=\"elementor-element elementor-element-affdda8 e-con-full e-flex e-con e-child\" data-id=\"affdda8\" data-element_type=\"container\" data-e-type=\"container\">\n\t\t\t\t<div class=\"elementor-element elementor-element-94f2080 elementor-widget elementor-widget-post-info\" data-id=\"94f2080\" data-element_type=\"widget\" data-e-type=\"widget\" data-widget_type=\"post-info.default\">\n\t\t\t\t<div class=\"elementor-widget-container\">\n\t\t\t\t\t\t\t<ul class=\"elementor-inline-items elementor-icon-list-items elementor-post-info\">\n\t\t\t\t\t\t\t\t<li class=\"elementor-icon-list-item elementor-repeater-item-c1536b1 elementor-inline-item\" itemprop=\"datePublished\">\n\t\t\t\t\t\t<a href=\"https:\/\/cubalex.org\/en\/2026\/08\/10\/\">\n\t\t\t\t\t\t\t\t\t\t\t\t\t\t<span class=\"elementor-icon-list-text elementor-post-info__item elementor-post-info__item--type-date\">\n\t\t\t\t\t\t\t\t\t\t<time>10\/08\/2026<\/time>\t\t\t\t\t<\/span>\n\t\t\t\t\t\t\t\t\t<\/a>\n\t\t\t\t<\/li>\n\t\t\t\t<\/ul>\n\t\t\t\t\t\t<\/div>\n\t\t\t\t<\/div>\n\t\t\t\t<div class=\"elementor-element elementor-element-3bce48e elementor-widget elementor-widget-theme-post-title elementor-page-title elementor-widget-heading\" data-id=\"3bce48e\" data-element_type=\"widget\" data-e-type=\"widget\" data-widget_type=\"theme-post-title.default\">\n\t\t\t\t<div class=\"elementor-widget-container\">\n\t\t\t\t\t<h3 class=\"elementor-heading-title elementor-size-default\"><a href=\"https:\/\/cubalex.org\/en\/2026\/08\/10\/desapariciones-forzadas-en-cuba-53-eventos-durante-primer-semestre-de-2026-evidencian-patron-de-represion-e-impunidad\/\">Desapariciones forzadas en Cuba: 53 eventos durante primer semestre de 2026 evidencian patr\u00f3n de represi\u00f3n e impunidad<\/a><\/h3>\t\t\t\t<\/div>\n\t\t\t\t<\/div>\n\t\t\t\t<\/div>\n\t\t<div class=\"elementor-element elementor-element-a8be9bf e-con-full e-flex e-con e-child\" data-id=\"a8be9bf\" data-element_type=\"container\" data-e-type=\"container\">\n\t\t\t\t<div class=\"elementor-element elementor-element-c40ea96 elementor-align-center elementor-widget elementor-widget-button\" data-id=\"c40ea96\" data-element_type=\"widget\" data-e-type=\"widget\" data-widget_type=\"button.default\">\n\t\t\t\t<div class=\"elementor-widget-container\">\n\t\t\t\t\t\t\t\t\t<div class=\"elementor-button-wrapper\">\n\t\t\t\t\t<a class=\"elementor-button elementor-button-link elementor-size-sm\" href=\"https:\/\/cubalex.org\/en\/2026\/08\/10\/desapariciones-forzadas-en-cuba-53-eventos-durante-primer-semestre-de-2026-evidencian-patron-de-represion-e-impunidad\/\">\n\t\t\t\t\t\t<span class=\"elementor-button-content-wrapper\">\n\t\t\t\t\t\t\t\t\t<span class=\"elementor-button-text\">Leer m\u00e1s<\/span>\n\t\t\t\t\t<\/span>\n\t\t\t\t\t<\/a>\n\t\t\t\t<\/div>\n\t\t\t\t\t\t\t\t<\/div>\n\t\t\t\t<\/div>\n\t\t\t\t<\/div>\n\t\t\t\t\t<\/div>\n\t\t\t\t<\/div>\n\t\t\t\t<\/div>\n\t\t\t\t<div data-elementor-type=\"loop-item\" data-elementor-id=\"24133\" class=\"elementor elementor-24133 swiper-slide e-loop-item e-loop-item-23844 post-23844 post type-post status-publish format-standard has-post-thumbnail hentry category-alertas tag-derechos-humanos tag-estado-cubano tag-leyes\" data-elementor-post-type=\"elementor_library\" role=\"group\" aria-roledescription=\"slide\" data-custom-edit-handle=\"1\">\n\t\t\t<div class=\"elementor-element elementor-element-1b36bb6 e-flex e-con-boxed e-con e-parent\" data-id=\"1b36bb6\" data-element_type=\"container\" data-e-type=\"container\" data-settings=\"{&quot;background_background&quot;:&quot;classic&quot;}\">\n\t\t\t\t\t<div class=\"e-con-inner\">\n\t\t\t\t<div class=\"elementor-element elementor-element-7a74ee4 elementor-widget elementor-widget-theme-post-featured-image elementor-widget-image\" data-id=\"7a74ee4\" data-element_type=\"widget\" data-e-type=\"widget\" data-widget_type=\"theme-post-featured-image.default\">\n\t\t\t\t<div class=\"elementor-widget-container\">\n\t\t\t\t\t\t\t\t\t\t\t\t\t\t\t\t<a href=\"https:\/\/cubalex.org\/en\/2026\/08\/06\/la-violencia-y-la-inseguridad-siguen-en-aumento-en-cuba-pese-a-la-creciente-militarizacion-del-pais\/\">\n\t\t\t\t\t\t\t<img loading=\"lazy\" decoding=\"async\" width=\"1024\" height=\"683\" src=\"https:\/\/i0.wp.com\/cubalex.org\/wp-content\/uploads\/2026\/08\/cuba-violencia-militarizacion.png?fit=1024%2C683&amp;ssl=1\" class=\"attachment-large size-large wp-image-23846\" alt=\"\" srcset=\"https:\/\/i0.wp.com\/cubalex.org\/wp-content\/uploads\/2026\/08\/cuba-violencia-militarizacion.png?w=1536&amp;ssl=1 1536w, https:\/\/i0.wp.com\/cubalex.org\/wp-content\/uploads\/2026\/08\/cuba-violencia-militarizacion.png?resize=300%2C200&amp;ssl=1 300w, https:\/\/i0.wp.com\/cubalex.org\/wp-content\/uploads\/2026\/08\/cuba-violencia-militarizacion.png?resize=1024%2C683&amp;ssl=1 1024w, https:\/\/i0.wp.com\/cubalex.org\/wp-content\/uploads\/2026\/08\/cuba-violencia-militarizacion.png?resize=768%2C512&amp;ssl=1 768w\" sizes=\"(max-width: 1024px) 100vw, 1024px\" data-attachment-id=\"23846\" data-permalink=\"https:\/\/cubalex.org\/en\/2026\/08\/06\/la-violencia-y-la-inseguridad-siguen-en-aumento-en-cuba-pese-a-la-creciente-militarizacion-del-pais\/cuba-violencia-militarizacion\/\" data-orig-file=\"https:\/\/i0.wp.com\/cubalex.org\/wp-content\/uploads\/2026\/08\/cuba-violencia-militarizacion.png?fit=1536%2C1024&amp;ssl=1\" data-orig-size=\"1536,1024\" data-comments-opened=\"0\" data-image-meta=\"{&quot;aperture&quot;:&quot;0&quot;,&quot;credit&quot;:&quot;&quot;,&quot;camera&quot;:&quot;&quot;,&quot;caption&quot;:&quot;&quot;,&quot;created_timestamp&quot;:&quot;0&quot;,&quot;copyright&quot;:&quot;&quot;,&quot;focal_length&quot;:&quot;0&quot;,&quot;iso&quot;:&quot;0&quot;,&quot;shutter_speed&quot;:&quot;0&quot;,&quot;title&quot;:&quot;&quot;,&quot;orientation&quot;:&quot;0&quot;,&quot;alt&quot;:&quot;&quot;}\" data-image-title=\"cuba-violencia-militarizacion\" data-image-description=\"\" data-image-caption=\"\" data-large-file=\"https:\/\/i0.wp.com\/cubalex.org\/wp-content\/uploads\/2026\/08\/cuba-violencia-militarizacion.png?fit=1024%2C683&amp;ssl=1\" \/>\t\t\t\t\t\t\t\t<\/a>\n\t\t\t\t\t\t\t\t\t\t\t\t\t\t\t<\/div>\n\t\t\t\t<\/div>\n\t\t<div class=\"elementor-element elementor-element-affdda8 e-con-full e-flex e-con e-child\" data-id=\"affdda8\" data-element_type=\"container\" data-e-type=\"container\">\n\t\t\t\t<div class=\"elementor-element elementor-element-94f2080 elementor-widget elementor-widget-post-info\" data-id=\"94f2080\" data-element_type=\"widget\" data-e-type=\"widget\" data-widget_type=\"post-info.default\">\n\t\t\t\t<div class=\"elementor-widget-container\">\n\t\t\t\t\t\t\t<ul class=\"elementor-inline-items elementor-icon-list-items elementor-post-info\">\n\t\t\t\t\t\t\t\t<li class=\"elementor-icon-list-item elementor-repeater-item-c1536b1 elementor-inline-item\" itemprop=\"datePublished\">\n\t\t\t\t\t\t<a href=\"https:\/\/cubalex.org\/en\/2026\/08\/06\/\">\n\t\t\t\t\t\t\t\t\t\t\t\t\t\t<span class=\"elementor-icon-list-text elementor-post-info__item elementor-post-info__item--type-date\">\n\t\t\t\t\t\t\t\t\t\t<time>06\/08\/2026<\/time>\t\t\t\t\t<\/span>\n\t\t\t\t\t\t\t\t\t<\/a>\n\t\t\t\t<\/li>\n\t\t\t\t<\/ul>\n\t\t\t\t\t\t<\/div>\n\t\t\t\t<\/div>\n\t\t\t\t<div class=\"elementor-element elementor-element-3bce48e elementor-widget elementor-widget-theme-post-title elementor-page-title elementor-widget-heading\" data-id=\"3bce48e\" data-element_type=\"widget\" data-e-type=\"widget\" data-widget_type=\"theme-post-title.default\">\n\t\t\t\t<div class=\"elementor-widget-container\">\n\t\t\t\t\t<h3 class=\"elementor-heading-title elementor-size-default\"><a href=\"https:\/\/cubalex.org\/en\/2026\/08\/06\/la-violencia-y-la-inseguridad-siguen-en-aumento-en-cuba-pese-a-la-creciente-militarizacion-del-pais\/\">La violencia y la inseguridad siguen en aumento en Cuba pese a la creciente militarizaci\u00f3n del pa\u00eds<\/a><\/h3>\t\t\t\t<\/div>\n\t\t\t\t<\/div>\n\t\t\t\t<\/div>\n\t\t<div class=\"elementor-element elementor-element-a8be9bf e-con-full e-flex e-con e-child\" data-id=\"a8be9bf\" data-element_type=\"container\" data-e-type=\"container\">\n\t\t\t\t<div class=\"elementor-element elementor-element-c40ea96 elementor-align-center elementor-widget elementor-widget-button\" data-id=\"c40ea96\" data-element_type=\"widget\" data-e-type=\"widget\" data-widget_type=\"button.default\">\n\t\t\t\t<div class=\"elementor-widget-container\">\n\t\t\t\t\t\t\t\t\t<div class=\"elementor-button-wrapper\">\n\t\t\t\t\t<a class=\"elementor-button elementor-button-link elementor-size-sm\" href=\"https:\/\/cubalex.org\/en\/2026\/08\/06\/la-violencia-y-la-inseguridad-siguen-en-aumento-en-cuba-pese-a-la-creciente-militarizacion-del-pais\/\">\n\t\t\t\t\t\t<span class=\"elementor-button-content-wrapper\">\n\t\t\t\t\t\t\t\t\t<span class=\"elementor-button-text\">Leer m\u00e1s<\/span>\n\t\t\t\t\t<\/span>\n\t\t\t\t\t<\/a>\n\t\t\t\t<\/div>\n\t\t\t\t\t\t\t\t<\/div>\n\t\t\t\t<\/div>\n\t\t\t\t<\/div>\n\t\t\t\t\t<\/div>\n\t\t\t\t<\/div>\n\t\t\t\t<\/div>\n\t\t\t\t<div data-elementor-type=\"loop-item\" data-elementor-id=\"24133\" class=\"elementor elementor-24133 swiper-slide e-loop-item e-loop-item-23849 post-23849 post type-post status-publish format-standard has-post-thumbnail hentry category-alertas tag-derechos-humanos tag-leyes tag-presos-politicos tag-represion\" data-elementor-post-type=\"elementor_library\" role=\"group\" aria-roledescription=\"slide\" data-custom-edit-handle=\"1\">\n\t\t\t<div class=\"elementor-element elementor-element-1b36bb6 e-flex e-con-boxed e-con e-parent\" data-id=\"1b36bb6\" data-element_type=\"container\" data-e-type=\"container\" data-settings=\"{&quot;background_background&quot;:&quot;classic&quot;}\">\n\t\t\t\t\t<div class=\"e-con-inner\">\n\t\t\t\t<div class=\"elementor-element elementor-element-7a74ee4 elementor-widget elementor-widget-theme-post-featured-image elementor-widget-image\" data-id=\"7a74ee4\" data-element_type=\"widget\" data-e-type=\"widget\" data-widget_type=\"theme-post-featured-image.default\">\n\t\t\t\t<div class=\"elementor-widget-container\">\n\t\t\t\t\t\t\t\t\t\t\t\t\t\t\t\t<a href=\"https:\/\/cubalex.org\/en\/2026\/08\/05\/preso-politico-del-11j-jose-ramon-solano-cumple-23-dias-en-huelga-de-hambre-en-prision-provincial-de-holguin\/\">\n\t\t\t\t\t\t\t<img loading=\"lazy\" decoding=\"async\" width=\"1024\" height=\"478\" src=\"https:\/\/i0.wp.com\/cubalex.org\/wp-content\/uploads\/2026\/08\/jose-ramon-solano.jpg?fit=1024%2C478&amp;ssl=1\" class=\"attachment-large size-large wp-image-23851\" alt=\"Jos\u00e9 Ram\u00f3n Solano\" srcset=\"https:\/\/i0.wp.com\/cubalex.org\/wp-content\/uploads\/2026\/08\/jose-ramon-solano.jpg?w=1200&amp;ssl=1 1200w, https:\/\/i0.wp.com\/cubalex.org\/wp-content\/uploads\/2026\/08\/jose-ramon-solano.jpg?resize=300%2C140&amp;ssl=1 300w, https:\/\/i0.wp.com\/cubalex.org\/wp-content\/uploads\/2026\/08\/jose-ramon-solano.jpg?resize=1024%2C478&amp;ssl=1 1024w, https:\/\/i0.wp.com\/cubalex.org\/wp-content\/uploads\/2026\/08\/jose-ramon-solano.jpg?resize=768%2C358&amp;ssl=1 768w\" sizes=\"(max-width: 1024px) 100vw, 1024px\" data-attachment-id=\"23851\" data-permalink=\"https:\/\/cubalex.org\/en\/2026\/08\/05\/preso-politico-del-11j-jose-ramon-solano-cumple-23-dias-en-huelga-de-hambre-en-prision-provincial-de-holguin\/jose-ramon-solano\/\" data-orig-file=\"https:\/\/i0.wp.com\/cubalex.org\/wp-content\/uploads\/2026\/08\/jose-ramon-solano.jpg?fit=1200%2C560&amp;ssl=1\" data-orig-size=\"1200,560\" data-comments-opened=\"0\" data-image-meta=\"{&quot;aperture&quot;:&quot;0&quot;,&quot;credit&quot;:&quot;&quot;,&quot;camera&quot;:&quot;&quot;,&quot;caption&quot;:&quot;&quot;,&quot;created_timestamp&quot;:&quot;0&quot;,&quot;copyright&quot;:&quot;&quot;,&quot;focal_length&quot;:&quot;0&quot;,&quot;iso&quot;:&quot;0&quot;,&quot;shutter_speed&quot;:&quot;0&quot;,&quot;title&quot;:&quot;&quot;,&quot;orientation&quot;:&quot;1&quot;,&quot;alt&quot;:&quot;&quot;}\" data-image-title=\"jose-ramon-solano\" data-image-description=\"\" data-image-caption=\"\" data-large-file=\"https:\/\/i0.wp.com\/cubalex.org\/wp-content\/uploads\/2026\/08\/jose-ramon-solano.jpg?fit=1024%2C478&amp;ssl=1\" \/>\t\t\t\t\t\t\t\t<\/a>\n\t\t\t\t\t\t\t\t\t\t\t\t\t\t\t<\/div>\n\t\t\t\t<\/div>\n\t\t<div class=\"elementor-element elementor-element-affdda8 e-con-full e-flex e-con e-child\" data-id=\"affdda8\" data-element_type=\"container\" data-e-type=\"container\">\n\t\t\t\t<div class=\"elementor-element elementor-element-94f2080 elementor-widget elementor-widget-post-info\" data-id=\"94f2080\" data-element_type=\"widget\" data-e-type=\"widget\" data-widget_type=\"post-info.default\">\n\t\t\t\t<div class=\"elementor-widget-container\">\n\t\t\t\t\t\t\t<ul class=\"elementor-inline-items elementor-icon-list-items elementor-post-info\">\n\t\t\t\t\t\t\t\t<li class=\"elementor-icon-list-item elementor-repeater-item-c1536b1 elementor-inline-item\" itemprop=\"datePublished\">\n\t\t\t\t\t\t<a href=\"https:\/\/cubalex.org\/en\/2026\/08\/05\/\">\n\t\t\t\t\t\t\t\t\t\t\t\t\t\t<span class=\"elementor-icon-list-text elementor-post-info__item elementor-post-info__item--type-date\">\n\t\t\t\t\t\t\t\t\t\t<time>05\/08\/2026<\/time>\t\t\t\t\t<\/span>\n\t\t\t\t\t\t\t\t\t<\/a>\n\t\t\t\t<\/li>\n\t\t\t\t<\/ul>\n\t\t\t\t\t\t<\/div>\n\t\t\t\t<\/div>\n\t\t\t\t<div class=\"elementor-element elementor-element-3bce48e elementor-widget elementor-widget-theme-post-title elementor-page-title elementor-widget-heading\" data-id=\"3bce48e\" data-element_type=\"widget\" data-e-type=\"widget\" data-widget_type=\"theme-post-title.default\">\n\t\t\t\t<div class=\"elementor-widget-container\">\n\t\t\t\t\t<h3 class=\"elementor-heading-title elementor-size-default\"><a href=\"https:\/\/cubalex.org\/en\/2026\/08\/05\/preso-politico-del-11j-jose-ramon-solano-cumple-23-dias-en-huelga-de-hambre-en-prision-provincial-de-holguin\/\">Preso pol\u00edtico del 11J Jos\u00e9 Ram\u00f3n Solano cumple 23 d\u00edas en huelga de hambre en Prisi\u00f3n Provincial de Holgu\u00edn<\/a><\/h3>\t\t\t\t<\/div>\n\t\t\t\t<\/div>\n\t\t\t\t<\/div>\n\t\t<div class=\"elementor-element elementor-element-a8be9bf e-con-full e-flex e-con e-child\" data-id=\"a8be9bf\" data-element_type=\"container\" data-e-type=\"container\">\n\t\t\t\t<div class=\"elementor-element elementor-element-c40ea96 elementor-align-center elementor-widget elementor-widget-button\" data-id=\"c40ea96\" data-element_type=\"widget\" data-e-type=\"widget\" data-widget_type=\"button.default\">\n\t\t\t\t<div class=\"elementor-widget-container\">\n\t\t\t\t\t\t\t\t\t<div class=\"elementor-button-wrapper\">\n\t\t\t\t\t<a class=\"elementor-button elementor-button-link elementor-size-sm\" href=\"https:\/\/cubalex.org\/en\/2026\/08\/05\/preso-politico-del-11j-jose-ramon-solano-cumple-23-dias-en-huelga-de-hambre-en-prision-provincial-de-holguin\/\">\n\t\t\t\t\t\t<span class=\"elementor-button-content-wrapper\">\n\t\t\t\t\t\t\t\t\t<span class=\"elementor-button-text\">Leer m\u00e1s<\/span>\n\t\t\t\t\t<\/span>\n\t\t\t\t\t<\/a>\n\t\t\t\t<\/div>\n\t\t\t\t\t\t\t\t<\/div>\n\t\t\t\t<\/div>\n\t\t\t\t<\/div>\n\t\t\t\t\t<\/div>\n\t\t\t\t<\/div>\n\t\t\t\t<\/div>\n\t\t\t\t<\/div>\n\t\t<\/div>\n\t\t\t\t\t<div class=\"swiper-pagination\"><\/div>\n\t\t\t\t\t\t<\/div>\n\t\t\t\t<\/div>\n\t\t\t\t<div class=\"elementor-element elementor-element-e1752d2 elementor-align-right elementor-widget elementor-widget-button\" data-id=\"e1752d2\" data-element_type=\"widget\" data-e-type=\"widget\" data-widget_type=\"button.default\">\n\t\t\t\t<div class=\"elementor-widget-container\">\n\t\t\t\t\t\t\t\t\t<div class=\"elementor-button-wrapper\">\n\t\t\t\t\t<a class=\"elementor-button elementor-button-link elementor-size-sm\" href=\"\/category\/alertas\/\">\n\t\t\t\t\t\t<span class=\"elementor-button-content-wrapper\">\n\t\t\t\t\t\t\t\t\t<span class=\"elementor-button-text\">VER TODAS<\/span>\n\t\t\t\t\t<\/span>\n\t\t\t\t\t<\/a>\n\t\t\t\t<\/div>\n\t\t\t\t\t\t\t\t<\/div>\n\t\t\t\t<\/div>\n\t\t\t\t<\/div>\n\t\t<div class=\"elementor-element elementor-element-23b55d48 e-con-full e-flex e-con e-parent\" data-id=\"23b55d48\" data-element_type=\"container\" data-e-type=\"container\" data-settings=\"{&quot;background_background&quot;:&quot;classic&quot;}\">\n\t\t\t\t<div class=\"elementor-element elementor-element-38deecb8 elementor-widget elementor-widget-heading\" data-id=\"38deecb8\" data-element_type=\"widget\" data-e-type=\"widget\" data-widget_type=\"heading.default\">\n\t\t\t\t<div class=\"elementor-widget-container\">\n\t\t\t\t\t<h2 class=\"elementor-heading-title elementor-size-default\">\u00daltimos Informes<\/h2>\t\t\t\t<\/div>\n\t\t\t\t<\/div>\n\t\t\t\t<div class=\"elementor-element elementor-element-108d95fc elementor-pagination-type-bullets elementor-pagination-position-outside elementor-widget elementor-widget-loop-carousel\" data-id=\"108d95fc\" data-element_type=\"widget\" data-e-type=\"widget\" data-settings=\"{&quot;template_id&quot;:24131,&quot;slides_to_show&quot;:&quot;5&quot;,&quot;slides_to_scroll&quot;:&quot;5&quot;,&quot;_skin&quot;:&quot;post&quot;,&quot;slides_to_show_tablet&quot;:&quot;2&quot;,&quot;slides_to_show_mobile&quot;:&quot;1&quot;,&quot;edit_handle_selector&quot;:&quot;.elementor-loop-container&quot;,&quot;infinite&quot;:&quot;yes&quot;,&quot;speed&quot;:500,&quot;offset_sides&quot;:&quot;none&quot;,&quot;pagination&quot;:&quot;bullets&quot;,&quot;image_spacing_custom&quot;:{&quot;unit&quot;:&quot;px&quot;,&quot;size&quot;:10,&quot;sizes&quot;:[]},&quot;image_spacing_custom_tablet&quot;:{&quot;unit&quot;:&quot;px&quot;,&quot;size&quot;:&quot;&quot;,&quot;sizes&quot;:[]},&quot;image_spacing_custom_mobile&quot;:{&quot;unit&quot;:&quot;px&quot;,&quot;size&quot;:&quot;&quot;,&quot;sizes&quot;:[]}}\" data-widget_type=\"loop-carousel.post\">\n\t\t\t\t<div class=\"elementor-widget-container\">\n\t\t\t\t\t\t\t<div class=\"swiper elementor-loop-container elementor-grid\" role=\"list\" dir=\"ltr\">\n\t\t\t\t<div class=\"swiper-wrapper\" aria-live=\"polite\">\n\t\t<style id=\"loop-dynamic-24131\">.e-loop-item-23969 .elementor-element.elementor-element-c7bc13c:not(.elementor-motion-effects-element-type-background), .e-loop-item-23969 .elementor-element.elementor-element-c7bc13c > .elementor-motion-effects-container > .elementor-motion-effects-layer{background-image:url(\"https:\/\/i0.wp.com\/cubalex.org\/wp-content\/uploads\/2026\/08\/Portada-Junio-1.jpg?fit=1200%2C650&ssl=1\");}<\/style><style id=\"loop-24131\">.elementor-24131 .elementor-element.elementor-element-550ffc0{--display:flex;--flex-direction:column;--container-widget-width:calc( ( 1 - var( --container-widget-flex-grow ) ) * 100% );--container-widget-height:initial;--container-widget-flex-grow:0;--container-widget-align-self:initial;--flex-wrap-mobile:wrap;--justify-content:flex-start;--align-items:stretch;--gap:10px 0px;--row-gap:10px;--column-gap:0px;--margin-top:0px;--margin-bottom:0px;--margin-left:0px;--margin-right:0px;--padding-top:0px;--padding-bottom:0px;--padding-left:0px;--padding-right:0px;}.elementor-24131 .elementor-element.elementor-element-550ffc0:not(.elementor-motion-effects-element-type-background), .elementor-24131 .elementor-element.elementor-element-550ffc0 > .elementor-motion-effects-container > .elementor-motion-effects-layer{background-color:var( --e-global-color-17c9296 );}.elementor-24131 .elementor-element.elementor-element-c7bc13c{--display:flex;--min-height:210px;--justify-content:flex-end;--align-items:center;--container-widget-width:calc( ( 1 - var( --container-widget-flex-grow ) ) * 100% );--margin-top:0px;--margin-bottom:0px;--margin-left:0px;--margin-right:0px;--padding-top:0px;--padding-bottom:0px;--padding-left:0px;--padding-right:0px;}.elementor-24131 .elementor-element.elementor-element-c7bc13c:not(.elementor-motion-effects-element-type-background), .elementor-24131 .elementor-element.elementor-element-c7bc13c > .elementor-motion-effects-container > .elementor-motion-effects-layer{background-position:center center;background-repeat:no-repeat;background-size:cover;}.elementor-24131 .elementor-element.elementor-element-c7bc13c.e-con{--align-self:center;}.elementor-24131 .elementor-element.elementor-element-5b73728{--display:flex;--margin-top:5px;--margin-bottom:5px;--margin-left:0px;--margin-right:0px;--padding-top:2px;--padding-bottom:2px;--padding-left:2px;--padding-right:2px;}.elementor-24131 .elementor-element.elementor-element-5b73728:not(.elementor-motion-effects-element-type-background), .elementor-24131 .elementor-element.elementor-element-5b73728 > .elementor-motion-effects-container > .elementor-motion-effects-layer{background-color:#FFFFFFF7;}.elementor-widget-theme-post-title .elementor-heading-title{font-family:var( --e-global-typography-primary-font-family ), Sans-serif;font-size:var( --e-global-typography-primary-font-size );font-weight:var( --e-global-typography-primary-font-weight );text-transform:var( --e-global-typography-primary-text-transform );font-style:var( --e-global-typography-primary-font-style );text-decoration:var( --e-global-typography-primary-text-decoration );line-height:var( --e-global-typography-primary-line-height );letter-spacing:var( --e-global-typography-primary-letter-spacing );color:var( --e-global-color-primary );}.elementor-24131 .elementor-element.elementor-element-f8871a5 .elementor-heading-title{font-family:\"Montserrat\", Sans-serif;font-size:0.9em;font-weight:400;text-transform:none;font-style:normal;text-decoration:none;line-height:1.2em;letter-spacing:0px;}.elementor-24131 .elementor-element.elementor-element-f8871a5 > .elementor-widget-container{margin:0px 0px 0px 0px;padding:0px 20px 0px 20px;}.elementor-24131 .elementor-element.elementor-element-5a13a3b{--display:flex;--justify-content:flex-start;--gap:0px 0px;--row-gap:0px;--column-gap:0px;--margin-top:0px;--margin-bottom:0px;--margin-left:0px;--margin-right:0px;--padding-top:0px;--padding-bottom:0px;--padding-left:0px;--padding-right:0px;}.elementor-widget-post-info .elementor-icon-list-item:not(:last-child):after{border-color:var( --e-global-color-text );}.elementor-widget-post-info .elementor-icon-list-icon i{color:var( --e-global-color-primary );}.elementor-widget-post-info .elementor-icon-list-icon svg{fill:var( --e-global-color-primary );}.elementor-widget-post-info .elementor-icon-list-text, .elementor-widget-post-info .elementor-icon-list-text a{color:var( --e-global-color-secondary );}.elementor-widget-post-info .elementor-icon-list-item{font-family:var( --e-global-typography-text-font-family ), Sans-serif;font-size:var( --e-global-typography-text-font-size );font-weight:var( --e-global-typography-text-font-weight );text-transform:var( --e-global-typography-text-text-transform );font-style:var( --e-global-typography-text-font-style );text-decoration:var( --e-global-typography-text-text-decoration );line-height:var( --e-global-typography-text-line-height );letter-spacing:var( --e-global-typography-text-letter-spacing );}.elementor-24131 .elementor-element.elementor-element-68f2f95 .elementor-icon-list-icon{width:14px;}.elementor-24131 .elementor-element.elementor-element-68f2f95 .elementor-icon-list-icon i{font-size:14px;}.elementor-24131 .elementor-element.elementor-element-68f2f95 .elementor-icon-list-icon svg{--e-icon-list-icon-size:14px;}.elementor-24131 .elementor-element.elementor-element-68f2f95 .elementor-icon-list-text, .elementor-24131 .elementor-element.elementor-element-68f2f95 .elementor-icon-list-text a{color:#E8541A;}.elementor-24131 .elementor-element.elementor-element-68f2f95 .elementor-icon-list-item{font-family:\"Helvetica\", Sans-serif;font-size:0.9em;font-weight:500;text-transform:none;font-style:normal;text-decoration:none;line-height:1.5em;letter-spacing:0px;}.elementor-24131 .elementor-element.elementor-element-68f2f95 > .elementor-widget-container{margin:0px 0px 10px 10px;padding:0px 0px 0px 0px;}.elementor-widget-theme-post-excerpt .elementor-widget-container{font-family:var( --e-global-typography-text-font-family ), Sans-serif;font-size:var( --e-global-typography-text-font-size );font-weight:var( --e-global-typography-text-font-weight );text-transform:var( --e-global-typography-text-text-transform );font-style:var( --e-global-typography-text-font-style );text-decoration:var( --e-global-typography-text-text-decoration );line-height:var( --e-global-typography-text-line-height );letter-spacing:var( --e-global-typography-text-letter-spacing );color:var( --e-global-color-text );}.elementor-24131 .elementor-element.elementor-element-2b76276 .elementor-widget-container{text-align:start;font-family:var( --e-global-typography-1dd731d-font-family ), Sans-serif;font-size:var( --e-global-typography-1dd731d-font-size );font-weight:var( --e-global-typography-1dd731d-font-weight );line-height:var( --e-global-typography-1dd731d-line-height );letter-spacing:var( --e-global-typography-1dd731d-letter-spacing );word-spacing:var( --e-global-typography-1dd731d-word-spacing );color:var( --e-global-color-primary );}.elementor-24131 .elementor-element.elementor-element-2b76276 > .elementor-widget-container{margin:0px 0px 0px 0px;padding:0px 10px 0px 10px;}.elementor-24131 .elementor-element.elementor-element-6cdf2a8{--display:flex;--margin-top:auto;--margin-bottom:0;--margin-left:0;--margin-right:0;}.elementor-widget-button .elementor-button{font-family:var( --e-global-typography-accent-font-family ), Sans-serif;font-size:var( --e-global-typography-accent-font-size );font-weight:var( --e-global-typography-accent-font-weight );text-transform:var( --e-global-typography-accent-text-transform );font-style:var( --e-global-typography-accent-font-style );text-decoration:var( --e-global-typography-accent-text-decoration );line-height:var( --e-global-typography-accent-line-height );letter-spacing:var( --e-global-typography-accent-letter-spacing );background-color:var( --e-global-color-accent );}.elementor-24131 .elementor-element.elementor-element-71aa6d6 .elementor-button{font-family:\"Montserrat\", Sans-serif;font-size:1.1em;font-weight:500;text-transform:none;font-style:normal;text-decoration:none;line-height:1em;letter-spacing:0px;fill:var( --e-global-color-primary );color:var( --e-global-color-primary );background-color:var( --e-global-color-0b546ce );padding:20px 50px 20px 50px;}.elementor-24131 .elementor-element.elementor-element-71aa6d6 .elementor-button:hover, .elementor-24131 .elementor-element.elementor-element-71aa6d6 .elementor-button:focus{color:var( --e-global-color-8235737 );}.elementor-24131 .elementor-element.elementor-element-71aa6d6 .elementor-button:hover svg, .elementor-24131 .elementor-element.elementor-element-71aa6d6 .elementor-button:focus svg{fill:var( --e-global-color-8235737 );}.elementor-24131 .elementor-element.elementor-element-71aa6d6 > .elementor-widget-container{margin:0px 0px 0px 0px;padding:0px 0px 0px 0px;}.elementor-24131 .elementor-element.elementor-element-71aa6d6.elementor-element{--align-self:center;}@media(min-width:768px){.elementor-24131 .elementor-element.elementor-element-5b73728{--width:95%;}}@media(max-width:1024px){.elementor-widget-theme-post-title .elementor-heading-title{font-size:var( --e-global-typography-primary-font-size );line-height:var( --e-global-typography-primary-line-height );letter-spacing:var( --e-global-typography-primary-letter-spacing );}.elementor-widget-post-info .elementor-icon-list-item{font-size:var( --e-global-typography-text-font-size );line-height:var( --e-global-typography-text-line-height );letter-spacing:var( --e-global-typography-text-letter-spacing );}.elementor-widget-theme-post-excerpt .elementor-widget-container{font-size:var( --e-global-typography-text-font-size );line-height:var( --e-global-typography-text-line-height );letter-spacing:var( --e-global-typography-text-letter-spacing );}.elementor-24131 .elementor-element.elementor-element-2b76276 .elementor-widget-container{font-size:var( --e-global-typography-1dd731d-font-size );line-height:var( --e-global-typography-1dd731d-line-height );letter-spacing:var( --e-global-typography-1dd731d-letter-spacing );word-spacing:var( --e-global-typography-1dd731d-word-spacing );}.elementor-widget-button .elementor-button{font-size:var( --e-global-typography-accent-font-size );line-height:var( --e-global-typography-accent-line-height );letter-spacing:var( --e-global-typography-accent-letter-spacing );}}@media(max-width:767px){.elementor-widget-theme-post-title .elementor-heading-title{font-size:var( --e-global-typography-primary-font-size );line-height:var( --e-global-typography-primary-line-height );letter-spacing:var( --e-global-typography-primary-letter-spacing );}.elementor-widget-post-info .elementor-icon-list-item{font-size:var( --e-global-typography-text-font-size );line-height:var( --e-global-typography-text-line-height );letter-spacing:var( --e-global-typography-text-letter-spacing );}.elementor-widget-theme-post-excerpt .elementor-widget-container{font-size:var( --e-global-typography-text-font-size );line-height:var( --e-global-typography-text-line-height );letter-spacing:var( --e-global-typography-text-letter-spacing );}.elementor-24131 .elementor-element.elementor-element-2b76276 .elementor-widget-container{font-size:var( --e-global-typography-1dd731d-font-size );line-height:var( --e-global-typography-1dd731d-line-height );letter-spacing:var( --e-global-typography-1dd731d-letter-spacing );word-spacing:var( --e-global-typography-1dd731d-word-spacing );}.elementor-widget-button .elementor-button{font-size:var( --e-global-typography-accent-font-size );line-height:var( --e-global-typography-accent-line-height );letter-spacing:var( --e-global-typography-accent-letter-spacing );}}<\/style>\t\t<div data-elementor-type=\"loop-item\" data-elementor-id=\"24131\" class=\"elementor elementor-24131 swiper-slide e-loop-item e-loop-item-23969 post-23969 report type-report status-publish has-post-thumbnail hentry topic-informe-mensual\" data-elementor-post-type=\"elementor_library\" role=\"group\" aria-roledescription=\"slide\" data-custom-edit-handle=\"1\">\n\t\t\t<div class=\"elementor-element elementor-element-550ffc0 e-flex e-con-boxed e-con e-parent\" data-id=\"550ffc0\" data-element_type=\"container\" data-e-type=\"container\" data-settings=\"{&quot;background_background&quot;:&quot;classic&quot;}\">\n\t\t\t\t\t<div class=\"e-con-inner\">\n\t\t<a class=\"elementor-element elementor-element-c7bc13c e-con-full e-flex e-con e-child\" data-id=\"c7bc13c\" data-element_type=\"container\" data-e-type=\"container\" data-settings=\"{&quot;background_background&quot;:&quot;classic&quot;}\" href=\"https:\/\/cubalex.org\/en\/report\/informe-mensual-sobre-la-situacion-de-los-derechos-humanos-en-cuba-julio-2026\/\">\n\t\t<div class=\"elementor-element elementor-element-5b73728 e-con-full e-flex e-con e-child\" data-id=\"5b73728\" data-element_type=\"container\" data-e-type=\"container\" data-settings=\"{&quot;background_background&quot;:&quot;classic&quot;}\">\n\t\t\t\t<div class=\"elementor-element elementor-element-f8871a5 elementor-widget elementor-widget-theme-post-title elementor-page-title elementor-widget-heading\" data-id=\"f8871a5\" data-element_type=\"widget\" data-e-type=\"widget\" data-widget_type=\"theme-post-title.default\">\n\t\t\t\t<div class=\"elementor-widget-container\">\n\t\t\t\t\t<h3 class=\"elementor-heading-title elementor-size-default\">Informe Mensual sobre la Situaci\u00f3n de los Derechos Humanos en Cuba | Julio 2026<\/h3>\t\t\t\t<\/div>\n\t\t\t\t<\/div>\n\t\t\t\t<\/div>\n\t\t\t\t<\/a>\n\t\t<div class=\"elementor-element elementor-element-5a13a3b e-con-full e-flex e-con e-child\" data-id=\"5a13a3b\" data-element_type=\"container\" data-e-type=\"container\">\n\t\t\t\t<div class=\"elementor-element elementor-element-68f2f95 elementor-widget elementor-widget-post-info\" data-id=\"68f2f95\" data-element_type=\"widget\" data-e-type=\"widget\" data-widget_type=\"post-info.default\">\n\t\t\t\t<div class=\"elementor-widget-container\">\n\t\t\t\t\t\t\t<ul class=\"elementor-inline-items elementor-icon-list-items elementor-post-info\">\n\t\t\t\t\t\t\t\t<li class=\"elementor-icon-list-item elementor-repeater-item-c1536b1 elementor-inline-item\" itemprop=\"datePublished\">\n\t\t\t\t\t\t\t\t\t\t\t\t\t<span class=\"elementor-icon-list-text elementor-post-info__item elementor-post-info__item--type-date\">\n\t\t\t\t\t\t\t\t\t\t<time>14\/08\/2026<\/time>\t\t\t\t\t<\/span>\n\t\t\t\t\t\t\t\t<\/li>\n\t\t\t\t<\/ul>\n\t\t\t\t\t\t<\/div>\n\t\t\t\t<\/div>\n\t\t\t\t<div class=\"elementor-element elementor-element-2b76276 textoCortoGrid elementor-widget elementor-widget-theme-post-excerpt\" data-id=\"2b76276\" data-element_type=\"widget\" data-e-type=\"widget\" data-widget_type=\"theme-post-excerpt.default\">\n\t\t\t\t<div class=\"elementor-widget-container\">\n\t\t\t\t\tCubalex registr\u00f3 388 eventos represivos que implicaron 817 incidentes de hostigamiento durante el mes. Entre los casos reportados destacan el exilio forzado del preso pol\u00edtico Luis Manuel Otero Alc\u00e1ntara tras cumplir cinco a\u00f1os de prisi\u00f3n, las tres muertes bajo custodia por negligencia m\u00e9dica y el operativo simult\u00e1neo contra 25 activistas [...]\t\t\t\t<\/div>\n\t\t\t\t<\/div>\n\t\t\t\t<\/div>\n\t\t<div class=\"elementor-element elementor-element-6cdf2a8 e-con-full e-flex e-con e-child\" data-id=\"6cdf2a8\" data-element_type=\"container\" data-e-type=\"container\">\n\t\t\t\t<div class=\"elementor-element elementor-element-71aa6d6 elementor-align-center elementor-widget elementor-widget-button\" data-id=\"71aa6d6\" data-element_type=\"widget\" data-e-type=\"widget\" data-widget_type=\"button.default\">\n\t\t\t\t<div class=\"elementor-widget-container\">\n\t\t\t\t\t\t\t\t\t<div class=\"elementor-button-wrapper\">\n\t\t\t\t\t<a class=\"elementor-button elementor-button-link elementor-size-sm\" href=\"https:\/\/cubalex.org\/en\/report\/informe-mensual-sobre-la-situacion-de-los-derechos-humanos-en-cuba-julio-2026\/\">\n\t\t\t\t\t\t<span class=\"elementor-button-content-wrapper\">\n\t\t\t\t\t\t\t\t\t<span class=\"elementor-button-text\">Leer m\u00e1s<\/span>\n\t\t\t\t\t<\/span>\n\t\t\t\t\t<\/a>\n\t\t\t\t<\/div>\n\t\t\t\t\t\t\t\t<\/div>\n\t\t\t\t<\/div>\n\t\t\t\t<\/div>\n\t\t\t\t\t<\/div>\n\t\t\t\t<\/div>\n\t\t\t\t<\/div>\n\t\t<style id=\"loop-dynamic-24131\">.e-loop-item-23544 .elementor-element.elementor-element-c7bc13c:not(.elementor-motion-effects-element-type-background), .e-loop-item-23544 .elementor-element.elementor-element-c7bc13c > .elementor-motion-effects-container > .elementor-motion-effects-layer{background-image:url(\"https:\/\/i0.wp.com\/cubalex.org\/wp-content\/uploads\/2026\/07\/Portada-Junio.jpg?fit=1200%2C650&ssl=1\");}<\/style>\t\t<div data-elementor-type=\"loop-item\" data-elementor-id=\"24131\" class=\"elementor elementor-24131 swiper-slide e-loop-item e-loop-item-23544 post-23544 report type-report status-publish has-post-thumbnail hentry topic-derechos-humanos topic-informe-mensual\" data-elementor-post-type=\"elementor_library\" role=\"group\" aria-roledescription=\"slide\" data-custom-edit-handle=\"1\">\n\t\t\t<div class=\"elementor-element elementor-element-550ffc0 e-flex e-con-boxed e-con e-parent\" data-id=\"550ffc0\" data-element_type=\"container\" data-e-type=\"container\" data-settings=\"{&quot;background_background&quot;:&quot;classic&quot;}\">\n\t\t\t\t\t<div class=\"e-con-inner\">\n\t\t<a class=\"elementor-element elementor-element-c7bc13c e-con-full e-flex e-con e-child\" data-id=\"c7bc13c\" data-element_type=\"container\" data-e-type=\"container\" data-settings=\"{&quot;background_background&quot;:&quot;classic&quot;}\" href=\"https:\/\/cubalex.org\/en\/report\/informe-mensual-sobre-la-situacion-de-los-derechos-humanos-en-cuba-junio-2026\/\">\n\t\t<div class=\"elementor-element elementor-element-5b73728 e-con-full e-flex e-con e-child\" data-id=\"5b73728\" data-element_type=\"container\" data-e-type=\"container\" data-settings=\"{&quot;background_background&quot;:&quot;classic&quot;}\">\n\t\t\t\t<div class=\"elementor-element elementor-element-f8871a5 elementor-widget elementor-widget-theme-post-title elementor-page-title elementor-widget-heading\" data-id=\"f8871a5\" data-element_type=\"widget\" data-e-type=\"widget\" data-widget_type=\"theme-post-title.default\">\n\t\t\t\t<div class=\"elementor-widget-container\">\n\t\t\t\t\t<h3 class=\"elementor-heading-title elementor-size-default\">Informe Mensual sobre la Situaci\u00f3n de los Derechos Humanos en Cuba | Junio 2026\u00a0<\/h3>\t\t\t\t<\/div>\n\t\t\t\t<\/div>\n\t\t\t\t<\/div>\n\t\t\t\t<\/a>\n\t\t<div class=\"elementor-element elementor-element-5a13a3b e-con-full e-flex e-con e-child\" data-id=\"5a13a3b\" data-element_type=\"container\" data-e-type=\"container\">\n\t\t\t\t<div class=\"elementor-element elementor-element-68f2f95 elementor-widget elementor-widget-post-info\" data-id=\"68f2f95\" data-element_type=\"widget\" data-e-type=\"widget\" data-widget_type=\"post-info.default\">\n\t\t\t\t<div class=\"elementor-widget-container\">\n\t\t\t\t\t\t\t<ul class=\"elementor-inline-items elementor-icon-list-items elementor-post-info\">\n\t\t\t\t\t\t\t\t<li class=\"elementor-icon-list-item elementor-repeater-item-c1536b1 elementor-inline-item\" itemprop=\"datePublished\">\n\t\t\t\t\t\t\t\t\t\t\t\t\t<span class=\"elementor-icon-list-text elementor-post-info__item elementor-post-info__item--type-date\">\n\t\t\t\t\t\t\t\t\t\t<time>10\/07\/2026<\/time>\t\t\t\t\t<\/span>\n\t\t\t\t\t\t\t\t<\/li>\n\t\t\t\t<\/ul>\n\t\t\t\t\t\t<\/div>\n\t\t\t\t<\/div>\n\t\t\t\t<div class=\"elementor-element elementor-element-2b76276 textoCortoGrid elementor-widget elementor-widget-theme-post-excerpt\" data-id=\"2b76276\" data-element_type=\"widget\" data-e-type=\"widget\" data-widget_type=\"theme-post-excerpt.default\">\n\t\t\t\t<div class=\"elementor-widget-container\">\n\t\t\t\t\tCubalex registr\u00f3 319 eventos represivos que implicaron 608 incidentes de hostigamiento durante el mes. Entre los casos reportados destacan la detenci\u00f3n del humorista Eddy Ceballos acusado de espionaje por documentar una instalaci\u00f3n militar, las 253 protestas registradas como r\u00e9cord hist\u00f3rico y el incendio de la Casa Museo Orlando Pantoja Tamayo [...]\t\t\t\t<\/div>\n\t\t\t\t<\/div>\n\t\t\t\t<\/div>\n\t\t<div class=\"elementor-element elementor-element-6cdf2a8 e-con-full e-flex e-con e-child\" data-id=\"6cdf2a8\" data-element_type=\"container\" data-e-type=\"container\">\n\t\t\t\t<div class=\"elementor-element elementor-element-71aa6d6 elementor-align-center elementor-widget elementor-widget-button\" data-id=\"71aa6d6\" data-element_type=\"widget\" data-e-type=\"widget\" data-widget_type=\"button.default\">\n\t\t\t\t<div class=\"elementor-widget-container\">\n\t\t\t\t\t\t\t\t\t<div class=\"elementor-button-wrapper\">\n\t\t\t\t\t<a class=\"elementor-button elementor-button-link elementor-size-sm\" href=\"https:\/\/cubalex.org\/en\/report\/informe-mensual-sobre-la-situacion-de-los-derechos-humanos-en-cuba-junio-2026\/\">\n\t\t\t\t\t\t<span class=\"elementor-button-content-wrapper\">\n\t\t\t\t\t\t\t\t\t<span class=\"elementor-button-text\">Leer m\u00e1s<\/span>\n\t\t\t\t\t<\/span>\n\t\t\t\t\t<\/a>\n\t\t\t\t<\/div>\n\t\t\t\t\t\t\t\t<\/div>\n\t\t\t\t<\/div>\n\t\t\t\t<\/div>\n\t\t\t\t\t<\/div>\n\t\t\t\t<\/div>\n\t\t\t\t<\/div>\n\t\t<style id=\"loop-dynamic-24131\">.e-loop-item-22918 .elementor-element.elementor-element-c7bc13c:not(.elementor-motion-effects-element-type-background), .e-loop-item-22918 .elementor-element.elementor-element-c7bc13c > .elementor-motion-effects-container > .elementor-motion-effects-layer{background-image:url(\"https:\/\/i0.wp.com\/cubalex.org\/wp-content\/uploads\/2026\/06\/Portada-Abril-1.jpg?fit=1200%2C650&ssl=1\");}<\/style>\t\t<div data-elementor-type=\"loop-item\" data-elementor-id=\"24131\" class=\"elementor elementor-24131 swiper-slide e-loop-item e-loop-item-22918 post-22918 report type-report status-publish has-post-thumbnail hentry topic-derechos-humanos topic-informe-mensual\" data-elementor-post-type=\"elementor_library\" role=\"group\" aria-roledescription=\"slide\" data-custom-edit-handle=\"1\">\n\t\t\t<div class=\"elementor-element elementor-element-550ffc0 e-flex e-con-boxed e-con e-parent\" data-id=\"550ffc0\" data-element_type=\"container\" data-e-type=\"container\" data-settings=\"{&quot;background_background&quot;:&quot;classic&quot;}\">\n\t\t\t\t\t<div class=\"e-con-inner\">\n\t\t<a class=\"elementor-element elementor-element-c7bc13c e-con-full e-flex e-con e-child\" data-id=\"c7bc13c\" data-element_type=\"container\" data-e-type=\"container\" data-settings=\"{&quot;background_background&quot;:&quot;classic&quot;}\" href=\"https:\/\/cubalex.org\/en\/report\/informe-mensual-sobre-la-situacion-de-los-derechos-humanos-en-cuba-mayo-2026\/\">\n\t\t<div class=\"elementor-element elementor-element-5b73728 e-con-full e-flex e-con e-child\" data-id=\"5b73728\" data-element_type=\"container\" data-e-type=\"container\" data-settings=\"{&quot;background_background&quot;:&quot;classic&quot;}\">\n\t\t\t\t<div class=\"elementor-element elementor-element-f8871a5 elementor-widget elementor-widget-theme-post-title elementor-page-title elementor-widget-heading\" data-id=\"f8871a5\" data-element_type=\"widget\" data-e-type=\"widget\" data-widget_type=\"theme-post-title.default\">\n\t\t\t\t<div class=\"elementor-widget-container\">\n\t\t\t\t\t<h3 class=\"elementor-heading-title elementor-size-default\">Informe Mensual sobre la Situaci\u00f3n de los Derechos Humanos en Cuba | Mayo 2026\u00a0<\/h3>\t\t\t\t<\/div>\n\t\t\t\t<\/div>\n\t\t\t\t<\/div>\n\t\t\t\t<\/a>\n\t\t<div class=\"elementor-element elementor-element-5a13a3b e-con-full e-flex e-con e-child\" data-id=\"5a13a3b\" data-element_type=\"container\" data-e-type=\"container\">\n\t\t\t\t<div class=\"elementor-element elementor-element-68f2f95 elementor-widget elementor-widget-post-info\" data-id=\"68f2f95\" data-element_type=\"widget\" data-e-type=\"widget\" data-widget_type=\"post-info.default\">\n\t\t\t\t<div class=\"elementor-widget-container\">\n\t\t\t\t\t\t\t<ul class=\"elementor-inline-items elementor-icon-list-items elementor-post-info\">\n\t\t\t\t\t\t\t\t<li class=\"elementor-icon-list-item elementor-repeater-item-c1536b1 elementor-inline-item\" itemprop=\"datePublished\">\n\t\t\t\t\t\t\t\t\t\t\t\t\t<span class=\"elementor-icon-list-text elementor-post-info__item elementor-post-info__item--type-date\">\n\t\t\t\t\t\t\t\t\t\t<time>18\/06\/2026<\/time>\t\t\t\t\t<\/span>\n\t\t\t\t\t\t\t\t<\/li>\n\t\t\t\t<\/ul>\n\t\t\t\t\t\t<\/div>\n\t\t\t\t<\/div>\n\t\t\t\t<div class=\"elementor-element elementor-element-2b76276 textoCortoGrid elementor-widget elementor-widget-theme-post-excerpt\" data-id=\"2b76276\" data-element_type=\"widget\" data-e-type=\"widget\" data-widget_type=\"theme-post-excerpt.default\">\n\t\t\t\t<div class=\"elementor-widget-container\">\n\t\t\t\t\tCubalex registr\u00f3 304 eventos represivos que implicaron 597 incidentes de hostigamiento durante el mes. Entre los casos reportados destacan el exilio forzado de la Dama de Blanco Sissi Abascal Zamora como condici\u00f3n de excarcelaci\u00f3n, la muerte bajo custodia del preso pol\u00edtico Ernesto Brieva Semp\u00e9 y las manifestaciones tras m\u00e1s de [...]\t\t\t\t<\/div>\n\t\t\t\t<\/div>\n\t\t\t\t<\/div>\n\t\t<div class=\"elementor-element elementor-element-6cdf2a8 e-con-full e-flex e-con e-child\" data-id=\"6cdf2a8\" data-element_type=\"container\" data-e-type=\"container\">\n\t\t\t\t<div class=\"elementor-element elementor-element-71aa6d6 elementor-align-center elementor-widget elementor-widget-button\" data-id=\"71aa6d6\" data-element_type=\"widget\" data-e-type=\"widget\" data-widget_type=\"button.default\">\n\t\t\t\t<div class=\"elementor-widget-container\">\n\t\t\t\t\t\t\t\t\t<div class=\"elementor-button-wrapper\">\n\t\t\t\t\t<a class=\"elementor-button elementor-button-link elementor-size-sm\" href=\"https:\/\/cubalex.org\/en\/report\/informe-mensual-sobre-la-situacion-de-los-derechos-humanos-en-cuba-mayo-2026\/\">\n\t\t\t\t\t\t<span class=\"elementor-button-content-wrapper\">\n\t\t\t\t\t\t\t\t\t<span class=\"elementor-button-text\">Leer m\u00e1s<\/span>\n\t\t\t\t\t<\/span>\n\t\t\t\t\t<\/a>\n\t\t\t\t<\/div>\n\t\t\t\t\t\t\t\t<\/div>\n\t\t\t\t<\/div>\n\t\t\t\t<\/div>\n\t\t\t\t\t<\/div>\n\t\t\t\t<\/div>\n\t\t\t\t<\/div>\n\t\t<style id=\"loop-dynamic-24131\">.e-loop-item-22474 .elementor-element.elementor-element-c7bc13c:not(.elementor-motion-effects-element-type-background), .e-loop-item-22474 .elementor-element.elementor-element-c7bc13c > .elementor-motion-effects-container > .elementor-motion-effects-layer{background-image:url(\"https:\/\/i0.wp.com\/cubalex.org\/wp-content\/uploads\/2026\/05\/Portada-Abril.jpg?fit=1200%2C650&ssl=1\");}<\/style>\t\t<div data-elementor-type=\"loop-item\" data-elementor-id=\"24131\" class=\"elementor elementor-24131 swiper-slide e-loop-item e-loop-item-22474 post-22474 report type-report status-publish has-post-thumbnail hentry topic-derechos-humanos topic-informe-mensual\" data-elementor-post-type=\"elementor_library\" role=\"group\" aria-roledescription=\"slide\" data-custom-edit-handle=\"1\">\n\t\t\t<div class=\"elementor-element elementor-element-550ffc0 e-flex e-con-boxed e-con e-parent\" data-id=\"550ffc0\" data-element_type=\"container\" data-e-type=\"container\" data-settings=\"{&quot;background_background&quot;:&quot;classic&quot;}\">\n\t\t\t\t\t<div class=\"e-con-inner\">\n\t\t<a class=\"elementor-element elementor-element-c7bc13c e-con-full e-flex e-con e-child\" data-id=\"c7bc13c\" data-element_type=\"container\" data-e-type=\"container\" data-settings=\"{&quot;background_background&quot;:&quot;classic&quot;}\" href=\"https:\/\/cubalex.org\/en\/report\/informe-mensual-sobre-la-situacion-de-los-derechos-humanos-en-cuba-abril-2026\/\">\n\t\t<div class=\"elementor-element elementor-element-5b73728 e-con-full e-flex e-con e-child\" data-id=\"5b73728\" data-element_type=\"container\" data-e-type=\"container\" data-settings=\"{&quot;background_background&quot;:&quot;classic&quot;}\">\n\t\t\t\t<div class=\"elementor-element elementor-element-f8871a5 elementor-widget elementor-widget-theme-post-title elementor-page-title elementor-widget-heading\" data-id=\"f8871a5\" data-element_type=\"widget\" data-e-type=\"widget\" data-widget_type=\"theme-post-title.default\">\n\t\t\t\t<div class=\"elementor-widget-container\">\n\t\t\t\t\t<h3 class=\"elementor-heading-title elementor-size-default\">Informe Mensual sobre la Situaci\u00f3n de los Derechos Humanos en Cuba | Abril 2026\u00a0<\/h3>\t\t\t\t<\/div>\n\t\t\t\t<\/div>\n\t\t\t\t<\/div>\n\t\t\t\t<\/a>\n\t\t<div class=\"elementor-element elementor-element-5a13a3b e-con-full e-flex e-con e-child\" data-id=\"5a13a3b\" data-element_type=\"container\" data-e-type=\"container\">\n\t\t\t\t<div class=\"elementor-element elementor-element-68f2f95 elementor-widget elementor-widget-post-info\" data-id=\"68f2f95\" data-element_type=\"widget\" data-e-type=\"widget\" data-widget_type=\"post-info.default\">\n\t\t\t\t<div class=\"elementor-widget-container\">\n\t\t\t\t\t\t\t<ul class=\"elementor-inline-items elementor-icon-list-items elementor-post-info\">\n\t\t\t\t\t\t\t\t<li class=\"elementor-icon-list-item elementor-repeater-item-c1536b1 elementor-inline-item\" itemprop=\"datePublished\">\n\t\t\t\t\t\t\t\t\t\t\t\t\t<span class=\"elementor-icon-list-text elementor-post-info__item elementor-post-info__item--type-date\">\n\t\t\t\t\t\t\t\t\t\t<time>11\/05\/2026<\/time>\t\t\t\t\t<\/span>\n\t\t\t\t\t\t\t\t<\/li>\n\t\t\t\t<\/ul>\n\t\t\t\t\t\t<\/div>\n\t\t\t\t<\/div>\n\t\t\t\t<div class=\"elementor-element elementor-element-2b76276 textoCortoGrid elementor-widget elementor-widget-theme-post-excerpt\" data-id=\"2b76276\" data-element_type=\"widget\" data-e-type=\"widget\" data-widget_type=\"theme-post-excerpt.default\">\n\t\t\t\t<div class=\"elementor-widget-container\">\n\t\t\t\t\tCubalex registr\u00f3 370 eventos represivos que implicaron 779 incidentes de hostigamiento durante el mes. Entre los casos reportados destacan las condiciones infrahumanas denunciadas por el preso pol\u00edtico Alexander D\u00edaz Rodr\u00edguez al salir de prisi\u00f3n, el secuestro del deportista Javier Ernesto Mart\u00edn Guti\u00e9rrez y los hackeos a cuentas de activistas y [...]\t\t\t\t<\/div>\n\t\t\t\t<\/div>\n\t\t\t\t<\/div>\n\t\t<div class=\"elementor-element elementor-element-6cdf2a8 e-con-full e-flex e-con e-child\" data-id=\"6cdf2a8\" data-element_type=\"container\" data-e-type=\"container\">\n\t\t\t\t<div class=\"elementor-element elementor-element-71aa6d6 elementor-align-center elementor-widget elementor-widget-button\" data-id=\"71aa6d6\" data-element_type=\"widget\" data-e-type=\"widget\" data-widget_type=\"button.default\">\n\t\t\t\t<div class=\"elementor-widget-container\">\n\t\t\t\t\t\t\t\t\t<div class=\"elementor-button-wrapper\">\n\t\t\t\t\t<a class=\"elementor-button elementor-button-link elementor-size-sm\" href=\"https:\/\/cubalex.org\/en\/report\/informe-mensual-sobre-la-situacion-de-los-derechos-humanos-en-cuba-abril-2026\/\">\n\t\t\t\t\t\t<span class=\"elementor-button-content-wrapper\">\n\t\t\t\t\t\t\t\t\t<span class=\"elementor-button-text\">Leer m\u00e1s<\/span>\n\t\t\t\t\t<\/span>\n\t\t\t\t\t<\/a>\n\t\t\t\t<\/div>\n\t\t\t\t\t\t\t\t<\/div>\n\t\t\t\t<\/div>\n\t\t\t\t<\/div>\n\t\t\t\t\t<\/div>\n\t\t\t\t<\/div>\n\t\t\t\t<\/div>\n\t\t<style id=\"loop-dynamic-24131\">.e-loop-item-21875 .elementor-element.elementor-element-c7bc13c:not(.elementor-motion-effects-element-type-background), .e-loop-item-21875 .elementor-element.elementor-element-c7bc13c > .elementor-motion-effects-container > .elementor-motion-effects-layer{background-image:url(\"https:\/\/i0.wp.com\/cubalex.org\/wp-content\/uploads\/2026\/04\/Portada-Marzo.webp?fit=1200%2C650&ssl=1\");}<\/style>\t\t<div data-elementor-type=\"loop-item\" data-elementor-id=\"24131\" class=\"elementor elementor-24131 swiper-slide e-loop-item e-loop-item-21875 post-21875 report type-report status-publish has-post-thumbnail hentry topic-derechos-humanos topic-informe-mensual\" data-elementor-post-type=\"elementor_library\" role=\"group\" aria-roledescription=\"slide\" data-custom-edit-handle=\"1\">\n\t\t\t<div class=\"elementor-element elementor-element-550ffc0 e-flex e-con-boxed e-con e-parent\" data-id=\"550ffc0\" data-element_type=\"container\" data-e-type=\"container\" data-settings=\"{&quot;background_background&quot;:&quot;classic&quot;}\">\n\t\t\t\t\t<div class=\"e-con-inner\">\n\t\t<a class=\"elementor-element elementor-element-c7bc13c e-con-full e-flex e-con e-child\" data-id=\"c7bc13c\" data-element_type=\"container\" data-e-type=\"container\" data-settings=\"{&quot;background_background&quot;:&quot;classic&quot;}\" href=\"https:\/\/cubalex.org\/en\/report\/informe-mensual-sobre-la-situacion-de-los-derechos-humanos-en-cuba-marzo-2026\/\">\n\t\t<div class=\"elementor-element elementor-element-5b73728 e-con-full e-flex e-con e-child\" data-id=\"5b73728\" data-element_type=\"container\" data-e-type=\"container\" data-settings=\"{&quot;background_background&quot;:&quot;classic&quot;}\">\n\t\t\t\t<div class=\"elementor-element elementor-element-f8871a5 elementor-widget elementor-widget-theme-post-title elementor-page-title elementor-widget-heading\" data-id=\"f8871a5\" data-element_type=\"widget\" data-e-type=\"widget\" data-widget_type=\"theme-post-title.default\">\n\t\t\t\t<div class=\"elementor-widget-container\">\n\t\t\t\t\t<h3 class=\"elementor-heading-title elementor-size-default\">Informe Mensual sobre la Situaci\u00f3n de los Derechos Humanos en Cuba | Marzo 2026<\/h3>\t\t\t\t<\/div>\n\t\t\t\t<\/div>\n\t\t\t\t<\/div>\n\t\t\t\t<\/a>\n\t\t<div class=\"elementor-element elementor-element-5a13a3b e-con-full e-flex e-con e-child\" data-id=\"5a13a3b\" data-element_type=\"container\" data-e-type=\"container\">\n\t\t\t\t<div class=\"elementor-element elementor-element-68f2f95 elementor-widget elementor-widget-post-info\" data-id=\"68f2f95\" data-element_type=\"widget\" data-e-type=\"widget\" data-widget_type=\"post-info.default\">\n\t\t\t\t<div class=\"elementor-widget-container\">\n\t\t\t\t\t\t\t<ul class=\"elementor-inline-items elementor-icon-list-items elementor-post-info\">\n\t\t\t\t\t\t\t\t<li class=\"elementor-icon-list-item elementor-repeater-item-c1536b1 elementor-inline-item\" itemprop=\"datePublished\">\n\t\t\t\t\t\t\t\t\t\t\t\t\t<span class=\"elementor-icon-list-text elementor-post-info__item elementor-post-info__item--type-date\">\n\t\t\t\t\t\t\t\t\t\t<time>13\/04\/2026<\/time>\t\t\t\t\t<\/span>\n\t\t\t\t\t\t\t\t<\/li>\n\t\t\t\t<\/ul>\n\t\t\t\t\t\t<\/div>\n\t\t\t\t<\/div>\n\t\t\t\t<div class=\"elementor-element elementor-element-2b76276 textoCortoGrid elementor-widget elementor-widget-theme-post-excerpt\" data-id=\"2b76276\" data-element_type=\"widget\" data-e-type=\"widget\" data-widget_type=\"theme-post-excerpt.default\">\n\t\t\t\t<div class=\"elementor-widget-container\">\n\t\t\t\t\tCubalex registr\u00f3 346 eventos represivos que implicaron 684 incidentes de hostigamiento durante el mes. Entre los casos reportados destacan la huelga de hambre de 49 d\u00edas del preso pol\u00edtico Roil\u00e1n \u00c1lvarez Rensoler, la protesta en Mor\u00f3n donde manifestantes quemaron el mobiliario del Partido Comunista y el encarcelamiento del adulto mayor [...]\t\t\t\t<\/div>\n\t\t\t\t<\/div>\n\t\t\t\t<\/div>\n\t\t<div class=\"elementor-element elementor-element-6cdf2a8 e-con-full e-flex e-con e-child\" data-id=\"6cdf2a8\" data-element_type=\"container\" data-e-type=\"container\">\n\t\t\t\t<div class=\"elementor-element elementor-element-71aa6d6 elementor-align-center elementor-widget elementor-widget-button\" data-id=\"71aa6d6\" data-element_type=\"widget\" data-e-type=\"widget\" data-widget_type=\"button.default\">\n\t\t\t\t<div class=\"elementor-widget-container\">\n\t\t\t\t\t\t\t\t\t<div class=\"elementor-button-wrapper\">\n\t\t\t\t\t<a class=\"elementor-button elementor-button-link elementor-size-sm\" href=\"https:\/\/cubalex.org\/en\/report\/informe-mensual-sobre-la-situacion-de-los-derechos-humanos-en-cuba-marzo-2026\/\">\n\t\t\t\t\t\t<span class=\"elementor-button-content-wrapper\">\n\t\t\t\t\t\t\t\t\t<span class=\"elementor-button-text\">Leer m\u00e1s<\/span>\n\t\t\t\t\t<\/span>\n\t\t\t\t\t<\/a>\n\t\t\t\t<\/div>\n\t\t\t\t\t\t\t\t<\/div>\n\t\t\t\t<\/div>\n\t\t\t\t<\/div>\n\t\t\t\t\t<\/div>\n\t\t\t\t<\/div>\n\t\t\t\t<\/div>\n\t\t<style id=\"loop-dynamic-24131\">.e-loop-item-21613 .elementor-element.elementor-element-c7bc13c:not(.elementor-motion-effects-element-type-background), .e-loop-item-21613 .elementor-element.elementor-element-c7bc13c > .elementor-motion-effects-container > .elementor-motion-effects-layer{background-image:url(\"https:\/\/i0.wp.com\/cubalex.org\/wp-content\/uploads\/2026\/03\/Portada-febrero.jpg?fit=1200%2C650&ssl=1\");}<\/style>\t\t<div data-elementor-type=\"loop-item\" data-elementor-id=\"24131\" class=\"elementor elementor-24131 swiper-slide e-loop-item e-loop-item-21613 post-21613 report type-report status-publish has-post-thumbnail hentry topic-derechos-humanos topic-informe-mensual\" data-elementor-post-type=\"elementor_library\" role=\"group\" aria-roledescription=\"slide\" data-custom-edit-handle=\"1\">\n\t\t\t<div class=\"elementor-element elementor-element-550ffc0 e-flex e-con-boxed e-con e-parent\" data-id=\"550ffc0\" data-element_type=\"container\" data-e-type=\"container\" data-settings=\"{&quot;background_background&quot;:&quot;classic&quot;}\">\n\t\t\t\t\t<div class=\"e-con-inner\">\n\t\t<a class=\"elementor-element elementor-element-c7bc13c e-con-full e-flex e-con e-child\" data-id=\"c7bc13c\" data-element_type=\"container\" data-e-type=\"container\" data-settings=\"{&quot;background_background&quot;:&quot;classic&quot;}\" href=\"https:\/\/cubalex.org\/en\/report\/informe-mensual-sobre-la-situacion-de-los-derechos-humanos-en-cuba-febrero-2026\/\">\n\t\t<div class=\"elementor-element elementor-element-5b73728 e-con-full e-flex e-con e-child\" data-id=\"5b73728\" data-element_type=\"container\" data-e-type=\"container\" data-settings=\"{&quot;background_background&quot;:&quot;classic&quot;}\">\n\t\t\t\t<div class=\"elementor-element elementor-element-f8871a5 elementor-widget elementor-widget-theme-post-title elementor-page-title elementor-widget-heading\" data-id=\"f8871a5\" data-element_type=\"widget\" data-e-type=\"widget\" data-widget_type=\"theme-post-title.default\">\n\t\t\t\t<div class=\"elementor-widget-container\">\n\t\t\t\t\t<h3 class=\"elementor-heading-title elementor-size-default\">Informe Mensual sobre la Situaci\u00f3n de los Derechos Humanos en Cuba | Febrero 2026<\/h3>\t\t\t\t<\/div>\n\t\t\t\t<\/div>\n\t\t\t\t<\/div>\n\t\t\t\t<\/a>\n\t\t<div class=\"elementor-element elementor-element-5a13a3b e-con-full e-flex e-con e-child\" data-id=\"5a13a3b\" data-element_type=\"container\" data-e-type=\"container\">\n\t\t\t\t<div class=\"elementor-element elementor-element-68f2f95 elementor-widget elementor-widget-post-info\" data-id=\"68f2f95\" data-element_type=\"widget\" data-e-type=\"widget\" data-widget_type=\"post-info.default\">\n\t\t\t\t<div class=\"elementor-widget-container\">\n\t\t\t\t\t\t\t<ul class=\"elementor-inline-items elementor-icon-list-items elementor-post-info\">\n\t\t\t\t\t\t\t\t<li class=\"elementor-icon-list-item elementor-repeater-item-c1536b1 elementor-inline-item\" itemprop=\"datePublished\">\n\t\t\t\t\t\t\t\t\t\t\t\t\t<span class=\"elementor-icon-list-text elementor-post-info__item elementor-post-info__item--type-date\">\n\t\t\t\t\t\t\t\t\t\t<time>16\/03\/2026<\/time>\t\t\t\t\t<\/span>\n\t\t\t\t\t\t\t\t<\/li>\n\t\t\t\t<\/ul>\n\t\t\t\t\t\t<\/div>\n\t\t\t\t<\/div>\n\t\t\t\t<div class=\"elementor-element elementor-element-2b76276 textoCortoGrid elementor-widget elementor-widget-theme-post-excerpt\" data-id=\"2b76276\" data-element_type=\"widget\" data-e-type=\"widget\" data-widget_type=\"theme-post-excerpt.default\">\n\t\t\t\t<div class=\"elementor-widget-container\">\n\t\t\t\t\tCubalex registr\u00f3 242 eventos represivos que implicaron 528 incidentes de hostigamiento durante el mes. Entre los casos reportados destacan la protesta masiva de reclusos en la Prisi\u00f3n Provincial de Ciego de \u00c1vila, la detenci\u00f3n de los creadores de contenido de \"El 4tico\" y la interceptaci\u00f3n mar\u00edtima de un grupo de [...]\t\t\t\t<\/div>\n\t\t\t\t<\/div>\n\t\t\t\t<\/div>\n\t\t<div class=\"elementor-element elementor-element-6cdf2a8 e-con-full e-flex e-con e-child\" data-id=\"6cdf2a8\" data-element_type=\"container\" data-e-type=\"container\">\n\t\t\t\t<div class=\"elementor-element elementor-element-71aa6d6 elementor-align-center elementor-widget elementor-widget-button\" data-id=\"71aa6d6\" data-element_type=\"widget\" data-e-type=\"widget\" data-widget_type=\"button.default\">\n\t\t\t\t<div class=\"elementor-widget-container\">\n\t\t\t\t\t\t\t\t\t<div class=\"elementor-button-wrapper\">\n\t\t\t\t\t<a class=\"elementor-button elementor-button-link elementor-size-sm\" href=\"https:\/\/cubalex.org\/en\/report\/informe-mensual-sobre-la-situacion-de-los-derechos-humanos-en-cuba-febrero-2026\/\">\n\t\t\t\t\t\t<span class=\"elementor-button-content-wrapper\">\n\t\t\t\t\t\t\t\t\t<span class=\"elementor-button-text\">Leer m\u00e1s<\/span>\n\t\t\t\t\t<\/span>\n\t\t\t\t\t<\/a>\n\t\t\t\t<\/div>\n\t\t\t\t\t\t\t\t<\/div>\n\t\t\t\t<\/div>\n\t\t\t\t<\/div>\n\t\t\t\t\t<\/div>\n\t\t\t\t<\/div>\n\t\t\t\t<\/div>\n\t\t<style id=\"loop-dynamic-24131\">.e-loop-item-21180 .elementor-element.elementor-element-c7bc13c:not(.elementor-motion-effects-element-type-background), .e-loop-item-21180 .elementor-element.elementor-element-c7bc13c > .elementor-motion-effects-container > .elementor-motion-effects-layer{background-image:url(\"https:\/\/i0.wp.com\/cubalex.org\/wp-content\/uploads\/2026\/02\/enero.webp?fit=1200%2C650&ssl=1\");}<\/style>\t\t<div data-elementor-type=\"loop-item\" data-elementor-id=\"24131\" class=\"elementor elementor-24131 swiper-slide e-loop-item e-loop-item-21180 post-21180 report type-report status-publish has-post-thumbnail hentry topic-derechos-humanos topic-informe-mensual\" data-elementor-post-type=\"elementor_library\" role=\"group\" aria-roledescription=\"slide\" data-custom-edit-handle=\"1\">\n\t\t\t<div class=\"elementor-element elementor-element-550ffc0 e-flex e-con-boxed e-con e-parent\" data-id=\"550ffc0\" data-element_type=\"container\" data-e-type=\"container\" data-settings=\"{&quot;background_background&quot;:&quot;classic&quot;}\">\n\t\t\t\t\t<div class=\"e-con-inner\">\n\t\t<a class=\"elementor-element elementor-element-c7bc13c e-con-full e-flex e-con e-child\" data-id=\"c7bc13c\" data-element_type=\"container\" data-e-type=\"container\" data-settings=\"{&quot;background_background&quot;:&quot;classic&quot;}\" href=\"https:\/\/cubalex.org\/en\/report\/informe-mensual-sobre-la-situacion-de-los-derechos-humanos-en-cuba-enero-2026\/\">\n\t\t<div class=\"elementor-element elementor-element-5b73728 e-con-full e-flex e-con e-child\" data-id=\"5b73728\" data-element_type=\"container\" data-e-type=\"container\" data-settings=\"{&quot;background_background&quot;:&quot;classic&quot;}\">\n\t\t\t\t<div class=\"elementor-element elementor-element-f8871a5 elementor-widget elementor-widget-theme-post-title elementor-page-title elementor-widget-heading\" data-id=\"f8871a5\" data-element_type=\"widget\" data-e-type=\"widget\" data-widget_type=\"theme-post-title.default\">\n\t\t\t\t<div class=\"elementor-widget-container\">\n\t\t\t\t\t<h3 class=\"elementor-heading-title elementor-size-default\">Informe Mensual sobre la Situaci\u00f3n de los Derechos Humanos en Cuba | Enero 2026<\/h3>\t\t\t\t<\/div>\n\t\t\t\t<\/div>\n\t\t\t\t<\/div>\n\t\t\t\t<\/a>\n\t\t<div class=\"elementor-element elementor-element-5a13a3b e-con-full e-flex e-con e-child\" data-id=\"5a13a3b\" data-element_type=\"container\" data-e-type=\"container\">\n\t\t\t\t<div class=\"elementor-element elementor-element-68f2f95 elementor-widget elementor-widget-post-info\" data-id=\"68f2f95\" data-element_type=\"widget\" data-e-type=\"widget\" data-widget_type=\"post-info.default\">\n\t\t\t\t<div class=\"elementor-widget-container\">\n\t\t\t\t\t\t\t<ul class=\"elementor-inline-items elementor-icon-list-items elementor-post-info\">\n\t\t\t\t\t\t\t\t<li class=\"elementor-icon-list-item elementor-repeater-item-c1536b1 elementor-inline-item\" itemprop=\"datePublished\">\n\t\t\t\t\t\t\t\t\t\t\t\t\t<span class=\"elementor-icon-list-text elementor-post-info__item elementor-post-info__item--type-date\">\n\t\t\t\t\t\t\t\t\t\t<time>23\/02\/2026<\/time>\t\t\t\t\t<\/span>\n\t\t\t\t\t\t\t\t<\/li>\n\t\t\t\t<\/ul>\n\t\t\t\t\t\t<\/div>\n\t\t\t\t<\/div>\n\t\t\t\t<div class=\"elementor-element elementor-element-2b76276 textoCortoGrid elementor-widget elementor-widget-theme-post-excerpt\" data-id=\"2b76276\" data-element_type=\"widget\" data-e-type=\"widget\" data-widget_type=\"theme-post-excerpt.default\">\n\t\t\t\t<div class=\"elementor-widget-container\">\n\t\t\t\t\tCubalex registr\u00f3 246 eventos violatorios que implicaron 540 incidentes represivos durante el mes. Entre los casos reportados destaca el del opositor \u00c1ngel Moya Acosta, quien se mantuvo entre las personas con mayor cantidad de hechos represivos documentados en su contra. [...]\t\t\t\t<\/div>\n\t\t\t\t<\/div>\n\t\t\t\t<\/div>\n\t\t<div class=\"elementor-element elementor-element-6cdf2a8 e-con-full e-flex e-con e-child\" data-id=\"6cdf2a8\" data-element_type=\"container\" data-e-type=\"container\">\n\t\t\t\t<div class=\"elementor-element elementor-element-71aa6d6 elementor-align-center elementor-widget elementor-widget-button\" data-id=\"71aa6d6\" data-element_type=\"widget\" data-e-type=\"widget\" data-widget_type=\"button.default\">\n\t\t\t\t<div class=\"elementor-widget-container\">\n\t\t\t\t\t\t\t\t\t<div class=\"elementor-button-wrapper\">\n\t\t\t\t\t<a class=\"elementor-button elementor-button-link elementor-size-sm\" href=\"https:\/\/cubalex.org\/en\/report\/informe-mensual-sobre-la-situacion-de-los-derechos-humanos-en-cuba-enero-2026\/\">\n\t\t\t\t\t\t<span class=\"elementor-button-content-wrapper\">\n\t\t\t\t\t\t\t\t\t<span class=\"elementor-button-text\">Leer m\u00e1s<\/span>\n\t\t\t\t\t<\/span>\n\t\t\t\t\t<\/a>\n\t\t\t\t<\/div>\n\t\t\t\t\t\t\t\t<\/div>\n\t\t\t\t<\/div>\n\t\t\t\t<\/div>\n\t\t\t\t\t<\/div>\n\t\t\t\t<\/div>\n\t\t\t\t<\/div>\n\t\t<style id=\"loop-dynamic-24131\">.e-loop-item-20252 .elementor-element.elementor-element-c7bc13c:not(.elementor-motion-effects-element-type-background), .e-loop-item-20252 .elementor-element.elementor-element-c7bc13c > .elementor-motion-effects-container > .elementor-motion-effects-layer{background-image:url(\"https:\/\/i0.wp.com\/cubalex.org\/wp-content\/uploads\/2026\/01\/Portada-Informe-Mensual-1.jpg?fit=1200%2C650&ssl=1\");}<\/style>\t\t<div data-elementor-type=\"loop-item\" data-elementor-id=\"24131\" class=\"elementor elementor-24131 swiper-slide e-loop-item e-loop-item-20252 post-20252 report type-report status-publish has-post-thumbnail hentry topic-derechos-humanos topic-informe-mensual topic-represion-en-cuba\" data-elementor-post-type=\"elementor_library\" role=\"group\" aria-roledescription=\"slide\" data-custom-edit-handle=\"1\">\n\t\t\t<div class=\"elementor-element elementor-element-550ffc0 e-flex e-con-boxed e-con e-parent\" data-id=\"550ffc0\" data-element_type=\"container\" data-e-type=\"container\" data-settings=\"{&quot;background_background&quot;:&quot;classic&quot;}\">\n\t\t\t\t\t<div class=\"e-con-inner\">\n\t\t<a class=\"elementor-element elementor-element-c7bc13c e-con-full e-flex e-con e-child\" data-id=\"c7bc13c\" data-element_type=\"container\" data-e-type=\"container\" data-settings=\"{&quot;background_background&quot;:&quot;classic&quot;}\" href=\"https:\/\/cubalex.org\/en\/report\/informe-mensual-sobre-la-situacion-de-los-derechos-humanos-en-cuba-diciembre-2025\/\">\n\t\t<div class=\"elementor-element elementor-element-5b73728 e-con-full e-flex e-con e-child\" data-id=\"5b73728\" data-element_type=\"container\" data-e-type=\"container\" data-settings=\"{&quot;background_background&quot;:&quot;classic&quot;}\">\n\t\t\t\t<div class=\"elementor-element elementor-element-f8871a5 elementor-widget elementor-widget-theme-post-title elementor-page-title elementor-widget-heading\" data-id=\"f8871a5\" data-element_type=\"widget\" data-e-type=\"widget\" data-widget_type=\"theme-post-title.default\">\n\t\t\t\t<div class=\"elementor-widget-container\">\n\t\t\t\t\t<h3 class=\"elementor-heading-title elementor-size-default\">Informe Mensual sobre la Situaci\u00f3n de los Derechos Humanos en Cuba | Diciembre 2025<\/h3>\t\t\t\t<\/div>\n\t\t\t\t<\/div>\n\t\t\t\t<\/div>\n\t\t\t\t<\/a>\n\t\t<div class=\"elementor-element elementor-element-5a13a3b e-con-full e-flex e-con e-child\" data-id=\"5a13a3b\" data-element_type=\"container\" data-e-type=\"container\">\n\t\t\t\t<div class=\"elementor-element elementor-element-68f2f95 elementor-widget elementor-widget-post-info\" data-id=\"68f2f95\" data-element_type=\"widget\" data-e-type=\"widget\" data-widget_type=\"post-info.default\">\n\t\t\t\t<div class=\"elementor-widget-container\">\n\t\t\t\t\t\t\t<ul class=\"elementor-inline-items elementor-icon-list-items elementor-post-info\">\n\t\t\t\t\t\t\t\t<li class=\"elementor-icon-list-item elementor-repeater-item-c1536b1 elementor-inline-item\" itemprop=\"datePublished\">\n\t\t\t\t\t\t\t\t\t\t\t\t\t<span class=\"elementor-icon-list-text elementor-post-info__item elementor-post-info__item--type-date\">\n\t\t\t\t\t\t\t\t\t\t<time>12\/01\/2026<\/time>\t\t\t\t\t<\/span>\n\t\t\t\t\t\t\t\t<\/li>\n\t\t\t\t<\/ul>\n\t\t\t\t\t\t<\/div>\n\t\t\t\t<\/div>\n\t\t\t\t<div class=\"elementor-element elementor-element-2b76276 textoCortoGrid elementor-widget elementor-widget-theme-post-excerpt\" data-id=\"2b76276\" data-element_type=\"widget\" data-e-type=\"widget\" data-widget_type=\"theme-post-excerpt.default\">\n\t\t\t\t<div class=\"elementor-widget-container\">\n\t\t\t\t\tEl cierre de 2025 dej\u00f3 en evidencia un deterioro profundo y sostenido de la vida en Cuba. Diciembre condens\u00f3, de forma especialmente cruda, los efectos acumulados de una crisis que ya no es coyuntural: es estructural, cotidiana y transversal. El colapso de los servicios b\u00e1sicos, la precariedad del sistema de [...]\t\t\t\t<\/div>\n\t\t\t\t<\/div>\n\t\t\t\t<\/div>\n\t\t<div class=\"elementor-element elementor-element-6cdf2a8 e-con-full e-flex e-con e-child\" data-id=\"6cdf2a8\" data-element_type=\"container\" data-e-type=\"container\">\n\t\t\t\t<div class=\"elementor-element elementor-element-71aa6d6 elementor-align-center elementor-widget elementor-widget-button\" data-id=\"71aa6d6\" data-element_type=\"widget\" data-e-type=\"widget\" data-widget_type=\"button.default\">\n\t\t\t\t<div class=\"elementor-widget-container\">\n\t\t\t\t\t\t\t\t\t<div class=\"elementor-button-wrapper\">\n\t\t\t\t\t<a class=\"elementor-button elementor-button-link elementor-size-sm\" href=\"https:\/\/cubalex.org\/en\/report\/informe-mensual-sobre-la-situacion-de-los-derechos-humanos-en-cuba-diciembre-2025\/\">\n\t\t\t\t\t\t<span class=\"elementor-button-content-wrapper\">\n\t\t\t\t\t\t\t\t\t<span class=\"elementor-button-text\">Leer m\u00e1s<\/span>\n\t\t\t\t\t<\/span>\n\t\t\t\t\t<\/a>\n\t\t\t\t<\/div>\n\t\t\t\t\t\t\t\t<\/div>\n\t\t\t\t<\/div>\n\t\t\t\t<\/div>\n\t\t\t\t\t<\/div>\n\t\t\t\t<\/div>\n\t\t\t\t<\/div>\n\t\t<style id=\"loop-dynamic-24131\">.e-loop-item-20002 .elementor-element.elementor-element-c7bc13c:not(.elementor-motion-effects-element-type-background), .e-loop-item-20002 .elementor-element.elementor-element-c7bc13c > .elementor-motion-effects-container > .elementor-motion-effects-layer{background-image:url(\"https:\/\/i0.wp.com\/cubalex.org\/wp-content\/uploads\/2025\/12\/4-4.jpg?fit=1200%2C650&ssl=1\");}<\/style>\t\t<div data-elementor-type=\"loop-item\" data-elementor-id=\"24131\" class=\"elementor elementor-24131 swiper-slide e-loop-item e-loop-item-20002 post-20002 report type-report status-publish has-post-thumbnail hentry topic-derechos-humanos topic-informe-mensual topic-represion-en-cuba\" data-elementor-post-type=\"elementor_library\" role=\"group\" aria-roledescription=\"slide\" data-custom-edit-handle=\"1\">\n\t\t\t<div class=\"elementor-element elementor-element-550ffc0 e-flex e-con-boxed e-con e-parent\" data-id=\"550ffc0\" data-element_type=\"container\" data-e-type=\"container\" data-settings=\"{&quot;background_background&quot;:&quot;classic&quot;}\">\n\t\t\t\t\t<div class=\"e-con-inner\">\n\t\t<a class=\"elementor-element elementor-element-c7bc13c e-con-full e-flex e-con e-child\" data-id=\"c7bc13c\" data-element_type=\"container\" data-e-type=\"container\" data-settings=\"{&quot;background_background&quot;:&quot;classic&quot;}\" href=\"https:\/\/cubalex.org\/en\/report\/informe-mensual-sobre-la-situacion-de-los-derechos-humanos-en-cuba-noviembre-2025\/\">\n\t\t<div class=\"elementor-element elementor-element-5b73728 e-con-full e-flex e-con e-child\" data-id=\"5b73728\" data-element_type=\"container\" data-e-type=\"container\" data-settings=\"{&quot;background_background&quot;:&quot;classic&quot;}\">\n\t\t\t\t<div class=\"elementor-element elementor-element-f8871a5 elementor-widget elementor-widget-theme-post-title elementor-page-title elementor-widget-heading\" data-id=\"f8871a5\" data-element_type=\"widget\" data-e-type=\"widget\" data-widget_type=\"theme-post-title.default\">\n\t\t\t\t<div class=\"elementor-widget-container\">\n\t\t\t\t\t<h3 class=\"elementor-heading-title elementor-size-default\">Informe Mensual sobre la Situaci\u00f3n de los Derechos Humanos en Cuba | Noviembre 2025<\/h3>\t\t\t\t<\/div>\n\t\t\t\t<\/div>\n\t\t\t\t<\/div>\n\t\t\t\t<\/a>\n\t\t<div class=\"elementor-element elementor-element-5a13a3b e-con-full e-flex e-con e-child\" data-id=\"5a13a3b\" data-element_type=\"container\" data-e-type=\"container\">\n\t\t\t\t<div class=\"elementor-element elementor-element-68f2f95 elementor-widget elementor-widget-post-info\" data-id=\"68f2f95\" data-element_type=\"widget\" data-e-type=\"widget\" data-widget_type=\"post-info.default\">\n\t\t\t\t<div class=\"elementor-widget-container\">\n\t\t\t\t\t\t\t<ul class=\"elementor-inline-items elementor-icon-list-items elementor-post-info\">\n\t\t\t\t\t\t\t\t<li class=\"elementor-icon-list-item elementor-repeater-item-c1536b1 elementor-inline-item\" itemprop=\"datePublished\">\n\t\t\t\t\t\t\t\t\t\t\t\t\t<span class=\"elementor-icon-list-text elementor-post-info__item elementor-post-info__item--type-date\">\n\t\t\t\t\t\t\t\t\t\t<time>17\/12\/2025<\/time>\t\t\t\t\t<\/span>\n\t\t\t\t\t\t\t\t<\/li>\n\t\t\t\t<\/ul>\n\t\t\t\t\t\t<\/div>\n\t\t\t\t<\/div>\n\t\t\t\t<div class=\"elementor-element elementor-element-2b76276 textoCortoGrid elementor-widget elementor-widget-theme-post-excerpt\" data-id=\"2b76276\" data-element_type=\"widget\" data-e-type=\"widget\" data-widget_type=\"theme-post-excerpt.default\">\n\t\t\t\t<div class=\"elementor-widget-container\">\n\t\t\t\t\tCubalex registr\u00f3 165 hechos violatorios que incluyeron 343 incidentes de represi\u00f3n durante el mes. Entre los casos reportados destaca el del preso pol\u00edtico Jos\u00e9 Antonio Pompa L\u00f3pez, quien inici\u00f3 una huelga de hambre tras su traslado arbitrario desde el Combinado del Este hacia otra prisi\u00f3n fuera de La Habana. [...]\t\t\t\t<\/div>\n\t\t\t\t<\/div>\n\t\t\t\t<\/div>\n\t\t<div class=\"elementor-element elementor-element-6cdf2a8 e-con-full e-flex e-con e-child\" data-id=\"6cdf2a8\" data-element_type=\"container\" data-e-type=\"container\">\n\t\t\t\t<div class=\"elementor-element elementor-element-71aa6d6 elementor-align-center elementor-widget elementor-widget-button\" data-id=\"71aa6d6\" data-element_type=\"widget\" data-e-type=\"widget\" data-widget_type=\"button.default\">\n\t\t\t\t<div class=\"elementor-widget-container\">\n\t\t\t\t\t\t\t\t\t<div class=\"elementor-button-wrapper\">\n\t\t\t\t\t<a class=\"elementor-button elementor-button-link elementor-size-sm\" href=\"https:\/\/cubalex.org\/en\/report\/informe-mensual-sobre-la-situacion-de-los-derechos-humanos-en-cuba-noviembre-2025\/\">\n\t\t\t\t\t\t<span class=\"elementor-button-content-wrapper\">\n\t\t\t\t\t\t\t\t\t<span class=\"elementor-button-text\">Leer m\u00e1s<\/span>\n\t\t\t\t\t<\/span>\n\t\t\t\t\t<\/a>\n\t\t\t\t<\/div>\n\t\t\t\t\t\t\t\t<\/div>\n\t\t\t\t<\/div>\n\t\t\t\t<\/div>\n\t\t\t\t\t<\/div>\n\t\t\t\t<\/div>\n\t\t\t\t<\/div>\n\t\t<style id=\"loop-dynamic-24131\">.e-loop-item-19274 .elementor-element.elementor-element-c7bc13c:not(.elementor-motion-effects-element-type-background), .e-loop-item-19274 .elementor-element.elementor-element-c7bc13c > .elementor-motion-effects-container > .elementor-motion-effects-layer{background-image:url(\"https:\/\/i0.wp.com\/cubalex.org\/wp-content\/uploads\/2025\/11\/Portada-Informe-Mensual.jpg?fit=1200%2C650&ssl=1\");}<\/style>\t\t<div data-elementor-type=\"loop-item\" data-elementor-id=\"24131\" class=\"elementor elementor-24131 swiper-slide e-loop-item e-loop-item-19274 post-19274 report type-report status-publish has-post-thumbnail hentry topic-derechos-humanos topic-informe-mensual topic-represion-en-cuba\" data-elementor-post-type=\"elementor_library\" role=\"group\" aria-roledescription=\"slide\" data-custom-edit-handle=\"1\">\n\t\t\t<div class=\"elementor-element elementor-element-550ffc0 e-flex e-con-boxed e-con e-parent\" data-id=\"550ffc0\" data-element_type=\"container\" data-e-type=\"container\" data-settings=\"{&quot;background_background&quot;:&quot;classic&quot;}\">\n\t\t\t\t\t<div class=\"e-con-inner\">\n\t\t<a class=\"elementor-element elementor-element-c7bc13c e-con-full e-flex e-con e-child\" data-id=\"c7bc13c\" data-element_type=\"container\" data-e-type=\"container\" data-settings=\"{&quot;background_background&quot;:&quot;classic&quot;}\" href=\"https:\/\/cubalex.org\/en\/report\/informe-mensual-sobre-la-situacion-de-los-derechos-humanos-en-cuba-octubre-2025\/\">\n\t\t<div class=\"elementor-element elementor-element-5b73728 e-con-full e-flex e-con e-child\" data-id=\"5b73728\" data-element_type=\"container\" data-e-type=\"container\" data-settings=\"{&quot;background_background&quot;:&quot;classic&quot;}\">\n\t\t\t\t<div class=\"elementor-element elementor-element-f8871a5 elementor-widget elementor-widget-theme-post-title elementor-page-title elementor-widget-heading\" data-id=\"f8871a5\" data-element_type=\"widget\" data-e-type=\"widget\" data-widget_type=\"theme-post-title.default\">\n\t\t\t\t<div class=\"elementor-widget-container\">\n\t\t\t\t\t<h3 class=\"elementor-heading-title elementor-size-default\">Informe Mensual sobre la Situaci\u00f3n de los Derechos Humanos en Cuba | Octubre 2025<\/h3>\t\t\t\t<\/div>\n\t\t\t\t<\/div>\n\t\t\t\t<\/div>\n\t\t\t\t<\/a>\n\t\t<div class=\"elementor-element elementor-element-5a13a3b e-con-full e-flex e-con e-child\" data-id=\"5a13a3b\" data-element_type=\"container\" data-e-type=\"container\">\n\t\t\t\t<div class=\"elementor-element elementor-element-68f2f95 elementor-widget elementor-widget-post-info\" data-id=\"68f2f95\" data-element_type=\"widget\" data-e-type=\"widget\" data-widget_type=\"post-info.default\">\n\t\t\t\t<div class=\"elementor-widget-container\">\n\t\t\t\t\t\t\t<ul class=\"elementor-inline-items elementor-icon-list-items elementor-post-info\">\n\t\t\t\t\t\t\t\t<li class=\"elementor-icon-list-item elementor-repeater-item-c1536b1 elementor-inline-item\" itemprop=\"datePublished\">\n\t\t\t\t\t\t\t\t\t\t\t\t\t<span class=\"elementor-icon-list-text elementor-post-info__item elementor-post-info__item--type-date\">\n\t\t\t\t\t\t\t\t\t\t<time>11\/11\/2025<\/time>\t\t\t\t\t<\/span>\n\t\t\t\t\t\t\t\t<\/li>\n\t\t\t\t<\/ul>\n\t\t\t\t\t\t<\/div>\n\t\t\t\t<\/div>\n\t\t\t\t<div class=\"elementor-element elementor-element-2b76276 textoCortoGrid elementor-widget elementor-widget-theme-post-excerpt\" data-id=\"2b76276\" data-element_type=\"widget\" data-e-type=\"widget\" data-widget_type=\"theme-post-excerpt.default\">\n\t\t\t\t<div class=\"elementor-widget-container\">\n\t\t\t\t\t<p>Durante octubre de 2025, Cuba enfrent\u00f3 una de las crisis humanitarias m\u00e1s graves del a\u00f1o tras el paso del hurac\u00e1n Melissa, de categor\u00eda 4, que devast\u00f3 la regi\u00f3n oriental. La emergencia humanitaria evidenci\u00f3 la falta de capacidad del Estado para atender a la poblaci\u00f3n y la opacidad en la gesti\u00f3n [...]\t\t\t\t<\/div>\n\t\t\t\t<\/div>\n\t\t\t\t<\/div>\n\t\t<div class=\"elementor-element elementor-element-6cdf2a8 e-con-full e-flex e-con e-child\" data-id=\"6cdf2a8\" data-element_type=\"container\" data-e-type=\"container\">\n\t\t\t\t<div class=\"elementor-element elementor-element-71aa6d6 elementor-align-center elementor-widget elementor-widget-button\" data-id=\"71aa6d6\" data-element_type=\"widget\" data-e-type=\"widget\" data-widget_type=\"button.default\">\n\t\t\t\t<div class=\"elementor-widget-container\">\n\t\t\t\t\t\t\t\t\t<div class=\"elementor-button-wrapper\">\n\t\t\t\t\t<a class=\"elementor-button elementor-button-link elementor-size-sm\" href=\"https:\/\/cubalex.org\/en\/report\/informe-mensual-sobre-la-situacion-de-los-derechos-humanos-en-cuba-octubre-2025\/\">\n\t\t\t\t\t\t<span class=\"elementor-button-content-wrapper\">\n\t\t\t\t\t\t\t\t\t<span class=\"elementor-button-text\">Leer m\u00e1s<\/span>\n\t\t\t\t\t<\/span>\n\t\t\t\t\t<\/a>\n\t\t\t\t<\/div>\n\t\t\t\t\t\t\t\t<\/div>\n\t\t\t\t<\/div>\n\t\t\t\t<\/div>\n\t\t\t\t\t<\/div>\n\t\t\t\t<\/div>\n\t\t\t\t<\/div>\n\t\t<style id=\"loop-dynamic-24131\">.e-loop-item-18984 .elementor-element.elementor-element-c7bc13c:not(.elementor-motion-effects-element-type-background), .e-loop-item-18984 .elementor-element.elementor-element-c7bc13c > .elementor-motion-effects-container > .elementor-motion-effects-layer{background-image:url(\"https:\/\/i0.wp.com\/cubalex.org\/wp-content\/uploads\/2025\/10\/Portada-Informe-Mensual-septiembre-2025-1.jpg?fit=1200%2C650&ssl=1\");}<\/style>\t\t<div data-elementor-type=\"loop-item\" data-elementor-id=\"24131\" class=\"elementor elementor-24131 swiper-slide e-loop-item e-loop-item-18984 post-18984 report type-report status-publish has-post-thumbnail hentry topic-derechos-humanos topic-informe-mensual topic-represion-en-cuba\" data-elementor-post-type=\"elementor_library\" role=\"group\" aria-roledescription=\"slide\" data-custom-edit-handle=\"1\">\n\t\t\t<div class=\"elementor-element elementor-element-550ffc0 e-flex e-con-boxed e-con e-parent\" data-id=\"550ffc0\" data-element_type=\"container\" data-e-type=\"container\" data-settings=\"{&quot;background_background&quot;:&quot;classic&quot;}\">\n\t\t\t\t\t<div class=\"e-con-inner\">\n\t\t<a class=\"elementor-element elementor-element-c7bc13c e-con-full e-flex e-con e-child\" data-id=\"c7bc13c\" data-element_type=\"container\" data-e-type=\"container\" data-settings=\"{&quot;background_background&quot;:&quot;classic&quot;}\" href=\"https:\/\/cubalex.org\/en\/report\/informe-mensual-sobre-la-situacion-de-los-derechos-humanos-en-cuba-septiembre-2025\/\">\n\t\t<div class=\"elementor-element elementor-element-5b73728 e-con-full e-flex e-con e-child\" data-id=\"5b73728\" data-element_type=\"container\" data-e-type=\"container\" data-settings=\"{&quot;background_background&quot;:&quot;classic&quot;}\">\n\t\t\t\t<div class=\"elementor-element elementor-element-f8871a5 elementor-widget elementor-widget-theme-post-title elementor-page-title elementor-widget-heading\" data-id=\"f8871a5\" data-element_type=\"widget\" data-e-type=\"widget\" data-widget_type=\"theme-post-title.default\">\n\t\t\t\t<div class=\"elementor-widget-container\">\n\t\t\t\t\t<h3 class=\"elementor-heading-title elementor-size-default\">Informe Mensual Sobre la Situaci\u00f3n de los Derechos Humanos en Cuba | Septiembre 2025<\/h3>\t\t\t\t<\/div>\n\t\t\t\t<\/div>\n\t\t\t\t<\/div>\n\t\t\t\t<\/a>\n\t\t<div class=\"elementor-element elementor-element-5a13a3b e-con-full e-flex e-con e-child\" data-id=\"5a13a3b\" data-element_type=\"container\" data-e-type=\"container\">\n\t\t\t\t<div class=\"elementor-element elementor-element-68f2f95 elementor-widget elementor-widget-post-info\" data-id=\"68f2f95\" data-element_type=\"widget\" data-e-type=\"widget\" data-widget_type=\"post-info.default\">\n\t\t\t\t<div class=\"elementor-widget-container\">\n\t\t\t\t\t\t\t<ul class=\"elementor-inline-items elementor-icon-list-items elementor-post-info\">\n\t\t\t\t\t\t\t\t<li class=\"elementor-icon-list-item elementor-repeater-item-c1536b1 elementor-inline-item\" itemprop=\"datePublished\">\n\t\t\t\t\t\t\t\t\t\t\t\t\t<span class=\"elementor-icon-list-text elementor-post-info__item elementor-post-info__item--type-date\">\n\t\t\t\t\t\t\t\t\t\t<time>17\/10\/2025<\/time>\t\t\t\t\t<\/span>\n\t\t\t\t\t\t\t\t<\/li>\n\t\t\t\t<\/ul>\n\t\t\t\t\t\t<\/div>\n\t\t\t\t<\/div>\n\t\t\t\t<div class=\"elementor-element elementor-element-2b76276 textoCortoGrid elementor-widget elementor-widget-theme-post-excerpt\" data-id=\"2b76276\" data-element_type=\"widget\" data-e-type=\"widget\" data-widget_type=\"theme-post-excerpt.default\">\n\t\t\t\t<div class=\"elementor-widget-container\">\n\t\t\t\t\t<p>En septiembre de 2025, Cuba volvi\u00f3 a sumirse en una crisis que afecta cada aspecto de la vida cotidiana. Brotes de enfermedades, hospitales colapsados y sin recursos, calles desbordadas de basura y apagones interminables revelan la p\u00e9sima gesti\u00f3n estatal y el abandono de las necesidades b\u00e1sicas de la poblaci\u00f3n.&nbsp; El [...]\t\t\t\t<\/div>\n\t\t\t\t<\/div>\n\t\t\t\t<\/div>\n\t\t<div class=\"elementor-element elementor-element-6cdf2a8 e-con-full e-flex e-con e-child\" data-id=\"6cdf2a8\" data-element_type=\"container\" data-e-type=\"container\">\n\t\t\t\t<div class=\"elementor-element elementor-element-71aa6d6 elementor-align-center elementor-widget elementor-widget-button\" data-id=\"71aa6d6\" data-element_type=\"widget\" data-e-type=\"widget\" data-widget_type=\"button.default\">\n\t\t\t\t<div class=\"elementor-widget-container\">\n\t\t\t\t\t\t\t\t\t<div class=\"elementor-button-wrapper\">\n\t\t\t\t\t<a class=\"elementor-button elementor-button-link elementor-size-sm\" href=\"https:\/\/cubalex.org\/en\/report\/informe-mensual-sobre-la-situacion-de-los-derechos-humanos-en-cuba-septiembre-2025\/\">\n\t\t\t\t\t\t<span class=\"elementor-button-content-wrapper\">\n\t\t\t\t\t\t\t\t\t<span class=\"elementor-button-text\">Leer m\u00e1s<\/span>\n\t\t\t\t\t<\/span>\n\t\t\t\t\t<\/a>\n\t\t\t\t<\/div>\n\t\t\t\t\t\t\t\t<\/div>\n\t\t\t\t<\/div>\n\t\t\t\t<\/div>\n\t\t\t\t\t<\/div>\n\t\t\t\t<\/div>\n\t\t\t\t<\/div>\n\t\t<style id=\"loop-dynamic-24131\">.e-loop-item-18166 .elementor-element.elementor-element-c7bc13c:not(.elementor-motion-effects-element-type-background), .e-loop-item-18166 .elementor-element.elementor-element-c7bc13c > .elementor-motion-effects-container > .elementor-motion-effects-layer{background-image:url(\"https:\/\/i0.wp.com\/cubalex.org\/wp-content\/uploads\/2025\/09\/Portada-Web.jpg?fit=1200%2C650&ssl=1\");}<\/style>\t\t<div data-elementor-type=\"loop-item\" data-elementor-id=\"24131\" class=\"elementor elementor-24131 swiper-slide e-loop-item e-loop-item-18166 post-18166 report type-report status-publish has-post-thumbnail hentry topic-derechos-humanos topic-informe-mensual topic-represion-en-cuba\" data-elementor-post-type=\"elementor_library\" role=\"group\" aria-roledescription=\"slide\" data-custom-edit-handle=\"1\">\n\t\t\t<div class=\"elementor-element elementor-element-550ffc0 e-flex e-con-boxed e-con e-parent\" data-id=\"550ffc0\" data-element_type=\"container\" data-e-type=\"container\" data-settings=\"{&quot;background_background&quot;:&quot;classic&quot;}\">\n\t\t\t\t\t<div class=\"e-con-inner\">\n\t\t<a class=\"elementor-element elementor-element-c7bc13c e-con-full e-flex e-con e-child\" data-id=\"c7bc13c\" data-element_type=\"container\" data-e-type=\"container\" data-settings=\"{&quot;background_background&quot;:&quot;classic&quot;}\" href=\"https:\/\/cubalex.org\/en\/report\/informe-mensual-sobre-la-situacion-de-los-derechos-humanos-en-cuba-agosto-2025\/\">\n\t\t<div class=\"elementor-element elementor-element-5b73728 e-con-full e-flex e-con e-child\" data-id=\"5b73728\" data-element_type=\"container\" data-e-type=\"container\" data-settings=\"{&quot;background_background&quot;:&quot;classic&quot;}\">\n\t\t\t\t<div class=\"elementor-element elementor-element-f8871a5 elementor-widget elementor-widget-theme-post-title elementor-page-title elementor-widget-heading\" data-id=\"f8871a5\" data-element_type=\"widget\" data-e-type=\"widget\" data-widget_type=\"theme-post-title.default\">\n\t\t\t\t<div class=\"elementor-widget-container\">\n\t\t\t\t\t<h3 class=\"elementor-heading-title elementor-size-default\">Informe Mensual sobre la Situaci\u00f3n de los Derechos Humanos en Cuba | Agosto 2025<\/h3>\t\t\t\t<\/div>\n\t\t\t\t<\/div>\n\t\t\t\t<\/div>\n\t\t\t\t<\/a>\n\t\t<div class=\"elementor-element elementor-element-5a13a3b e-con-full e-flex e-con e-child\" data-id=\"5a13a3b\" data-element_type=\"container\" data-e-type=\"container\">\n\t\t\t\t<div class=\"elementor-element elementor-element-68f2f95 elementor-widget elementor-widget-post-info\" data-id=\"68f2f95\" data-element_type=\"widget\" data-e-type=\"widget\" data-widget_type=\"post-info.default\">\n\t\t\t\t<div class=\"elementor-widget-container\">\n\t\t\t\t\t\t\t<ul class=\"elementor-inline-items elementor-icon-list-items elementor-post-info\">\n\t\t\t\t\t\t\t\t<li class=\"elementor-icon-list-item elementor-repeater-item-c1536b1 elementor-inline-item\" itemprop=\"datePublished\">\n\t\t\t\t\t\t\t\t\t\t\t\t\t<span class=\"elementor-icon-list-text elementor-post-info__item elementor-post-info__item--type-date\">\n\t\t\t\t\t\t\t\t\t\t<time>22\/09\/2025<\/time>\t\t\t\t\t<\/span>\n\t\t\t\t\t\t\t\t<\/li>\n\t\t\t\t<\/ul>\n\t\t\t\t\t\t<\/div>\n\t\t\t\t<\/div>\n\t\t\t\t<div class=\"elementor-element elementor-element-2b76276 textoCortoGrid elementor-widget elementor-widget-theme-post-excerpt\" data-id=\"2b76276\" data-element_type=\"widget\" data-e-type=\"widget\" data-widget_type=\"theme-post-excerpt.default\">\n\t\t\t\t<div class=\"elementor-widget-container\">\n\t\t\t\t\tEl mes de agosto estuvo marcado por un aumento de la violencia y un mayor deterioro de las condiciones de vida en Cuba. La inseguridad se manifest\u00f3 en asesinatos, feminicidios, asaltos y otras expresiones de violencia que las autoridades no atienden, pues concentran sus recursos en reprimir el disenso. [...]\t\t\t\t<\/div>\n\t\t\t\t<\/div>\n\t\t\t\t<\/div>\n\t\t<div class=\"elementor-element elementor-element-6cdf2a8 e-con-full e-flex e-con e-child\" data-id=\"6cdf2a8\" data-element_type=\"container\" data-e-type=\"container\">\n\t\t\t\t<div class=\"elementor-element elementor-element-71aa6d6 elementor-align-center elementor-widget elementor-widget-button\" data-id=\"71aa6d6\" data-element_type=\"widget\" data-e-type=\"widget\" data-widget_type=\"button.default\">\n\t\t\t\t<div class=\"elementor-widget-container\">\n\t\t\t\t\t\t\t\t\t<div class=\"elementor-button-wrapper\">\n\t\t\t\t\t<a class=\"elementor-button elementor-button-link elementor-size-sm\" href=\"https:\/\/cubalex.org\/en\/report\/informe-mensual-sobre-la-situacion-de-los-derechos-humanos-en-cuba-agosto-2025\/\">\n\t\t\t\t\t\t<span class=\"elementor-button-content-wrapper\">\n\t\t\t\t\t\t\t\t\t<span class=\"elementor-button-text\">Leer m\u00e1s<\/span>\n\t\t\t\t\t<\/span>\n\t\t\t\t\t<\/a>\n\t\t\t\t<\/div>\n\t\t\t\t\t\t\t\t<\/div>\n\t\t\t\t<\/div>\n\t\t\t\t<\/div>\n\t\t\t\t\t<\/div>\n\t\t\t\t<\/div>\n\t\t\t\t<\/div>\n\t\t<style id=\"loop-dynamic-24131\">.e-loop-item-17383 .elementor-element.elementor-element-c7bc13c:not(.elementor-motion-effects-element-type-background), .e-loop-item-17383 .elementor-element.elementor-element-c7bc13c > .elementor-motion-effects-container > .elementor-motion-effects-layer{background-image:url(\"https:\/\/i0.wp.com\/cubalex.org\/wp-content\/uploads\/2025\/08\/Plantillas-sitio-web-45.png?fit=1200%2C560&ssl=1\");}<\/style>\t\t<div data-elementor-type=\"loop-item\" data-elementor-id=\"24131\" class=\"elementor elementor-24131 swiper-slide e-loop-item e-loop-item-17383 post-17383 report type-report status-publish has-post-thumbnail hentry topic-derechos-humanos topic-informe-mensual topic-represion-en-cuba\" data-elementor-post-type=\"elementor_library\" role=\"group\" aria-roledescription=\"slide\" data-custom-edit-handle=\"1\">\n\t\t\t<div class=\"elementor-element elementor-element-550ffc0 e-flex e-con-boxed e-con e-parent\" data-id=\"550ffc0\" data-element_type=\"container\" data-e-type=\"container\" data-settings=\"{&quot;background_background&quot;:&quot;classic&quot;}\">\n\t\t\t\t\t<div class=\"e-con-inner\">\n\t\t<a class=\"elementor-element elementor-element-c7bc13c e-con-full e-flex e-con e-child\" data-id=\"c7bc13c\" data-element_type=\"container\" data-e-type=\"container\" data-settings=\"{&quot;background_background&quot;:&quot;classic&quot;}\" href=\"https:\/\/cubalex.org\/en\/report\/informe-mensual-sobre-la-situacion-de-los-derechos-humanos-en-cuba-julio-2025\/\">\n\t\t<div class=\"elementor-element elementor-element-5b73728 e-con-full e-flex e-con e-child\" data-id=\"5b73728\" data-element_type=\"container\" data-e-type=\"container\" data-settings=\"{&quot;background_background&quot;:&quot;classic&quot;}\">\n\t\t\t\t<div class=\"elementor-element elementor-element-f8871a5 elementor-widget elementor-widget-theme-post-title elementor-page-title elementor-widget-heading\" data-id=\"f8871a5\" data-element_type=\"widget\" data-e-type=\"widget\" data-widget_type=\"theme-post-title.default\">\n\t\t\t\t<div class=\"elementor-widget-container\">\n\t\t\t\t\t<h3 class=\"elementor-heading-title elementor-size-default\">Informe Mensual sobre la Situaci\u00f3n de los Derechos Humanos en Cuba | Julio 2025\u00a0<\/h3>\t\t\t\t<\/div>\n\t\t\t\t<\/div>\n\t\t\t\t<\/div>\n\t\t\t\t<\/a>\n\t\t<div class=\"elementor-element elementor-element-5a13a3b e-con-full e-flex e-con e-child\" data-id=\"5a13a3b\" data-element_type=\"container\" data-e-type=\"container\">\n\t\t\t\t<div class=\"elementor-element elementor-element-68f2f95 elementor-widget elementor-widget-post-info\" data-id=\"68f2f95\" data-element_type=\"widget\" data-e-type=\"widget\" data-widget_type=\"post-info.default\">\n\t\t\t\t<div class=\"elementor-widget-container\">\n\t\t\t\t\t\t\t<ul class=\"elementor-inline-items elementor-icon-list-items elementor-post-info\">\n\t\t\t\t\t\t\t\t<li class=\"elementor-icon-list-item elementor-repeater-item-c1536b1 elementor-inline-item\" itemprop=\"datePublished\">\n\t\t\t\t\t\t\t\t\t\t\t\t\t<span class=\"elementor-icon-list-text elementor-post-info__item elementor-post-info__item--type-date\">\n\t\t\t\t\t\t\t\t\t\t<time>15\/08\/2025<\/time>\t\t\t\t\t<\/span>\n\t\t\t\t\t\t\t\t<\/li>\n\t\t\t\t<\/ul>\n\t\t\t\t\t\t<\/div>\n\t\t\t\t<\/div>\n\t\t\t\t<div class=\"elementor-element elementor-element-2b76276 textoCortoGrid elementor-widget elementor-widget-theme-post-excerpt\" data-id=\"2b76276\" data-element_type=\"widget\" data-e-type=\"widget\" data-widget_type=\"theme-post-excerpt.default\">\n\t\t\t\t<div class=\"elementor-widget-container\">\n\t\t\t\t\t<p>Resumen Ejecutivo En julio de 2025, la crisis econ\u00f3mica, social y de derechos humanos en Cuba se profundiz\u00f3. El propio gobierno reconoci\u00f3 el incumplimiento de sus metas en sectores clave \u2014exportaciones, turismo, comercio minorista, producci\u00f3n agropecuaria y energ\u00e9tica\u2014 mientras persisten la inflaci\u00f3n, la falta de inversi\u00f3n extranjera y los problemas [...]\t\t\t\t<\/div>\n\t\t\t\t<\/div>\n\t\t\t\t<\/div>\n\t\t<div class=\"elementor-element elementor-element-6cdf2a8 e-con-full e-flex e-con e-child\" data-id=\"6cdf2a8\" data-element_type=\"container\" data-e-type=\"container\">\n\t\t\t\t<div class=\"elementor-element elementor-element-71aa6d6 elementor-align-center elementor-widget elementor-widget-button\" data-id=\"71aa6d6\" data-element_type=\"widget\" data-e-type=\"widget\" data-widget_type=\"button.default\">\n\t\t\t\t<div class=\"elementor-widget-container\">\n\t\t\t\t\t\t\t\t\t<div class=\"elementor-button-wrapper\">\n\t\t\t\t\t<a class=\"elementor-button elementor-button-link elementor-size-sm\" href=\"https:\/\/cubalex.org\/en\/report\/informe-mensual-sobre-la-situacion-de-los-derechos-humanos-en-cuba-julio-2025\/\">\n\t\t\t\t\t\t<span class=\"elementor-button-content-wrapper\">\n\t\t\t\t\t\t\t\t\t<span class=\"elementor-button-text\">Leer m\u00e1s<\/span>\n\t\t\t\t\t<\/span>\n\t\t\t\t\t<\/a>\n\t\t\t\t<\/div>\n\t\t\t\t\t\t\t\t<\/div>\n\t\t\t\t<\/div>\n\t\t\t\t<\/div>\n\t\t\t\t\t<\/div>\n\t\t\t\t<\/div>\n\t\t\t\t<\/div>\n\t\t<style id=\"loop-dynamic-24131\">.e-loop-item-17084 .elementor-element.elementor-element-c7bc13c:not(.elementor-motion-effects-element-type-background), .e-loop-item-17084 .elementor-element.elementor-element-c7bc13c > .elementor-motion-effects-container > .elementor-motion-effects-layer{background-image:url(\"https:\/\/i0.wp.com\/cubalex.org\/wp-content\/uploads\/2025\/07\/Informe-Cubalex-Junio-2025.png?fit=1200%2C560&ssl=1\");}<\/style>\t\t<div data-elementor-type=\"loop-item\" data-elementor-id=\"24131\" class=\"elementor elementor-24131 swiper-slide e-loop-item e-loop-item-17084 post-17084 report type-report status-publish has-post-thumbnail hentry topic-derechos-humanos topic-informe-mensual topic-represion-en-cuba\" data-elementor-post-type=\"elementor_library\" role=\"group\" aria-roledescription=\"slide\" data-custom-edit-handle=\"1\">\n\t\t\t<div class=\"elementor-element elementor-element-550ffc0 e-flex e-con-boxed e-con e-parent\" data-id=\"550ffc0\" data-element_type=\"container\" data-e-type=\"container\" data-settings=\"{&quot;background_background&quot;:&quot;classic&quot;}\">\n\t\t\t\t\t<div class=\"e-con-inner\">\n\t\t<a class=\"elementor-element elementor-element-c7bc13c e-con-full e-flex e-con e-child\" data-id=\"c7bc13c\" data-element_type=\"container\" data-e-type=\"container\" data-settings=\"{&quot;background_background&quot;:&quot;classic&quot;}\" href=\"https:\/\/cubalex.org\/en\/report\/informe-mensual-sobre-la-situacion-de-los-derechos-humanos-en-cuba-junio-2025\/\">\n\t\t<div class=\"elementor-element elementor-element-5b73728 e-con-full e-flex e-con e-child\" data-id=\"5b73728\" data-element_type=\"container\" data-e-type=\"container\" data-settings=\"{&quot;background_background&quot;:&quot;classic&quot;}\">\n\t\t\t\t<div class=\"elementor-element elementor-element-f8871a5 elementor-widget elementor-widget-theme-post-title elementor-page-title elementor-widget-heading\" data-id=\"f8871a5\" data-element_type=\"widget\" data-e-type=\"widget\" data-widget_type=\"theme-post-title.default\">\n\t\t\t\t<div class=\"elementor-widget-container\">\n\t\t\t\t\t<h3 class=\"elementor-heading-title elementor-size-default\">Informe Mensual sobre la Situaci\u00f3n de los Derechos Humanos en Cuba | Junio 2025\u00a0<\/h3>\t\t\t\t<\/div>\n\t\t\t\t<\/div>\n\t\t\t\t<\/div>\n\t\t\t\t<\/a>\n\t\t<div class=\"elementor-element elementor-element-5a13a3b e-con-full e-flex e-con e-child\" data-id=\"5a13a3b\" data-element_type=\"container\" data-e-type=\"container\">\n\t\t\t\t<div class=\"elementor-element elementor-element-68f2f95 elementor-widget elementor-widget-post-info\" data-id=\"68f2f95\" data-element_type=\"widget\" data-e-type=\"widget\" data-widget_type=\"post-info.default\">\n\t\t\t\t<div class=\"elementor-widget-container\">\n\t\t\t\t\t\t\t<ul class=\"elementor-inline-items elementor-icon-list-items elementor-post-info\">\n\t\t\t\t\t\t\t\t<li class=\"elementor-icon-list-item elementor-repeater-item-c1536b1 elementor-inline-item\" itemprop=\"datePublished\">\n\t\t\t\t\t\t\t\t\t\t\t\t\t<span class=\"elementor-icon-list-text elementor-post-info__item elementor-post-info__item--type-date\">\n\t\t\t\t\t\t\t\t\t\t<time>10\/07\/2025<\/time>\t\t\t\t\t<\/span>\n\t\t\t\t\t\t\t\t<\/li>\n\t\t\t\t<\/ul>\n\t\t\t\t\t\t<\/div>\n\t\t\t\t<\/div>\n\t\t\t\t<div class=\"elementor-element elementor-element-2b76276 textoCortoGrid elementor-widget elementor-widget-theme-post-excerpt\" data-id=\"2b76276\" data-element_type=\"widget\" data-e-type=\"widget\" data-widget_type=\"theme-post-excerpt.default\">\n\t\t\t\t<div class=\"elementor-widget-container\">\n\t\t\t\t\t<p>Resumen Ejecutivo Junio estuvo marcado por un incremento de la represi\u00f3n en un contexto de empobrecimiento generalizado y creciente descontento ciudadano. El Estado cubano mantiene un aparato represivo activo contra voces disidentes, mientras fortalece sus alianzas con otros reg\u00edmenes autoritarios. La situaci\u00f3n de los derechos humanos en la Isla sigue [...]\t\t\t\t<\/div>\n\t\t\t\t<\/div>\n\t\t\t\t<\/div>\n\t\t<div class=\"elementor-element elementor-element-6cdf2a8 e-con-full e-flex e-con e-child\" data-id=\"6cdf2a8\" data-element_type=\"container\" data-e-type=\"container\">\n\t\t\t\t<div class=\"elementor-element elementor-element-71aa6d6 elementor-align-center elementor-widget elementor-widget-button\" data-id=\"71aa6d6\" data-element_type=\"widget\" data-e-type=\"widget\" data-widget_type=\"button.default\">\n\t\t\t\t<div class=\"elementor-widget-container\">\n\t\t\t\t\t\t\t\t\t<div class=\"elementor-button-wrapper\">\n\t\t\t\t\t<a class=\"elementor-button elementor-button-link elementor-size-sm\" href=\"https:\/\/cubalex.org\/en\/report\/informe-mensual-sobre-la-situacion-de-los-derechos-humanos-en-cuba-junio-2025\/\">\n\t\t\t\t\t\t<span class=\"elementor-button-content-wrapper\">\n\t\t\t\t\t\t\t\t\t<span class=\"elementor-button-text\">Leer m\u00e1s<\/span>\n\t\t\t\t\t<\/span>\n\t\t\t\t\t<\/a>\n\t\t\t\t<\/div>\n\t\t\t\t\t\t\t\t<\/div>\n\t\t\t\t<\/div>\n\t\t\t\t<\/div>\n\t\t\t\t\t<\/div>\n\t\t\t\t<\/div>\n\t\t\t\t<\/div>\n\t\t<style id=\"loop-dynamic-24131\">.e-loop-item-16911 .elementor-element.elementor-element-c7bc13c:not(.elementor-motion-effects-element-type-background), .e-loop-item-16911 .elementor-element.elementor-element-c7bc13c > .elementor-motion-effects-container > .elementor-motion-effects-layer{background-image:url(\"https:\/\/i0.wp.com\/cubalex.org\/wp-content\/uploads\/2025\/06\/Informe-Mensual-Cubalex-DH.png?fit=1200%2C560&ssl=1\");}<\/style>\t\t<div data-elementor-type=\"loop-item\" data-elementor-id=\"24131\" class=\"elementor elementor-24131 swiper-slide e-loop-item e-loop-item-16911 post-16911 report type-report status-publish has-post-thumbnail hentry topic-derechos-humanos topic-informe-mensual topic-represion-en-cuba\" data-elementor-post-type=\"elementor_library\" role=\"group\" aria-roledescription=\"slide\" data-custom-edit-handle=\"1\">\n\t\t\t<div class=\"elementor-element elementor-element-550ffc0 e-flex e-con-boxed e-con e-parent\" data-id=\"550ffc0\" data-element_type=\"container\" data-e-type=\"container\" data-settings=\"{&quot;background_background&quot;:&quot;classic&quot;}\">\n\t\t\t\t\t<div class=\"e-con-inner\">\n\t\t<a class=\"elementor-element elementor-element-c7bc13c e-con-full e-flex e-con e-child\" data-id=\"c7bc13c\" data-element_type=\"container\" data-e-type=\"container\" data-settings=\"{&quot;background_background&quot;:&quot;classic&quot;}\" href=\"https:\/\/cubalex.org\/en\/report\/informe-mensual-sobre-la-situacion-de-los-derechos-humanos-en-cuba-mayo-2025\/\">\n\t\t<div class=\"elementor-element elementor-element-5b73728 e-con-full e-flex e-con e-child\" data-id=\"5b73728\" data-element_type=\"container\" data-e-type=\"container\" data-settings=\"{&quot;background_background&quot;:&quot;classic&quot;}\">\n\t\t\t\t<div class=\"elementor-element elementor-element-f8871a5 elementor-widget elementor-widget-theme-post-title elementor-page-title elementor-widget-heading\" data-id=\"f8871a5\" data-element_type=\"widget\" data-e-type=\"widget\" data-widget_type=\"theme-post-title.default\">\n\t\t\t\t<div class=\"elementor-widget-container\">\n\t\t\t\t\t<h3 class=\"elementor-heading-title elementor-size-default\">Informe Mensual sobre la Situaci\u00f3n de los Derechos Humanos en Cuba | Mayo 2025<\/h3>\t\t\t\t<\/div>\n\t\t\t\t<\/div>\n\t\t\t\t<\/div>\n\t\t\t\t<\/a>\n\t\t<div class=\"elementor-element elementor-element-5a13a3b e-con-full e-flex e-con e-child\" data-id=\"5a13a3b\" data-element_type=\"container\" data-e-type=\"container\">\n\t\t\t\t<div class=\"elementor-element elementor-element-68f2f95 elementor-widget elementor-widget-post-info\" data-id=\"68f2f95\" data-element_type=\"widget\" data-e-type=\"widget\" data-widget_type=\"post-info.default\">\n\t\t\t\t<div class=\"elementor-widget-container\">\n\t\t\t\t\t\t\t<ul class=\"elementor-inline-items elementor-icon-list-items elementor-post-info\">\n\t\t\t\t\t\t\t\t<li class=\"elementor-icon-list-item elementor-repeater-item-c1536b1 elementor-inline-item\" itemprop=\"datePublished\">\n\t\t\t\t\t\t\t\t\t\t\t\t\t<span class=\"elementor-icon-list-text elementor-post-info__item elementor-post-info__item--type-date\">\n\t\t\t\t\t\t\t\t\t\t<time>16\/06\/2025<\/time>\t\t\t\t\t<\/span>\n\t\t\t\t\t\t\t\t<\/li>\n\t\t\t\t<\/ul>\n\t\t\t\t\t\t<\/div>\n\t\t\t\t<\/div>\n\t\t\t\t<div class=\"elementor-element elementor-element-2b76276 textoCortoGrid elementor-widget elementor-widget-theme-post-excerpt\" data-id=\"2b76276\" data-element_type=\"widget\" data-e-type=\"widget\" data-widget_type=\"theme-post-excerpt.default\">\n\t\t\t\t<div class=\"elementor-widget-container\">\n\t\t\t\t\t<p>Resumen Ejecutivo Mayo fue un mes marcado por un notable incremento de la tensi\u00f3n social, pol\u00edtica y econ\u00f3mica en Cuba. A los apagones de hasta 36 horas que provocaron una treintena de protestas ciudadanas, se sum\u00f3 la implementaci\u00f3n de medidas como la dolarizaci\u00f3n del servicio de internet, interpretadas como un [...]\t\t\t\t<\/div>\n\t\t\t\t<\/div>\n\t\t\t\t<\/div>\n\t\t<div class=\"elementor-element elementor-element-6cdf2a8 e-con-full e-flex e-con e-child\" data-id=\"6cdf2a8\" data-element_type=\"container\" data-e-type=\"container\">\n\t\t\t\t<div class=\"elementor-element elementor-element-71aa6d6 elementor-align-center elementor-widget elementor-widget-button\" data-id=\"71aa6d6\" data-element_type=\"widget\" data-e-type=\"widget\" data-widget_type=\"button.default\">\n\t\t\t\t<div class=\"elementor-widget-container\">\n\t\t\t\t\t\t\t\t\t<div class=\"elementor-button-wrapper\">\n\t\t\t\t\t<a class=\"elementor-button elementor-button-link elementor-size-sm\" href=\"https:\/\/cubalex.org\/en\/report\/informe-mensual-sobre-la-situacion-de-los-derechos-humanos-en-cuba-mayo-2025\/\">\n\t\t\t\t\t\t<span class=\"elementor-button-content-wrapper\">\n\t\t\t\t\t\t\t\t\t<span class=\"elementor-button-text\">Leer m\u00e1s<\/span>\n\t\t\t\t\t<\/span>\n\t\t\t\t\t<\/a>\n\t\t\t\t<\/div>\n\t\t\t\t\t\t\t\t<\/div>\n\t\t\t\t<\/div>\n\t\t\t\t<\/div>\n\t\t\t\t\t<\/div>\n\t\t\t\t<\/div>\n\t\t\t\t<\/div>\n\t\t\t\t<\/div>\n\t\t<\/div>\n\t\t\t\t\t<div class=\"swiper-pagination\"><\/div>\n\t\t\t\t\t\t<\/div>\n\t\t\t\t<\/div>\n\t\t\t\t<div class=\"elementor-element elementor-element-29d2e66d elementor-align-right elementor-widget elementor-widget-button\" data-id=\"29d2e66d\" data-element_type=\"widget\" data-e-type=\"widget\" data-widget_type=\"button.default\">\n\t\t\t\t<div class=\"elementor-widget-container\">\n\t\t\t\t\t\t\t\t\t<div class=\"elementor-button-wrapper\">\n\t\t\t\t\t<a class=\"elementor-button elementor-button-link elementor-size-sm\" href=\"\/informes\/\">\n\t\t\t\t\t\t<span class=\"elementor-button-content-wrapper\">\n\t\t\t\t\t\t\t\t\t<span class=\"elementor-button-text\">VER TODOS<\/span>\n\t\t\t\t\t<\/span>\n\t\t\t\t\t<\/a>\n\t\t\t\t<\/div>\n\t\t\t\t\t\t\t\t<\/div>\n\t\t\t\t<\/div>\n\t\t\t\t<\/div>\n\t\t<div class=\"elementor-element elementor-element-10d43a4 e-con-full e-flex e-con e-parent\" data-id=\"10d43a4\" data-element_type=\"container\" data-e-type=\"container\" data-settings=\"{&quot;background_background&quot;:&quot;classic&quot;}\">\n\t\t\t\t<div class=\"elementor-element elementor-element-274fabd5 elementor-widget elementor-widget-heading\" data-id=\"274fabd5\" data-element_type=\"widget\" data-e-type=\"widget\" data-widget_type=\"heading.default\">\n\t\t\t\t<div class=\"elementor-widget-container\">\n\t\t\t\t\t<h2 class=\"elementor-heading-title elementor-size-default\">Mantente Informado<\/h2>\t\t\t\t<\/div>\n\t\t\t\t<\/div>\n\t\t\t\t<div class=\"elementor-element elementor-element-cde0a02 elementor-widget elementor-widget-heading\" data-id=\"cde0a02\" data-element_type=\"widget\" data-e-type=\"widget\" data-widget_type=\"heading.default\">\n\t\t\t\t<div class=\"elementor-widget-container\">\n\t\t\t\t\t<p class=\"elementor-heading-title elementor-size-default\">Recibe nuestras alertas e informes. <\/br>\nEstar informado tambi\u00e9n es un acto de solidaridad. <\/p>\t\t\t\t<\/div>\n\t\t\t\t<\/div>\n\t\t\t\t<div class=\"elementor-element elementor-element-69882bca elementor-widget__width-initial elementor-widget elementor-widget-shortcode\" data-id=\"69882bca\" data-element_type=\"widget\" data-e-type=\"widget\" id=\"formNewsletter\" data-widget_type=\"shortcode.default\">\n\t\t\t\t<div class=\"elementor-widget-container\">\n\t\t\t\t\t\t\t<div class=\"elementor-shortcode\"><script data-jetpack-boost=\"ignore\" data-jetpack-boost=\"ignore\">\nvar gform;gform||(document.addEventListener(\"gform_main_scripts_loaded\",function(){gform.scriptsLoaded=!0}),document.addEventListener(\"gform\/theme\/scripts_loaded\",function(){gform.themeScriptsLoaded=!0}),window.addEventListener(\"DOMContentLoaded\",function(){gform.domLoaded=!0}),gform={domLoaded:!1,scriptsLoaded:!1,themeScriptsLoaded:!1,isFormEditor:()=>\"function\"==typeof InitializeEditor,callIfLoaded:function(o){return!(!gform.domLoaded||!gform.scriptsLoaded||!gform.themeScriptsLoaded&&!gform.isFormEditor()||(gform.isFormEditor()&&console.warn(\"The use of gform.initializeOnLoaded() is deprecated in the form editor context and will be removed in Gravity Forms 3.1.\"),o(),0))},initializeOnLoaded:function(o){gform.callIfLoaded(o)||(document.addEventListener(\"gform_main_scripts_loaded\",()=>{gform.scriptsLoaded=!0,gform.callIfLoaded(o)}),document.addEventListener(\"gform\/theme\/scripts_loaded\",()=>{gform.themeScriptsLoaded=!0,gform.callIfLoaded(o)}),window.addEventListener(\"DOMContentLoaded\",()=>{gform.domLoaded=!0,gform.callIfLoaded(o)}))},hooks:{action:{},filter:{}},addAction:function(o,r,e,t){gform.addHook(\"action\",o,r,e,t)},addFilter:function(o,r,e,t){gform.addHook(\"filter\",o,r,e,t)},doAction:function(o){gform.doHook(\"action\",o,arguments)},applyFilters:function(o){return gform.doHook(\"filter\",o,arguments)},removeAction:function(o,r){gform.removeHook(\"action\",o,r)},removeFilter:function(o,r,e){gform.removeHook(\"filter\",o,r,e)},addHook:function(o,r,e,t,n){null==gform.hooks[o][r]&&(gform.hooks[o][r]=[]);var d=gform.hooks[o][r];null==n&&(n=r+\"_\"+d.length),gform.hooks[o][r].push({tag:n,callable:e,priority:t=null==t?10:t})},doHook:function(r,o,e){var t;if(e=Array.prototype.slice.call(e,1),null!=gform.hooks[r][o]&&((o=gform.hooks[r][o]).sort(function(o,r){return o.priority-r.priority}),o.forEach(function(o){\"function\"!=typeof(t=o.callable)&&(t=window[t]),\"action\"==r?t.apply(null,e):e[0]=t.apply(null,e)})),\"filter\"==r)return e[0]},removeHook:function(o,r,t,n){var e;null!=gform.hooks[o][r]&&(e=(e=gform.hooks[o][r]).filter(function(o,r,e){return!!(null!=n&&n!=o.tag||null!=t&&t!=o.priority)}),gform.hooks[o][r]=e)}});\n<\/script>\n\n                <div class='gf_browser_gecko gform_wrapper gravity-theme gform-theme--no-framework newsletter-form_wrapper' data-form-theme='gravity-theme' data-form-index='0' id='gform_wrapper_13' >\n                        <div class='gform_heading'>\n                            <h2 class=\"gform_title\">Subscription<\/h2>\n                            <p class='gform_description'><\/p>\n                        <\/div><form method='post' enctype='multipart\/form-data'  id='gform_13' class='newsletter-form' action='\/en\/wp-json\/wp\/v2\/pages\/11712' data-formid='13' novalidate>\n                        <div class='gform-body gform_body'><div id='gform_fields_13' class='gform_fields top_label form_sublabel_below description_below validation_below'><div id=\"field_13_2\" class=\"gfield gfield--type-email gfield--input-type-email gfield--width-full field_sublabel_below gfield--no-description field_description_below hidden_label field_validation_below gfield_visibility_visible\"  ><label class='gfield_label gform-field-label' for='input_13_2'><span class='gform-field-label__text'>Email<\/span><\/label><div class='ginput_container ginput_container_email'>\n                            <input name='input_2' id='input_13_2' type='email' value='' class='large'     aria-invalid=\"false\"  \/>\n                        <\/div><\/div><\/div><\/div>\n        <div class='gform-footer gform_footer top_label'> <button type='submit' id='gform_submit_button_13' class='gform_button button' onclick='gform.submission.handleButtonClick(this);' data-submission-type='submit' >Enviar<\/button> \n            <input type='hidden' class='gform_hidden' name='gform_submission_method' data-js='gform_submission_method_13' value='postback' \/>\n            <input type='hidden' class='gform_hidden' name='gform_theme' data-js='gform_theme_13' id='gform_theme_13' value='gravity-theme' \/>\n            <input type='hidden' class='gform_hidden' name='gform_style_settings' data-js='gform_style_settings_13' id='gform_style_settings_13' value='[]' \/>\n            <input type='hidden' class='gform_hidden' name='is_submit_13' value='1' \/>\n            <input type='hidden' class='gform_hidden' name='gform_submit' value='13' \/>\n            \n            <input type='hidden' class='gform_hidden' name='gform_currency' data-currency='USD' value='PZF8MSpUSPPR5u\/DApy7uAdQaLMq6JTATZP8cxeEVN6R1RdnOvZyeJLE2gtKVI7aoWZjWGjr44+HoZFcfhWG7RyVv8YS1eBlQwer24BYIh3Cd78=' \/>\n            <input type='hidden' class='gform_hidden' name='gform_unique_id' value='' \/>\n            <input type='hidden' class='gform_hidden' name='state_13' value='WyJ7XCJnZm9ybV9zdWJtaXNzaW9uX21ldGhvZFwiOltcIjZkMWI2YjQ3NDAyMzJmYzkwN2U4OWUzY2IyNmIxYmNlXCIsXCJjNzkwNmE1YTI2N2Q4YTUxZDZmOGJmMDQzOTkyYzE5ZlwiXSxcImdmb3JtX3RoZW1lXCI6XCI2ZGQzZTg4MGY1YjBjNTc5ZTY0NGI5YjUxZjYyYTIyNlwiLFwiZ2Zvcm1fc3R5bGVfc2V0dGluZ3NcIjpcIjlkYTQyOGY1NjBjOGU0ZWQ1ZWZmMGE3NmEwZjMwMGI1XCIsXCJmb3JtX2lkXCI6XCJiMzM5MTJjMGMzZDM5ZjM2ZTkxZWJlZDAyYjNiMTZjZVwiLFwidXJsXCI6XCI5ZTcxY2VjNzAzYzgwNzAwMWI5YWMyODU4YWJkODkwOFwiLFwic3RhdGVfdGltZXN0YW1wXCI6XCJkMTUwZGJiMGRjMGUzODU3ZWY5MDBhNTE4OGQ5ODU5ZVwifSIsImQxOGU4YmExMzk3YjE3ZTliZDJhYzljNDg3Yzk2MGY5IiwxNzg4Njg3MTAwXQ==' \/>\n            <input type='hidden' autocomplete='off' class='gform_hidden' name='gform_target_page_number_13' id='gform_target_page_number_13' value='0' \/>\n            <input type='hidden' autocomplete='off' class='gform_hidden' name='gform_source_page_number_13' id='gform_source_page_number_13' value='1' \/>\n            <input type='hidden' name='gform_field_values' value='' \/>\n            \n        <\/div>\n                        <p style=\"display: none !important;\" class=\"akismet-fields-container\" data-prefix=\"ak_\"><label>&#916;<textarea name=\"ak_hp_textarea\" cols=\"45\" rows=\"8\" maxlength=\"100\"><\/textarea><\/label><input type=\"hidden\" id=\"ak_js_1\" name=\"ak_js\" value=\"106\"\/><script data-jetpack-boost=\"ignore\" data-jetpack-boost=\"ignore\">\ndocument.getElementById( \"ak_js_1\" ).setAttribute( \"value\", ( new Date() ).getTime() );\n<\/script>\n<\/p><\/form>\n                        <\/div><\/div>\n\t\t\t\t\t\t<\/div>\n\t\t\t\t<\/div>\n\t\t\t\t<\/div>\n\t\t<div class=\"elementor-element elementor-element-1e41c777 e-con-full e-flex e-con e-parent\" data-id=\"1e41c777\" data-element_type=\"container\" data-e-type=\"container\">\n\t\t\t\t<div class=\"elementor-element elementor-element-7951ce77 elementor-widget elementor-widget-heading\" data-id=\"7951ce77\" data-element_type=\"widget\" data-e-type=\"widget\" data-widget_type=\"heading.default\">\n\t\t\t\t<div class=\"elementor-widget-container\">\n\t\t\t\t\t<h2 class=\"elementor-heading-title elementor-size-default\">Act\u00faa<\/h2>\t\t\t\t<\/div>\n\t\t\t\t<\/div>\n\t\t<div class=\"elementor-element elementor-element-561b3704 e-flex e-con-boxed e-con e-child\" data-id=\"561b3704\" data-element_type=\"container\" data-e-type=\"container\">\n\t\t\t\t\t<div class=\"e-con-inner\">\n\t\t\t\t<div class=\"elementor-element elementor-element-7a6e32d8 elementor-widget elementor-widget-heading\" data-id=\"7a6e32d8\" data-element_type=\"widget\" data-e-type=\"widget\" data-widget_type=\"heading.default\">\n\t\t\t\t<div class=\"elementor-widget-container\">\n\t\t\t\t\t<h3 class=\"elementor-heading-title elementor-size-default\">ETECSA restringe el acceso nacional a internet.<\/h3>\t\t\t\t<\/div>\n\t\t\t\t<\/div>\n\t\t<div class=\"elementor-element elementor-element-5a92d5e0 e-con-full e-flex e-con e-child\" data-id=\"5a92d5e0\" data-element_type=\"container\" data-e-type=\"container\">\n\t\t\t\t<div class=\"elementor-element elementor-element-7e18d3f0 elementor-widget elementor-widget-image\" data-id=\"7e18d3f0\" data-element_type=\"widget\" data-e-type=\"widget\" data-widget_type=\"image.default\">\n\t\t\t\t<div class=\"elementor-widget-container\">\n\t\t\t\t\t\t\t\t\t\t\t\t\t\t\t<img loading=\"lazy\" decoding=\"async\" width=\"1024\" height=\"479\" src=\"https:\/\/i0.wp.com\/cubalex.org\/wp-content\/uploads\/2026\/08\/ETECSA-1.webp?fit=1024%2C479&amp;ssl=1\" class=\"attachment-large size-large wp-image-24462\" alt=\"\" srcset=\"https:\/\/i0.wp.com\/cubalex.org\/wp-content\/uploads\/2026\/08\/ETECSA-1.webp?w=2752&amp;ssl=1 2752w, https:\/\/i0.wp.com\/cubalex.org\/wp-content\/uploads\/2026\/08\/ETECSA-1.webp?resize=300%2C140&amp;ssl=1 300w, https:\/\/i0.wp.com\/cubalex.org\/wp-content\/uploads\/2026\/08\/ETECSA-1.webp?resize=1024%2C479&amp;ssl=1 1024w, https:\/\/i0.wp.com\/cubalex.org\/wp-content\/uploads\/2026\/08\/ETECSA-1.webp?resize=768%2C359&amp;ssl=1 768w, https:\/\/i0.wp.com\/cubalex.org\/wp-content\/uploads\/2026\/08\/ETECSA-1.webp?resize=1536%2C718&amp;ssl=1 1536w, https:\/\/i0.wp.com\/cubalex.org\/wp-content\/uploads\/2026\/08\/ETECSA-1.webp?resize=2048%2C957&amp;ssl=1 2048w, https:\/\/i0.wp.com\/cubalex.org\/wp-content\/uploads\/2026\/08\/ETECSA-1.webp?w=2660&amp;ssl=1 2660w\" sizes=\"(max-width: 1024px) 100vw, 1024px\" data-attachment-id=\"24462\" data-permalink=\"https:\/\/cubalex.org\/en\/etecsa-webp-2\/\" data-orig-file=\"https:\/\/i0.wp.com\/cubalex.org\/wp-content\/uploads\/2026\/08\/ETECSA-1.webp?fit=2752%2C1286&amp;ssl=1\" data-orig-size=\"2752,1286\" data-comments-opened=\"0\" data-image-meta=\"{&quot;aperture&quot;:&quot;0&quot;,&quot;credit&quot;:&quot;&quot;,&quot;camera&quot;:&quot;&quot;,&quot;caption&quot;:&quot;&quot;,&quot;created_timestamp&quot;:&quot;0&quot;,&quot;copyright&quot;:&quot;&quot;,&quot;focal_length&quot;:&quot;0&quot;,&quot;iso&quot;:&quot;0&quot;,&quot;shutter_speed&quot;:&quot;0&quot;,&quot;title&quot;:&quot;&quot;,&quot;orientation&quot;:&quot;0&quot;,&quot;alt&quot;:&quot;&quot;}\" data-image-title=\"ETECSA.webp\" data-image-description=\"\" data-image-caption=\"\" data-large-file=\"https:\/\/i0.wp.com\/cubalex.org\/wp-content\/uploads\/2026\/08\/ETECSA-1.webp?fit=1024%2C479&amp;ssl=1\" \/>\t\t\t\t\t\t\t\t\t\t\t\t\t\t\t<\/div>\n\t\t\t\t<\/div>\n\t\t<div class=\"elementor-element elementor-element-7a36357c e-con-full e-flex e-con e-child\" data-id=\"7a36357c\" data-element_type=\"container\" data-e-type=\"container\">\n\t\t\t\t<div class=\"elementor-element elementor-element-10eb8c78 elementor-widget elementor-widget-text-editor\" data-id=\"10eb8c78\" data-element_type=\"widget\" data-e-type=\"widget\" data-widget_type=\"text-editor.default\">\n\t\t\t\t<div class=\"elementor-widget-container\">\n\t\t\t\t\t\t\t\t\t<p><strong>El r\u00e9gimen aument\u00f3 las tarifas de telecomunicaciones sin transparencia ni aviso previo, <\/strong><span style=\"font-weight: 400;\">lo que viola el contrato de servicio y derechos de los ciudadanos. Cubalex elabor\u00f3 un modelo de petici\u00f3n legal para que cualquier cubano pueda solicitar la nulidad de la medida ante las autoridades.<\/span><\/p>\t\t\t\t\t\t\t\t<\/div>\n\t\t\t\t<\/div>\n\t\t\t\t<div class=\"elementor-element elementor-element-28e1de5d elementor-widget elementor-widget-text-editor\" data-id=\"28e1de5d\" data-element_type=\"widget\" data-e-type=\"widget\" data-widget_type=\"text-editor.default\">\n\t\t\t\t<div class=\"elementor-widget-container\">\n\t\t\t\t\t\t\t\t\t<p><b>Tu firma suma<\/b><\/p>\t\t\t\t\t\t\t\t<\/div>\n\t\t\t\t<\/div>\n\t\t\t\t<div class=\"elementor-element elementor-element-1aa3fd2d elementor-align-left elementor-mobile-align-center elementor-widget elementor-widget-button\" data-id=\"1aa3fd2d\" data-element_type=\"widget\" data-e-type=\"widget\" data-widget_type=\"button.default\">\n\t\t\t\t<div class=\"elementor-widget-container\">\n\t\t\t\t\t\t\t\t\t<div class=\"elementor-button-wrapper\">\n\t\t\t\t\t<a class=\"elementor-button elementor-button-link elementor-size-sm elementor-animation-shrink\" href=\"\/2025\/06\/23\/cubalex-pone-a-disposicion-un-recurso-legal-ciudadano-contra-el-alza-de-tarifas-de-etecsa\/\">\n\t\t\t\t\t\t<span class=\"elementor-button-content-wrapper\">\n\t\t\t\t\t\t\t\t\t<span class=\"elementor-button-text\">Firma la petici\u00f3n<\/span>\n\t\t\t\t\t<\/span>\n\t\t\t\t\t<\/a>\n\t\t\t\t<\/div>\n\t\t\t\t\t\t\t\t<\/div>\n\t\t\t\t<\/div>\n\t\t\t\t<\/div>\n\t\t\t\t<\/div>\n\t\t\t\t\t<\/div>\n\t\t\t\t<\/div>\n\t\t\t\t<\/div>\n\t\t<div class=\"elementor-element elementor-element-438157f2 e-con-full e-flex e-con e-parent\" data-id=\"438157f2\" data-element_type=\"container\" data-e-type=\"container\" data-settings=\"{&quot;background_background&quot;:&quot;classic&quot;}\">\n\t\t\t\t<div class=\"elementor-element elementor-element-661fc4fe elementor-widget elementor-widget-heading\" data-id=\"661fc4fe\" data-element_type=\"widget\" data-e-type=\"widget\" data-widget_type=\"heading.default\">\n\t\t\t\t<div class=\"elementor-widget-container\">\n\t\t\t\t\t<h2 class=\"elementor-heading-title elementor-size-default\">Videos<\/h2>\t\t\t\t<\/div>\n\t\t\t\t<\/div>\n\t\t<div class=\"elementor-element elementor-element-3b359db5 e-flex e-con-boxed e-con e-child\" data-id=\"3b359db5\" data-element_type=\"container\" data-e-type=\"container\">\n\t\t\t\t\t<div class=\"e-con-inner\">\n\t\t\t\t<div class=\"elementor-element elementor-element-70629f61 elementor-widget elementor-widget-heading\" data-id=\"70629f61\" data-element_type=\"widget\" data-e-type=\"widget\" data-widget_type=\"heading.default\">\n\t\t\t\t<div class=\"elementor-widget-container\">\n\t\t\t\t\t<h3 class=\"elementor-heading-title elementor-size-default\">Julio Ferrer: La batalla legal contra el Estado cubano<\/h3>\t\t\t\t<\/div>\n\t\t\t\t<\/div>\n\t\t\t\t<div class=\"elementor-element elementor-element-71188c3a e-tabs-view-vertical elementor-layout-end elementor-widget elementor-widget-video-playlist\" data-id=\"71188c3a\" data-element_type=\"widget\" data-e-type=\"widget\" data-settings=\"{&quot;playlist_title&quot;:&quot;Julio Ferrer: La batalla legal contra el Estado cubano&quot;,&quot;tabs&quot;:[{&quot;title&quot;:&quot; Cap. 1 | Julio Ferrer: La batalla legal contra el Estado cubano&quot;,&quot;youtube_url&quot;:&quot;https:\\\/\\\/youtu.be\\\/GShoBw5OzLs?si=-39H6PAiLiI4oMSB&quot;,&quot;duration&quot;:&quot;4:10&quot;,&quot;thumbnail&quot;:{&quot;url&quot;:&quot;https:\\\/\\\/cubalex.org\\\/wp-content\\\/uploads\\\/2026\\\/08\\\/maxresdefault-1.jpg&quot;,&quot;id&quot;:24463,&quot;size&quot;:&quot;&quot;},&quot;_id&quot;:&quot;97f1754&quot;,&quot;vimeo_url&quot;:null,&quot;type&quot;:&quot;youtube&quot;,&quot;is_external_url&quot;:null,&quot;hosted_url&quot;:null,&quot;external_url&quot;:null,&quot;section_html_tag&quot;:null,&quot;video_html_tag&quot;:&quot;h4&quot;,&quot;inner_tab_is_content_visible&quot;:&quot;&quot;,&quot;inner_tab_content_1&quot;:null,&quot;inner_tab_content_2&quot;:null},{&quot;title&quot;:&quot; Cap. 2 | Julio Ferrer: La batalla legal contra el Estado cubano&quot;,&quot;youtube_url&quot;:&quot;https:\\\/\\\/youtu.be\\\/Gpduug_fZoM?si=Ce_PyW87nZEcbuLY&quot;,&quot;duration&quot;:&quot;4:15&quot;,&quot;thumbnail&quot;:{&quot;url&quot;:&quot;https:\\\/\\\/cubalex.org\\\/wp-content\\\/uploads\\\/2026\\\/08\\\/mqdefault-4.jpg&quot;,&quot;id&quot;:24464,&quot;size&quot;:&quot;&quot;},&quot;_id&quot;:&quot;6f9e134&quot;,&quot;vimeo_url&quot;:null,&quot;type&quot;:&quot;youtube&quot;,&quot;is_external_url&quot;:null,&quot;hosted_url&quot;:null,&quot;external_url&quot;:null,&quot;section_html_tag&quot;:null,&quot;video_html_tag&quot;:&quot;h4&quot;,&quot;inner_tab_is_content_visible&quot;:&quot;&quot;,&quot;inner_tab_content_1&quot;:null,&quot;inner_tab_content_2&quot;:null},{&quot;title&quot;:&quot;Cap. 3 | Julio Ferrer: La batalla legal contra el Estado cubano  &quot;,&quot;youtube_url&quot;:&quot;https:\\\/\\\/youtu.be\\\/BRqf0uZUyUk?si=JAPA1qkWBaj9igOi&quot;,&quot;duration&quot;:&quot;3:11&quot;,&quot;thumbnail&quot;:{&quot;url&quot;:&quot;https:\\\/\\\/cubalex.org\\\/wp-content\\\/uploads\\\/2026\\\/08\\\/mqdefault-5.jpg&quot;,&quot;id&quot;:24465,&quot;size&quot;:&quot;&quot;},&quot;_id&quot;:&quot;f64eed4&quot;,&quot;vimeo_url&quot;:null,&quot;type&quot;:&quot;youtube&quot;,&quot;is_external_url&quot;:null,&quot;hosted_url&quot;:null,&quot;external_url&quot;:null,&quot;section_html_tag&quot;:null,&quot;video_html_tag&quot;:&quot;h4&quot;,&quot;inner_tab_is_content_visible&quot;:&quot;&quot;,&quot;inner_tab_content_1&quot;:null,&quot;inner_tab_content_2&quot;:null},{&quot;title&quot;:&quot;Cap. 4 | Julio Ferrer: La batalla legal contra el Estado cubano&quot;,&quot;youtube_url&quot;:&quot;https:\\\/\\\/youtu.be\\\/xLTHd6V58ZA?si=KR7qKW9LJy5nuc2P&quot;,&quot;duration&quot;:&quot;5:06&quot;,&quot;thumbnail&quot;:{&quot;url&quot;:&quot;https:\\\/\\\/cubalex.org\\\/wp-content\\\/uploads\\\/2026\\\/08\\\/mqdefault-6.jpg&quot;,&quot;id&quot;:24466,&quot;size&quot;:&quot;&quot;},&quot;vimeo_url&quot;:null,&quot;_id&quot;:&quot;8450ff6&quot;,&quot;type&quot;:&quot;youtube&quot;,&quot;is_external_url&quot;:null,&quot;hosted_url&quot;:null,&quot;external_url&quot;:null,&quot;section_html_tag&quot;:null,&quot;video_html_tag&quot;:&quot;h4&quot;,&quot;inner_tab_is_content_visible&quot;:&quot;&quot;,&quot;inner_tab_content_1&quot;:null,&quot;inner_tab_content_2&quot;:null},{&quot;title&quot;:&quot;Cap. 5 | Julio Ferrer: La batalla legal contra el Estado cubano&quot;,&quot;youtube_url&quot;:&quot;https:\\\/\\\/youtu.be\\\/s5-rPiBSSfk?si=Bu6Qzj1jKtuzwwoE&quot;,&quot;duration&quot;:&quot;4:17&quot;,&quot;thumbnail&quot;:{&quot;url&quot;:&quot;https:\\\/\\\/cubalex.org\\\/wp-content\\\/uploads\\\/2026\\\/08\\\/mqdefault-7.jpg&quot;,&quot;id&quot;:24467,&quot;size&quot;:&quot;&quot;},&quot;vimeo_url&quot;:null,&quot;_id&quot;:&quot;3fe2728&quot;,&quot;type&quot;:&quot;youtube&quot;,&quot;is_external_url&quot;:null,&quot;hosted_url&quot;:null,&quot;external_url&quot;:null,&quot;section_html_tag&quot;:null,&quot;video_html_tag&quot;:&quot;h4&quot;,&quot;inner_tab_is_content_visible&quot;:&quot;&quot;,&quot;inner_tab_content_1&quot;:null,&quot;inner_tab_content_2&quot;:null}],&quot;inner_tab_title_1&quot;:&quot;Pesta\\u00f1a 1&quot;,&quot;inner_tab_title_2&quot;:&quot;Pesta\\u00f1a 2&quot;,&quot;autoplay_next&quot;:&quot;yes&quot;,&quot;show_watched_indication&quot;:&quot;yes&quot;,&quot;lazy_load&quot;:&quot;yes&quot;}\" data-widget_type=\"video-playlist.default\">\n\t\t\t\t<div class=\"elementor-widget-container\">\n\t\t\t\t\t\n\t\t<div class=\"e-tabs\" role=\"region\" aria-labelledby=\"e-playlist-71188c3a\">\n\t\t\t<div class=\"e-tabs-main-area\">\n\t\t\t\t<div class=\"e-tabs-wrapper\">\n\t\t\t\t\t<div class=\"e-tabs-header\">\n\t\t\t\t\t\t<h2 class=\"e-tabs-title\" id=\"e-playlist-71188c3a\">Julio Ferrer: La batalla legal contra el Estado cubano<\/h2>\n\t\t\t\t\t\t<div class=\"e-tabs-header-right-side\">\n\t\t\t\t\t\t\t\t\t\t\t\t\t\t<svg aria-hidden=\"true\" class=\"e-tabs-toggle-videos-display-button rotate-down e-font-icon-svg e-eicon-caret-down\" viewBox=\"0 0 571.4 571.4\" xmlns=\"http:\/\/www.w3.org\/2000\/svg\"><path d=\"M571 393Q571 407 561 418L311 668Q300 679 286 679T261 668L11 418Q0 407 0 393T11 368 36 357H536Q550 357 561 368T571 393Z\"><\/path><\/svg>\t\t\t\t\t\t<\/div>\n\t\t\t\t\t<\/div>\n\t\t\t\t\t<div class=\"e-tabs-items-wrapper\">\n\t\t\t\t\t\t<div class=\"e-tabs-items\" role=\"tablist\">\n\t\t\t\t\t\t\t\t\t\t\t\t\t\t\t\t\t\t\t\t\t\t\t\t<div id=\"e-tab-title-1891\" class=\"e-tab-title e-tab-desktop-title\" aria-selected=\"true\" data-tab=\"1\" role=\"tab\" tabindex=\"0\" aria-controls=\"e-tab-content-1891\">\n\t\t\t\t\t\t\t\t\t\t\t\t\t\t\t\t\t\t\t\t\t<div class=\"e-tab-thumbnail\">\n\t\t\t\t\t\t\t\t\t\t\t\t\t\t\t\t\t\t\t\t\t\t\t\t\t<img data-recalc-dims=\"1\" decoding=\"async\" src=\"https:\/\/i0.wp.com\/cubalex.org\/wp-content\/uploads\/2026\/08\/maxresdefault-1.jpg?w=1330&#038;ssl=1\" alt=\" Cap. 1 | Julio Ferrer: La batalla legal contra el Estado cubano\" loading=\"lazy\" \/>\n\t\t\t\t\t\t\t\t\t\t\t\t\t\t\t\t\t\t\t\t\t\t\t\t<span class=\"icon-play\"><svg aria-hidden=\"true\" class=\"e-font-icon-svg e-fas-play-circle\" viewBox=\"0 0 512 512\" xmlns=\"http:\/\/www.w3.org\/2000\/svg\"><path d=\"M256 8C119 8 8 119 8 256s111 248 248 248 248-111 248-248S393 8 256 8zm115.7 272l-176 101c-15.8 8.8-35.7-2.5-35.7-21V152c0-18.4 19.8-29.8 35.7-21l176 107c16.4 9.2 16.4 32.9 0 42z\"><\/path><\/svg><\/span>\n\t\t\t\t\t\t\t\t\t\t\t\t<span class=\"icon-watched\"><svg aria-hidden=\"true\" class=\"e-font-icon-svg e-fas-check-circle\" viewBox=\"0 0 512 512\" xmlns=\"http:\/\/www.w3.org\/2000\/svg\"><path d=\"M504 256c0 136.967-111.033 248-248 248S8 392.967 8 256 119.033 8 256 8s248 111.033 248 248zM227.314 387.314l184-184c6.248-6.248 6.248-16.379 0-22.627l-22.627-22.627c-6.248-6.249-16.379-6.249-22.628 0L216 308.118l-70.059-70.059c-6.248-6.248-16.379-6.248-22.628 0l-22.627 22.627c-6.248 6.248-6.248 16.379 0 22.627l104 104c6.249 6.249 16.379 6.249 22.628.001z\"><\/path><\/svg><\/span>\n\t\t\t\t\t\t\t\t\t\t\t<\/div>\n\t\t\t\t\t\t\t\t\t\t\t\t\t\t\t\t\t\t\t\t<h4 class=\"e-tab-title-text\">\n\t\t\t\t\t\t\t\t\t\t\t<button type=\"button\"> Cap. 1 | Julio Ferrer: La batalla legal contra el Estado cubano<\/button>\n\t\t\t\t\t\t\t\t\t\t<\/h4>\n\t\t\t\t\t\t\t\t\t\t\t\t\t\t\t\t\t\t\t\t\t<span class=\"e-tab-duration\">4:10<\/span>\n\t\t\t\t\t\t\t\t\t\t\t\t\t\t\t\t\t\t\t<\/div>\n\t\t\t\t\t\t\t\t\t\t\t\t\t\t\t\t\t\t\t\t\t\t\t\t\t\t\t\t\t\t\t\t<div id=\"e-tab-title-1892\" class=\"e-tab-title e-tab-desktop-title\" aria-selected=\"false\" data-tab=\"2\" role=\"tab\" tabindex=\"-1\" aria-controls=\"e-tab-content-1892\">\n\t\t\t\t\t\t\t\t\t\t\t\t\t\t\t\t\t\t\t\t\t<div class=\"e-tab-thumbnail\">\n\t\t\t\t\t\t\t\t\t\t\t\t\t\t\t\t\t\t\t\t\t\t\t\t\t<img data-recalc-dims=\"1\" decoding=\"async\" src=\"https:\/\/i0.wp.com\/cubalex.org\/wp-content\/uploads\/2026\/08\/mqdefault-4.jpg?w=1330&#038;ssl=1\" alt=\" Cap. 2 | Julio Ferrer: La batalla legal contra el Estado cubano\" loading=\"lazy\" \/>\n\t\t\t\t\t\t\t\t\t\t\t\t\t\t\t\t\t\t\t\t\t\t\t\t<span class=\"icon-play\"><svg aria-hidden=\"true\" class=\"e-font-icon-svg e-fas-play-circle\" viewBox=\"0 0 512 512\" xmlns=\"http:\/\/www.w3.org\/2000\/svg\"><path d=\"M256 8C119 8 8 119 8 256s111 248 248 248 248-111 248-248S393 8 256 8zm115.7 272l-176 101c-15.8 8.8-35.7-2.5-35.7-21V152c0-18.4 19.8-29.8 35.7-21l176 107c16.4 9.2 16.4 32.9 0 42z\"><\/path><\/svg><\/span>\n\t\t\t\t\t\t\t\t\t\t\t\t<span class=\"icon-watched\"><svg aria-hidden=\"true\" class=\"e-font-icon-svg e-fas-check-circle\" viewBox=\"0 0 512 512\" xmlns=\"http:\/\/www.w3.org\/2000\/svg\"><path d=\"M504 256c0 136.967-111.033 248-248 248S8 392.967 8 256 119.033 8 256 8s248 111.033 248 248zM227.314 387.314l184-184c6.248-6.248 6.248-16.379 0-22.627l-22.627-22.627c-6.248-6.249-16.379-6.249-22.628 0L216 308.118l-70.059-70.059c-6.248-6.248-16.379-6.248-22.628 0l-22.627 22.627c-6.248 6.248-6.248 16.379 0 22.627l104 104c6.249 6.249 16.379 6.249 22.628.001z\"><\/path><\/svg><\/span>\n\t\t\t\t\t\t\t\t\t\t\t<\/div>\n\t\t\t\t\t\t\t\t\t\t\t\t\t\t\t\t\t\t\t\t<h4 class=\"e-tab-title-text\">\n\t\t\t\t\t\t\t\t\t\t\t<button type=\"button\"> Cap. 2 | Julio Ferrer: La batalla legal contra el Estado cubano<\/button>\n\t\t\t\t\t\t\t\t\t\t<\/h4>\n\t\t\t\t\t\t\t\t\t\t\t\t\t\t\t\t\t\t\t\t\t<span class=\"e-tab-duration\">4:15<\/span>\n\t\t\t\t\t\t\t\t\t\t\t\t\t\t\t\t\t\t\t<\/div>\n\t\t\t\t\t\t\t\t\t\t\t\t\t\t\t\t\t\t\t\t\t\t\t\t\t\t\t\t\t\t\t\t<div id=\"e-tab-title-1893\" class=\"e-tab-title e-tab-desktop-title\" aria-selected=\"false\" data-tab=\"3\" role=\"tab\" tabindex=\"-1\" aria-controls=\"e-tab-content-1893\">\n\t\t\t\t\t\t\t\t\t\t\t\t\t\t\t\t\t\t\t\t\t<div class=\"e-tab-thumbnail\">\n\t\t\t\t\t\t\t\t\t\t\t\t\t\t\t\t\t\t\t\t\t\t\t\t\t<img data-recalc-dims=\"1\" decoding=\"async\" src=\"https:\/\/i0.wp.com\/cubalex.org\/wp-content\/uploads\/2026\/08\/mqdefault-5.jpg?w=1330&#038;ssl=1\" alt=\"Cap. 3 | Julio Ferrer: La batalla legal contra el Estado cubano  \" loading=\"lazy\" \/>\n\t\t\t\t\t\t\t\t\t\t\t\t\t\t\t\t\t\t\t\t\t\t\t\t<span class=\"icon-play\"><svg aria-hidden=\"true\" class=\"e-font-icon-svg e-fas-play-circle\" viewBox=\"0 0 512 512\" xmlns=\"http:\/\/www.w3.org\/2000\/svg\"><path d=\"M256 8C119 8 8 119 8 256s111 248 248 248 248-111 248-248S393 8 256 8zm115.7 272l-176 101c-15.8 8.8-35.7-2.5-35.7-21V152c0-18.4 19.8-29.8 35.7-21l176 107c16.4 9.2 16.4 32.9 0 42z\"><\/path><\/svg><\/span>\n\t\t\t\t\t\t\t\t\t\t\t\t<span class=\"icon-watched\"><svg aria-hidden=\"true\" class=\"e-font-icon-svg e-fas-check-circle\" viewBox=\"0 0 512 512\" xmlns=\"http:\/\/www.w3.org\/2000\/svg\"><path d=\"M504 256c0 136.967-111.033 248-248 248S8 392.967 8 256 119.033 8 256 8s248 111.033 248 248zM227.314 387.314l184-184c6.248-6.248 6.248-16.379 0-22.627l-22.627-22.627c-6.248-6.249-16.379-6.249-22.628 0L216 308.118l-70.059-70.059c-6.248-6.248-16.379-6.248-22.628 0l-22.627 22.627c-6.248 6.248-6.248 16.379 0 22.627l104 104c6.249 6.249 16.379 6.249 22.628.001z\"><\/path><\/svg><\/span>\n\t\t\t\t\t\t\t\t\t\t\t<\/div>\n\t\t\t\t\t\t\t\t\t\t\t\t\t\t\t\t\t\t\t\t<h4 class=\"e-tab-title-text\">\n\t\t\t\t\t\t\t\t\t\t\t<button type=\"button\">Cap. 3 | Julio Ferrer: La batalla legal contra el Estado cubano  <\/button>\n\t\t\t\t\t\t\t\t\t\t<\/h4>\n\t\t\t\t\t\t\t\t\t\t\t\t\t\t\t\t\t\t\t\t\t<span class=\"e-tab-duration\">3:11<\/span>\n\t\t\t\t\t\t\t\t\t\t\t\t\t\t\t\t\t\t\t<\/div>\n\t\t\t\t\t\t\t\t\t\t\t\t\t\t\t\t\t\t\t\t\t\t\t\t\t\t\t\t\t\t\t\t<div id=\"e-tab-title-1894\" class=\"e-tab-title e-tab-desktop-title\" aria-selected=\"false\" data-tab=\"4\" role=\"tab\" tabindex=\"-1\" aria-controls=\"e-tab-content-1894\">\n\t\t\t\t\t\t\t\t\t\t\t\t\t\t\t\t\t\t\t\t\t<div class=\"e-tab-thumbnail\">\n\t\t\t\t\t\t\t\t\t\t\t\t\t\t\t\t\t\t\t\t\t\t\t\t\t<img data-recalc-dims=\"1\" decoding=\"async\" src=\"https:\/\/i0.wp.com\/cubalex.org\/wp-content\/uploads\/2026\/08\/mqdefault-6.jpg?w=1330&#038;ssl=1\" alt=\"Cap. 4 | Julio Ferrer: La batalla legal contra el Estado cubano\" loading=\"lazy\" \/>\n\t\t\t\t\t\t\t\t\t\t\t\t\t\t\t\t\t\t\t\t\t\t\t\t<span class=\"icon-play\"><svg aria-hidden=\"true\" class=\"e-font-icon-svg e-fas-play-circle\" viewBox=\"0 0 512 512\" xmlns=\"http:\/\/www.w3.org\/2000\/svg\"><path d=\"M256 8C119 8 8 119 8 256s111 248 248 248 248-111 248-248S393 8 256 8zm115.7 272l-176 101c-15.8 8.8-35.7-2.5-35.7-21V152c0-18.4 19.8-29.8 35.7-21l176 107c16.4 9.2 16.4 32.9 0 42z\"><\/path><\/svg><\/span>\n\t\t\t\t\t\t\t\t\t\t\t\t<span class=\"icon-watched\"><svg aria-hidden=\"true\" class=\"e-font-icon-svg e-fas-check-circle\" viewBox=\"0 0 512 512\" xmlns=\"http:\/\/www.w3.org\/2000\/svg\"><path d=\"M504 256c0 136.967-111.033 248-248 248S8 392.967 8 256 119.033 8 256 8s248 111.033 248 248zM227.314 387.314l184-184c6.248-6.248 6.248-16.379 0-22.627l-22.627-22.627c-6.248-6.249-16.379-6.249-22.628 0L216 308.118l-70.059-70.059c-6.248-6.248-16.379-6.248-22.628 0l-22.627 22.627c-6.248 6.248-6.248 16.379 0 22.627l104 104c6.249 6.249 16.379 6.249 22.628.001z\"><\/path><\/svg><\/span>\n\t\t\t\t\t\t\t\t\t\t\t<\/div>\n\t\t\t\t\t\t\t\t\t\t\t\t\t\t\t\t\t\t\t\t<h4 class=\"e-tab-title-text\">\n\t\t\t\t\t\t\t\t\t\t\t<button type=\"button\">Cap. 4 | Julio Ferrer: La batalla legal contra el Estado cubano<\/button>\n\t\t\t\t\t\t\t\t\t\t<\/h4>\n\t\t\t\t\t\t\t\t\t\t\t\t\t\t\t\t\t\t\t\t\t<span class=\"e-tab-duration\">5:06<\/span>\n\t\t\t\t\t\t\t\t\t\t\t\t\t\t\t\t\t\t\t<\/div>\n\t\t\t\t\t\t\t\t\t\t\t\t\t\t\t\t\t\t\t\t\t\t\t\t\t\t\t\t\t\t\t\t<div id=\"e-tab-title-1895\" class=\"e-tab-title e-tab-desktop-title\" aria-selected=\"false\" data-tab=\"5\" role=\"tab\" tabindex=\"-1\" aria-controls=\"e-tab-content-1895\">\n\t\t\t\t\t\t\t\t\t\t\t\t\t\t\t\t\t\t\t\t\t<div class=\"e-tab-thumbnail\">\n\t\t\t\t\t\t\t\t\t\t\t\t\t\t\t\t\t\t\t\t\t\t\t\t\t<img data-recalc-dims=\"1\" decoding=\"async\" src=\"https:\/\/i0.wp.com\/cubalex.org\/wp-content\/uploads\/2026\/08\/mqdefault-7.jpg?w=1330&#038;ssl=1\" alt=\"Cap. 5 | Julio Ferrer: La batalla legal contra el Estado cubano\" loading=\"lazy\" \/>\n\t\t\t\t\t\t\t\t\t\t\t\t\t\t\t\t\t\t\t\t\t\t\t\t<span class=\"icon-play\"><svg aria-hidden=\"true\" class=\"e-font-icon-svg e-fas-play-circle\" viewBox=\"0 0 512 512\" xmlns=\"http:\/\/www.w3.org\/2000\/svg\"><path d=\"M256 8C119 8 8 119 8 256s111 248 248 248 248-111 248-248S393 8 256 8zm115.7 272l-176 101c-15.8 8.8-35.7-2.5-35.7-21V152c0-18.4 19.8-29.8 35.7-21l176 107c16.4 9.2 16.4 32.9 0 42z\"><\/path><\/svg><\/span>\n\t\t\t\t\t\t\t\t\t\t\t\t<span class=\"icon-watched\"><svg aria-hidden=\"true\" class=\"e-font-icon-svg e-fas-check-circle\" viewBox=\"0 0 512 512\" xmlns=\"http:\/\/www.w3.org\/2000\/svg\"><path d=\"M504 256c0 136.967-111.033 248-248 248S8 392.967 8 256 119.033 8 256 8s248 111.033 248 248zM227.314 387.314l184-184c6.248-6.248 6.248-16.379 0-22.627l-22.627-22.627c-6.248-6.249-16.379-6.249-22.628 0L216 308.118l-70.059-70.059c-6.248-6.248-16.379-6.248-22.628 0l-22.627 22.627c-6.248 6.248-6.248 16.379 0 22.627l104 104c6.249 6.249 16.379 6.249 22.628.001z\"><\/path><\/svg><\/span>\n\t\t\t\t\t\t\t\t\t\t\t<\/div>\n\t\t\t\t\t\t\t\t\t\t\t\t\t\t\t\t\t\t\t\t<h4 class=\"e-tab-title-text\">\n\t\t\t\t\t\t\t\t\t\t\t<button type=\"button\">Cap. 5 | Julio Ferrer: La batalla legal contra el Estado cubano<\/button>\n\t\t\t\t\t\t\t\t\t\t<\/h4>\n\t\t\t\t\t\t\t\t\t\t\t\t\t\t\t\t\t\t\t\t\t<span class=\"e-tab-duration\">4:17<\/span>\n\t\t\t\t\t\t\t\t\t\t\t\t\t\t\t\t\t\t\t<\/div>\n\t\t\t\t\t\t\t\t\t\t\t\t\t\t\t\t\t\t\t\t\t<\/div>\n\t\t\t\t\t\t<div class=\"shadow shadow-top\" aria-hidden=\"true\"><\/div>\n\t\t\t\t\t\t<div class=\"shadow shadow-bottom\" aria-hidden=\"true\"><\/div>\n\t\t\t\t\t<\/div>\n\t\t\t\t<\/div>\n\n\t\t\t\t<div class=\"e-tabs-content-wrapper\" role=\"tablist\" aria-orientation=\"vertical\">\n\t\t\t\t\t\t\t\t\t\t\t<div id=\"e-tab-content-1891\" class=\"e-tab-content elementor-clearfix\" data-tab=\"1\" role=\"tabpanel\" aria-labelledby=\"e-tab-title-1891\" tabindex=\"0\" data-video-url=\"https:\/\/youtu.be\/GShoBw5OzLs?si=-39H6PAiLiI4oMSB\" data-video-type=\"youtube\" data-video-title=\" Cap. 1 | Julio Ferrer: La batalla legal contra el Estado cubano\" data-video-duration=\"4:10\">\n\t\t\t\t\t\t\t<div><\/div>\n\t\t\t\t\t\t\t\t\t\t\t\t\t<\/div>\n\t\t\t\t\t\t\t\t\t\t\t<div id=\"e-tab-content-1892\" class=\"e-tab-content elementor-clearfix\" data-tab=\"2\" role=\"tabpanel\" aria-labelledby=\"e-tab-title-1892\" tabindex=\"0\" data-video-url=\"https:\/\/youtu.be\/Gpduug_fZoM?si=Ce_PyW87nZEcbuLY\" data-video-type=\"youtube\" data-video-title=\" Cap. 2 | Julio Ferrer: La batalla legal contra el Estado cubano\" data-video-duration=\"4:15\" hidden=\"hidden\">\n\t\t\t\t\t\t\t<div><\/div>\n\t\t\t\t\t\t\t\t\t\t\t\t\t<\/div>\n\t\t\t\t\t\t\t\t\t\t\t<div id=\"e-tab-content-1893\" class=\"e-tab-content elementor-clearfix\" data-tab=\"3\" role=\"tabpanel\" aria-labelledby=\"e-tab-title-1893\" tabindex=\"0\" data-video-url=\"https:\/\/youtu.be\/BRqf0uZUyUk?si=JAPA1qkWBaj9igOi\" data-video-type=\"youtube\" data-video-title=\"Cap. 3 | Julio Ferrer: La batalla legal contra el Estado cubano  \" data-video-duration=\"3:11\" hidden=\"hidden\">\n\t\t\t\t\t\t\t<div><\/div>\n\t\t\t\t\t\t\t\t\t\t\t\t\t<\/div>\n\t\t\t\t\t\t\t\t\t\t\t<div id=\"e-tab-content-1894\" class=\"e-tab-content elementor-clearfix\" data-tab=\"4\" role=\"tabpanel\" aria-labelledby=\"e-tab-title-1894\" tabindex=\"0\" data-video-url=\"https:\/\/youtu.be\/xLTHd6V58ZA?si=KR7qKW9LJy5nuc2P\" data-video-type=\"youtube\" data-video-title=\"Cap. 4 | Julio Ferrer: La batalla legal contra el Estado cubano\" data-video-duration=\"5:06\" hidden=\"hidden\">\n\t\t\t\t\t\t\t<div><\/div>\n\t\t\t\t\t\t\t\t\t\t\t\t\t<\/div>\n\t\t\t\t\t\t\t\t\t\t\t<div id=\"e-tab-content-1895\" class=\"e-tab-content elementor-clearfix\" data-tab=\"5\" role=\"tabpanel\" aria-labelledby=\"e-tab-title-1895\" tabindex=\"0\" data-video-url=\"https:\/\/youtu.be\/s5-rPiBSSfk?si=Bu6Qzj1jKtuzwwoE\" data-video-type=\"youtube\" data-video-title=\"Cap. 5 | Julio Ferrer: La batalla legal contra el Estado cubano\" data-video-duration=\"4:17\" hidden=\"hidden\">\n\t\t\t\t\t\t\t<div><\/div>\n\t\t\t\t\t\t\t\t\t\t\t\t\t<\/div>\n\t\t\t\t\t\t\t\t\t<\/div>\n\t\t\t<\/div>\n\n\t\t\t<div class=\"e-tabs-inner-tabs\" >\n\t\t\t\t\t\t\t\t\t\t\t\t\t\t\t\t\t\t\t\t\t\t\t\t\t\t\t\t\t\t\t\t\t\t\t\t\t\t\t\t\t\t\t\t\t\t\t\t\t\t\t\t<\/div>\n\t\t<\/div>\n\t\t\t\t\t\t<\/div>\n\t\t\t\t<\/div>\n\t\t\t\t\t<\/div>\n\t\t\t\t<\/div>\n\t\t\t\t<\/div>\n\t\t\t\t<\/div>\n\t\t","protected":false},"excerpt":{"rendered":"<p>La represi\u00f3n en Cuba no descansa. Nosotros tampoco 15 a\u00f1os defendiendo derechos humanos en la isla. Personas defendidas frente a abusos del estado + 0 Denuncias que el r\u00e9gimen intent\u00f3 silenciar + 0 Informes Tem\u00e1ticos + 0 Comunidad + 0 Detr\u00e1s de cada foto, hay una historia de represi\u00f3n que documentamos y denunciamos. Ver historias [&hellip;]<\/p>\n","protected":false},"featured_media":0,"parent":0,"menu_order":0,"comment_status":"closed","ping_status":"closed","template":"page_ngo.php","meta":{"_wpcom_ai_launchpad_about_page":false,"_wpcom_ai_launchpad_gallery_page":false,"_wpcom_ai_launchpad_contact_page":false,"_wpcom_ai_launchpad_events_page":false,"_wpcom_ai_launchpad_video_page":false,"_wpcom_ai_launchpad_portfolio_piece":false,"footnotes":""},"class_list":["post-11712","page","type-page","status-publish","hentry"],"featured_image_src":null,"acf":[],"yoast_head":"<!-- This site is optimized with the Yoast SEO plugin v28.4 - https:\/\/yoast.com\/product\/yoast-seo-wordpress\/ -->\n<title>Cubalex | Defensa legal y derechos humanos en Cuba<\/title>\n<meta name=\"description\" content=\"Documentamos violaciones de derechos humanos en Cuba, acompa\u00f1amos a v\u00edctimas y llevamos la evidencia ante organismos internacionales. 15 a\u00f1os de trabajo.\" \/>\n<meta name=\"robots\" content=\"index, follow, max-snippet:-1, max-image-preview:large, max-video-preview:-1\" \/>\n<link rel=\"canonical\" href=\"https:\/\/cubalex.org\/en\/\" \/>\n<meta property=\"og:locale\" content=\"en_US\" \/>\n<meta property=\"og:type\" content=\"article\" \/>\n<meta property=\"og:title\" content=\"Cubalex | Defensa legal y derechos humanos en Cuba\" \/>\n<meta property=\"og:description\" content=\"La represi\u00f3n en Cuba no descansa. Nosotros tampoco. 15 a\u00f1os defendiendo derechos humanos en la isla.\" \/>\n<meta property=\"og:url\" content=\"https:\/\/cubalex.org\/en\/\" \/>\n<meta property=\"og:site_name\" content=\"Cubalex\" \/>\n<meta property=\"article:publisher\" content=\"https:\/\/www.facebook.com\/ONGcubalex\" \/>\n<meta property=\"article:modified_time\" content=\"2026-08-26T15:26:31+00:00\" \/>\n<meta property=\"og:image\" content=\"https:\/\/cubalex.org\/wp-content\/uploads\/2026\/08\/Miguel_Diaz_Bauza.jpg_2K_202608171540-2.webp\" \/>\n<meta name=\"twitter:card\" content=\"summary_large_image\" \/>\n<meta name=\"twitter:site\" content=\"@CubalexDDHH\" \/>\n<meta name=\"twitter:label1\" content=\"Est. reading time\" \/>\n\t<meta name=\"twitter:data1\" content=\"34 minutes\" \/>\n<script type=\"application\/ld+json\" class=\"yoast-schema-graph\">{\"@context\":\"https:\\\/\\\/schema.org\",\"@graph\":[{\"@type\":\"WebPage\",\"@id\":\"https:\\\/\\\/cubalex.org\\\/\",\"url\":\"https:\\\/\\\/cubalex.org\\\/\",\"name\":\"Cubalex | Defensa legal y derechos humanos en Cuba\",\"isPartOf\":{\"@id\":\"https:\\\/\\\/cubalex.org\\\/#website\"},\"primaryImageOfPage\":{\"@id\":\"https:\\\/\\\/cubalex.org\\\/#primaryimage\"},\"image\":{\"@id\":\"https:\\\/\\\/cubalex.org\\\/#primaryimage\"},\"thumbnailUrl\":\"https:\\\/\\\/cubalex.org\\\/wp-content\\\/uploads\\\/2026\\\/08\\\/Miguel_Diaz_Bauza.jpg_2K_202608171540-2.webp\",\"datePublished\":\"2024-04-12T17:48:21+00:00\",\"dateModified\":\"2026-08-26T15:26:31+00:00\",\"description\":\"Documentamos violaciones de derechos humanos en Cuba, acompa\u00f1amos a v\u00edctimas y llevamos la evidencia ante organismos internacionales. 15 a\u00f1os de trabajo.\",\"breadcrumb\":{\"@id\":\"https:\\\/\\\/cubalex.org\\\/#breadcrumb\"},\"inLanguage\":\"en-US\",\"potentialAction\":[{\"@type\":\"ReadAction\",\"target\":[\"https:\\\/\\\/cubalex.org\\\/\"]}]},{\"@type\":\"ImageObject\",\"inLanguage\":\"en-US\",\"@id\":\"https:\\\/\\\/cubalex.org\\\/#primaryimage\",\"url\":\"https:\\\/\\\/cubalex.org\\\/wp-content\\\/uploads\\\/2026\\\/08\\\/Miguel_Diaz_Bauza.jpg_2K_202608171540-2.webp\",\"contentUrl\":\"https:\\\/\\\/cubalex.org\\\/wp-content\\\/uploads\\\/2026\\\/08\\\/Miguel_Diaz_Bauza.jpg_2K_202608171540-2.webp\"},{\"@type\":\"BreadcrumbList\",\"@id\":\"https:\\\/\\\/cubalex.org\\\/#breadcrumb\",\"itemListElement\":[{\"@type\":\"ListItem\",\"position\":1,\"name\":\"Portada\",\"item\":\"https:\\\/\\\/cubalex.org\\\/\"},{\"@type\":\"ListItem\",\"position\":2,\"name\":\"CUBALEX\"}]},{\"@type\":\"WebSite\",\"@id\":\"https:\\\/\\\/cubalex.org\\\/#website\",\"url\":\"https:\\\/\\\/cubalex.org\\\/\",\"name\":\"Cubalex\",\"description\":\"Trabajamos en defensa de los derechos humanos, para instaurar la democracia y el Estado de derecho en Cuba\",\"publisher\":{\"@id\":\"https:\\\/\\\/cubalex.org\\\/#organization\"},\"potentialAction\":[{\"@type\":\"SearchAction\",\"target\":{\"@type\":\"EntryPoint\",\"urlTemplate\":\"https:\\\/\\\/cubalex.org\\\/?s={search_term_string}\"},\"query-input\":{\"@type\":\"PropertyValueSpecification\",\"valueRequired\":true,\"valueName\":\"search_term_string\"}}],\"inLanguage\":\"en-US\"},{\"@type\":\"Organization\",\"@id\":\"https:\\\/\\\/cubalex.org\\\/#organization\",\"name\":\"Cubalex\",\"url\":\"https:\\\/\\\/cubalex.org\\\/\",\"logo\":{\"@type\":\"ImageObject\",\"inLanguage\":\"en-US\",\"@id\":\"https:\\\/\\\/cubalex.org\\\/#\\\/schema\\\/logo\\\/image\\\/\",\"url\":\"https:\\\/\\\/i0.wp.com\\\/cubalex.org\\\/wp-content\\\/uploads\\\/2026\\\/08\\\/CUBALEX1.png?fit=1445%2C300&ssl=1\",\"contentUrl\":\"https:\\\/\\\/i0.wp.com\\\/cubalex.org\\\/wp-content\\\/uploads\\\/2026\\\/08\\\/CUBALEX1.png?fit=1445%2C300&ssl=1\",\"width\":1445,\"height\":300,\"caption\":\"Cubalex\"},\"image\":{\"@id\":\"https:\\\/\\\/cubalex.org\\\/#\\\/schema\\\/logo\\\/image\\\/\"},\"sameAs\":[\"https:\\\/\\\/www.facebook.com\\\/ONGcubalex\",\"https:\\\/\\\/x.com\\\/CubalexDDHH\",\"https:\\\/\\\/www.youtube.com\\\/@Cubalex\",\"https:\\\/\\\/www.linkedin.com\\\/company\\\/cubalex\\\/\",\"https:\\\/\\\/t.me\\\/cubalex\"]}]}<\/script>\n<!-- \/ Yoast SEO plugin. -->","yoast_head_json":{"title":"Cubalex | Defensa legal y derechos humanos en Cuba","description":"Documentamos violaciones de derechos humanos en Cuba, acompa\u00f1amos a v\u00edctimas y llevamos la evidencia ante organismos internacionales. 15 a\u00f1os de trabajo.","robots":{"index":"index","follow":"follow","max-snippet":"max-snippet:-1","max-image-preview":"max-image-preview:large","max-video-preview":"max-video-preview:-1"},"canonical":"https:\/\/cubalex.org\/en\/","og_locale":"en_US","og_type":"article","og_title":"Cubalex | Defensa legal y derechos humanos en Cuba","og_description":"La represi\u00f3n en Cuba no descansa. Nosotros tampoco. 15 a\u00f1os defendiendo derechos humanos en la isla.","og_url":"https:\/\/cubalex.org\/en\/","og_site_name":"Cubalex","article_publisher":"https:\/\/www.facebook.com\/ONGcubalex","article_modified_time":"2026-08-26T15:26:31+00:00","og_image":[{"url":"https:\/\/cubalex.org\/wp-content\/uploads\/2026\/08\/Miguel_Diaz_Bauza.jpg_2K_202608171540-2.webp","type":"","width":"","height":""}],"twitter_card":"summary_large_image","twitter_site":"@CubalexDDHH","twitter_misc":{"Est. reading time":"34 minutes"},"schema":{"@context":"https:\/\/schema.org","@graph":[{"@type":"WebPage","@id":"https:\/\/cubalex.org\/","url":"https:\/\/cubalex.org\/","name":"Cubalex | Defensa legal y derechos humanos en Cuba","isPartOf":{"@id":"https:\/\/cubalex.org\/#website"},"primaryImageOfPage":{"@id":"https:\/\/cubalex.org\/#primaryimage"},"image":{"@id":"https:\/\/cubalex.org\/#primaryimage"},"thumbnailUrl":"https:\/\/cubalex.org\/wp-content\/uploads\/2026\/08\/Miguel_Diaz_Bauza.jpg_2K_202608171540-2.webp","datePublished":"2024-04-12T17:48:21+00:00","dateModified":"2026-08-26T15:26:31+00:00","description":"Documentamos violaciones de derechos humanos en Cuba, acompa\u00f1amos a v\u00edctimas y llevamos la evidencia ante organismos internacionales. 15 a\u00f1os de trabajo.","breadcrumb":{"@id":"https:\/\/cubalex.org\/#breadcrumb"},"inLanguage":"en-US","potentialAction":[{"@type":"ReadAction","target":["https:\/\/cubalex.org\/"]}]},{"@type":"ImageObject","inLanguage":"en-US","@id":"https:\/\/cubalex.org\/#primaryimage","url":"https:\/\/cubalex.org\/wp-content\/uploads\/2026\/08\/Miguel_Diaz_Bauza.jpg_2K_202608171540-2.webp","contentUrl":"https:\/\/cubalex.org\/wp-content\/uploads\/2026\/08\/Miguel_Diaz_Bauza.jpg_2K_202608171540-2.webp"},{"@type":"BreadcrumbList","@id":"https:\/\/cubalex.org\/#breadcrumb","itemListElement":[{"@type":"ListItem","position":1,"name":"Portada","item":"https:\/\/cubalex.org\/"},{"@type":"ListItem","position":2,"name":"CUBALEX"}]},{"@type":"WebSite","@id":"https:\/\/cubalex.org\/#website","url":"https:\/\/cubalex.org\/","name":"Cubalex","description":"Trabajamos en defensa de los derechos humanos, para instaurar la democracia y el Estado de derecho en Cuba","publisher":{"@id":"https:\/\/cubalex.org\/#organization"},"potentialAction":[{"@type":"SearchAction","target":{"@type":"EntryPoint","urlTemplate":"https:\/\/cubalex.org\/?s={search_term_string}"},"query-input":{"@type":"PropertyValueSpecification","valueRequired":true,"valueName":"search_term_string"}}],"inLanguage":"en-US"},{"@type":"Organization","@id":"https:\/\/cubalex.org\/#organization","name":"Cubalex","url":"https:\/\/cubalex.org\/","logo":{"@type":"ImageObject","inLanguage":"en-US","@id":"https:\/\/cubalex.org\/#\/schema\/logo\/image\/","url":"https:\/\/i0.wp.com\/cubalex.org\/wp-content\/uploads\/2026\/08\/CUBALEX1.png?fit=1445%2C300&ssl=1","contentUrl":"https:\/\/i0.wp.com\/cubalex.org\/wp-content\/uploads\/2026\/08\/CUBALEX1.png?fit=1445%2C300&ssl=1","width":1445,"height":300,"caption":"Cubalex"},"image":{"@id":"https:\/\/cubalex.org\/#\/schema\/logo\/image\/"},"sameAs":["https:\/\/www.facebook.com\/ONGcubalex","https:\/\/x.com\/CubalexDDHH","https:\/\/www.youtube.com\/@Cubalex","https:\/\/www.linkedin.com\/company\/cubalex\/","https:\/\/t.me\/cubalex"]}]}},"jetpack_shortlink":"https:\/\/wp.me\/P23ZXl-32U","jetpack_sharing_enabled":true,"_links":{"self":[{"href":"https:\/\/cubalex.org\/en\/wp-json\/wp\/v2\/pages\/11712","targetHints":{"allow":["GET"]}}],"collection":[{"href":"https:\/\/cubalex.org\/en\/wp-json\/wp\/v2\/pages"}],"about":[{"href":"https:\/\/cubalex.org\/en\/wp-json\/wp\/v2\/types\/page"}],"replies":[{"embeddable":true,"href":"https:\/\/cubalex.org\/en\/wp-json\/wp\/v2\/comments?post=11712"}],"version-history":[{"count":34,"href":"https:\/\/cubalex.org\/en\/wp-json\/wp\/v2\/pages\/11712\/revisions"}],"predecessor-version":[{"id":25024,"href":"https:\/\/cubalex.org\/en\/wp-json\/wp\/v2\/pages\/11712\/revisions\/25024"}],"wp:attachment":[{"href":"https:\/\/cubalex.org\/en\/wp-json\/wp\/v2\/media?parent=11712"}],"curies":[{"name":"wp","href":"https:\/\/api.w.org\/{rel}","templated":true}]}}