{"id":15393,"date":"2025-01-15T14:13:12","date_gmt":"2025-01-15T19:13:12","guid":{"rendered":"https:\/\/cubalex.org\/?page_id=15393"},"modified":"2025-09-02T18:22:31","modified_gmt":"2025-09-02T22:22:31","slug":"listado-de-personas-excarceladas-en-cuba-actualizacion-2025","status":"publish","type":"page","link":"https:\/\/cubalex.org\/en\/listado-de-personas-excarceladas-en-cuba-actualizacion-2025\/","title":{"rendered":"Listado de personas excarceladas en Cuba &#8211; actualizaci\u00f3n  2025"},"content":{"rendered":"\t\t<div data-elementor-type=\"wp-page\" data-elementor-id=\"15393\" class=\"elementor elementor-15393\" data-elementor-post-type=\"page\">\n\t\t\t\t<div class=\"elementor-element elementor-element-55e1941 e-con-full e-flex e-con e-parent\" data-id=\"55e1941\" data-element_type=\"container\" data-e-type=\"container\">\n\t\t\t\t<div class=\"elementor-element elementor-element-d2edfdd elementor-widget elementor-widget-image\" data-id=\"d2edfdd\" data-element_type=\"widget\" data-e-type=\"widget\" data-widget_type=\"image.default\">\n\t\t\t\t<div class=\"elementor-widget-container\">\n\t\t\t\t\t\t\t\t\t\t\t\t\t\t\t<img fetchpriority=\"high\" decoding=\"async\" width=\"5000\" height=\"2333\" src=\"https:\/\/i0.wp.com\/cubalex.org\/wp-content\/uploads\/2025\/01\/Collage-Fotos-Web-02-1.jpg?fit=5000%2C2333&amp;ssl=1\" class=\"attachment-full size-full wp-image-15475\" alt=\"\" srcset=\"https:\/\/i0.wp.com\/cubalex.org\/wp-content\/uploads\/2025\/01\/Collage-Fotos-Web-02-1.jpg?w=5000&amp;ssl=1 5000w, https:\/\/i0.wp.com\/cubalex.org\/wp-content\/uploads\/2025\/01\/Collage-Fotos-Web-02-1.jpg?resize=250%2C117&amp;ssl=1 250w, https:\/\/i0.wp.com\/cubalex.org\/wp-content\/uploads\/2025\/01\/Collage-Fotos-Web-02-1.jpg?resize=700%2C327&amp;ssl=1 700w, https:\/\/i0.wp.com\/cubalex.org\/wp-content\/uploads\/2025\/01\/Collage-Fotos-Web-02-1.jpg?resize=768%2C358&amp;ssl=1 768w, https:\/\/i0.wp.com\/cubalex.org\/wp-content\/uploads\/2025\/01\/Collage-Fotos-Web-02-1.jpg?resize=1536%2C717&amp;ssl=1 1536w, https:\/\/i0.wp.com\/cubalex.org\/wp-content\/uploads\/2025\/01\/Collage-Fotos-Web-02-1.jpg?resize=2048%2C956&amp;ssl=1 2048w, https:\/\/i0.wp.com\/cubalex.org\/wp-content\/uploads\/2025\/01\/Collage-Fotos-Web-02-1.jpg?resize=120%2C56&amp;ssl=1 120w, https:\/\/i0.wp.com\/cubalex.org\/wp-content\/uploads\/2025\/01\/Collage-Fotos-Web-02-1.jpg?w=2660&amp;ssl=1 2660w, https:\/\/i0.wp.com\/cubalex.org\/wp-content\/uploads\/2025\/01\/Collage-Fotos-Web-02-1.jpg?w=3990&amp;ssl=1 3990w\" sizes=\"(max-width: 1330px) 100vw, 1330px\" data-attachment-id=\"15475\" data-permalink=\"https:\/\/cubalex.org\/listado-de-personas-excarceladas-en-cuba-actualizacion-2025\/collage-fotos-web-02-1\/\" data-orig-file=\"https:\/\/i0.wp.com\/cubalex.org\/wp-content\/uploads\/2025\/01\/Collage-Fotos-Web-02-1.jpg?fit=5000%2C2333&amp;ssl=1\" data-orig-size=\"5000,2333\" data-comments-opened=\"0\" data-image-meta=\"{&quot;aperture&quot;:&quot;0&quot;,&quot;credit&quot;:&quot;&quot;,&quot;camera&quot;:&quot;&quot;,&quot;caption&quot;:&quot;&quot;,&quot;created_timestamp&quot;:&quot;0&quot;,&quot;copyright&quot;:&quot;&quot;,&quot;focal_length&quot;:&quot;0&quot;,&quot;iso&quot;:&quot;0&quot;,&quot;shutter_speed&quot;:&quot;0&quot;,&quot;title&quot;:&quot;&quot;,&quot;orientation&quot;:&quot;0&quot;}\" data-image-title=\"Collage Fotos Web-02 (1)\" data-image-description=\"\" data-image-caption=\"\" data-large-file=\"https:\/\/i0.wp.com\/cubalex.org\/wp-content\/uploads\/2025\/01\/Collage-Fotos-Web-02-1.jpg?fit=700%2C327&amp;ssl=1\" \/>\t\t\t\t\t\t\t\t\t\t\t\t\t\t\t<\/div>\n\t\t\t\t<\/div>\n\t\t\t\t<\/div>\n\t\t<div class=\"elementor-element elementor-element-0719c64 e-flex e-con-boxed e-con e-parent\" data-id=\"0719c64\" data-element_type=\"container\" data-e-type=\"container\">\n\t\t\t\t\t<div class=\"e-con-inner\">\n\t\t\t\t<div class=\"elementor-element elementor-element-dec4ff9 elementor-widget elementor-widget-text-editor\" data-id=\"dec4ff9\" data-element_type=\"widget\" data-e-type=\"widget\" data-widget_type=\"text-editor.default\">\n\t\t\t\t<div class=\"elementor-widget-container\">\n\t\t\t\t\t\t\t\t\t<p><span style=\"color: #000000;\"><span style=\"font-weight: 400;\">En esta secci\u00f3n, compartimos un listado actualizado con los nombres de las personas excarceladas tras el <\/span><a style=\"color: #000000;\" href=\"https:\/\/cubaminrex.cu\/es\/en-el-espiritu-del-jubileo-ordinario-de-2025-libera-el-estado-cubano-personas-que-cumplen-sancion?fbclid=IwZXh0bgNhZW0CMTEAAR1HWu757EYC9zoeHXSCEs24nfYuZZjbUnKjBxcr7cENtil3-f3MW5rYQ7s_aem_SjiBpIMjYEoY_e1HIWA4Rg\"><span style=\"font-weight: 400;\">anuncio<\/span><\/a><span style=\"font-weight: 400;\"> realizado por el gobierno cubano el 14 de enero de 2025, en el que se inform\u00f3 sobre la liberaci\u00f3n gradual de 553 personas sancionadas por diversos delitos.\u00a0<\/span><\/span><\/p><p><span style=\"font-weight: 400; color: #000000;\">Cubalex est\u00e1 llevando a cabo una verificaci\u00f3n de manera\u00a0 independiente de cada caso confirmado. Este listado se actualizar\u00e1 en tiempo real, con el objetivo de proporcionar informaci\u00f3n precisa, confiable y accesible a la ciudadan\u00eda.<\/span><\/p><p>Los nombres que publicamos en esta lista corresponden a personas que han sido excarceladas, pero que a\u00fan tienen un compromiso legal pendiente. Estas medidas permiten salir de prisi\u00f3n, pero bajo un r\u00e9gimen de vigilancia y obligaciones. Por tanto, no han sido liberadas plenamente, sino que se encuentran cumpliendo el resto de su sanci\u00f3n bajo condiciones espec\u00edficas. Exhortamos a las personas beneficiadas y sus familias a mantenerse informadas y consultar con sus representantes legales sobre su situaci\u00f3n espec\u00edfica, especialmente en los casos de licencia extrapenal temporal.<\/p><p><span style=\"font-weight: 400; color: #000000;\">Si tienes informaci\u00f3n sobre personas excarceladas o necesitas asesor\u00eda legal, ponte en contacto con nosotros a trav\u00e9s de los siguientes canales:<\/span><\/p><ul><li style=\"font-weight: 400;\" aria-level=\"1\"><span style=\"color: #000000;\"><b>Correo electr\u00f3nico:<\/b> <a style=\"color: #000000;\" href=\"mailto:info@cubalex.org\"><span style=\"font-weight: 400;\">info@cubalex.org<\/span><\/a><span style=\"font-weight: 400;\">\u00a0<\/span><\/span><\/li><li style=\"font-weight: 400;\" aria-level=\"1\"><span style=\"color: #000000;\"><b>Canal seguro en Telegram:<\/b><span style=\"font-weight: 400;\"> +1 901-205-9786<\/span><\/span><\/li><\/ul><h6>\u00a0<\/h6><p><span style=\"color: #000000;\"><b>Estamos comprometidos con la transparencia y la defensa de los derechos humanos.<\/b><\/span><\/p>\t\t\t\t\t\t\t\t<\/div>\n\t\t\t\t<\/div>\n\t\t\t\t\t<\/div>\n\t\t\t\t<\/div>\n\t\t<div class=\"elementor-element elementor-element-caef4ec full-width-default-layout e-flex e-con-boxed e-con e-parent\" data-id=\"caef4ec\" data-element_type=\"container\" data-e-type=\"container\">\n\t\t\t\t\t<div class=\"e-con-inner\">\n\t\t\t\t<div class=\"elementor-element elementor-element-007bb7d elementor-widget elementor-widget-html\" data-id=\"007bb7d\" data-element_type=\"widget\" data-e-type=\"widget\" data-widget_type=\"html.default\">\n\t\t\t\t<div class=\"elementor-widget-container\">\n\t\t\t\t\t<iframe class=\"airtable-embed\" src=\"https:\/\/airtable.com\/embed\/app22AbTBKvSTXGgk\/shrTu89acdMxlkDEl?viewControls=on\" frameborder=\"0\" onmousewheel=\"\" width=\"100%\" height=\"1200\" style=\"background: transparent; border: 1px solid #ccc;\"><\/iframe>\t\t\t\t<\/div>\n\t\t\t\t<\/div>\n\t\t\t\t\t<\/div>\n\t\t\t\t<\/div>\n\t\t<div class=\"elementor-element elementor-element-80acd03 e-flex e-con-boxed e-con e-parent\" data-id=\"80acd03\" data-element_type=\"container\" data-e-type=\"container\">\n\t\t\t\t\t<div class=\"e-con-inner\">\n\t\t\t\t<div class=\"elementor-element elementor-element-924841f elementor-widget elementor-widget-spacer\" data-id=\"924841f\" data-element_type=\"widget\" data-e-type=\"widget\" data-widget_type=\"spacer.default\">\n\t\t\t\t<div class=\"elementor-widget-container\">\n\t\t\t\t\t\t\t<div class=\"elementor-spacer\">\n\t\t\t<div class=\"elementor-spacer-inner\"><\/div>\n\t\t<\/div>\n\t\t\t\t\t\t<\/div>\n\t\t\t\t<\/div>\n\t\t\t\t\t<\/div>\n\t\t\t\t<\/div>\n\t\t<div class=\"elementor-element elementor-element-da2c25d full-width-default-layout e-flex e-con-boxed e-con e-parent\" data-id=\"da2c25d\" data-element_type=\"container\" data-e-type=\"container\">\n\t\t\t\t\t<div class=\"e-con-inner\">\n\t\t\t\t<div class=\"elementor-element elementor-element-55054e2 elementor-widget elementor-widget-html\" data-id=\"55054e2\" data-element_type=\"widget\" data-e-type=\"widget\" data-widget_type=\"html.default\">\n\t\t\t\t<div class=\"elementor-widget-container\">\n\t\t\t\t\t<iframe class=\"airtable-embed\" src=\"https:\/\/airtable.com\/embed\/app22AbTBKvSTXGgk\/shrm6jPl9W4FDajTv\" frameborder=\"0\" onmousewheel=\"\" width=\"100%\" height=\"700\" style=\"background: transparent; border: 1px solid #ccc;\"><\/iframe>\t\t\t\t<\/div>\n\t\t\t\t<\/div>\n\t\t\t\t\t<\/div>\n\t\t\t\t<\/div>\n\t\t<div class=\"elementor-element elementor-element-e80e5dd full-width e-flex e-con-boxed e-con e-parent\" data-id=\"e80e5dd\" data-element_type=\"container\" data-e-type=\"container\" data-settings=\"{&quot;background_background&quot;:&quot;classic&quot;}\">\n\t\t\t\t\t<div class=\"e-con-inner\">\n\t\t<div class=\"elementor-element elementor-element-4f48bcb e-flex e-con-boxed e-con e-child\" data-id=\"4f48bcb\" data-element_type=\"container\" data-e-type=\"container\">\n\t\t\t\t\t<div class=\"e-con-inner\">\n\t\t\t\t<div class=\"elementor-element elementor-element-8202aa4 elementor-widget elementor-widget-heading\" data-id=\"8202aa4\" data-element_type=\"widget\" data-e-type=\"widget\" data-widget_type=\"heading.default\">\n\t\t\t\t<div class=\"elementor-widget-container\">\n\t\t\t\t\t<h1 class=\"elementor-heading-title elementor-size-default\">SUSCRIPCI\u00d3N<\/h1>\t\t\t\t<\/div>\n\t\t\t\t<\/div>\n\t\t\t\t<div class=\"elementor-element elementor-element-0277899 elementor-widget-divider--view-line elementor-widget elementor-widget-divider\" data-id=\"0277899\" data-element_type=\"widget\" data-e-type=\"widget\" data-widget_type=\"divider.default\">\n\t\t\t\t<div class=\"elementor-widget-container\">\n\t\t\t\t\t\t\t<div class=\"elementor-divider\">\n\t\t\t<span class=\"elementor-divider-separator\">\n\t\t\t\t\t\t<\/span>\n\t\t<\/div>\n\t\t\t\t\t\t<\/div>\n\t\t\t\t<\/div>\n\t\t\t\t<div class=\"elementor-element elementor-element-8b65c81 elementor-widget elementor-widget-heading\" data-id=\"8b65c81\" data-element_type=\"widget\" data-e-type=\"widget\" data-widget_type=\"heading.default\">\n\t\t\t\t<div class=\"elementor-widget-container\">\n\t\t\t\t\t<h1 class=\"elementor-heading-title elementor-size-default\">CONOZCA NUESTRAS PRINCIPALES ACTUALIZACIONES<br> POR CORREO ELECTR\u00d3NICO<\/h1>\t\t\t\t<\/div>\n\t\t\t\t<\/div>\n\t\t\t\t\t<\/div>\n\t\t\t\t<\/div>\n\t\t\t\t<div class=\"elementor-element elementor-element-e254a6d suscription-form elementor-widget elementor-widget-shortcode\" data-id=\"e254a6d\" data-element_type=\"widget\" data-e-type=\"widget\" data-widget_type=\"shortcode.default\">\n\t\t\t\t<div class=\"elementor-widget-container\">\n\t\t\t\t\t\t\t<div class=\"elementor-shortcode\"><script data-jetpack-boost=\"ignore\" data-jetpack-boost=\"ignore\">\nvar gform;gform||(document.addEventListener(\"gform_main_scripts_loaded\",function(){gform.scriptsLoaded=!0}),document.addEventListener(\"gform\/theme\/scripts_loaded\",function(){gform.themeScriptsLoaded=!0}),window.addEventListener(\"DOMContentLoaded\",function(){gform.domLoaded=!0}),gform={domLoaded:!1,scriptsLoaded:!1,themeScriptsLoaded:!1,isFormEditor:()=>\"function\"==typeof InitializeEditor,callIfLoaded:function(o){return!(!gform.domLoaded||!gform.scriptsLoaded||!gform.themeScriptsLoaded&&!gform.isFormEditor()||(gform.isFormEditor()&&console.warn(\"The use of gform.initializeOnLoaded() is deprecated in the form editor context and will be removed in Gravity Forms 3.1.\"),o(),0))},initializeOnLoaded:function(o){gform.callIfLoaded(o)||(document.addEventListener(\"gform_main_scripts_loaded\",()=>{gform.scriptsLoaded=!0,gform.callIfLoaded(o)}),document.addEventListener(\"gform\/theme\/scripts_loaded\",()=>{gform.themeScriptsLoaded=!0,gform.callIfLoaded(o)}),window.addEventListener(\"DOMContentLoaded\",()=>{gform.domLoaded=!0,gform.callIfLoaded(o)}))},hooks:{action:{},filter:{}},addAction:function(o,r,e,t){gform.addHook(\"action\",o,r,e,t)},addFilter:function(o,r,e,t){gform.addHook(\"filter\",o,r,e,t)},doAction:function(o){gform.doHook(\"action\",o,arguments)},applyFilters:function(o){return gform.doHook(\"filter\",o,arguments)},removeAction:function(o,r){gform.removeHook(\"action\",o,r)},removeFilter:function(o,r,e){gform.removeHook(\"filter\",o,r,e)},addHook:function(o,r,e,t,n){null==gform.hooks[o][r]&&(gform.hooks[o][r]=[]);var d=gform.hooks[o][r];null==n&&(n=r+\"_\"+d.length),gform.hooks[o][r].push({tag:n,callable:e,priority:t=null==t?10:t})},doHook:function(r,o,e){var t;if(e=Array.prototype.slice.call(e,1),null!=gform.hooks[r][o]&&((o=gform.hooks[r][o]).sort(function(o,r){return o.priority-r.priority}),o.forEach(function(o){\"function\"!=typeof(t=o.callable)&&(t=window[t]),\"action\"==r?t.apply(null,e):e[0]=t.apply(null,e)})),\"filter\"==r)return e[0]},removeHook:function(o,r,t,n){var e;null!=gform.hooks[o][r]&&(e=(e=gform.hooks[o][r]).filter(function(o,r,e){return!!(null!=n&&n!=o.tag||null!=t&&t!=o.priority)}),gform.hooks[o][r]=e)}});\n<\/script>\n\n                <div class='gf_browser_gecko gform_wrapper gravity-theme gform-theme--no-framework newsletter-form_wrapper' data-form-theme='gravity-theme' data-form-index='0' id='gform_wrapper_13' >\n                        <div class='gform_heading'>\n                            <h2 class=\"gform_title\">Subscription<\/h2>\n                            <p class='gform_description'><\/p>\n                        <\/div><form method='post' enctype='multipart\/form-data'  id='gform_13' class='newsletter-form' action='\/en\/wp-json\/wp\/v2\/pages\/15393' data-formid='13' novalidate>\n                        <div class='gform-body gform_body'><div id='gform_fields_13' class='gform_fields top_label form_sublabel_below description_below validation_below'><div id=\"field_13_2\" class=\"gfield gfield--type-email gfield--input-type-email gfield--width-full field_sublabel_below gfield--no-description field_description_below hidden_label field_validation_below gfield_visibility_visible\"  ><label class='gfield_label gform-field-label' for='input_13_2'><span class='gform-field-label__text'>Email<\/span><\/label><div class='ginput_container ginput_container_email'>\n                            <input name='input_2' id='input_13_2' type='email' value='' class='large'     aria-invalid=\"false\"  \/>\n                        <\/div><\/div><\/div><\/div>\n        <div class='gform-footer gform_footer top_label'> <button type='submit' id='gform_submit_button_13' class='gform_button button' onclick='gform.submission.handleButtonClick(this);' data-submission-type='submit' >Enviar<\/button> \n            <input type='hidden' class='gform_hidden' name='gform_submission_method' data-js='gform_submission_method_13' value='postback' \/>\n            <input type='hidden' class='gform_hidden' name='gform_theme' data-js='gform_theme_13' id='gform_theme_13' value='gravity-theme' \/>\n            <input type='hidden' class='gform_hidden' name='gform_style_settings' data-js='gform_style_settings_13' id='gform_style_settings_13' value='[]' \/>\n            <input type='hidden' class='gform_hidden' name='is_submit_13' value='1' \/>\n            <input type='hidden' class='gform_hidden' name='gform_submit' value='13' \/>\n            \n            <input type='hidden' class='gform_hidden' name='gform_currency' data-currency='USD' value='merN7AqiOTkquh3q7zXSXIJgmDHxSTNbrDwDq\/AnC6nN7f0UjHO3xyVsPYHjKjdev1S7QDGuDSBXvJi1nY5UZWg1ULnJKXV5CvYLy3cT4v1\/s2Q=' \/>\n            <input type='hidden' class='gform_hidden' name='gform_unique_id' value='' \/>\n            <input type='hidden' class='gform_hidden' name='state_13' value='WyJ7XCJnZm9ybV9zdWJtaXNzaW9uX21ldGhvZFwiOltcIjZkMWI2YjQ3NDAyMzJmYzkwN2U4OWUzY2IyNmIxYmNlXCIsXCJjNzkwNmE1YTI2N2Q4YTUxZDZmOGJmMDQzOTkyYzE5ZlwiXSxcImdmb3JtX3RoZW1lXCI6XCI2ZGQzZTg4MGY1YjBjNTc5ZTY0NGI5YjUxZjYyYTIyNlwiLFwiZ2Zvcm1fc3R5bGVfc2V0dGluZ3NcIjpcIjlkYTQyOGY1NjBjOGU0ZWQ1ZWZmMGE3NmEwZjMwMGI1XCIsXCJmb3JtX2lkXCI6XCJiMzM5MTJjMGMzZDM5ZjM2ZTkxZWJlZDAyYjNiMTZjZVwiLFwidXJsXCI6XCI4Zjg0MjcwNGI1ZmVlNzc0ODk1ZWFmZGI5Yzc1ZDdkNFwiLFwic3RhdGVfdGltZXN0YW1wXCI6XCJkNjI3NGFlMDhiYmIyYTBmMGU0MmFiY2YzMTM2NDQ4OFwifSIsImVkYmQ3OTBiNWQyNDQzNDc0OGFkZGQ3NmJjZWZiNGQxIiwxNzg4NjkyNTcyXQ==' \/>\n            <input type='hidden' autocomplete='off' class='gform_hidden' name='gform_target_page_number_13' id='gform_target_page_number_13' value='0' \/>\n            <input type='hidden' autocomplete='off' class='gform_hidden' name='gform_source_page_number_13' id='gform_source_page_number_13' value='1' \/>\n            <input type='hidden' name='gform_field_values' value='' \/>\n            \n        <\/div>\n                        <p style=\"display: none !important;\" class=\"akismet-fields-container\" data-prefix=\"ak_\"><label>&#916;<textarea name=\"ak_hp_textarea\" cols=\"45\" rows=\"8\" maxlength=\"100\"><\/textarea><\/label><input type=\"hidden\" id=\"ak_js_1\" name=\"ak_js\" value=\"234\"\/><script data-jetpack-boost=\"ignore\" data-jetpack-boost=\"ignore\">\ndocument.getElementById( \"ak_js_1\" ).setAttribute( \"value\", ( new Date() ).getTime() );\n<\/script>\n<\/p><\/form>\n                        <\/div><\/div>\n\t\t\t\t\t\t<\/div>\n\t\t\t\t<\/div>\n\t\t\t\t\t<\/div>\n\t\t\t\t<\/div>\n\t\t\t\t<\/div>\n\t\t","protected":false},"excerpt":{"rendered":"<p>En esta secci\u00f3n, compartimos un listado actualizado con los nombres de las personas excarceladas tras el anuncio realizado por el gobierno cubano el 14 de enero de 2025, en el que se inform\u00f3 sobre la liberaci\u00f3n gradual de 553 personas sancionadas por diversos delitos.\u00a0 Cubalex est\u00e1 llevando a cabo una verificaci\u00f3n de manera\u00a0 independiente de [&hellip;]<\/p>\n","protected":false},"featured_media":0,"parent":0,"menu_order":0,"comment_status":"closed","ping_status":"closed","template":"","meta":{"_wpcom_ai_launchpad_about_page":false,"_wpcom_ai_launchpad_gallery_page":false,"_wpcom_ai_launchpad_contact_page":false,"_wpcom_ai_launchpad_events_page":false,"_wpcom_ai_launchpad_video_page":false,"_wpcom_ai_launchpad_portfolio_piece":false,"footnotes":""},"class_list":["post-15393","page","type-page","status-publish","hentry"],"featured_image_src":null,"acf":{"translation_reviewed":false},"yoast_head":"<!-- This site is optimized with the Yoast SEO plugin v28.4 - https:\/\/yoast.com\/product\/yoast-seo-wordpress\/ -->\n<title>Listado de personas excarceladas en Cuba - actualizaci\u00f3n 2025 - Cubalex<\/title>\n<meta name=\"robots\" content=\"index, follow, max-snippet:-1, max-image-preview:large, max-video-preview:-1\" \/>\n<link rel=\"canonical\" href=\"https:\/\/cubalex.org\/en\/listado-de-personas-excarceladas-en-cuba-actualizacion-2025\/\" \/>\n<meta property=\"og:locale\" content=\"en_US\" \/>\n<meta property=\"og:type\" content=\"article\" \/>\n<meta property=\"og:title\" content=\"Listado de personas excarceladas en Cuba - actualizaci\u00f3n 2025 - Cubalex\" \/>\n<meta property=\"og:description\" content=\"En esta secci\u00f3n, compartimos un listado actualizado con los nombres de las personas excarceladas tras el anuncio realizado por el gobierno cubano el 14 de enero de 2025, en el que se inform\u00f3 sobre la liberaci\u00f3n gradual de 553 personas sancionadas por diversos delitos.\u00a0 Cubalex est\u00e1 llevando a cabo una verificaci\u00f3n de manera\u00a0 independiente de [&hellip;]\" \/>\n<meta property=\"og:url\" content=\"https:\/\/cubalex.org\/en\/listado-de-personas-excarceladas-en-cuba-actualizacion-2025\/\" \/>\n<meta property=\"og:site_name\" content=\"Cubalex\" \/>\n<meta property=\"article:publisher\" content=\"https:\/\/www.facebook.com\/ONGcubalex\" \/>\n<meta property=\"article:modified_time\" content=\"2025-09-02T22:22:31+00:00\" \/>\n<meta property=\"og:image\" content=\"https:\/\/cubalex.org\/wp-content\/uploads\/2025\/01\/Collage-Fotos-Web-02-1.jpg\" \/>\n<meta name=\"twitter:card\" content=\"summary_large_image\" \/>\n<meta name=\"twitter:site\" content=\"@CubalexDDHH\" \/>\n<meta name=\"twitter:label1\" content=\"Est. reading time\" \/>\n\t<meta name=\"twitter:data1\" content=\"2 minutes\" \/>\n<script type=\"application\/ld+json\" class=\"yoast-schema-graph\">{\"@context\":\"https:\\\/\\\/schema.org\",\"@graph\":[{\"@type\":\"WebPage\",\"@id\":\"https:\\\/\\\/cubalex.org\\\/listado-de-personas-excarceladas-en-cuba-actualizacion-2025\\\/\",\"url\":\"https:\\\/\\\/cubalex.org\\\/listado-de-personas-excarceladas-en-cuba-actualizacion-2025\\\/\",\"name\":\"Listado de personas excarceladas en Cuba - actualizaci\u00f3n 2025 - Cubalex\",\"isPartOf\":{\"@id\":\"https:\\\/\\\/cubalex.org\\\/#website\"},\"primaryImageOfPage\":{\"@id\":\"https:\\\/\\\/cubalex.org\\\/listado-de-personas-excarceladas-en-cuba-actualizacion-2025\\\/#primaryimage\"},\"image\":{\"@id\":\"https:\\\/\\\/cubalex.org\\\/listado-de-personas-excarceladas-en-cuba-actualizacion-2025\\\/#primaryimage\"},\"thumbnailUrl\":\"https:\\\/\\\/cubalex.org\\\/wp-content\\\/uploads\\\/2025\\\/01\\\/Collage-Fotos-Web-02-1.jpg\",\"datePublished\":\"2025-01-15T19:13:12+00:00\",\"dateModified\":\"2025-09-02T22:22:31+00:00\",\"breadcrumb\":{\"@id\":\"https:\\\/\\\/cubalex.org\\\/listado-de-personas-excarceladas-en-cuba-actualizacion-2025\\\/#breadcrumb\"},\"inLanguage\":\"en-US\",\"potentialAction\":[{\"@type\":\"ReadAction\",\"target\":[\"https:\\\/\\\/cubalex.org\\\/listado-de-personas-excarceladas-en-cuba-actualizacion-2025\\\/\"]}]},{\"@type\":\"ImageObject\",\"inLanguage\":\"en-US\",\"@id\":\"https:\\\/\\\/cubalex.org\\\/listado-de-personas-excarceladas-en-cuba-actualizacion-2025\\\/#primaryimage\",\"url\":\"https:\\\/\\\/cubalex.org\\\/wp-content\\\/uploads\\\/2025\\\/01\\\/Collage-Fotos-Web-02-1.jpg\",\"contentUrl\":\"https:\\\/\\\/cubalex.org\\\/wp-content\\\/uploads\\\/2025\\\/01\\\/Collage-Fotos-Web-02-1.jpg\"},{\"@type\":\"BreadcrumbList\",\"@id\":\"https:\\\/\\\/cubalex.org\\\/listado-de-personas-excarceladas-en-cuba-actualizacion-2025\\\/#breadcrumb\",\"itemListElement\":[{\"@type\":\"ListItem\",\"position\":1,\"name\":\"Portada\",\"item\":\"https:\\\/\\\/cubalex.org\\\/\"},{\"@type\":\"ListItem\",\"position\":2,\"name\":\"Listado de personas excarceladas en Cuba &#8211; actualizaci\u00f3n 2025\"}]},{\"@type\":\"WebSite\",\"@id\":\"https:\\\/\\\/cubalex.org\\\/#website\",\"url\":\"https:\\\/\\\/cubalex.org\\\/\",\"name\":\"Cubalex\",\"description\":\"Trabajamos en defensa de los derechos humanos, para instaurar la democracia y el Estado de derecho en Cuba\",\"publisher\":{\"@id\":\"https:\\\/\\\/cubalex.org\\\/#organization\"},\"potentialAction\":[{\"@type\":\"SearchAction\",\"target\":{\"@type\":\"EntryPoint\",\"urlTemplate\":\"https:\\\/\\\/cubalex.org\\\/?s={search_term_string}\"},\"query-input\":{\"@type\":\"PropertyValueSpecification\",\"valueRequired\":true,\"valueName\":\"search_term_string\"}}],\"inLanguage\":\"en-US\"},{\"@type\":\"Organization\",\"@id\":\"https:\\\/\\\/cubalex.org\\\/#organization\",\"name\":\"Cubalex\",\"url\":\"https:\\\/\\\/cubalex.org\\\/\",\"logo\":{\"@type\":\"ImageObject\",\"inLanguage\":\"en-US\",\"@id\":\"https:\\\/\\\/cubalex.org\\\/#\\\/schema\\\/logo\\\/image\\\/\",\"url\":\"https:\\\/\\\/i0.wp.com\\\/cubalex.org\\\/wp-content\\\/uploads\\\/2026\\\/08\\\/CUBALEX1.png?fit=1445%2C300&ssl=1\",\"contentUrl\":\"https:\\\/\\\/i0.wp.com\\\/cubalex.org\\\/wp-content\\\/uploads\\\/2026\\\/08\\\/CUBALEX1.png?fit=1445%2C300&ssl=1\",\"width\":1445,\"height\":300,\"caption\":\"Cubalex\"},\"image\":{\"@id\":\"https:\\\/\\\/cubalex.org\\\/#\\\/schema\\\/logo\\\/image\\\/\"},\"sameAs\":[\"https:\\\/\\\/www.facebook.com\\\/ONGcubalex\",\"https:\\\/\\\/x.com\\\/CubalexDDHH\",\"https:\\\/\\\/www.youtube.com\\\/@Cubalex\",\"https:\\\/\\\/www.linkedin.com\\\/company\\\/cubalex\\\/\",\"https:\\\/\\\/t.me\\\/cubalex\"]}]}<\/script>\n<!-- \/ Yoast SEO plugin. -->","yoast_head_json":{"title":"Listado de personas excarceladas en Cuba - actualizaci\u00f3n 2025 - Cubalex","robots":{"index":"index","follow":"follow","max-snippet":"max-snippet:-1","max-image-preview":"max-image-preview:large","max-video-preview":"max-video-preview:-1"},"canonical":"https:\/\/cubalex.org\/en\/listado-de-personas-excarceladas-en-cuba-actualizacion-2025\/","og_locale":"en_US","og_type":"article","og_title":"Listado de personas excarceladas en Cuba - actualizaci\u00f3n 2025 - Cubalex","og_description":"En esta secci\u00f3n, compartimos un listado actualizado con los nombres de las personas excarceladas tras el anuncio realizado por el gobierno cubano el 14 de enero de 2025, en el que se inform\u00f3 sobre la liberaci\u00f3n gradual de 553 personas sancionadas por diversos delitos.\u00a0 Cubalex est\u00e1 llevando a cabo una verificaci\u00f3n de manera\u00a0 independiente de [&hellip;]","og_url":"https:\/\/cubalex.org\/en\/listado-de-personas-excarceladas-en-cuba-actualizacion-2025\/","og_site_name":"Cubalex","article_publisher":"https:\/\/www.facebook.com\/ONGcubalex","article_modified_time":"2025-09-02T22:22:31+00:00","og_image":[{"url":"https:\/\/cubalex.org\/wp-content\/uploads\/2025\/01\/Collage-Fotos-Web-02-1.jpg","type":"","width":"","height":""}],"twitter_card":"summary_large_image","twitter_site":"@CubalexDDHH","twitter_misc":{"Est. reading time":"2 minutes"},"schema":{"@context":"https:\/\/schema.org","@graph":[{"@type":"WebPage","@id":"https:\/\/cubalex.org\/listado-de-personas-excarceladas-en-cuba-actualizacion-2025\/","url":"https:\/\/cubalex.org\/listado-de-personas-excarceladas-en-cuba-actualizacion-2025\/","name":"Listado de personas excarceladas en Cuba - actualizaci\u00f3n 2025 - Cubalex","isPartOf":{"@id":"https:\/\/cubalex.org\/#website"},"primaryImageOfPage":{"@id":"https:\/\/cubalex.org\/listado-de-personas-excarceladas-en-cuba-actualizacion-2025\/#primaryimage"},"image":{"@id":"https:\/\/cubalex.org\/listado-de-personas-excarceladas-en-cuba-actualizacion-2025\/#primaryimage"},"thumbnailUrl":"https:\/\/cubalex.org\/wp-content\/uploads\/2025\/01\/Collage-Fotos-Web-02-1.jpg","datePublished":"2025-01-15T19:13:12+00:00","dateModified":"2025-09-02T22:22:31+00:00","breadcrumb":{"@id":"https:\/\/cubalex.org\/listado-de-personas-excarceladas-en-cuba-actualizacion-2025\/#breadcrumb"},"inLanguage":"en-US","potentialAction":[{"@type":"ReadAction","target":["https:\/\/cubalex.org\/listado-de-personas-excarceladas-en-cuba-actualizacion-2025\/"]}]},{"@type":"ImageObject","inLanguage":"en-US","@id":"https:\/\/cubalex.org\/listado-de-personas-excarceladas-en-cuba-actualizacion-2025\/#primaryimage","url":"https:\/\/cubalex.org\/wp-content\/uploads\/2025\/01\/Collage-Fotos-Web-02-1.jpg","contentUrl":"https:\/\/cubalex.org\/wp-content\/uploads\/2025\/01\/Collage-Fotos-Web-02-1.jpg"},{"@type":"BreadcrumbList","@id":"https:\/\/cubalex.org\/listado-de-personas-excarceladas-en-cuba-actualizacion-2025\/#breadcrumb","itemListElement":[{"@type":"ListItem","position":1,"name":"Portada","item":"https:\/\/cubalex.org\/"},{"@type":"ListItem","position":2,"name":"Listado de personas excarceladas en Cuba &#8211; actualizaci\u00f3n 2025"}]},{"@type":"WebSite","@id":"https:\/\/cubalex.org\/#website","url":"https:\/\/cubalex.org\/","name":"Cubalex","description":"Trabajamos en defensa de los derechos humanos, para instaurar la democracia y el Estado de derecho en Cuba","publisher":{"@id":"https:\/\/cubalex.org\/#organization"},"potentialAction":[{"@type":"SearchAction","target":{"@type":"EntryPoint","urlTemplate":"https:\/\/cubalex.org\/?s={search_term_string}"},"query-input":{"@type":"PropertyValueSpecification","valueRequired":true,"valueName":"search_term_string"}}],"inLanguage":"en-US"},{"@type":"Organization","@id":"https:\/\/cubalex.org\/#organization","name":"Cubalex","url":"https:\/\/cubalex.org\/","logo":{"@type":"ImageObject","inLanguage":"en-US","@id":"https:\/\/cubalex.org\/#\/schema\/logo\/image\/","url":"https:\/\/i0.wp.com\/cubalex.org\/wp-content\/uploads\/2026\/08\/CUBALEX1.png?fit=1445%2C300&ssl=1","contentUrl":"https:\/\/i0.wp.com\/cubalex.org\/wp-content\/uploads\/2026\/08\/CUBALEX1.png?fit=1445%2C300&ssl=1","width":1445,"height":300,"caption":"Cubalex"},"image":{"@id":"https:\/\/cubalex.org\/#\/schema\/logo\/image\/"},"sameAs":["https:\/\/www.facebook.com\/ONGcubalex","https:\/\/x.com\/CubalexDDHH","https:\/\/www.youtube.com\/@Cubalex","https:\/\/www.linkedin.com\/company\/cubalex\/","https:\/\/t.me\/cubalex"]}]}},"jetpack_shortlink":"https:\/\/wp.me\/P23ZXl-40h","jetpack_sharing_enabled":true,"_links":{"self":[{"href":"https:\/\/cubalex.org\/en\/wp-json\/wp\/v2\/pages\/15393","targetHints":{"allow":["GET"]}}],"collection":[{"href":"https:\/\/cubalex.org\/en\/wp-json\/wp\/v2\/pages"}],"about":[{"href":"https:\/\/cubalex.org\/en\/wp-json\/wp\/v2\/types\/page"}],"replies":[{"embeddable":true,"href":"https:\/\/cubalex.org\/en\/wp-json\/wp\/v2\/comments?post=15393"}],"version-history":[{"count":0,"href":"https:\/\/cubalex.org\/en\/wp-json\/wp\/v2\/pages\/15393\/revisions"}],"wp:attachment":[{"href":"https:\/\/cubalex.org\/en\/wp-json\/wp\/v2\/media?parent=15393"}],"curies":[{"name":"wp","href":"https:\/\/api.w.org\/{rel}","templated":true}]}}