{"id":17383,"date":"2025-08-15T10:41:37","date_gmt":"2025-08-15T14:41:37","guid":{"rendered":"https:\/\/cubalex.org\/?post_type=report&#038;p=17383"},"modified":"2025-09-22T11:05:12","modified_gmt":"2025-09-22T15:05:12","slug":"informe-mensual-sobre-la-situacion-de-los-derechos-humanos-en-cuba-julio-2025","status":"publish","type":"report","link":"https:\/\/cubalex.org\/en\/report\/informe-mensual-sobre-la-situacion-de-los-derechos-humanos-en-cuba-julio-2025\/","title":{"rendered":"Informe Mensual sobre la Situaci\u00f3n de los Derechos Humanos en Cuba | Julio 2025\u00a0"},"content":{"rendered":"<h3 class=\"wp-block-heading\"><strong>Resumen Ejecutivo<\/strong><\/h3>\n\n\n\n<p class=\"wp-block-paragraph\">En julio de 2025, la crisis econ\u00f3mica, social y de derechos humanos en Cuba se profundiz\u00f3. El propio gobierno reconoci\u00f3 el incumplimiento de sus metas en sectores clave \u2014exportaciones, turismo, comercio minorista, producci\u00f3n agropecuaria y energ\u00e9tica\u2014 mientras persisten la inflaci\u00f3n, la falta de inversi\u00f3n extranjera y los problemas de deuda externa.<\/p>\n\n\n\n<p class=\"wp-block-paragraph\">En el plano social, creci\u00f3 la vulnerabilidad de la poblaci\u00f3n: 2,5 millones de personas tienen dificultades para acceder al agua y m\u00e1s de un tercio del fondo habitacional est\u00e1 en malas condiciones. La crisis se refleja tambi\u00e9n en apagones prolongados, hospitales sin recursos, calles con basura acumulada, brotes de enfermedades y un incremento de la violencia, con 24 asesinatos registrados en el mes.<\/p>\n\n\n\n<p class=\"wp-block-paragraph\">En el \u00e1mbito pol\u00edtico, la Asamblea Nacional aprob\u00f3 reformas que refuerzan el control estatal: elimin\u00f3 el l\u00edmite de edad para ejercer la presidencia y aprob\u00f3 el <em>C\u00f3digo de la Ni\u00f1ez, Adolescencias y Juventudes<\/em>, que subordina los derechos de menores a fines ideol\u00f3gicos. Asimismo, la nueva Ley del Registro Civil permite el cambio de sexo legal sin necesidad de cirug\u00eda ni autorizaci\u00f3n judicial. <\/p>\n\n\n\n<h3 class=\"wp-block-heading\"><strong>Represi\u00f3n en cifras<\/strong><\/h3>\n\n\n\n<p class=\"wp-block-paragraph\">Cubalex document\u00f3 316 hechos violatorios de derechos humanos, que implicaron 680 incidentes de hostigamiento en todas las provincias y 50 municipios del pa\u00eds. Julio estuvo marcado por un incremento de la vigilancia y la represi\u00f3n en torno a fechas conmemorativas, as\u00ed como por nuevas estrategias de criminalizaci\u00f3n, como la ampliaci\u00f3n de la tipificaci\u00f3n de sabotaje y la actualizaci\u00f3n de listas de \u201cterroristas\u201d que incluyen a opositores e influencers.<\/p>\n\n\n\n<p class=\"wp-block-paragraph\">Las formas de represi\u00f3n m\u00e1s recurrentes fueron violaciones contra personas privadas de libertad, operativos de vigilancia, detenciones arbitrarias, amenazas o coacci\u00f3n, traslados forzados y violencia f\u00edsica o acoso. Tambi\u00e9n se registraron casos graves de tortura y golpizas que confirman el uso sistem\u00e1tico de la violencia estatal. Los grupos m\u00e1s afectados contin\u00faan siendo defensores de derechos humanos, afrodescendientes y personas encarceladas.<\/p>\n\n\n\n<p class=\"wp-block-paragraph\">Las prisiones mantienen condiciones inhumanas: falta de atenci\u00f3n m\u00e9dica, alimentaci\u00f3n deficiente, castigos f\u00edsicos y aislamiento. En el mes, falleci\u00f3 en huelga de hambre el preso pol\u00edtico Yan Carlos Gonz\u00e1lez Gonz\u00e1lez y se revocaron libertades condicionales a manifestantes del 11J.<\/p>\n\n\n\n<h3 class=\"wp-block-heading\"><strong>\u00bfC\u00f3mo documentamos la represi\u00f3n en Cuba?<\/strong><\/h3>\n\n\n\n<p class=\"wp-block-paragraph\">El monitoreo se bas\u00f3 en 712 registros: 396 noticias de contexto y 316 eventos represivos, obtenidos principalmente de redes sociales, medios digitales y reportes directos a Cubalex. Estas cifras constituyen un subregistro, ya que muchas violaciones permanecen invisibles por la censura, el limitado acceso a internet y el temor a represalias.<\/p>\n\n\n\n<p class=\"wp-block-paragraph\">Reiteramos la importancia de visibilizar estos hechos. Si has sido v\u00edctima o testigo de una violaci\u00f3n de derechos humanos, cont\u00e1ctanos. Ofrecemos acompa\u00f1amiento legal gratuito, seguro y confidencial.&nbsp;<\/p>\n\n\n\n<p class=\"wp-block-paragraph\">Te invitamos a leer el <mark style=\"background-color:rgba(0, 0, 0, 0)\" class=\"has-inline-color has-vivid-red-color\"><a href=\"https:\/\/cubalex.org\/wp-content\/uploads\/2025\/08\/Informe-Mensual-Cubalex-Julio-2025.pdf\" target=\"_blank\" rel=\"noreferrer noopener\">informe completo<\/a> <\/mark>para conocer en detalle las violaciones documentadas y los patrones de represi\u00f3n identificados en julio. <\/p>\n\n\n\n<div data-wp-interactive=\"core\/file\" class=\"wp-block-file\"><object data-wp-bind--hidden=\"!state.hasPdfPreview\" hidden class=\"wp-block-file__embed\" data=\"https:\/\/cubalex.org\/wp-content\/uploads\/2025\/08\/Informe-Mensual-Cubalex-Julio-2025.pdf\" type=\"application\/pdf\" style=\"width:100%;height:600px\" aria-label=\"Embed of Informe Mensual Cubalex Julio 2025.\"><\/object><a id=\"wp-block-file--media-954ac83e-05b6-44fd-9f0e-f56668f3185a\" href=\"https:\/\/cubalex.org\/wp-content\/uploads\/2025\/08\/Informe-Mensual-Cubalex-Julio-2025.pdf\">Informe Mensual Cubalex Julio 2025<\/a><a href=\"https:\/\/cubalex.org\/wp-content\/uploads\/2025\/08\/Informe-Mensual-Cubalex-Julio-2025.pdf\" class=\"wp-block-file__button wp-element-button\" download aria-describedby=\"wp-block-file--media-954ac83e-05b6-44fd-9f0e-f56668f3185a\">Download<\/a><\/div>\n\n\n\n<p class=\"wp-block-paragraph\"><\/p>","protected":false},"excerpt":{"rendered":"<p>Resumen Ejecutivo En julio de 2025, la crisis econ\u00f3mica, social y de derechos humanos en Cuba se profundiz\u00f3. El propio gobierno reconoci\u00f3 el incumplimiento de sus metas en sectores clave \u2014exportaciones, turismo, comercio minorista, producci\u00f3n agropecuaria y energ\u00e9tica\u2014 mientras persisten la inflaci\u00f3n, la falta de inversi\u00f3n extranjera y los problemas de deuda externa. En el [&hellip;]<\/p>\n","protected":false},"featured_media":17401,"template":"","topic":[551856577,551856730,551856729],"year_tax":[],"class_list":["post-17383","report","type-report","status-publish","has-post-thumbnail","hentry","topic-derechos-humanos","topic-informe-mensual","topic-represion-en-cuba"],"acf":[],"yoast_head":"<!-- This site is optimized with the Yoast SEO plugin v28.4 - https:\/\/yoast.com\/product\/yoast-seo-wordpress\/ -->\n<title>Informe Mensual sobre la Situaci\u00f3n de los Derechos Humanos en Cuba | Julio 2025\u00a0 - Cubalex<\/title>\n<meta name=\"robots\" content=\"index, follow, max-snippet:-1, max-image-preview:large, max-video-preview:-1\" \/>\n<link rel=\"canonical\" href=\"https:\/\/cubalex.org\/en\/report\/informe-mensual-sobre-la-situacion-de-los-derechos-humanos-en-cuba-julio-2025\/\" \/>\n<meta property=\"og:locale\" content=\"en_US\" \/>\n<meta property=\"og:type\" content=\"article\" \/>\n<meta property=\"og:title\" content=\"Informe Mensual sobre la Situaci\u00f3n de los Derechos Humanos en Cuba | Julio 2025\u00a0 - Cubalex\" \/>\n<meta property=\"og:description\" content=\"Resumen Ejecutivo En julio de 2025, la crisis econ\u00f3mica, social y de derechos humanos en Cuba se profundiz\u00f3. El propio gobierno reconoci\u00f3 el incumplimiento de sus metas en sectores clave \u2014exportaciones, turismo, comercio minorista, producci\u00f3n agropecuaria y energ\u00e9tica\u2014 mientras persisten la inflaci\u00f3n, la falta de inversi\u00f3n extranjera y los problemas de deuda externa. En el [&hellip;]\" \/>\n<meta property=\"og:url\" content=\"https:\/\/cubalex.org\/en\/report\/informe-mensual-sobre-la-situacion-de-los-derechos-humanos-en-cuba-julio-2025\/\" \/>\n<meta property=\"og:site_name\" content=\"Cubalex\" \/>\n<meta property=\"article:publisher\" content=\"https:\/\/www.facebook.com\/ONGcubalex\" \/>\n<meta property=\"article:modified_time\" content=\"2025-09-22T15:05:12+00:00\" \/>\n<meta property=\"og:image\" content=\"https:\/\/cubalex.org\/wp-content\/uploads\/2025\/08\/Plantillas-sitio-web-45.png\" \/>\n\t<meta property=\"og:image:width\" content=\"1200\" \/>\n\t<meta property=\"og:image:height\" content=\"560\" \/>\n\t<meta property=\"og:image:type\" content=\"image\/png\" \/>\n<meta name=\"twitter:card\" content=\"summary_large_image\" \/>\n<meta name=\"twitter:site\" content=\"@CubalexDDHH\" \/>\n<meta name=\"twitter:label1\" content=\"Est. reading time\" \/>\n\t<meta name=\"twitter:data1\" content=\"3 minutes\" \/>\n<script type=\"application\/ld+json\" class=\"yoast-schema-graph\">{\"@context\":\"https:\\\/\\\/schema.org\",\"@graph\":[{\"@type\":\"WebPage\",\"@id\":\"https:\\\/\\\/cubalex.org\\\/report\\\/informe-mensual-sobre-la-situacion-de-los-derechos-humanos-en-cuba-julio-2025\\\/\",\"url\":\"https:\\\/\\\/cubalex.org\\\/report\\\/informe-mensual-sobre-la-situacion-de-los-derechos-humanos-en-cuba-julio-2025\\\/\",\"name\":\"Informe Mensual sobre la Situaci\u00f3n de los Derechos Humanos en Cuba | Julio 2025\u00a0 - Cubalex\",\"isPartOf\":{\"@id\":\"https:\\\/\\\/cubalex.org\\\/#website\"},\"primaryImageOfPage\":{\"@id\":\"https:\\\/\\\/cubalex.org\\\/report\\\/informe-mensual-sobre-la-situacion-de-los-derechos-humanos-en-cuba-julio-2025\\\/#primaryimage\"},\"image\":{\"@id\":\"https:\\\/\\\/cubalex.org\\\/report\\\/informe-mensual-sobre-la-situacion-de-los-derechos-humanos-en-cuba-julio-2025\\\/#primaryimage\"},\"thumbnailUrl\":\"https:\\\/\\\/i0.wp.com\\\/cubalex.org\\\/wp-content\\\/uploads\\\/2025\\\/08\\\/Plantillas-sitio-web-45.png?fit=1200%2C560&ssl=1\",\"datePublished\":\"2025-08-15T14:41:37+00:00\",\"dateModified\":\"2025-09-22T15:05:12+00:00\",\"breadcrumb\":{\"@id\":\"https:\\\/\\\/cubalex.org\\\/report\\\/informe-mensual-sobre-la-situacion-de-los-derechos-humanos-en-cuba-julio-2025\\\/#breadcrumb\"},\"inLanguage\":\"en-US\",\"potentialAction\":[{\"@type\":\"ReadAction\",\"target\":[\"https:\\\/\\\/cubalex.org\\\/report\\\/informe-mensual-sobre-la-situacion-de-los-derechos-humanos-en-cuba-julio-2025\\\/\"]}]},{\"@type\":\"ImageObject\",\"inLanguage\":\"en-US\",\"@id\":\"https:\\\/\\\/cubalex.org\\\/report\\\/informe-mensual-sobre-la-situacion-de-los-derechos-humanos-en-cuba-julio-2025\\\/#primaryimage\",\"url\":\"https:\\\/\\\/i0.wp.com\\\/cubalex.org\\\/wp-content\\\/uploads\\\/2025\\\/08\\\/Plantillas-sitio-web-45.png?fit=1200%2C560&ssl=1\",\"contentUrl\":\"https:\\\/\\\/i0.wp.com\\\/cubalex.org\\\/wp-content\\\/uploads\\\/2025\\\/08\\\/Plantillas-sitio-web-45.png?fit=1200%2C560&ssl=1\",\"width\":1200,\"height\":560},{\"@type\":\"BreadcrumbList\",\"@id\":\"https:\\\/\\\/cubalex.org\\\/report\\\/informe-mensual-sobre-la-situacion-de-los-derechos-humanos-en-cuba-julio-2025\\\/#breadcrumb\",\"itemListElement\":[{\"@type\":\"ListItem\",\"position\":1,\"name\":\"Portada\",\"item\":\"https:\\\/\\\/cubalex.org\\\/\"},{\"@type\":\"ListItem\",\"position\":2,\"name\":\"Reports\",\"item\":\"https:\\\/\\\/cubalex.org\\\/reports\\\/\"},{\"@type\":\"ListItem\",\"position\":3,\"name\":\"Informe Mensual sobre la Situaci\u00f3n de los Derechos Humanos en Cuba | Julio 2025\u00a0\"}]},{\"@type\":\"WebSite\",\"@id\":\"https:\\\/\\\/cubalex.org\\\/#website\",\"url\":\"https:\\\/\\\/cubalex.org\\\/\",\"name\":\"Cubalex\",\"description\":\"Trabajamos en defensa de los derechos humanos, para instaurar la democracia y el Estado de derecho en Cuba\",\"publisher\":{\"@id\":\"https:\\\/\\\/cubalex.org\\\/#organization\"},\"potentialAction\":[{\"@type\":\"SearchAction\",\"target\":{\"@type\":\"EntryPoint\",\"urlTemplate\":\"https:\\\/\\\/cubalex.org\\\/?s={search_term_string}\"},\"query-input\":{\"@type\":\"PropertyValueSpecification\",\"valueRequired\":true,\"valueName\":\"search_term_string\"}}],\"inLanguage\":\"en-US\"},{\"@type\":\"Organization\",\"@id\":\"https:\\\/\\\/cubalex.org\\\/#organization\",\"name\":\"Cubalex\",\"url\":\"https:\\\/\\\/cubalex.org\\\/\",\"logo\":{\"@type\":\"ImageObject\",\"inLanguage\":\"en-US\",\"@id\":\"https:\\\/\\\/cubalex.org\\\/#\\\/schema\\\/logo\\\/image\\\/\",\"url\":\"https:\\\/\\\/i0.wp.com\\\/cubalex.org\\\/wp-content\\\/uploads\\\/2026\\\/08\\\/CUBALEX1.png?fit=1445%2C300&ssl=1\",\"contentUrl\":\"https:\\\/\\\/i0.wp.com\\\/cubalex.org\\\/wp-content\\\/uploads\\\/2026\\\/08\\\/CUBALEX1.png?fit=1445%2C300&ssl=1\",\"width\":1445,\"height\":300,\"caption\":\"Cubalex\"},\"image\":{\"@id\":\"https:\\\/\\\/cubalex.org\\\/#\\\/schema\\\/logo\\\/image\\\/\"},\"sameAs\":[\"https:\\\/\\\/www.facebook.com\\\/ONGcubalex\",\"https:\\\/\\\/x.com\\\/CubalexDDHH\",\"https:\\\/\\\/www.youtube.com\\\/@Cubalex\",\"https:\\\/\\\/www.linkedin.com\\\/company\\\/cubalex\\\/\",\"https:\\\/\\\/t.me\\\/cubalex\"]}]}<\/script>\n<!-- \/ Yoast SEO plugin. -->","yoast_head_json":{"title":"Informe Mensual sobre la Situaci\u00f3n de los Derechos Humanos en Cuba | Julio 2025\u00a0 - Cubalex","robots":{"index":"index","follow":"follow","max-snippet":"max-snippet:-1","max-image-preview":"max-image-preview:large","max-video-preview":"max-video-preview:-1"},"canonical":"https:\/\/cubalex.org\/en\/report\/informe-mensual-sobre-la-situacion-de-los-derechos-humanos-en-cuba-julio-2025\/","og_locale":"en_US","og_type":"article","og_title":"Informe Mensual sobre la Situaci\u00f3n de los Derechos Humanos en Cuba | Julio 2025\u00a0 - Cubalex","og_description":"Resumen Ejecutivo En julio de 2025, la crisis econ\u00f3mica, social y de derechos humanos en Cuba se profundiz\u00f3. El propio gobierno reconoci\u00f3 el incumplimiento de sus metas en sectores clave \u2014exportaciones, turismo, comercio minorista, producci\u00f3n agropecuaria y energ\u00e9tica\u2014 mientras persisten la inflaci\u00f3n, la falta de inversi\u00f3n extranjera y los problemas de deuda externa. En el [&hellip;]","og_url":"https:\/\/cubalex.org\/en\/report\/informe-mensual-sobre-la-situacion-de-los-derechos-humanos-en-cuba-julio-2025\/","og_site_name":"Cubalex","article_publisher":"https:\/\/www.facebook.com\/ONGcubalex","article_modified_time":"2025-09-22T15:05:12+00:00","og_image":[{"width":1200,"height":560,"url":"https:\/\/cubalex.org\/wp-content\/uploads\/2025\/08\/Plantillas-sitio-web-45.png","type":"image\/png"}],"twitter_card":"summary_large_image","twitter_site":"@CubalexDDHH","twitter_misc":{"Est. reading time":"3 minutes"},"schema":{"@context":"https:\/\/schema.org","@graph":[{"@type":"WebPage","@id":"https:\/\/cubalex.org\/report\/informe-mensual-sobre-la-situacion-de-los-derechos-humanos-en-cuba-julio-2025\/","url":"https:\/\/cubalex.org\/report\/informe-mensual-sobre-la-situacion-de-los-derechos-humanos-en-cuba-julio-2025\/","name":"Informe Mensual sobre la Situaci\u00f3n de los Derechos Humanos en Cuba | Julio 2025\u00a0 - Cubalex","isPartOf":{"@id":"https:\/\/cubalex.org\/#website"},"primaryImageOfPage":{"@id":"https:\/\/cubalex.org\/report\/informe-mensual-sobre-la-situacion-de-los-derechos-humanos-en-cuba-julio-2025\/#primaryimage"},"image":{"@id":"https:\/\/cubalex.org\/report\/informe-mensual-sobre-la-situacion-de-los-derechos-humanos-en-cuba-julio-2025\/#primaryimage"},"thumbnailUrl":"https:\/\/i0.wp.com\/cubalex.org\/wp-content\/uploads\/2025\/08\/Plantillas-sitio-web-45.png?fit=1200%2C560&ssl=1","datePublished":"2025-08-15T14:41:37+00:00","dateModified":"2025-09-22T15:05:12+00:00","breadcrumb":{"@id":"https:\/\/cubalex.org\/report\/informe-mensual-sobre-la-situacion-de-los-derechos-humanos-en-cuba-julio-2025\/#breadcrumb"},"inLanguage":"en-US","potentialAction":[{"@type":"ReadAction","target":["https:\/\/cubalex.org\/report\/informe-mensual-sobre-la-situacion-de-los-derechos-humanos-en-cuba-julio-2025\/"]}]},{"@type":"ImageObject","inLanguage":"en-US","@id":"https:\/\/cubalex.org\/report\/informe-mensual-sobre-la-situacion-de-los-derechos-humanos-en-cuba-julio-2025\/#primaryimage","url":"https:\/\/i0.wp.com\/cubalex.org\/wp-content\/uploads\/2025\/08\/Plantillas-sitio-web-45.png?fit=1200%2C560&ssl=1","contentUrl":"https:\/\/i0.wp.com\/cubalex.org\/wp-content\/uploads\/2025\/08\/Plantillas-sitio-web-45.png?fit=1200%2C560&ssl=1","width":1200,"height":560},{"@type":"BreadcrumbList","@id":"https:\/\/cubalex.org\/report\/informe-mensual-sobre-la-situacion-de-los-derechos-humanos-en-cuba-julio-2025\/#breadcrumb","itemListElement":[{"@type":"ListItem","position":1,"name":"Portada","item":"https:\/\/cubalex.org\/"},{"@type":"ListItem","position":2,"name":"Reports","item":"https:\/\/cubalex.org\/reports\/"},{"@type":"ListItem","position":3,"name":"Informe Mensual sobre la Situaci\u00f3n de los Derechos Humanos en Cuba | Julio 2025\u00a0"}]},{"@type":"WebSite","@id":"https:\/\/cubalex.org\/#website","url":"https:\/\/cubalex.org\/","name":"Cubalex","description":"Trabajamos en defensa de los derechos humanos, para instaurar la democracia y el Estado de derecho en Cuba","publisher":{"@id":"https:\/\/cubalex.org\/#organization"},"potentialAction":[{"@type":"SearchAction","target":{"@type":"EntryPoint","urlTemplate":"https:\/\/cubalex.org\/?s={search_term_string}"},"query-input":{"@type":"PropertyValueSpecification","valueRequired":true,"valueName":"search_term_string"}}],"inLanguage":"en-US"},{"@type":"Organization","@id":"https:\/\/cubalex.org\/#organization","name":"Cubalex","url":"https:\/\/cubalex.org\/","logo":{"@type":"ImageObject","inLanguage":"en-US","@id":"https:\/\/cubalex.org\/#\/schema\/logo\/image\/","url":"https:\/\/i0.wp.com\/cubalex.org\/wp-content\/uploads\/2026\/08\/CUBALEX1.png?fit=1445%2C300&ssl=1","contentUrl":"https:\/\/i0.wp.com\/cubalex.org\/wp-content\/uploads\/2026\/08\/CUBALEX1.png?fit=1445%2C300&ssl=1","width":1445,"height":300,"caption":"Cubalex"},"image":{"@id":"https:\/\/cubalex.org\/#\/schema\/logo\/image\/"},"sameAs":["https:\/\/www.facebook.com\/ONGcubalex","https:\/\/x.com\/CubalexDDHH","https:\/\/www.youtube.com\/@Cubalex","https:\/\/www.linkedin.com\/company\/cubalex\/","https:\/\/t.me\/cubalex"]}]}},"jetpack_sharing_enabled":true,"_links":{"self":[{"href":"https:\/\/cubalex.org\/en\/wp-json\/wp\/v2\/report\/17383","targetHints":{"allow":["GET"]}}],"collection":[{"href":"https:\/\/cubalex.org\/en\/wp-json\/wp\/v2\/report"}],"about":[{"href":"https:\/\/cubalex.org\/en\/wp-json\/wp\/v2\/types\/report"}],"version-history":[{"count":0,"href":"https:\/\/cubalex.org\/en\/wp-json\/wp\/v2\/report\/17383\/revisions"}],"wp:featuredmedia":[{"embeddable":true,"href":"https:\/\/cubalex.org\/en\/wp-json\/wp\/v2\/media\/17401"}],"wp:attachment":[{"href":"https:\/\/cubalex.org\/en\/wp-json\/wp\/v2\/media?parent=17383"}],"wp:term":[{"taxonomy":"topic","embeddable":true,"href":"https:\/\/cubalex.org\/en\/wp-json\/wp\/v2\/topic?post=17383"},{"taxonomy":"year_tax","embeddable":true,"href":"https:\/\/cubalex.org\/en\/wp-json\/wp\/v2\/year_tax?post=17383"}],"curies":[{"name":"wp","href":"https:\/\/api.w.org\/{rel}","templated":true}]}}