{"id":9940,"date":"2023-07-11T22:22:50","date_gmt":"2023-07-12T02:22:50","guid":{"rendered":"https:\/\/cubalex.org\/?p=9940"},"modified":"2026-08-22T10:35:04","modified_gmt":"2026-08-22T14:35:04","slug":"como-llegamos-al-11j-analisis-de-sentencias-por-el-delito-de-sedicion-y-proteccion-penal-en-la-actualidad-en-cuba","status":"publish","type":"report","link":"https:\/\/cubalex.org\/en\/report\/como-llegamos-al-11j-analisis-de-sentencias-por-el-delito-de-sedicion-y-proteccion-penal-en-la-actualidad-en-cuba\/","title":{"rendered":"\u00bfC\u00f3mo llegamos al 11J? An\u00e1lisis de sentencias por el delito de sedici\u00f3n y protecci\u00f3n penal en la actualidad en Cuba"},"content":{"rendered":"<p class=\"wp-block-paragraph\"><em><strong>Las causas que provocaron el estallido social del 11 de julio de 2021 contin\u00faan vigentes en la actualidad.<\/strong><\/em> <\/p>\n\n\n\n<p class=\"wp-block-paragraph\">Este informe es un corte parcial en la investigaci\u00f3n iniciada por Cubalex en colaboraci\u00f3n con Justicia 11J y el primer acercamiento al an\u00e1lisis del uso del derecho penal por parte del Estado cubano para restringir y, en muchos casos, impedir el ejercicio de los derechos humanos a las personas bajo su jurisdicci\u00f3n. Parte de un repaso breve por la historia constitucional para analizar los mecanismos legales utilizados para proteger el orden constitucional y su intangibilidad, as\u00ed como su relaci\u00f3n con las protestas del 11 de julio de 2021, mediante el an\u00e1lisis de los documentos oficiales emitidos en los procesos judiciales seguidos contra 182 personas sancionadas por sedici\u00f3n, en las provincias de La Habana, Matanzas y Holgu\u00edn. Aborda el contexto antes, durante y despu\u00e9s de las protestas de julio de 2021, los hechos que los tribunales dieron por probados, las valoraciones de las pruebas de cargo y la argumentaci\u00f3n del delito de sedici\u00f3n como uno de los que protege a la Seguridad del Estado.<\/p>\n\n\n\n<p class=\"wp-block-paragraph\">Al d\u00eda de hoy est\u00e1n vigentes la pena de confiscaci\u00f3n y de muerte por causas pol\u00edticas, no se han restaurado las garant\u00edas b\u00e1sicas del debido proceso y discrimina a toda persona que no cumpla o est\u00e9 en desacuerdo las decisiones pol\u00edticas o econ\u00f3micas del grupo en el poder. El derecho penal y los tribunales de justicia son una herramienta de control de la ciudadan\u00eda. Las protestas son consideradas actos sediciosos.<\/p>\n\n\n\n<p class=\"wp-block-paragraph\">Todas las sentencias analizadas estuvieron impregnadas de un lenguaje estigmatizante y discriminatorio por razones pol\u00edticas y de raza. Las pruebas incriminatorias no eran suficientes para demostrar la participaci\u00f3n de las personas sancionadas en acciones violentas que les imputaron, m\u00e1s all\u00e1 de la duda razonable. Los testigos en su mayor\u00eda fueron agentes del Estado quienes adem\u00e1s resultaron ser las v\u00edctimas. Los tribunales omitieron referirse a la orden dada por los superiores para impedir el ejercicio de un derecho constitucional. Tampoco mencionaron las acciones realizadas por los agentes del Estado con este prop\u00f3sito, la muerte de Diubis Laurencio Tejeda a consecuencia de un disparo y la intervenci\u00f3n de particulares vestidos de civil que actuaron con violencia. Estos, bajo las \u00f3rdenes de los agentes del Estado, cometieron graves violaciones cometidas, entre ellas la desaparici\u00f3n forzada de car\u00e1cter temporal y las torturas durante la detenci\u00f3n.<\/p>\n\n\n\n<p class=\"wp-block-paragraph\">El tribunal apoy\u00f3 las conductas abusivas desde el poder pol\u00edtico y garantiz\u00f3 la impunidad. Hasta el momento no se ha abierto una investigaci\u00f3n para juzgar y sancionar a los responsables de graves violaciones de derechos humanos. Sin embargo, las causas que provocaron el estallido social del 11 de julio de 2021 contin\u00faan vigentes en la actualidad.<\/p>\n\n\n\n<p class=\"wp-block-paragraph\">Puede leer el informe completo\u00a0<a href=\"https:\/\/cubalex.org\/wp-content\/uploads\/2023\/07\/Informe-11-J-1.pdf\">aqu\u00ed<\/a>. <\/p>\n\n\n\n<div data-wp-interactive=\"core\/file\" class=\"wp-block-file\"><object data-wp-bind--hidden=\"!state.hasPdfPreview\" hidden class=\"wp-block-file__embed\" data=\"https:\/\/cubalex.org\/wp-content\/uploads\/2023\/10\/Informe-11-J-1.pdf\" type=\"application\/pdf\" style=\"width:100%;height:600px\" aria-label=\"Embed of An\u00e1lisis de sentencias por el delito de sedici\u00f3n y protecci\u00f3n penal en la actualidad en Cuba.\"><\/object><a id=\"wp-block-file--media-905b4fc1-88a9-403d-bff5-3a216bac210b\" href=\"https:\/\/cubalex.org\/wp-content\/uploads\/2023\/10\/Informe-11-J-1.pdf\">An\u00e1lisis de sentencias por el delito de sedici\u00f3n y protecci\u00f3n penal en la actualidad en Cuba<\/a><a href=\"https:\/\/cubalex.org\/wp-content\/uploads\/2023\/10\/Informe-11-J-1.pdf\" class=\"wp-block-file__button wp-element-button\" download aria-describedby=\"wp-block-file--media-905b4fc1-88a9-403d-bff5-3a216bac210b\">Download<\/a><\/div>\n\n\n\n<p class=\"wp-block-paragraph\"><\/p>","protected":false},"excerpt":{"rendered":"<p>Las causas que provocaron el estallido social del 11 de julio de 2021 contin\u00faan vigentes en la actualidad. Este informe es un corte parcial de la investigaci\u00f3n iniciada por Cubalex en colaboraci\u00f3n con Justicia 11J sobre el uso del delito de sedici\u00f3n y la protecci\u00f3n penal en la Cuba actual.<\/p>","protected":false},"featured_media":9944,"template":"","topic":[551856738,551856577,551856838,551856729,551856739],"year_tax":[],"class_list":["post-9940","report","type-report","status-publish","has-post-thumbnail","hentry","topic-11j","topic-derechos-humanos","topic-informes-tematicos","topic-represion-en-cuba","topic-sedicion"],"acf":[],"yoast_head":"<!-- This site is optimized with the Yoast SEO plugin v28.4 - https:\/\/yoast.com\/product\/yoast-seo-wordpress\/ -->\n<title>\u00bfC\u00f3mo llegamos al 11J? An\u00e1lisis de sentencias por el delito de sedici\u00f3n y protecci\u00f3n penal en la actualidad en Cuba - Cubalex<\/title>\n<meta name=\"robots\" content=\"index, follow, max-snippet:-1, max-image-preview:large, max-video-preview:-1\" \/>\n<link rel=\"canonical\" href=\"https:\/\/cubalex.org\/en\/report\/como-llegamos-al-11j-analisis-de-sentencias-por-el-delito-de-sedicion-y-proteccion-penal-en-la-actualidad-en-cuba\/\" \/>\n<meta property=\"og:locale\" content=\"en_US\" \/>\n<meta property=\"og:type\" content=\"article\" \/>\n<meta property=\"og:title\" content=\"\u00bfC\u00f3mo llegamos al 11J? An\u00e1lisis de sentencias por el delito de sedici\u00f3n y protecci\u00f3n penal en la actualidad en Cuba - Cubalex\" \/>\n<meta property=\"og:description\" content=\"Las causas que provocaron el estallido social del 11 de julio de 2021 contin\u00faan vigentes en la actualidad. Este informe es un corte parcial de la investigaci\u00f3n iniciada por Cubalex en colaboraci\u00f3n con Justicia 11J sobre el uso del delito de sedici\u00f3n y la protecci\u00f3n penal en la Cuba actual.\" \/>\n<meta property=\"og:url\" content=\"https:\/\/cubalex.org\/en\/report\/como-llegamos-al-11j-analisis-de-sentencias-por-el-delito-de-sedicion-y-proteccion-penal-en-la-actualidad-en-cuba\/\" \/>\n<meta property=\"og:site_name\" content=\"Cubalex\" \/>\n<meta property=\"article:publisher\" content=\"https:\/\/www.facebook.com\/ONGcubalex\" \/>\n<meta property=\"article:modified_time\" content=\"2026-08-22T14:35:04+00:00\" \/>\n<meta property=\"og:image\" content=\"https:\/\/cubalex.org\/wp-content\/uploads\/2023\/10\/portada-informe-abril-2023.webp\" \/>\n\t<meta property=\"og:image:width\" content=\"1500\" \/>\n\t<meta property=\"og:image:height\" content=\"1000\" \/>\n\t<meta property=\"og:image:type\" content=\"image\/webp\" \/>\n<meta name=\"twitter:card\" content=\"summary_large_image\" \/>\n<meta name=\"twitter:site\" content=\"@CubalexDDHH\" \/>\n<meta name=\"twitter:label1\" content=\"Est. reading time\" \/>\n\t<meta name=\"twitter:data1\" content=\"3 minutes\" \/>\n<script type=\"application\/ld+json\" class=\"yoast-schema-graph\">{\"@context\":\"https:\\\/\\\/schema.org\",\"@graph\":[{\"@type\":\"WebPage\",\"@id\":\"https:\\\/\\\/cubalex.org\\\/report\\\/como-llegamos-al-11j-analisis-de-sentencias-por-el-delito-de-sedicion-y-proteccion-penal-en-la-actualidad-en-cuba\\\/\",\"url\":\"https:\\\/\\\/cubalex.org\\\/report\\\/como-llegamos-al-11j-analisis-de-sentencias-por-el-delito-de-sedicion-y-proteccion-penal-en-la-actualidad-en-cuba\\\/\",\"name\":\"\u00bfC\u00f3mo llegamos al 11J? An\u00e1lisis de sentencias por el delito de sedici\u00f3n y protecci\u00f3n penal en la actualidad en Cuba - Cubalex\",\"isPartOf\":{\"@id\":\"https:\\\/\\\/cubalex.org\\\/#website\"},\"primaryImageOfPage\":{\"@id\":\"https:\\\/\\\/cubalex.org\\\/report\\\/como-llegamos-al-11j-analisis-de-sentencias-por-el-delito-de-sedicion-y-proteccion-penal-en-la-actualidad-en-cuba\\\/#primaryimage\"},\"image\":{\"@id\":\"https:\\\/\\\/cubalex.org\\\/report\\\/como-llegamos-al-11j-analisis-de-sentencias-por-el-delito-de-sedicion-y-proteccion-penal-en-la-actualidad-en-cuba\\\/#primaryimage\"},\"thumbnailUrl\":\"https:\\\/\\\/i0.wp.com\\\/cubalex.org\\\/wp-content\\\/uploads\\\/2023\\\/10\\\/portada-informe-abril-2023.webp?fit=1500%2C1000&ssl=1\",\"datePublished\":\"2023-07-12T02:22:50+00:00\",\"dateModified\":\"2026-08-22T14:35:04+00:00\",\"breadcrumb\":{\"@id\":\"https:\\\/\\\/cubalex.org\\\/report\\\/como-llegamos-al-11j-analisis-de-sentencias-por-el-delito-de-sedicion-y-proteccion-penal-en-la-actualidad-en-cuba\\\/#breadcrumb\"},\"inLanguage\":\"en-US\",\"potentialAction\":[{\"@type\":\"ReadAction\",\"target\":[\"https:\\\/\\\/cubalex.org\\\/report\\\/como-llegamos-al-11j-analisis-de-sentencias-por-el-delito-de-sedicion-y-proteccion-penal-en-la-actualidad-en-cuba\\\/\"]}]},{\"@type\":\"ImageObject\",\"inLanguage\":\"en-US\",\"@id\":\"https:\\\/\\\/cubalex.org\\\/report\\\/como-llegamos-al-11j-analisis-de-sentencias-por-el-delito-de-sedicion-y-proteccion-penal-en-la-actualidad-en-cuba\\\/#primaryimage\",\"url\":\"https:\\\/\\\/i0.wp.com\\\/cubalex.org\\\/wp-content\\\/uploads\\\/2023\\\/10\\\/portada-informe-abril-2023.webp?fit=1500%2C1000&ssl=1\",\"contentUrl\":\"https:\\\/\\\/i0.wp.com\\\/cubalex.org\\\/wp-content\\\/uploads\\\/2023\\\/10\\\/portada-informe-abril-2023.webp?fit=1500%2C1000&ssl=1\",\"width\":1500,\"height\":1000},{\"@type\":\"BreadcrumbList\",\"@id\":\"https:\\\/\\\/cubalex.org\\\/report\\\/como-llegamos-al-11j-analisis-de-sentencias-por-el-delito-de-sedicion-y-proteccion-penal-en-la-actualidad-en-cuba\\\/#breadcrumb\",\"itemListElement\":[{\"@type\":\"ListItem\",\"position\":1,\"name\":\"Portada\",\"item\":\"https:\\\/\\\/cubalex.org\\\/\"},{\"@type\":\"ListItem\",\"position\":2,\"name\":\"Reports\",\"item\":\"https:\\\/\\\/cubalex.org\\\/reports\\\/\"},{\"@type\":\"ListItem\",\"position\":3,\"name\":\"\u00bfC\u00f3mo llegamos al 11J? An\u00e1lisis de sentencias por el delito de sedici\u00f3n y protecci\u00f3n penal en la actualidad en Cuba\"}]},{\"@type\":\"WebSite\",\"@id\":\"https:\\\/\\\/cubalex.org\\\/#website\",\"url\":\"https:\\\/\\\/cubalex.org\\\/\",\"name\":\"Cubalex\",\"description\":\"Trabajamos en defensa de los derechos humanos, para instaurar la democracia y el Estado de derecho en Cuba\",\"publisher\":{\"@id\":\"https:\\\/\\\/cubalex.org\\\/#organization\"},\"potentialAction\":[{\"@type\":\"SearchAction\",\"target\":{\"@type\":\"EntryPoint\",\"urlTemplate\":\"https:\\\/\\\/cubalex.org\\\/?s={search_term_string}\"},\"query-input\":{\"@type\":\"PropertyValueSpecification\",\"valueRequired\":true,\"valueName\":\"search_term_string\"}}],\"inLanguage\":\"en-US\"},{\"@type\":\"Organization\",\"@id\":\"https:\\\/\\\/cubalex.org\\\/#organization\",\"name\":\"Cubalex\",\"url\":\"https:\\\/\\\/cubalex.org\\\/\",\"logo\":{\"@type\":\"ImageObject\",\"inLanguage\":\"en-US\",\"@id\":\"https:\\\/\\\/cubalex.org\\\/#\\\/schema\\\/logo\\\/image\\\/\",\"url\":\"https:\\\/\\\/i0.wp.com\\\/cubalex.org\\\/wp-content\\\/uploads\\\/2026\\\/08\\\/CUBALEX1.png?fit=1445%2C300&ssl=1\",\"contentUrl\":\"https:\\\/\\\/i0.wp.com\\\/cubalex.org\\\/wp-content\\\/uploads\\\/2026\\\/08\\\/CUBALEX1.png?fit=1445%2C300&ssl=1\",\"width\":1445,\"height\":300,\"caption\":\"Cubalex\"},\"image\":{\"@id\":\"https:\\\/\\\/cubalex.org\\\/#\\\/schema\\\/logo\\\/image\\\/\"},\"sameAs\":[\"https:\\\/\\\/www.facebook.com\\\/ONGcubalex\",\"https:\\\/\\\/x.com\\\/CubalexDDHH\",\"https:\\\/\\\/www.youtube.com\\\/@Cubalex\",\"https:\\\/\\\/www.linkedin.com\\\/company\\\/cubalex\\\/\",\"https:\\\/\\\/t.me\\\/cubalex\"]}]}<\/script>\n<!-- \/ Yoast SEO plugin. -->","yoast_head_json":{"title":"\u00bfC\u00f3mo llegamos al 11J? An\u00e1lisis de sentencias por el delito de sedici\u00f3n y protecci\u00f3n penal en la actualidad en Cuba - Cubalex","robots":{"index":"index","follow":"follow","max-snippet":"max-snippet:-1","max-image-preview":"max-image-preview:large","max-video-preview":"max-video-preview:-1"},"canonical":"https:\/\/cubalex.org\/en\/report\/como-llegamos-al-11j-analisis-de-sentencias-por-el-delito-de-sedicion-y-proteccion-penal-en-la-actualidad-en-cuba\/","og_locale":"en_US","og_type":"article","og_title":"\u00bfC\u00f3mo llegamos al 11J? An\u00e1lisis de sentencias por el delito de sedici\u00f3n y protecci\u00f3n penal en la actualidad en Cuba - Cubalex","og_description":"Las causas que provocaron el estallido social del 11 de julio de 2021 contin\u00faan vigentes en la actualidad. Este informe es un corte parcial de la investigaci\u00f3n iniciada por Cubalex en colaboraci\u00f3n con Justicia 11J sobre el uso del delito de sedici\u00f3n y la protecci\u00f3n penal en la Cuba actual.","og_url":"https:\/\/cubalex.org\/en\/report\/como-llegamos-al-11j-analisis-de-sentencias-por-el-delito-de-sedicion-y-proteccion-penal-en-la-actualidad-en-cuba\/","og_site_name":"Cubalex","article_publisher":"https:\/\/www.facebook.com\/ONGcubalex","article_modified_time":"2026-08-22T14:35:04+00:00","og_image":[{"width":1500,"height":1000,"url":"https:\/\/cubalex.org\/wp-content\/uploads\/2023\/10\/portada-informe-abril-2023.webp","type":"image\/webp"}],"twitter_card":"summary_large_image","twitter_site":"@CubalexDDHH","twitter_misc":{"Est. reading time":"3 minutes"},"schema":{"@context":"https:\/\/schema.org","@graph":[{"@type":"WebPage","@id":"https:\/\/cubalex.org\/report\/como-llegamos-al-11j-analisis-de-sentencias-por-el-delito-de-sedicion-y-proteccion-penal-en-la-actualidad-en-cuba\/","url":"https:\/\/cubalex.org\/report\/como-llegamos-al-11j-analisis-de-sentencias-por-el-delito-de-sedicion-y-proteccion-penal-en-la-actualidad-en-cuba\/","name":"\u00bfC\u00f3mo llegamos al 11J? An\u00e1lisis de sentencias por el delito de sedici\u00f3n y protecci\u00f3n penal en la actualidad en Cuba - Cubalex","isPartOf":{"@id":"https:\/\/cubalex.org\/#website"},"primaryImageOfPage":{"@id":"https:\/\/cubalex.org\/report\/como-llegamos-al-11j-analisis-de-sentencias-por-el-delito-de-sedicion-y-proteccion-penal-en-la-actualidad-en-cuba\/#primaryimage"},"image":{"@id":"https:\/\/cubalex.org\/report\/como-llegamos-al-11j-analisis-de-sentencias-por-el-delito-de-sedicion-y-proteccion-penal-en-la-actualidad-en-cuba\/#primaryimage"},"thumbnailUrl":"https:\/\/i0.wp.com\/cubalex.org\/wp-content\/uploads\/2023\/10\/portada-informe-abril-2023.webp?fit=1500%2C1000&ssl=1","datePublished":"2023-07-12T02:22:50+00:00","dateModified":"2026-08-22T14:35:04+00:00","breadcrumb":{"@id":"https:\/\/cubalex.org\/report\/como-llegamos-al-11j-analisis-de-sentencias-por-el-delito-de-sedicion-y-proteccion-penal-en-la-actualidad-en-cuba\/#breadcrumb"},"inLanguage":"en-US","potentialAction":[{"@type":"ReadAction","target":["https:\/\/cubalex.org\/report\/como-llegamos-al-11j-analisis-de-sentencias-por-el-delito-de-sedicion-y-proteccion-penal-en-la-actualidad-en-cuba\/"]}]},{"@type":"ImageObject","inLanguage":"en-US","@id":"https:\/\/cubalex.org\/report\/como-llegamos-al-11j-analisis-de-sentencias-por-el-delito-de-sedicion-y-proteccion-penal-en-la-actualidad-en-cuba\/#primaryimage","url":"https:\/\/i0.wp.com\/cubalex.org\/wp-content\/uploads\/2023\/10\/portada-informe-abril-2023.webp?fit=1500%2C1000&ssl=1","contentUrl":"https:\/\/i0.wp.com\/cubalex.org\/wp-content\/uploads\/2023\/10\/portada-informe-abril-2023.webp?fit=1500%2C1000&ssl=1","width":1500,"height":1000},{"@type":"BreadcrumbList","@id":"https:\/\/cubalex.org\/report\/como-llegamos-al-11j-analisis-de-sentencias-por-el-delito-de-sedicion-y-proteccion-penal-en-la-actualidad-en-cuba\/#breadcrumb","itemListElement":[{"@type":"ListItem","position":1,"name":"Portada","item":"https:\/\/cubalex.org\/"},{"@type":"ListItem","position":2,"name":"Reports","item":"https:\/\/cubalex.org\/reports\/"},{"@type":"ListItem","position":3,"name":"\u00bfC\u00f3mo llegamos al 11J? An\u00e1lisis de sentencias por el delito de sedici\u00f3n y protecci\u00f3n penal en la actualidad en Cuba"}]},{"@type":"WebSite","@id":"https:\/\/cubalex.org\/#website","url":"https:\/\/cubalex.org\/","name":"Cubalex","description":"Trabajamos en defensa de los derechos humanos, para instaurar la democracia y el Estado de derecho en Cuba","publisher":{"@id":"https:\/\/cubalex.org\/#organization"},"potentialAction":[{"@type":"SearchAction","target":{"@type":"EntryPoint","urlTemplate":"https:\/\/cubalex.org\/?s={search_term_string}"},"query-input":{"@type":"PropertyValueSpecification","valueRequired":true,"valueName":"search_term_string"}}],"inLanguage":"en-US"},{"@type":"Organization","@id":"https:\/\/cubalex.org\/#organization","name":"Cubalex","url":"https:\/\/cubalex.org\/","logo":{"@type":"ImageObject","inLanguage":"en-US","@id":"https:\/\/cubalex.org\/#\/schema\/logo\/image\/","url":"https:\/\/i0.wp.com\/cubalex.org\/wp-content\/uploads\/2026\/08\/CUBALEX1.png?fit=1445%2C300&ssl=1","contentUrl":"https:\/\/i0.wp.com\/cubalex.org\/wp-content\/uploads\/2026\/08\/CUBALEX1.png?fit=1445%2C300&ssl=1","width":1445,"height":300,"caption":"Cubalex"},"image":{"@id":"https:\/\/cubalex.org\/#\/schema\/logo\/image\/"},"sameAs":["https:\/\/www.facebook.com\/ONGcubalex","https:\/\/x.com\/CubalexDDHH","https:\/\/www.youtube.com\/@Cubalex","https:\/\/www.linkedin.com\/company\/cubalex\/","https:\/\/t.me\/cubalex"]}]}},"jetpack_sharing_enabled":true,"_links":{"self":[{"href":"https:\/\/cubalex.org\/en\/wp-json\/wp\/v2\/report\/9940","targetHints":{"allow":["GET"]}}],"collection":[{"href":"https:\/\/cubalex.org\/en\/wp-json\/wp\/v2\/report"}],"about":[{"href":"https:\/\/cubalex.org\/en\/wp-json\/wp\/v2\/types\/report"}],"version-history":[{"count":1,"href":"https:\/\/cubalex.org\/en\/wp-json\/wp\/v2\/report\/9940\/revisions"}],"predecessor-version":[{"id":24914,"href":"https:\/\/cubalex.org\/en\/wp-json\/wp\/v2\/report\/9940\/revisions\/24914"}],"wp:featuredmedia":[{"embeddable":true,"href":"https:\/\/cubalex.org\/en\/wp-json\/wp\/v2\/media\/9944"}],"wp:attachment":[{"href":"https:\/\/cubalex.org\/en\/wp-json\/wp\/v2\/media?parent=9940"}],"wp:term":[{"taxonomy":"topic","embeddable":true,"href":"https:\/\/cubalex.org\/en\/wp-json\/wp\/v2\/topic?post=9940"},{"taxonomy":"year_tax","embeddable":true,"href":"https:\/\/cubalex.org\/en\/wp-json\/wp\/v2\/year_tax?post=9940"}],"curies":[{"name":"wp","href":"https:\/\/api.w.org\/{rel}","templated":true}]}}